{"id":364,"date":"2020-05-13T23:18:57","date_gmt":"2020-05-13T23:18:57","guid":{"rendered":"http:\/\/fecburgos.com\/?page_id=364"},"modified":"2026-04-28T09:20:22","modified_gmt":"2026-04-28T09:20:22","slug":"blog","status":"publish","type":"page","link":"https:\/\/fecburgos.com\/index.php\/blog","title":{"rendered":"Blog"},"content":{"rendered":"\t\t<div data-elementor-type=\"wp-page\" data-elementor-id=\"364\" class=\"elementor elementor-364\">\n\t\t\t\t\t\t<section class=\"elementor-section elementor-top-section elementor-element elementor-element-b1cbf95 elementor-section-full_width elementor-section-height-default elementor-section-height-default\" data-id=\"b1cbf95\" data-element_type=\"section\" data-e-type=\"section\">\n\t\t\t\t\t\t<div class=\"elementor-container elementor-column-gap-no\">\n\t\t\t\t\t<div class=\"elementor-column elementor-col-33 elementor-top-column elementor-element elementor-element-7802d84d\" data-id=\"7802d84d\" data-element_type=\"column\" data-e-type=\"column\">\n\t\t\t<div class=\"elementor-widget-wrap elementor-element-populated\">\n\t\t\t\t\t\t<div class=\"elementor-element elementor-element-64aa6343 elementor-widget__width-initial elementor-widget elementor-widget-image\" data-id=\"64aa6343\" data-element_type=\"widget\" data-e-type=\"widget\" data-widget_type=\"image.default\">\n\t\t\t\t<div class=\"elementor-widget-container\">\n\t\t\t\t\t\t\t\t\t\t\t\t\t\t\t\t<a href=\"https:\/\/fecburgos.com\/\">\n\t\t\t\t\t\t\t<img fetchpriority=\"high\" decoding=\"async\" width=\"300\" height=\"197\" src=\"https:\/\/fecburgos.com\/wp-content\/uploads\/2021\/07\/feclogoaltaresolucion-300x197.png\" class=\"attachment-medium size-medium wp-image-6539\" alt=\"\" srcset=\"https:\/\/fecburgos.com\/wp-content\/uploads\/2021\/07\/feclogoaltaresolucion-300x197.png 300w, https:\/\/fecburgos.com\/wp-content\/uploads\/2021\/07\/feclogoaltaresolucion-1024x672.png 1024w, https:\/\/fecburgos.com\/wp-content\/uploads\/2021\/07\/feclogoaltaresolucion-768x504.png 768w, https:\/\/fecburgos.com\/wp-content\/uploads\/2021\/07\/feclogoaltaresolucion-1536x1008.png 1536w, https:\/\/fecburgos.com\/wp-content\/uploads\/2021\/07\/feclogoaltaresolucion-2048x1344.png 2048w, https:\/\/fecburgos.com\/wp-content\/uploads\/2021\/07\/elementor\/thumbs\/feclogoaltaresolucion-pavdqahq2i5kpjubspygh64udlcd66r20d74lpfsf4.png 75w, https:\/\/fecburgos.com\/wp-content\/uploads\/2021\/07\/elementor\/thumbs\/feclogoaltaresolucion-pavdqahq16shz3x1lfow9p8sk3655etbif0wogbisg.png 72w, https:\/\/fecburgos.com\/wp-content\/uploads\/2021\/07\/elementor\/thumbs\/feclogoaltaresolucion-pavdqahq0b7rjds4kaoqxwpixlp9nx13d8vmjan876.png 70w\" sizes=\"(max-width: 300px) 100vw, 300px\">\t\t\t\t\t\t\t\t<\/a>\n\t\t\t\t\t\t\t\t\t\t\t\t\t\t\t<\/div>\n\t\t\t\t<\/div>\n\t\t\t\t\t<\/div>\n\t\t<\/div>\n\t\t\t\t<div class=\"elementor-column elementor-col-33 elementor-top-column elementor-element elementor-element-44a8c392\" data-id=\"44a8c392\" data-element_type=\"column\" data-e-type=\"column\">\n\t\t\t<div class=\"elementor-widget-wrap elementor-element-populated\">\n\t\t\t\t\t\t<div class=\"elementor-element elementor-element-6592a5ac elementor-widget elementor-widget-image\" data-id=\"6592a5ac\" data-element_type=\"widget\" data-e-type=\"widget\" data-widget_type=\"image.default\">\n\t\t\t\t<div class=\"elementor-widget-container\">\n\t\t\t\t\t\t\t\t\t\t\t\t\t\t\t\t<a href=\"https:\/\/fecburgos.com\/index.php\/asociate\">\n\t\t\t\t\t\t\t<img decoding=\"async\" width=\"533\" height=\"409\" src=\"https:\/\/fecburgos.com\/wp-content\/uploads\/2025\/06\/asociartepq.png\" class=\"attachment-large size-large wp-image-18146\" alt=\"Federaci\u00f3n de Empresarios del Comercio\" srcset=\"https:\/\/fecburgos.com\/wp-content\/uploads\/2025\/06\/asociartepq.png 533w, https:\/\/fecburgos.com\/wp-content\/uploads\/2025\/06\/asociartepq-300x230.png 300w\" sizes=\"(max-width: 533px) 100vw, 533px\">\t\t\t\t\t\t\t\t<\/a>\n\t\t\t\t\t\t\t\t\t\t\t\t\t\t\t<\/div>\n\t\t\t\t<\/div>\n\t\t\t\t\t<\/div>\n\t\t<\/div>\n\t\t\t\t<div class=\"elementor-column elementor-col-33 elementor-top-column elementor-element elementor-element-122299db\" data-id=\"122299db\" data-element_type=\"column\" data-e-type=\"column\">\n\t\t\t<div class=\"elementor-widget-wrap elementor-element-populated\">\n\t\t\t\t\t\t<div class=\"elementor-element elementor-element-eb88865 elementor-widget__width-initial elementor-widget elementor-widget-ekit-nav-menu\" data-id=\"eb88865\" data-element_type=\"widget\" data-e-type=\"widget\" data-widget_type=\"ekit-nav-menu.default\">\n\t\t\t\t<div class=\"elementor-widget-container\">\n\t\t\t\t\t\t\t<nav class=\"ekit-wid-con ekit_menu_responsive_tablet\" data-hamburger-icon=\"fas fa-align-justify\" data-hamburger-icon-type=\"icon\" data-responsive-breakpoint=\"1024\">\n\t\t\t            <button class=\"elementskit-menu-hamburger elementskit-menu-toggler\" type=\"button\" aria-label=\"hamburger-icon\">\n                <i aria-hidden=\"true\" class=\"ekit-menu-icon fas fa-align-justify\"><\/i>            <\/button>\n            <div role=\"navigation\" id=\"ekit-megamenu-principal\" class=\"elementskit-menu-container elementskit-menu-offcanvas-elements elementskit-navbar-nav-default ekit-nav-menu-one-page-no ekit-nav-dropdown-hover\"><ul id=\"menu-principal\" class=\"elementskit-navbar-nav elementskit-menu-po-center submenu-click-on-icon\"><li id=\"menu-item-14247\" class=\"menu-item menu-item-type-post_type menu-item-object-page menu-item-has-children menu-item-14247 nav-item elementskit-dropdown-has relative_position elementskit-dropdown-menu-default_width elementskit-mobile-builder-content\" data-vertical-menu=\"750px\"><a href=\"https:\/\/fecburgos.com\/index.php\/conocenos\" class=\"ekit-menu-nav-link ekit-menu-dropdown-toggle\">Con\u00f3cenos<i aria-hidden=\"true\" class=\"icon icon-down-arrow1 elementskit-submenu-indicator\"><\/i><\/a>\n<ul class=\"elementskit-dropdown elementskit-submenu-panel\">\n\t<li id=\"menu-item-14272\" class=\"menu-item menu-item-type-post_type menu-item-object-page menu-item-14272 nav-item elementskit-mobile-builder-content\" data-vertical-menu=\"750px\"><a href=\"https:\/\/fecburgos.com\/index.php\/organigrama\" class=\" dropdown-item\">Organigrama<\/a>\t<\/li><li id=\"menu-item-14245\" class=\"menu-item menu-item-type-post_type menu-item-object-page menu-item-14245 nav-item elementskit-mobile-builder-content\" data-vertical-menu=\"750px\"><a href=\"https:\/\/fecburgos.com\/index.php\/colaboradores\" class=\" dropdown-item\">Colaboradores<\/a>\t<\/li><li id=\"menu-item-14273\" class=\"menu-item menu-item-type-post_type menu-item-object-page menu-item-14273 nav-item elementskit-mobile-builder-content\" data-vertical-menu=\"750px\"><a href=\"https:\/\/fecburgos.com\/index.php\/organos-instituciones\" class=\" dropdown-item\">\u00d3rganos institucionales<\/a>\t<\/li><li id=\"menu-item-14282\" class=\"menu-item menu-item-type-post_type menu-item-object-page menu-item-14282 nav-item elementskit-mobile-builder-content\" data-vertical-menu=\"750px\"><a href=\"https:\/\/fecburgos.com\/index.php\/responsabilidad-social\" class=\" dropdown-item\">Responsabilidad social<\/a><\/li><\/ul>\n<\/li>\n<li id=\"menu-item-14488\" class=\"menu-item menu-item-type-post_type menu-item-object-page menu-item-has-children menu-item-14488 nav-item elementskit-dropdown-has relative_position elementskit-dropdown-menu-default_width elementskit-mobile-builder-content\" data-vertical-menu=\"750px\"><a href=\"https:\/\/fecburgos.com\/index.php\/nuestras-asociaciones\" class=\"ekit-menu-nav-link ekit-menu-dropdown-toggle\">Nuestras asociaciones<i aria-hidden=\"true\" class=\"icon icon-down-arrow1 elementskit-submenu-indicator\"><\/i><\/a>\n<ul class=\"elementskit-dropdown elementskit-submenu-panel\">\n\t<li id=\"menu-item-17902\" class=\"menu-item menu-item-type-post_type menu-item-object-page menu-item-17902 nav-item elementskit-mobile-builder-content\" data-vertical-menu=\"750px\"><a href=\"https:\/\/fecburgos.com\/index.php\/asociaciones-sectoriales-2\" class=\" dropdown-item\">Asociaciones Sectoriales<\/a>\t<\/li><li id=\"menu-item-14238\" class=\"menu-item menu-item-type-post_type menu-item-object-page menu-item-14238 nav-item elementskit-mobile-builder-content\" data-vertical-menu=\"750px\"><a href=\"https:\/\/fecburgos.com\/index.php\/asociaciones-territoriales\" class=\" dropdown-item\">Asociaciones Territoriales<\/a>\t<\/li><li id=\"menu-item-14239\" class=\"menu-item menu-item-type-post_type menu-item-object-page menu-item-14239 nav-item elementskit-mobile-builder-content\" data-vertical-menu=\"750px\"><a href=\"https:\/\/fecburgos.com\/index.php\/asociaciones-zonales\" class=\" dropdown-item\">Asociaciones Zonales<\/a><\/li><\/ul>\n<\/li>\n<li id=\"menu-item-15914\" class=\"menu-item menu-item-type-post_type menu-item-object-page menu-item-has-children menu-item-15914 nav-item elementskit-dropdown-has relative_position elementskit-dropdown-menu-default_width elementskit-mobile-builder-content\" data-vertical-menu=\"750px\"><a href=\"https:\/\/fecburgos.com\/index.php\/nuestra-labor\" class=\"ekit-menu-nav-link ekit-menu-dropdown-toggle\">Nuestra labor<i aria-hidden=\"true\" class=\"icon icon-down-arrow1 elementskit-submenu-indicator\"><\/i><\/a>\n<ul class=\"elementskit-dropdown elementskit-submenu-panel\">\n\t<li id=\"menu-item-14253\" class=\"menu-item menu-item-type-post_type menu-item-object-page menu-item-14253 nav-item elementskit-mobile-builder-content\" data-vertical-menu=\"750px\"><a href=\"https:\/\/fecburgos.com\/index.php\/formacion\" class=\" dropdown-item\">Formaci\u00f3n<\/a>\t<\/li><li id=\"menu-item-14267\" class=\"menu-item menu-item-type-post_type menu-item-object-page menu-item-14267 nav-item elementskit-mobile-builder-content\" data-vertical-menu=\"750px\"><a href=\"https:\/\/fecburgos.com\/index.php\/mobu-ediciones\" class=\" dropdown-item\">Mobu ediciones<\/a>\t<\/li><li id=\"menu-item-20812\" class=\"menu-item menu-item-type-post_type menu-item-object-page menu-item-20812 nav-item elementskit-mobile-builder-content\" data-vertical-menu=\"750px\"><a href=\"https:\/\/fecburgos.com\/index.php\/muestra-casa\" class=\" dropdown-item\">Muestra Casa<\/a>\t<\/li><li id=\"menu-item-21696\" class=\"menu-item menu-item-type-post_type menu-item-object-page menu-item-21696 nav-item elementskit-mobile-builder-content\" data-vertical-menu=\"750px\"><a href=\"https:\/\/fecburgos.com\/index.php\/la-ubu-esta-de-moda\" class=\" dropdown-item\">La UBU est\u00e1 de MODA<\/a>\t<\/li><li id=\"menu-item-14278\" class=\"menu-item menu-item-type-post_type menu-item-object-page menu-item-14278 nav-item elementskit-mobile-builder-content\" data-vertical-menu=\"750px\"><a href=\"https:\/\/fecburgos.com\/index.php\/premios-comercio-excelente\" class=\" dropdown-item\">Premios Comercio Excelente<\/a>\t<\/li><li id=\"menu-item-14254\" class=\"menu-item menu-item-type-post_type menu-item-object-page menu-item-has-children menu-item-14254 nav-item elementskit-dropdown-has relative_position elementskit-dropdown-menu-default_width elementskit-mobile-builder-content\" data-vertical-menu=\"750px\"><a href=\"https:\/\/fecburgos.com\/index.php\/foro-comercio\" class=\" dropdown-item\">Foro Comercio<i aria-hidden=\"true\" class=\"icon icon-down-arrow1 elementskit-submenu-indicator\"><\/i><\/a>\n\t<ul class=\"elementskit-dropdown elementskit-submenu-panel\">\n\t\t<li id=\"menu-item-23053\" class=\"menu-item menu-item-type-post_type menu-item-object-page menu-item-23053 nav-item elementskit-mobile-builder-content\" data-vertical-menu=\"750px\"><a href=\"https:\/\/fecburgos.com\/index.php\/xi-foro-comercio\" class=\" dropdown-item\">XI Foro Comercio<\/a>\t\t<\/li><li id=\"menu-item-21847\" class=\"menu-item menu-item-type-custom menu-item-object-custom menu-item-21847 nav-item elementskit-mobile-builder-content\" data-vertical-menu=\"750px\"><a href=\"https:\/\/fecburgos.com\/index.php\/foro-comercio\" class=\" dropdown-item\">Ediciones anteriores<\/a>\t<\/li><\/ul>\n\t<\/li><li id=\"menu-item-14293\" class=\"menu-item menu-item-type-custom menu-item-object-custom menu-item-has-children menu-item-14293 nav-item elementskit-dropdown-has relative_position elementskit-dropdown-menu-default_width elementskit-mobile-builder-content\" data-vertical-menu=\"750px\"><a href=\"#\" class=\" dropdown-item\">Nuevas tecnolog\u00edas<i aria-hidden=\"true\" class=\"icon icon-down-arrow1 elementskit-submenu-indicator\"><\/i><\/a>\n\t<ul class=\"elementskit-dropdown elementskit-submenu-panel\">\n\t\t<li id=\"menu-item-14255\" class=\"menu-item menu-item-type-post_type menu-item-object-page menu-item-14255 nav-item elementskit-mobile-builder-content\" data-vertical-menu=\"750px\"><a href=\"https:\/\/fecburgos.com\/index.php\/giscom\" class=\" dropdown-item\">Giscom<\/a>\t\t<\/li><li id=\"menu-item-14268\" class=\"menu-item menu-item-type-post_type menu-item-object-page menu-item-14268 nav-item elementskit-mobile-builder-content\" data-vertical-menu=\"750px\"><a href=\"https:\/\/fecburgos.com\/index.php\/movilidad-comercial\" class=\" dropdown-item\">Movilidad Comercial<\/a>\t<\/li><\/ul>\n\t<\/li><li id=\"menu-item-14244\" class=\"menu-item menu-item-type-post_type menu-item-object-page menu-item-14244 nav-item elementskit-mobile-builder-content\" data-vertical-menu=\"750px\"><a href=\"https:\/\/fecburgos.com\/index.php\/campana-de-promocion\" class=\" dropdown-item\">Campa\u00f1a de Promoci\u00f3n<\/a>\t<\/li><li id=\"menu-item-14274\" class=\"menu-item menu-item-type-post_type menu-item-object-page menu-item-14274 nav-item elementskit-mobile-builder-content\" data-vertical-menu=\"750px\"><a href=\"https:\/\/fecburgos.com\/index.php\/participaciones-y-colaboraciones\" class=\" dropdown-item\">Participaci\u00f3n y Colaboraci\u00f3n<\/a><\/li><\/ul>\n<\/li>\n<li id=\"menu-item-15137\" class=\"menu-item menu-item-type-post_type menu-item-object-page menu-item-has-children menu-item-15137 nav-item elementskit-dropdown-has relative_position elementskit-dropdown-menu-default_width elementskit-mobile-builder-content\" data-vertical-menu=\"750px\"><a href=\"https:\/\/fecburgos.com\/index.php\/informacion\" class=\"ekit-menu-nav-link ekit-menu-dropdown-toggle\">Informaci\u00f3n<i aria-hidden=\"true\" class=\"icon icon-down-arrow1 elementskit-submenu-indicator\"><\/i><\/a>\n<ul class=\"elementskit-dropdown elementskit-submenu-panel\">\n\t<li id=\"menu-item-15195\" class=\"menu-item menu-item-type-post_type menu-item-object-page menu-item-has-children menu-item-15195 nav-item elementskit-dropdown-has relative_position elementskit-dropdown-menu-default_width elementskit-mobile-builder-content\" data-vertical-menu=\"750px\"><a href=\"https:\/\/fecburgos.com\/index.php\/ventajas-y-servicios\" class=\" dropdown-item\">Ventajas y Servicios<i aria-hidden=\"true\" class=\"icon icon-down-arrow1 elementskit-submenu-indicator\"><\/i><\/a>\n\t<ul class=\"elementskit-dropdown elementskit-submenu-panel\">\n\t\t<li id=\"menu-item-15292\" class=\"menu-item menu-item-type-custom menu-item-object-custom menu-item-15292 nav-item elementskit-mobile-builder-content\" data-vertical-menu=\"750px\"><a href=\"https:\/\/fecburgos.com\/index.php\/ventajas-y-servicios\" class=\" dropdown-item\">Asesoramiento<\/a>\t\t<\/li><li id=\"menu-item-15293\" class=\"menu-item menu-item-type-custom menu-item-object-custom menu-item-15293 nav-item elementskit-mobile-builder-content\" data-vertical-menu=\"750px\"><a href=\"https:\/\/fecburgos.com\/index.php\/ventajas-y-servicios#convenios\" class=\" dropdown-item\">Convenios<\/a>\t<\/li><\/ul>\n\t<\/li><li id=\"menu-item-14242\" class=\"menu-item menu-item-type-post_type menu-item-object-page menu-item-14242 nav-item elementskit-mobile-builder-content\" data-vertical-menu=\"750px\"><a href=\"https:\/\/fecburgos.com\/index.php\/bolsa-de-empleo\" class=\" dropdown-item\">Empleo | Traspasos comerciales<\/a>\t<\/li><li id=\"menu-item-14250\" class=\"menu-item menu-item-type-post_type menu-item-object-page menu-item-14250 nav-item elementskit-mobile-builder-content\" data-vertical-menu=\"750px\"><a href=\"https:\/\/fecburgos.com\/index.php\/convenios-colectivos\" class=\" dropdown-item\">Convenios Colectivos<\/a>\t<\/li><li id=\"menu-item-15139\" class=\"menu-item menu-item-type-post_type menu-item-object-page menu-item-15139 nav-item elementskit-mobile-builder-content\" data-vertical-menu=\"750px\"><a href=\"https:\/\/fecburgos.com\/index.php\/normativa\" class=\" dropdown-item\">Normativa<\/a>\t<\/li><li id=\"menu-item-14261\" class=\"menu-item menu-item-type-post_type menu-item-object-page menu-item-has-children menu-item-14261 nav-item elementskit-dropdown-has relative_position elementskit-dropdown-menu-default_width elementskit-mobile-builder-content\" data-vertical-menu=\"750px\"><a href=\"https:\/\/fecburgos.com\/index.php\/guias\" class=\" dropdown-item\">Gu\u00edas<i aria-hidden=\"true\" class=\"icon icon-down-arrow1 elementskit-submenu-indicator\"><\/i><\/a>\n\t<ul class=\"elementskit-dropdown elementskit-submenu-panel\">\n\t\t<li id=\"menu-item-14256\" class=\"menu-item menu-item-type-post_type menu-item-object-page menu-item-14256 nav-item elementskit-mobile-builder-content\" data-vertical-menu=\"750px\"><a href=\"https:\/\/fecburgos.com\/index.php\/guia-alimentacion\" class=\" dropdown-item\">Gu\u00eda alimentaci\u00f3n<\/a>\t\t<\/li><li id=\"menu-item-14257\" class=\"menu-item menu-item-type-post_type menu-item-object-page menu-item-14257 nav-item elementskit-mobile-builder-content\" data-vertical-menu=\"750px\"><a href=\"https:\/\/fecburgos.com\/index.php\/guia-equipamiento-de-la-persona\" class=\" dropdown-item\">Gu\u00eda Equipamiento de la Persona<\/a>\t\t<\/li><li id=\"menu-item-14258\" class=\"menu-item menu-item-type-post_type menu-item-object-page menu-item-14258 nav-item elementskit-mobile-builder-content\" data-vertical-menu=\"750px\"><a href=\"https:\/\/fecburgos.com\/index.php\/guia-equipamiento-del-hogar\" class=\" dropdown-item\">Gu\u00eda Equipamiento del Hogar<\/a>\t\t<\/li><li id=\"menu-item-14260\" class=\"menu-item menu-item-type-post_type menu-item-object-page menu-item-14260 nav-item elementskit-mobile-builder-content\" data-vertical-menu=\"750px\"><a href=\"https:\/\/fecburgos.com\/index.php\/guia-servicios-profesionales\" class=\" dropdown-item\">Gu\u00eda Servicios Profesionales<\/a>\t\t<\/li><li id=\"menu-item-14259\" class=\"menu-item menu-item-type-post_type menu-item-object-page menu-item-14259 nav-item elementskit-mobile-builder-content\" data-vertical-menu=\"750px\"><a href=\"https:\/\/fecburgos.com\/index.php\/guia-rrhh\" class=\" dropdown-item\">Gu\u00eda RRHH<\/a>\t\t<\/li><li id=\"menu-item-15152\" class=\"menu-item menu-item-type-custom menu-item-object-custom menu-item-15152 nav-item elementskit-mobile-builder-content\" data-vertical-menu=\"750px\"><a href=\"https:\/\/fecburgos.com\/wp-content\/uploads\/2021\/05\/GuiadeReformadeLocalesComerciales.pdf\" class=\" dropdown-item\">Gu\u00eda reforma de locales comerciales<\/a>\t<\/li><\/ul>\n\t<\/li><li id=\"menu-item-14252\" class=\"menu-item menu-item-type-post_type menu-item-object-page menu-item-14252 nav-item elementskit-mobile-builder-content\" data-vertical-menu=\"750px\"><a href=\"https:\/\/fecburgos.com\/index.php\/diez-razones-para-asociarse\" class=\" dropdown-item\">Diez Razones para Asociarte<\/a>\t<\/li><li id=\"menu-item-15530\" class=\"menu-item menu-item-type-custom menu-item-object-custom menu-item-15530 nav-item elementskit-mobile-builder-content\" data-vertical-menu=\"750px\"><a href=\"https:\/\/fecburgos.com\/wp-content\/uploads\/2026\/02\/calendariolaboral2026.jpg\" class=\" dropdown-item\">Calendario laboral<\/a>\t<\/li><li id=\"menu-item-15531\" class=\"menu-item menu-item-type-custom menu-item-object-custom menu-item-15531 nav-item elementskit-mobile-builder-content\" data-vertical-menu=\"750px\"><a href=\"https:\/\/fecburgos.com\/wp-content\/uploads\/2021\/05\/CatalogoIntervencionesPrioritarias.pdf\" class=\" dropdown-item\">Cat\u00e1logo espacio urbano<\/a><\/li><\/ul>\n<\/li>\n<li id=\"menu-item-14241\" class=\"menu-item menu-item-type-post_type menu-item-object-page menu-item-14241 nav-item elementskit-mobile-builder-content\" data-vertical-menu=\"750px\"><a href=\"https:\/\/fecburgos.com\/index.php\/blog\" class=\"ekit-menu-nav-link\">Blog<\/a><\/li>\n<li id=\"menu-item-14904\" class=\"menu-item menu-item-type-post_type menu-item-object-page menu-item-14904 nav-item elementskit-mobile-builder-content\" data-vertical-menu=\"750px\"><a href=\"https:\/\/fecburgos.com\/index.php\/asociate\" class=\"ekit-menu-nav-link\">As\u00f3ciate<\/a><\/li>\n<\/ul><div class=\"elementskit-nav-identity-panel\"><button class=\"elementskit-menu-close elementskit-menu-toggler\" type=\"button\">X<\/button><\/div><\/div>\n\t\t\t<div class=\"elementskit-menu-overlay elementskit-menu-offcanvas-elements elementskit-menu-toggler ekit-nav-menu--overlay\"><\/div>        <\/nav>\n\t\t\t\t\t\t<\/div>\n\t\t\t\t<\/div>\n\t\t\t\t\t<\/div>\n\t\t<\/div>\n\t\t\t\t\t<\/div>\n\t\t<\/section>\n\t\t\t\t<section class=\"elementor-section elementor-top-section elementor-element elementor-element-72fa5dc elementor-section-boxed elementor-section-height-default elementor-section-height-default\" data-id=\"72fa5dc\" data-element_type=\"section\" data-e-type=\"section\" data-settings='{\"background_background\":\"classic\"}'>\n\t\t\t\t\t\t<div class=\"elementor-container elementor-column-gap-wide\">\n\t\t\t\t\t<div class=\"elementor-column elementor-col-100 elementor-top-column elementor-element elementor-element-e07375b\" data-id=\"e07375b\" data-element_type=\"column\" data-e-type=\"column\">\n\t\t\t<div class=\"elementor-widget-wrap elementor-element-populated\">\n\t\t\t\t\t\t<div class=\"elementor-element elementor-element-c8589cb elementor-widget elementor-widget-text-editor\" data-id=\"c8589cb\" data-element_type=\"widget\" data-e-type=\"widget\" data-widget_type=\"text-editor.default\">\n\t\t\t\t<div class=\"elementor-widget-container\">\n\t\t\t\t\t\t\t\t\t<p>Noticias de la FEC<\/p>\t\t\t\t\t\t\t\t<\/div>\n\t\t\t\t<\/div>\n\t\t\t\t\t<\/div>\n\t\t<\/div>\n\t\t\t\t\t<\/div>\n\t\t<\/section>\n\t\t\t\t<section class=\"elementor-section elementor-top-section elementor-element elementor-element-d951260 elementor-section-boxed elementor-section-height-default elementor-section-height-default\" data-id=\"d951260\" data-element_type=\"section\" data-e-type=\"section\">\n\t\t\t\t\t\t<div class=\"elementor-container elementor-column-gap-default\">\n\t\t\t\t\t<div class=\"elementor-column elementor-col-100 elementor-top-column elementor-element elementor-element-df20dea\" data-id=\"df20dea\" data-element_type=\"column\" data-e-type=\"column\">\n\t\t\t<div class=\"elementor-widget-wrap elementor-element-populated\">\n\t\t\t\t\t\t<div class=\"elementor-element elementor-element-eff3f86 elementor-widget elementor-widget-text-editor\" data-id=\"eff3f86\" data-element_type=\"widget\" data-e-type=\"widget\" data-widget_type=\"text-editor.default\">\n\t\t\t\t<div class=\"elementor-widget-container\">\n\t\t\t\t\t\t\t\t\t<h2>Conoce las \u00faltimas noticias y la actualidad del comercio local de mano de la Federaci\u00f3n de Comercio de Burgos<\/h2>\t\t\t\t\t\t\t\t<\/div>\n\t\t\t\t<\/div>\n\t\t\t\t<div class=\"elementor-element elementor-element-820beb0 elementor-widget elementor-widget-spacer\" data-id=\"820beb0\" data-element_type=\"widget\" data-e-type=\"widget\" data-widget_type=\"spacer.default\">\n\t\t\t\t<div class=\"elementor-widget-container\">\n\t\t\t\t\t\t\t<div class=\"elementor-spacer\">\n\t\t\t<div class=\"elementor-spacer-inner\"><\/div>\n\t\t<\/div>\n\t\t\t\t\t\t<\/div>\n\t\t\t\t<\/div>\n\t\t\t\t\t<\/div>\n\t\t<\/div>\n\t\t\t\t\t<\/div>\n\t\t<\/section>\n\t\t\t\t<section class=\"elementor-section elementor-top-section elementor-element elementor-element-215d5ba elementor-section-boxed elementor-section-height-default elementor-section-height-default\" data-id=\"215d5ba\" data-element_type=\"section\" data-e-type=\"section\" data-settings='{\"animation\":\"none\"}'>\n\t\t\t\t\t\t<div class=\"elementor-container elementor-column-gap-default\">\n\t\t\t\t\t<div class=\"elementor-column elementor-col-50 elementor-top-column elementor-element elementor-element-e4139e3\" data-id=\"e4139e3\" data-element_type=\"column\" data-e-type=\"column\">\n\t\t\t<div class=\"elementor-widget-wrap\">\n\t\t\t\t\t\t\t<\/div>\n\t\t<\/div>\n\t\t\t\t<div class=\"elementor-column elementor-col-50 elementor-top-column elementor-element elementor-element-ba01890\" data-id=\"ba01890\" data-element_type=\"column\" data-e-type=\"column\">\n\t\t\t<div class=\"elementor-widget-wrap elementor-element-populated\">\n\t\t\t\t\t\t<div class=\"elementor-element elementor-element-04d6ab3 elementor-widget__width-initial elementor-widget elementor-widget-elementskit-blog-posts\" data-id=\"04d6ab3\" data-element_type=\"widget\" data-e-type=\"widget\" data-settings='{\"_animation\":\"none\"}' data-widget_type=\"elementskit-blog-posts.default\">\n\t\t\t\t<div class=\"elementor-widget-container\">\n\t\t\t\t\t<div class=\"ekit-wid-con\">        <div id=\"post-items--04d6ab3\" class=\"row post-items\">\n                    <div class=\"col-lg-4 col-md-6\">\n\n                                    <div class=\"elementskit-post-image-card\">\n                        <div class=\"elementskit-entry-header\">\n                                                            <a href=\"https:\/\/fecburgos.com\/index.php\/archivos\/23891\" class=\"elementskit-entry-thumb\">\n                                    <img decoding=\"async\" src=\"https:\/\/fecburgos.com\/wp-content\/uploads\/2026\/03\/JORNADA-nivel-2_5-DE-MAYO-768x1024.png\" alt=\"\u00bfC\u00f3mo comunicar para vender m\u00e1s? \u2013 Sesi\u00f3n 2\">\n                                <\/a><!-- .elementskit-entry-thumb END -->\n                                                            \n                            \n\t\t\t\t\t\t\t\t\t\t\t\t\t<\/div><!-- .elementskit-entry-header END -->\n\n\t\t\t\t\t\t<div class=\"elementskit-post-body \">\n\t\t\t\t\t\t\t\n\t\t\t\t\t\t\t\t\t\t\t\t\t\t\t\t\t\t\t\t\t\t\t\t\t\t\t\t<div class=\"post-meta-list\">\n\t\t\t\t\t\t\t\t\t\t\t\t\t\t\t\t\t\t\t\t\t\t\t\t\t\t\t\t\t\t\t\t<span class=\"meta-date\">\n\t\t\t\t\t\t\t\t\t\t<i aria-hidden=\"true\" class=\"icon icon-calendar3\"><\/i>\t\t\t\t\t\t\t\t\t\t<span class=\"meta-date-text\">\n\t\t\t\t\t\t\t\t\t\t\tabril 28, 2026\t\t\t\t\t\t\t\t\t\t<\/span>\n\t\t\t\t\t\t\t\t\t<\/span>\n\t\t\t\t\t\t\t\t\t\t\t\t\t\t\t\t\t\t\t\t\t\t\t\t\t\t\t\t\t\t\t\t\t\t\t\t\t\t\t\t\t\t\t\t\t\t\t\t\t\t\t\t\t\t\t\t\t\t\t\t\t\t\t\t<span class=\"post-cat\">\n\t\t\t\t\t\t\t\t\t\t\t\t\t\t\t\t\t\t\t\t<a href=\"https:\/\/fecburgos.com\/index.php\/archivos\/category\/formacion\" rel=\"category tag\">Formaci\u00f3n<\/a>\t\t\t\t\t\t\t\t\t<\/span>\n\t\t\t\t\t\t\t\t\t\t\t\t\t\t\t\t\t\t\t\t\t\t\t\t\t\t\t\t\t<\/div>\n\t\t\t\t\t\t\t\t\t\t\t\t\t\n\t\t\t\t\t\t\t\t\n\t\t\t\t\t\t\t\t\t\t\t\t\t\t\t\t\t\t\t\t\t<h2 class=\"entry-title\">\n\t\t\t\t\t<a href=\"https:\/\/fecburgos.com\/index.php\/archivos\/23891\">\n\t\t\t\t\t\t\u00bfC\u00f3mo comunicar para vender m\u00e1s? \u2013 Sesi\u00f3n 2\t\t\t\t\t<\/a>\n\t\t\t\t<\/h2>\n\t\t\t\t\t\t\t\t\t\t\t\t\t\t\t\t\t\t\t\t\t\t\t\t\t\t\t\t\t\t\t\t\t\t\t\t\t\t\t\t\t\t<p>Tras el \u00e9xito de la primera sesi\u00f3n, la Federaci\u00f3n de Empresarios de Comercio de Burgos te invita a continuar este ciclo formativo \u00ab\u00bfC\u00f3mo comunicar para vender m\u00e1s?\u00bb con la segunda jornada pr\u00e1ctica, donde profundizaremos en herramientas clave para conectar mejor con tus clientes y mejorar tus resultados.<\/p>\n\t\t\t\t\t\t\t\t\t\t\t\t\t\t\t\t\t\t\t\t\t\t                                                            <div class=\"btn-wraper\">\n                                    \n                                                                            <a class=\"elementskit-btn whitespace--normal\" id=\"\" href=\"https:\/\/fecburgos.com\/index.php\/archivos\/23891\">\n                                        \t                                            Leer m\u00e1s                                        <\/a>\n                                                                    <\/div>\n                                                    <\/div><!-- .elementskit-post-body END -->\n                    <\/div>\n                \n            <\/div>\n                    <div class=\"col-lg-4 col-md-6\">\n\n                                    <div class=\"elementskit-post-image-card\">\n                        <div class=\"elementskit-entry-header\">\n                                                            <a href=\"https:\/\/fecburgos.com\/index.php\/archivos\/23870\" class=\"elementskit-entry-thumb\">\n                                    <img decoding=\"async\" src=\"https:\/\/fecburgos.com\/wp-content\/uploads\/2026\/04\/POST-Y-BLOG-1-768x1024.png\" alt=\"El D\u00eda del Libro en la Plaza Mayor\">\n                                <\/a><!-- .elementskit-entry-thumb END -->\n                                                            \n                            \n\t\t\t\t\t\t\t\t\t\t\t\t\t<\/div><!-- .elementskit-entry-header END -->\n\n\t\t\t\t\t\t<div class=\"elementskit-post-body \">\n\t\t\t\t\t\t\t\n\t\t\t\t\t\t\t\t\t\t\t\t\t\t\t\t\t\t\t\t\t\t\t\t\t\t\t\t<div class=\"post-meta-list\">\n\t\t\t\t\t\t\t\t\t\t\t\t\t\t\t\t\t\t\t\t\t\t\t\t\t\t\t\t\t\t\t\t<span class=\"meta-date\">\n\t\t\t\t\t\t\t\t\t\t<i aria-hidden=\"true\" class=\"icon icon-calendar3\"><\/i>\t\t\t\t\t\t\t\t\t\t<span class=\"meta-date-text\">\n\t\t\t\t\t\t\t\t\t\t\tabril 24, 2026\t\t\t\t\t\t\t\t\t\t<\/span>\n\t\t\t\t\t\t\t\t\t<\/span>\n\t\t\t\t\t\t\t\t\t\t\t\t\t\t\t\t\t\t\t\t\t\t\t\t\t\t\t\t\t\t\t\t\t\t\t\t\t\t\t\t\t\t\t\t\t\t\t\t\t\t\t\t\t\t\t\t\t\t\t\t\t\t\t\t<span class=\"post-cat\">\n\t\t\t\t\t\t\t\t\t\t\t\t\t\t\t\t\t\t\t\t<a href=\"https:\/\/fecburgos.com\/index.php\/archivos\/category\/noticia\" rel=\"category tag\">Noticia<\/a>\t\t\t\t\t\t\t\t\t<\/span>\n\t\t\t\t\t\t\t\t\t\t\t\t\t\t\t\t\t\t\t\t\t\t\t\t\t\t\t\t\t<\/div>\n\t\t\t\t\t\t\t\t\t\t\t\t\t\n\t\t\t\t\t\t\t\t\n\t\t\t\t\t\t\t\t\t\t\t\t\t\t\t\t\t\t\t\t\t<h2 class=\"entry-title\">\n\t\t\t\t\t<a href=\"https:\/\/fecburgos.com\/index.php\/archivos\/23870\">\n\t\t\t\t\t\tEl D\u00eda del Libro en la Plaza Mayor\t\t\t\t\t<\/a>\n\t\t\t\t<\/h2>\n\t\t\t\t\t\t\t\t\t\t\t\t\t\t\t\t\t\t\t\t\t\t\t\t\t\t\t\t\t\t\t\t\t\t\t\t\t\t\t\t\t\t<p>Desde la Federaci\u00f3n de Empresarios de Comercio de Burgos, queremos celebrar el \u00e9xito de la pasada jornada del D\u00eda del Libro, una cita que ha vuelto a consolidarse como un motor estrat\u00e9gico para nuestro comercio local y un ejemplo de dinamizaci\u00f3n urbana. La Plaza Mayor no fue solo un escenario; se convirti\u00f3 en el coraz\u00f3n latente de una ciudad que apuesta por sus ra\u00edces. La respuesta de la ciudadan\u00eda en esta ocasi\u00f3n ha sido muy buena,\u2026<\/p>\n\t\t\t\t\t\t\t\t\t\t\t\t\t\t\t\t\t\t\t\t\t\t                                                            <div class=\"btn-wraper\">\n                                    \n                                                                            <a class=\"elementskit-btn whitespace--normal\" id=\"\" href=\"https:\/\/fecburgos.com\/index.php\/archivos\/23870\">\n                                        \t                                            Leer m\u00e1s                                        <\/a>\n                                                                    <\/div>\n                                                    <\/div><!-- .elementskit-post-body END -->\n                    <\/div>\n                \n            <\/div>\n                    <div class=\"col-lg-4 col-md-6\">\n\n                                    <div class=\"elementskit-post-image-card\">\n                        <div class=\"elementskit-entry-header\">\n                                                            <a href=\"https:\/\/fecburgos.com\/index.php\/archivos\/23852\" class=\"elementskit-entry-thumb\">\n                                    <img decoding=\"async\" src=\"https:\/\/fecburgos.com\/wp-content\/uploads\/2026\/04\/POST-Y-BLOG-768x1024.png\" alt=\"Premios Nacionales Comercio Interior 2025\">\n                                <\/a><!-- .elementskit-entry-thumb END -->\n                                                            \n                            \n\t\t\t\t\t\t\t\t\t\t\t\t\t<\/div><!-- .elementskit-entry-header END -->\n\n\t\t\t\t\t\t<div class=\"elementskit-post-body \">\n\t\t\t\t\t\t\t\n\t\t\t\t\t\t\t\t\t\t\t\t\t\t\t\t\t\t\t\t\t\t\t\t\t\t\t\t<div class=\"post-meta-list\">\n\t\t\t\t\t\t\t\t\t\t\t\t\t\t\t\t\t\t\t\t\t\t\t\t\t\t\t\t\t\t\t\t<span class=\"meta-date\">\n\t\t\t\t\t\t\t\t\t\t<i aria-hidden=\"true\" class=\"icon icon-calendar3\"><\/i>\t\t\t\t\t\t\t\t\t\t<span class=\"meta-date-text\">\n\t\t\t\t\t\t\t\t\t\t\tabril 22, 2026\t\t\t\t\t\t\t\t\t\t<\/span>\n\t\t\t\t\t\t\t\t\t<\/span>\n\t\t\t\t\t\t\t\t\t\t\t\t\t\t\t\t\t\t\t\t\t\t\t\t\t\t\t\t\t\t\t\t\t\t\t\t\t\t\t\t\t\t\t\t\t\t\t\t\t\t\t\t\t\t\t\t\t\t\t\t\t\t\t\t<span class=\"post-cat\">\n\t\t\t\t\t\t\t\t\t\t\t\t\t\t\t\t\t\t\t\t<a href=\"https:\/\/fecburgos.com\/index.php\/archivos\/category\/noticia\" rel=\"category tag\">Noticia<\/a>\t\t\t\t\t\t\t\t\t<\/span>\n\t\t\t\t\t\t\t\t\t\t\t\t\t\t\t\t\t\t\t\t\t\t\t\t\t\t\t\t\t<\/div>\n\t\t\t\t\t\t\t\t\t\t\t\t\t\n\t\t\t\t\t\t\t\t\n\t\t\t\t\t\t\t\t\t\t\t\t\t\t\t\t\t\t\t\t\t<h2 class=\"entry-title\">\n\t\t\t\t\t<a href=\"https:\/\/fecburgos.com\/index.php\/archivos\/23852\">\n\t\t\t\t\t\tPremios Nacionales Comercio Interior 2025\t\t\t\t\t<\/a>\n\t\t\t\t<\/h2>\n\t\t\t\t\t\t\t\t\t\t\t\t\t\t\t\t\t\t\t\t\t\t\t\t\t\t\t\t\t\t\t\t\t\t\t\t\t\t\t\t\t\t<p>El BOE ha publicado la resoluci\u00f3n que adjudica los Premios Nacionales de Comercio Interior 2025, un reconocimiento que pone en valor tanto a ayuntamientos como a comercios, asociaciones y proyectos tecnol\u00f3gicos que est\u00e1n modernizando el sector. El comercio que combina arraigo local, modernizaci\u00f3n y tecnolog\u00eda tiene m\u00e1s opciones de ser reconocido y de crecer.<\/p>\n\t\t\t\t\t\t\t\t\t\t\t\t\t\t\t\t\t\t\t\t\t\t                                                            <div class=\"btn-wraper\">\n                                    \n                                                                            <a class=\"elementskit-btn whitespace--normal\" id=\"\" href=\"https:\/\/fecburgos.com\/index.php\/archivos\/23852\">\n                                        \t                                            Leer m\u00e1s                                        <\/a>\n                                                                    <\/div>\n                                                    <\/div><!-- .elementskit-post-body END -->\n                    <\/div>\n                \n            <\/div>\n                    <div class=\"col-lg-4 col-md-6\">\n\n                                    <div class=\"elementskit-post-image-card\">\n                        <div class=\"elementskit-entry-header\">\n                                                            <a href=\"https:\/\/fecburgos.com\/index.php\/archivos\/23829\" class=\"elementskit-entry-thumb\">\n                                    <img decoding=\"async\" src=\"https:\/\/fecburgos.com\/wp-content\/uploads\/2026\/04\/1-768x1024.png\" alt=\"La Asociaci\u00f3n Provincial \u00a0de Libreros de Burgos, premio \u201cValores por encima del Valor\u201d\">\n                                <\/a><!-- .elementskit-entry-thumb END -->\n                                                            \n                            \n\t\t\t\t\t\t\t\t\t\t\t\t\t<\/div><!-- .elementskit-entry-header END -->\n\n\t\t\t\t\t\t<div class=\"elementskit-post-body \">\n\t\t\t\t\t\t\t\n\t\t\t\t\t\t\t\t\t\t\t\t\t\t\t\t\t\t\t\t\t\t\t\t\t\t\t\t<div class=\"post-meta-list\">\n\t\t\t\t\t\t\t\t\t\t\t\t\t\t\t\t\t\t\t\t\t\t\t\t\t\t\t\t\t\t\t\t<span class=\"meta-date\">\n\t\t\t\t\t\t\t\t\t\t<i aria-hidden=\"true\" class=\"icon icon-calendar3\"><\/i>\t\t\t\t\t\t\t\t\t\t<span class=\"meta-date-text\">\n\t\t\t\t\t\t\t\t\t\t\tabril 17, 2026\t\t\t\t\t\t\t\t\t\t<\/span>\n\t\t\t\t\t\t\t\t\t<\/span>\n\t\t\t\t\t\t\t\t\t\t\t\t\t\t\t\t\t\t\t\t\t\t\t\t\t\t\t\t\t\t\t\t\t\t\t\t\t\t\t\t\t\t\t\t\t\t\t\t\t\t\t\t\t\t\t\t\t\t\t\t\t\t\t\t<span class=\"post-cat\">\n\t\t\t\t\t\t\t\t\t\t\t\t\t\t\t\t\t\t\t\t<a href=\"https:\/\/fecburgos.com\/index.php\/archivos\/category\/noticia\" rel=\"category tag\">Noticia<\/a>\t\t\t\t\t\t\t\t\t<\/span>\n\t\t\t\t\t\t\t\t\t\t\t\t\t\t\t\t\t\t\t\t\t\t\t\t\t\t\t\t\t<\/div>\n\t\t\t\t\t\t\t\t\t\t\t\t\t\n\t\t\t\t\t\t\t\t\n\t\t\t\t\t\t\t\t\t\t\t\t\t\t\t\t\t\t\t\t\t<h2 class=\"entry-title\">\n\t\t\t\t\t<a href=\"https:\/\/fecburgos.com\/index.php\/archivos\/23829\">\n\t\t\t\t\t\tLa Asociaci\u00f3n Provincial \u00a0de Libreros de Burgos, premio \u201cValores por encima del Valor\u201d\t\t\t\t\t<\/a>\n\t\t\t\t<\/h2>\n\t\t\t\t\t\t\t\t\t\t\t\t\t\t\t\t\t\t\t\t\t\t\t\t\t\t\t\t\t\t\t\t\t\t\t\t\t\t\t\t\t\t<p>Desde la Federaci\u00f3n de Empresarios de Comercio de Burgos queremos trasladar nuestra enhorabuena a todas las entidades y proyectos reconocidos en los premios \u201cValores por encima del Valor\u201d de Caja Viva Caja Rural.<\/p>\n\t\t\t\t\t\t\t\t\t\t\t\t\t\t\t\t\t\t\t\t\t\t                                                            <div class=\"btn-wraper\">\n                                    \n                                                                            <a class=\"elementskit-btn whitespace--normal\" id=\"\" href=\"https:\/\/fecburgos.com\/index.php\/archivos\/23829\">\n                                        \t                                            Leer m\u00e1s                                        <\/a>\n                                                                    <\/div>\n                                                    <\/div><!-- .elementskit-post-body END -->\n                    <\/div>\n                \n            <\/div>\n                    <div class=\"col-lg-4 col-md-6\">\n\n                                    <div class=\"elementskit-post-image-card\">\n                        <div class=\"elementskit-entry-header\">\n                                                            <a href=\"https:\/\/fecburgos.com\/index.php\/archivos\/23123\" class=\"elementskit-entry-thumb\">\n                                    <img decoding=\"async\" src=\"https:\/\/fecburgos.com\/wp-content\/uploads\/2026\/03\/JORNADA_28-ABRIL-768x1024.png\" alt=\"Dise\u00f1a un asistente de IA eficaz para tu comercio\">\n                                <\/a><!-- .elementskit-entry-thumb END -->\n                                                            \n                            \n\t\t\t\t\t\t\t\t\t\t\t\t\t<\/div><!-- .elementskit-entry-header END -->\n\n\t\t\t\t\t\t<div class=\"elementskit-post-body \">\n\t\t\t\t\t\t\t\n\t\t\t\t\t\t\t\t\t\t\t\t\t\t\t\t\t\t\t\t\t\t\t\t\t\t\t\t<div class=\"post-meta-list\">\n\t\t\t\t\t\t\t\t\t\t\t\t\t\t\t\t\t\t\t\t\t\t\t\t\t\t\t\t\t\t\t\t<span class=\"meta-date\">\n\t\t\t\t\t\t\t\t\t\t<i aria-hidden=\"true\" class=\"icon icon-calendar3\"><\/i>\t\t\t\t\t\t\t\t\t\t<span class=\"meta-date-text\">\n\t\t\t\t\t\t\t\t\t\t\tabril 15, 2026\t\t\t\t\t\t\t\t\t\t<\/span>\n\t\t\t\t\t\t\t\t\t<\/span>\n\t\t\t\t\t\t\t\t\t\t\t\t\t\t\t\t\t\t\t\t\t\t\t\t\t\t\t\t\t\t\t\t\t\t\t\t\t\t\t\t\t\t\t\t\t\t\t\t\t\t\t\t\t\t\t\t\t\t\t\t\t\t\t\t<span class=\"post-cat\">\n\t\t\t\t\t\t\t\t\t\t\t\t\t\t\t\t\t\t\t\t<a href=\"https:\/\/fecburgos.com\/index.php\/archivos\/category\/noticia\" rel=\"category tag\">Noticia<\/a>\t\t\t\t\t\t\t\t\t<\/span>\n\t\t\t\t\t\t\t\t\t\t\t\t\t\t\t\t\t\t\t\t\t\t\t\t\t\t\t\t\t<\/div>\n\t\t\t\t\t\t\t\t\t\t\t\t\t\n\t\t\t\t\t\t\t\t\n\t\t\t\t\t\t\t\t\t\t\t\t\t\t\t\t\t\t\t\t\t<h2 class=\"entry-title\">\n\t\t\t\t\t<a href=\"https:\/\/fecburgos.com\/index.php\/archivos\/23123\">\n\t\t\t\t\t\tDise\u00f1a un asistente de IA eficaz para tu comercio\t\t\t\t\t<\/a>\n\t\t\t\t<\/h2>\n\t\t\t\t\t\t\t\t\t\t\t\t\t\t\t\t\t\t\t\t\t\t\t\t\t\t\t\t\t\t\t\t\t\t\t\t\t\t\t\t\t\t<p>La Federaci\u00f3n de Empresarios de Comercio de Burgos pone en marcha un ciclo de 3 formaciones especializadas en IA, independientes pero complementarias, pensadas para ayudarte a aplicar la inteligencia artificial en tu comercio de forma \u00fatil y sencilla.<\/p>\n<p>Finalizamos el ciclo con la tercera sesi\u00f3n:<\/p>\n<p>Dise\u00f1a un asistente de IA\u00a0<\/p>\n\t\t\t\t\t\t\t\t\t\t\t\t\t\t\t\t\t\t\t\t\t\t                                                            <div class=\"btn-wraper\">\n                                    \n                                                                            <a class=\"elementskit-btn whitespace--normal\" id=\"\" href=\"https:\/\/fecburgos.com\/index.php\/archivos\/23123\">\n                                        \t                                            Leer m\u00e1s                                        <\/a>\n                                                                    <\/div>\n                                                    <\/div><!-- .elementskit-post-body END -->\n                    <\/div>\n                \n            <\/div>\n                    <div class=\"col-lg-4 col-md-6\">\n\n                                    <div class=\"elementskit-post-image-card\">\n                        <div class=\"elementskit-entry-header\">\n                                                            <a href=\"https:\/\/fecburgos.com\/index.php\/archivos\/23799\" class=\"elementskit-entry-thumb\">\n                                    <img decoding=\"async\" src=\"https:\/\/fecburgos.com\/wp-content\/uploads\/2026\/04\/POST-Y-BLOG_2026-768x1024.jpg\" alt=\"\u201cLa UBU est\u00e1 de Moda\u201d vuelve a Burgos para conectar comercio local y talento joven\">\n                                <\/a><!-- .elementskit-entry-thumb END -->\n                                                            \n                            \n\t\t\t\t\t\t\t\t\t\t\t\t\t<\/div><!-- .elementskit-entry-header END -->\n\n\t\t\t\t\t\t<div class=\"elementskit-post-body \">\n\t\t\t\t\t\t\t\n\t\t\t\t\t\t\t\t\t\t\t\t\t\t\t\t\t\t\t\t\t\t\t\t\t\t\t\t<div class=\"post-meta-list\">\n\t\t\t\t\t\t\t\t\t\t\t\t\t\t\t\t\t\t\t\t\t\t\t\t\t\t\t\t\t\t\t\t<span class=\"meta-date\">\n\t\t\t\t\t\t\t\t\t\t<i aria-hidden=\"true\" class=\"icon icon-calendar3\"><\/i>\t\t\t\t\t\t\t\t\t\t<span class=\"meta-date-text\">\n\t\t\t\t\t\t\t\t\t\t\tabril 15, 2026\t\t\t\t\t\t\t\t\t\t<\/span>\n\t\t\t\t\t\t\t\t\t<\/span>\n\t\t\t\t\t\t\t\t\t\t\t\t\t\t\t\t\t\t\t\t\t\t\t\t\t\t\t\t\t\t\t\t\t\t\t\t\t\t\t\t\t\t\t\t\t\t\t\t\t\t\t\t\t\t\t\t\t\t\t\t\t\t\t\t<span class=\"post-cat\">\n\t\t\t\t\t\t\t\t\t\t\t\t\t\t\t\t\t\t\t\t<a href=\"https:\/\/fecburgos.com\/index.php\/archivos\/category\/noticia\" rel=\"category tag\">Noticia<\/a>\t\t\t\t\t\t\t\t\t<\/span>\n\t\t\t\t\t\t\t\t\t\t\t\t\t\t\t\t\t\t\t\t\t\t\t\t\t\t\t\t\t<\/div>\n\t\t\t\t\t\t\t\t\t\t\t\t\t\n\t\t\t\t\t\t\t\t\n\t\t\t\t\t\t\t\t\t\t\t\t\t\t\t\t\t\t\t\t\t<h2 class=\"entry-title\">\n\t\t\t\t\t<a href=\"https:\/\/fecburgos.com\/index.php\/archivos\/23799\">\n\t\t\t\t\t\t\u201cLa UBU est\u00e1 de Moda\u201d vuelve a Burgos para conectar comercio local y talento joven\t\t\t\t\t<\/a>\n\t\t\t\t<\/h2>\n\t\t\t\t\t\t\t\t\t\t\t\t\t\t\t\t\t\t\t\t\t\t\t\t\t\t\t\t\t\t\t\t\t\t\t\t\t\t\t\t\t\t<p>Tras la buena acogida de su primera edici\u00f3n, \u201cLa UBU est\u00e1 de moda\u201d regresa a Burgos como una iniciativa impulsada por la Federaci\u00f3n de Empresarios de Comercio de Burgos, en colaboraci\u00f3n con la Universidad de Burgos y el Ayuntamiento de Burgos, para seguir acercando el comercio local al p\u00fablico joven desde un lenguaje actual, creativo y cercano.<\/p>\n\t\t\t\t\t\t\t\t\t\t\t\t\t\t\t\t\t\t\t\t\t\t                                                            <div class=\"btn-wraper\">\n                                    \n                                                                            <a class=\"elementskit-btn whitespace--normal\" id=\"\" href=\"https:\/\/fecburgos.com\/index.php\/archivos\/23799\">\n                                        \t                                            Leer m\u00e1s                                        <\/a>\n                                                                    <\/div>\n                                                    <\/div><!-- .elementskit-post-body END -->\n                    <\/div>\n                \n            <\/div>\n                    <div class=\"col-lg-4 col-md-6\">\n\n                                    <div class=\"elementskit-post-image-card\">\n                        <div class=\"elementskit-entry-header\">\n                                                            <a href=\"https:\/\/fecburgos.com\/index.php\/archivos\/23711\" class=\"elementskit-entry-thumb\">\n                                    <img decoding=\"async\" src=\"https:\/\/fecburgos.com\/wp-content\/uploads\/2026\/04\/avecalconvenio-768x1024.png\" alt=\"Renovaci\u00f3n convenio AVECAL, ADESBUR y Junta Provincial de Burgos contra el Cancer\">\n                                <\/a><!-- .elementskit-entry-thumb END -->\n                                                            \n                            \n\t\t\t\t\t\t\t\t\t\t\t\t\t<\/div><!-- .elementskit-entry-header END -->\n\n\t\t\t\t\t\t<div class=\"elementskit-post-body \">\n\t\t\t\t\t\t\t\n\t\t\t\t\t\t\t\t\t\t\t\t\t\t\t\t\t\t\t\t\t\t\t\t\t\t\t\t<div class=\"post-meta-list\">\n\t\t\t\t\t\t\t\t\t\t\t\t\t\t\t\t\t\t\t\t\t\t\t\t\t\t\t\t\t\t\t\t<span class=\"meta-date\">\n\t\t\t\t\t\t\t\t\t\t<i aria-hidden=\"true\" class=\"icon icon-calendar3\"><\/i>\t\t\t\t\t\t\t\t\t\t<span class=\"meta-date-text\">\n\t\t\t\t\t\t\t\t\t\t\tabril 8, 2026\t\t\t\t\t\t\t\t\t\t<\/span>\n\t\t\t\t\t\t\t\t\t<\/span>\n\t\t\t\t\t\t\t\t\t\t\t\t\t\t\t\t\t\t\t\t\t\t\t\t\t\t\t\t\t\t\t\t\t\t\t\t\t\t\t\t\t\t\t\t\t\t\t\t\t\t\t\t\t\t\t\t\t\t\t\t\t\t\t\t<span class=\"post-cat\">\n\t\t\t\t\t\t\t\t\t\t\t\t\t\t\t\t\t\t\t\t<a href=\"https:\/\/fecburgos.com\/index.php\/archivos\/category\/noticia\" rel=\"category tag\">Noticia<\/a>\t\t\t\t\t\t\t\t\t<\/span>\n\t\t\t\t\t\t\t\t\t\t\t\t\t\t\t\t\t\t\t\t\t\t\t\t\t\t\t\t\t<\/div>\n\t\t\t\t\t\t\t\t\t\t\t\t\t\n\t\t\t\t\t\t\t\t\n\t\t\t\t\t\t\t\t\t\t\t\t\t\t\t\t\t\t\t\t\t<h2 class=\"entry-title\">\n\t\t\t\t\t<a href=\"https:\/\/fecburgos.com\/index.php\/archivos\/23711\">\n\t\t\t\t\t\tRenovaci\u00f3n convenio AVECAL, ADESBUR y Junta Provincial de Burgos contra el Cancer\t\t\t\t\t<\/a>\n\t\t\t\t<\/h2>\n\t\t\t\t\t\t\t\t\t\t\t\t\t\t\t\t\t\t\t\t\t\t\t\t\t\t\t\t\t\t\t\t\t\t\t\t\t\t\t\t\t\t<p>Renovaci\u00f3n del convenio de colaboraci\u00f3n entre la Junta Provincial de Burgos de la Asociaci\u00f3n Espa\u00f1ola contra el C\u00e1ncer y la Patronal de Estaciones de Servicio de Burgos \u2013 ADESBUR y la Patronal de Estaciones de Servicio de Castilla y Le\u00f3n \u2013 AVECAL<\/p>\n\t\t\t\t\t\t\t\t\t\t\t\t\t\t\t\t\t\t\t\t\t\t                                                            <div class=\"btn-wraper\">\n                                    \n                                                                            <a class=\"elementskit-btn whitespace--normal\" id=\"\" href=\"https:\/\/fecburgos.com\/index.php\/archivos\/23711\">\n                                        \t                                            Leer m\u00e1s                                        <\/a>\n                                                                    <\/div>\n                                                    <\/div><!-- .elementskit-post-body END -->\n                    <\/div>\n                \n            <\/div>\n                    <div class=\"col-lg-4 col-md-6\">\n\n                                    <div class=\"elementskit-post-image-card\">\n                        <div class=\"elementskit-entry-header\">\n                                                            <a href=\"https:\/\/fecburgos.com\/index.php\/archivos\/23693\" class=\"elementskit-entry-thumb\">\n                                    <img decoding=\"async\" src=\"https:\/\/fecburgos.com\/wp-content\/uploads\/2026\/04\/Tallercomunicar-768x1024.png\" alt=\"Ideas clave para comunicar y vender mejor\">\n                                <\/a><!-- .elementskit-entry-thumb END -->\n                                                            \n                            \n\t\t\t\t\t\t\t\t\t\t\t\t\t<\/div><!-- .elementskit-entry-header END -->\n\n\t\t\t\t\t\t<div class=\"elementskit-post-body \">\n\t\t\t\t\t\t\t\n\t\t\t\t\t\t\t\t\t\t\t\t\t\t\t\t\t\t\t\t\t\t\t\t\t\t\t\t<div class=\"post-meta-list\">\n\t\t\t\t\t\t\t\t\t\t\t\t\t\t\t\t\t\t\t\t\t\t\t\t\t\t\t\t\t\t\t\t<span class=\"meta-date\">\n\t\t\t\t\t\t\t\t\t\t<i aria-hidden=\"true\" class=\"icon icon-calendar3\"><\/i>\t\t\t\t\t\t\t\t\t\t<span class=\"meta-date-text\">\n\t\t\t\t\t\t\t\t\t\t\tabril 8, 2026\t\t\t\t\t\t\t\t\t\t<\/span>\n\t\t\t\t\t\t\t\t\t<\/span>\n\t\t\t\t\t\t\t\t\t\t\t\t\t\t\t\t\t\t\t\t\t\t\t\t\t\t\t\t\t\t\t\t\t\t\t\t\t\t\t\t\t\t\t\t\t\t\t\t\t\t\t\t\t\t\t\t\t\t\t\t\t\t\t\t<span class=\"post-cat\">\n\t\t\t\t\t\t\t\t\t\t\t\t\t\t\t\t\t\t\t\t<a href=\"https:\/\/fecburgos.com\/index.php\/archivos\/category\/noticia\" rel=\"category tag\">Noticia<\/a>\t\t\t\t\t\t\t\t\t<\/span>\n\t\t\t\t\t\t\t\t\t\t\t\t\t\t\t\t\t\t\t\t\t\t\t\t\t\t\t\t\t<\/div>\n\t\t\t\t\t\t\t\t\t\t\t\t\t\n\t\t\t\t\t\t\t\t\n\t\t\t\t\t\t\t\t\t\t\t\t\t\t\t\t\t\t\t\t\t<h2 class=\"entry-title\">\n\t\t\t\t\t<a href=\"https:\/\/fecburgos.com\/index.php\/archivos\/23693\">\n\t\t\t\t\t\tIdeas clave para comunicar y vender mejor\t\t\t\t\t<\/a>\n\t\t\t\t<\/h2>\n\t\t\t\t\t\t\t\t\t\t\t\t\t\t\t\t\t\t\t\t\t\t\t\t\t\t\t\t\t\t\t\t\t\t\t\t\t\t\t\t\t\t<p>Desde la Federaci\u00f3n de Empresarios de Comercio de Burgos (FEC) seguimos apostando por acompa\u00f1ar a nuestros comerciantes en su crecimiento, no solo profesional, sino tambi\u00e9n personal.<\/p>\n<p>Por ello el 7 de abril hemos celebrado una formaci\u00f3n sobre \u201cC\u00f3mo comunicar para vender mejor\u201d, impartida por Sheila Mu\u00f1oz, que ha destacado por su enfoque cercano y diferente.<\/p>\n\t\t\t\t\t\t\t\t\t\t\t\t\t\t\t\t\t\t\t\t\t\t                                                            <div class=\"btn-wraper\">\n                                    \n                                                                            <a class=\"elementskit-btn whitespace--normal\" id=\"\" href=\"https:\/\/fecburgos.com\/index.php\/archivos\/23693\">\n                                        \t                                            Leer m\u00e1s                                        <\/a>\n                                                                    <\/div>\n                                                    <\/div><!-- .elementskit-post-body END -->\n                    <\/div>\n                \n            <\/div>\n                    <div class=\"col-lg-4 col-md-6\">\n\n                                    <div class=\"elementskit-post-image-card\">\n                        <div class=\"elementskit-entry-header\">\n                                                            <a href=\"https:\/\/fecburgos.com\/index.php\/archivos\/23685\" class=\"elementskit-entry-thumb\">\n                                    <img decoding=\"async\" src=\"https:\/\/fecburgos.com\/wp-content\/uploads\/2026\/04\/facturaelectronica-768x1024.png\" alt=\"Implementaci\u00f3n de la Factura Electr\u00f3nica Obligatoria\">\n                                <\/a><!-- .elementskit-entry-thumb END -->\n                                                            \n                            \n\t\t\t\t\t\t\t\t\t\t\t\t\t<\/div><!-- .elementskit-entry-header END -->\n\n\t\t\t\t\t\t<div class=\"elementskit-post-body \">\n\t\t\t\t\t\t\t\n\t\t\t\t\t\t\t\t\t\t\t\t\t\t\t\t\t\t\t\t\t\t\t\t\t\t\t\t<div class=\"post-meta-list\">\n\t\t\t\t\t\t\t\t\t\t\t\t\t\t\t\t\t\t\t\t\t\t\t\t\t\t\t\t\t\t\t\t<span class=\"meta-date\">\n\t\t\t\t\t\t\t\t\t\t<i aria-hidden=\"true\" class=\"icon icon-calendar3\"><\/i>\t\t\t\t\t\t\t\t\t\t<span class=\"meta-date-text\">\n\t\t\t\t\t\t\t\t\t\t\tabril 7, 2026\t\t\t\t\t\t\t\t\t\t<\/span>\n\t\t\t\t\t\t\t\t\t<\/span>\n\t\t\t\t\t\t\t\t\t\t\t\t\t\t\t\t\t\t\t\t\t\t\t\t\t\t\t\t\t\t\t\t\t\t\t\t\t\t\t\t\t\t\t\t\t\t\t\t\t\t\t\t\t\t\t\t\t\t\t\t\t\t\t\t<span class=\"post-cat\">\n\t\t\t\t\t\t\t\t\t\t\t\t\t\t\t\t\t\t\t\t<a href=\"https:\/\/fecburgos.com\/index.php\/archivos\/category\/noticia\" rel=\"category tag\">Noticia<\/a>\t\t\t\t\t\t\t\t\t<\/span>\n\t\t\t\t\t\t\t\t\t\t\t\t\t\t\t\t\t\t\t\t\t\t\t\t\t\t\t\t\t<\/div>\n\t\t\t\t\t\t\t\t\t\t\t\t\t\n\t\t\t\t\t\t\t\t\n\t\t\t\t\t\t\t\t\t\t\t\t\t\t\t\t\t\t\t\t\t<h2 class=\"entry-title\">\n\t\t\t\t\t<a href=\"https:\/\/fecburgos.com\/index.php\/archivos\/23685\">\n\t\t\t\t\t\tImplementaci\u00f3n de la Factura Electr\u00f3nica Obligatoria\t\t\t\t\t<\/a>\n\t\t\t\t<\/h2>\n\t\t\t\t\t\t\t\t\t\t\t\t\t\t\t\t\t\t\t\t\t\t\t\t\t\t\t\t\t\t\t\t\t\t\t\t\t\t\t\t\t\t<p>Resumen de los puntos clave del Real Decreto 238\/2026, de 25 de marzo, por el que se aprueba el Reglamento que desarrolla los requisitos t\u00e9cnicos y de informaci\u00f3n de la factura electr\u00f3nica entre empresarios y profesionales (B2B). Esta normativa busca reducir la morosidad comercial y digitalizar los procesos de facturaci\u00f3n en el tejido empresarial espa\u00f1ol.<\/p>\n\t\t\t\t\t\t\t\t\t\t\t\t\t\t\t\t\t\t\t\t\t\t                                                            <div class=\"btn-wraper\">\n                                    \n                                                                            <a class=\"elementskit-btn whitespace--normal\" id=\"\" href=\"https:\/\/fecburgos.com\/index.php\/archivos\/23685\">\n                                        \t                                            Leer m\u00e1s                                        <\/a>\n                                                                    <\/div>\n                                                    <\/div><!-- .elementskit-post-body END -->\n                    <\/div>\n                \n            <\/div>\n                    <div class=\"col-lg-4 col-md-6\">\n\n                                    <div class=\"elementskit-post-image-card\">\n                        <div class=\"elementskit-entry-header\">\n                                                            <a href=\"https:\/\/fecburgos.com\/index.php\/archivos\/23657\" class=\"elementskit-entry-thumb\">\n                                    <img decoding=\"async\" src=\"https:\/\/fecburgos.com\/wp-content\/uploads\/2026\/03\/NOVEDADES-768x1024.png\" alt=\"Novedades en el \u00e1mbito fiscal y laboral\">\n                                <\/a><!-- .elementskit-entry-thumb END -->\n                                                            \n                            \n\t\t\t\t\t\t\t\t\t\t\t\t\t<\/div><!-- .elementskit-entry-header END -->\n\n\t\t\t\t\t\t<div class=\"elementskit-post-body \">\n\t\t\t\t\t\t\t\n\t\t\t\t\t\t\t\t\t\t\t\t\t\t\t\t\t\t\t\t\t\t\t\t\t\t\t\t<div class=\"post-meta-list\">\n\t\t\t\t\t\t\t\t\t\t\t\t\t\t\t\t\t\t\t\t\t\t\t\t\t\t\t\t\t\t\t\t<span class=\"meta-date\">\n\t\t\t\t\t\t\t\t\t\t<i aria-hidden=\"true\" class=\"icon icon-calendar3\"><\/i>\t\t\t\t\t\t\t\t\t\t<span class=\"meta-date-text\">\n\t\t\t\t\t\t\t\t\t\t\tmarzo 30, 2026\t\t\t\t\t\t\t\t\t\t<\/span>\n\t\t\t\t\t\t\t\t\t<\/span>\n\t\t\t\t\t\t\t\t\t\t\t\t\t\t\t\t\t\t\t\t\t\t\t\t\t\t\t\t\t\t\t\t\t\t\t\t\t\t\t\t\t\t\t\t\t\t\t\t\t\t\t\t\t\t\t\t\t\t\t\t\t\t\t\t<span class=\"post-cat\">\n\t\t\t\t\t\t\t\t\t\t\t\t\t\t\t\t\t\t\t\t<a href=\"https:\/\/fecburgos.com\/index.php\/archivos\/category\/noticia\" rel=\"category tag\">Noticia<\/a>\t\t\t\t\t\t\t\t\t<\/span>\n\t\t\t\t\t\t\t\t\t\t\t\t\t\t\t\t\t\t\t\t\t\t\t\t\t\t\t\t\t<\/div>\n\t\t\t\t\t\t\t\t\t\t\t\t\t\n\t\t\t\t\t\t\t\t\n\t\t\t\t\t\t\t\t\t\t\t\t\t\t\t\t\t\t\t\t\t<h2 class=\"entry-title\">\n\t\t\t\t\t<a href=\"https:\/\/fecburgos.com\/index.php\/archivos\/23657\">\n\t\t\t\t\t\tNovedades en el \u00e1mbito fiscal y laboral\t\t\t\t\t<\/a>\n\t\t\t\t<\/h2>\n\t\t\t\t\t\t\t\t\t\t\t\t\t\t\t\t\t\t\t\t\t\t\t\t\t\t\t\t\t\t\t\t\t\t\t\t\t\t\t\t\t\t<p>El Real Decreto-ley 7\/2026 de 20 de marzo, por el que se aprueba el Plan Integral de Respuesta a la Crisis en Oriente Medio (RDL 7\/2026), incorpora varias medidas de car\u00e1cter fiscal, energ\u00e9tico y laboral que pueden afectar a la actividad de los comercios, especialmente en materia de costes operativos, inversi\u00f3n y organizaci\u00f3n interna.<\/p>\n\t\t\t\t\t\t\t\t\t\t\t\t\t\t\t\t\t\t\t\t\t\t                                                            <div class=\"btn-wraper\">\n                                    \n                                                                            <a class=\"elementskit-btn whitespace--normal\" id=\"\" href=\"https:\/\/fecburgos.com\/index.php\/archivos\/23657\">\n                                        \t                                            Leer m\u00e1s                                        <\/a>\n                                                                    <\/div>\n                                                    <\/div><!-- .elementskit-post-body END -->\n                    <\/div>\n                \n            <\/div>\n                    <div class=\"col-lg-4 col-md-6\">\n\n                                    <div class=\"elementskit-post-image-card\">\n                        <div class=\"elementskit-entry-header\">\n                                                            <a href=\"https:\/\/fecburgos.com\/index.php\/archivos\/23642\" class=\"elementskit-entry-thumb\">\n                                    <img decoding=\"async\" src=\"https:\/\/fecburgos.com\/wp-content\/uploads\/2026\/04\/BLOG-ABRIL-768x1024.png\" alt=\"Burgos acoge los Premios TodosTusLibros 2025\">\n                                <\/a><!-- .elementskit-entry-thumb END -->\n                                                            \n                            \n\t\t\t\t\t\t\t\t\t\t\t\t\t<\/div><!-- .elementskit-entry-header END -->\n\n\t\t\t\t\t\t<div class=\"elementskit-post-body \">\n\t\t\t\t\t\t\t\n\t\t\t\t\t\t\t\t\t\t\t\t\t\t\t\t\t\t\t\t\t\t\t\t\t\t\t\t<div class=\"post-meta-list\">\n\t\t\t\t\t\t\t\t\t\t\t\t\t\t\t\t\t\t\t\t\t\t\t\t\t\t\t\t\t\t\t\t<span class=\"meta-date\">\n\t\t\t\t\t\t\t\t\t\t<i aria-hidden=\"true\" class=\"icon icon-calendar3\"><\/i>\t\t\t\t\t\t\t\t\t\t<span class=\"meta-date-text\">\n\t\t\t\t\t\t\t\t\t\t\tmarzo 30, 2026\t\t\t\t\t\t\t\t\t\t<\/span>\n\t\t\t\t\t\t\t\t\t<\/span>\n\t\t\t\t\t\t\t\t\t\t\t\t\t\t\t\t\t\t\t\t\t\t\t\t\t\t\t\t\t\t\t\t\t\t\t\t\t\t\t\t\t\t\t\t\t\t\t\t\t\t\t\t\t\t\t\t\t\t\t\t\t\t\t\t<span class=\"post-cat\">\n\t\t\t\t\t\t\t\t\t\t\t\t\t\t\t\t\t\t\t\t<a href=\"https:\/\/fecburgos.com\/index.php\/archivos\/category\/noticia\" rel=\"category tag\">Noticia<\/a>\t\t\t\t\t\t\t\t\t<\/span>\n\t\t\t\t\t\t\t\t\t\t\t\t\t\t\t\t\t\t\t\t\t\t\t\t\t\t\t\t\t<\/div>\n\t\t\t\t\t\t\t\t\t\t\t\t\t\n\t\t\t\t\t\t\t\t\n\t\t\t\t\t\t\t\t\t\t\t\t\t\t\t\t\t\t\t\t\t<h2 class=\"entry-title\">\n\t\t\t\t\t<a href=\"https:\/\/fecburgos.com\/index.php\/archivos\/23642\">\n\t\t\t\t\t\tBurgos acoge los Premios TodosTusLibros 2025\t\t\t\t\t<\/a>\n\t\t\t\t<\/h2>\n\t\t\t\t\t\t\t\t\t\t\t\t\t\t\t\t\t\t\t\t\t\t\t\t\t\t\t\t\t\t\t\t\t\t\t\t\t\t\t\t\t\t<p>El pasado 27 de marzo, la ciudad de Burgos se convirti\u00f3 en el epicentro del mundo del libro con la celebraci\u00f3n de los Premios TodosTusLibros 2025, otorgados por la Confederaci\u00f3n Espa\u00f1ola de Gremios y Asociaciones de Libreros. La gala tuvo lugar en la Fundaci\u00f3n C\u00edrculo de Burgos, reuniendo a\u2026<\/p>\n\t\t\t\t\t\t\t\t\t\t\t\t\t\t\t\t\t\t\t\t\t\t                                                            <div class=\"btn-wraper\">\n                                    \n                                                                            <a class=\"elementskit-btn whitespace--normal\" id=\"\" href=\"https:\/\/fecburgos.com\/index.php\/archivos\/23642\">\n                                        \t                                            Leer m\u00e1s                                        <\/a>\n                                                                    <\/div>\n                                                    <\/div><!-- .elementskit-post-body END -->\n                    <\/div>\n                \n            <\/div>\n                    <div class=\"col-lg-4 col-md-6\">\n\n                                    <div class=\"elementskit-post-image-card\">\n                        <div class=\"elementskit-entry-header\">\n                                                            <a href=\"https:\/\/fecburgos.com\/index.php\/archivos\/23614\" class=\"elementskit-entry-thumb\">\n                                    <img decoding=\"async\" src=\"https:\/\/fecburgos.com\/wp-content\/uploads\/2026\/03\/JORNADA-nivel-1_7-DE-ABRIL-768x1024.jpg\" alt=\"\u00bfC\u00f3mo comunicar mejor para vender m\u00e1s en tu negocio?\">\n                                <\/a><!-- .elementskit-entry-thumb END -->\n                                                            \n                            \n\t\t\t\t\t\t\t\t\t\t\t\t\t<\/div><!-- .elementskit-entry-header END -->\n\n\t\t\t\t\t\t<div class=\"elementskit-post-body \">\n\t\t\t\t\t\t\t\n\t\t\t\t\t\t\t\t\t\t\t\t\t\t\t\t\t\t\t\t\t\t\t\t\t\t\t\t<div class=\"post-meta-list\">\n\t\t\t\t\t\t\t\t\t\t\t\t\t\t\t\t\t\t\t\t\t\t\t\t\t\t\t\t\t\t\t\t<span class=\"meta-date\">\n\t\t\t\t\t\t\t\t\t\t<i aria-hidden=\"true\" class=\"icon icon-calendar3\"><\/i>\t\t\t\t\t\t\t\t\t\t<span class=\"meta-date-text\">\n\t\t\t\t\t\t\t\t\t\t\tmarzo 26, 2026\t\t\t\t\t\t\t\t\t\t<\/span>\n\t\t\t\t\t\t\t\t\t<\/span>\n\t\t\t\t\t\t\t\t\t\t\t\t\t\t\t\t\t\t\t\t\t\t\t\t\t\t\t\t\t\t\t\t\t\t\t\t\t\t\t\t\t\t\t\t\t\t\t\t\t\t\t\t\t\t\t\t\t\t\t\t\t\t\t\t<span class=\"post-cat\">\n\t\t\t\t\t\t\t\t\t\t\t\t\t\t\t\t\t\t\t\t<a href=\"https:\/\/fecburgos.com\/index.php\/archivos\/category\/noticia\" rel=\"category tag\">Noticia<\/a>\t\t\t\t\t\t\t\t\t<\/span>\n\t\t\t\t\t\t\t\t\t\t\t\t\t\t\t\t\t\t\t\t\t\t\t\t\t\t\t\t\t<\/div>\n\t\t\t\t\t\t\t\t\t\t\t\t\t\n\t\t\t\t\t\t\t\t\n\t\t\t\t\t\t\t\t\t\t\t\t\t\t\t\t\t\t\t\t\t<h2 class=\"entry-title\">\n\t\t\t\t\t<a href=\"https:\/\/fecburgos.com\/index.php\/archivos\/23614\">\n\t\t\t\t\t\t\u00bfC\u00f3mo comunicar mejor para vender m\u00e1s en tu negocio?\t\t\t\t\t<\/a>\n\t\t\t\t<\/h2>\n\t\t\t\t\t\t\t\t\t\t\t\t\t\t\t\t\t\t\t\t\t\t\t\t\t\t\t\t\t\t\t\t\t\t\t\t\t\t\t\t\t\t<p>La Federaci\u00f3n de Empresarios de Comercio de Burgos organiza una nueva jornada formativa dirigida a profesionales del comercio que buscan mejorar sus ventas a trav\u00e9s de la comunicaci\u00f3n. Bajo el t\u00edtulo \u201c\u00bfC\u00f3mo comunicar para vender m\u00e1s?\u201d, esta formaci\u00f3n se celebrar\u00e1\u2026<\/p>\n\t\t\t\t\t\t\t\t\t\t\t\t\t\t\t\t\t\t\t\t\t\t                                                            <div class=\"btn-wraper\">\n                                    \n                                                                            <a class=\"elementskit-btn whitespace--normal\" id=\"\" href=\"https:\/\/fecburgos.com\/index.php\/archivos\/23614\">\n                                        \t                                            Leer m\u00e1s                                        <\/a>\n                                                                    <\/div>\n                                                    <\/div><!-- .elementskit-post-body END -->\n                    <\/div>\n                \n            <\/div>\n                    <div class=\"col-lg-4 col-md-6\">\n\n                                    <div class=\"elementskit-post-image-card\">\n                        <div class=\"elementskit-entry-header\">\n                                                            <a href=\"https:\/\/fecburgos.com\/index.php\/archivos\/23597\" class=\"elementskit-entry-thumb\">\n                                    <img decoding=\"async\" src=\"https:\/\/fecburgos.com\/wp-content\/uploads\/2026\/03\/asamblea2-768x1024.png\" alt=\"FEC Burgos celebra su Asamblea General\">\n                                <\/a><!-- .elementskit-entry-thumb END -->\n                                                            \n                            \n\t\t\t\t\t\t\t\t\t\t\t\t\t<\/div><!-- .elementskit-entry-header END -->\n\n\t\t\t\t\t\t<div class=\"elementskit-post-body \">\n\t\t\t\t\t\t\t\n\t\t\t\t\t\t\t\t\t\t\t\t\t\t\t\t\t\t\t\t\t\t\t\t\t\t\t\t<div class=\"post-meta-list\">\n\t\t\t\t\t\t\t\t\t\t\t\t\t\t\t\t\t\t\t\t\t\t\t\t\t\t\t\t\t\t\t\t<span class=\"meta-date\">\n\t\t\t\t\t\t\t\t\t\t<i aria-hidden=\"true\" class=\"icon icon-calendar3\"><\/i>\t\t\t\t\t\t\t\t\t\t<span class=\"meta-date-text\">\n\t\t\t\t\t\t\t\t\t\t\tmarzo 26, 2026\t\t\t\t\t\t\t\t\t\t<\/span>\n\t\t\t\t\t\t\t\t\t<\/span>\n\t\t\t\t\t\t\t\t\t\t\t\t\t\t\t\t\t\t\t\t\t\t\t\t\t\t\t\t\t\t\t\t\t\t\t\t\t\t\t\t\t\t\t\t\t\t\t\t\t\t\t\t\t\t\t\t\t\t\t\t\t\t\t\t<span class=\"post-cat\">\n\t\t\t\t\t\t\t\t\t\t\t\t\t\t\t\t\t\t\t\t<a href=\"https:\/\/fecburgos.com\/index.php\/archivos\/category\/noticia\" rel=\"category tag\">Noticia<\/a>\t\t\t\t\t\t\t\t\t<\/span>\n\t\t\t\t\t\t\t\t\t\t\t\t\t\t\t\t\t\t\t\t\t\t\t\t\t\t\t\t\t<\/div>\n\t\t\t\t\t\t\t\t\t\t\t\t\t\n\t\t\t\t\t\t\t\t\n\t\t\t\t\t\t\t\t\t\t\t\t\t\t\t\t\t\t\t\t\t<h2 class=\"entry-title\">\n\t\t\t\t\t<a href=\"https:\/\/fecburgos.com\/index.php\/archivos\/23597\">\n\t\t\t\t\t\tFEC Burgos celebra su Asamblea General\t\t\t\t\t<\/a>\n\t\t\t\t<\/h2>\n\t\t\t\t\t\t\t\t\t\t\t\t\t\t\t\t\t\t\t\t\t\t\t\t\t\t\t\t\t\t\t\t\t\t\t\t\t\t\t\t\t\t<p>La sede de la Federaci\u00f3n de Empresarios de Comercio de Burgos acogi\u00f3 el martes 24 de marzo, a las 20:30 horas, la celebraci\u00f3n de su Asamblea General.<br>\nDurante la reuni\u00f3n, se expusieron ante los miembros de la Federaci\u00f3n los resultados de gesti\u00f3n y las cuentas correspondientes al ejercicio anterior.<\/p>\n\t\t\t\t\t\t\t\t\t\t\t\t\t\t\t\t\t\t\t\t\t\t                                                            <div class=\"btn-wraper\">\n                                    \n                                                                            <a class=\"elementskit-btn whitespace--normal\" id=\"\" href=\"https:\/\/fecburgos.com\/index.php\/archivos\/23597\">\n                                        \t                                            Leer m\u00e1s                                        <\/a>\n                                                                    <\/div>\n                                                    <\/div><!-- .elementskit-post-body END -->\n                    <\/div>\n                \n            <\/div>\n                    <div class=\"col-lg-4 col-md-6\">\n\n                                    <div class=\"elementskit-post-image-card\">\n                        <div class=\"elementskit-entry-header\">\n                                                            <a href=\"https:\/\/fecburgos.com\/index.php\/archivos\/23570\" class=\"elementskit-entry-thumb\">\n                                    <img decoding=\"async\" src=\"https:\/\/fecburgos.com\/wp-content\/uploads\/2026\/03\/herramientas-IA-768x1024.png\" alt=\"La inteligencia artificial llega al comercio de Burgos con formaci\u00f3n pr\u00e1ctica para pymes\">\n                                <\/a><!-- .elementskit-entry-thumb END -->\n                                                            \n                            \n\t\t\t\t\t\t\t\t\t\t\t\t\t<\/div><!-- .elementskit-entry-header END -->\n\n\t\t\t\t\t\t<div class=\"elementskit-post-body \">\n\t\t\t\t\t\t\t\n\t\t\t\t\t\t\t\t\t\t\t\t\t\t\t\t\t\t\t\t\t\t\t\t\t\t\t\t<div class=\"post-meta-list\">\n\t\t\t\t\t\t\t\t\t\t\t\t\t\t\t\t\t\t\t\t\t\t\t\t\t\t\t\t\t\t\t\t<span class=\"meta-date\">\n\t\t\t\t\t\t\t\t\t\t<i aria-hidden=\"true\" class=\"icon icon-calendar3\"><\/i>\t\t\t\t\t\t\t\t\t\t<span class=\"meta-date-text\">\n\t\t\t\t\t\t\t\t\t\t\tmarzo 25, 2026\t\t\t\t\t\t\t\t\t\t<\/span>\n\t\t\t\t\t\t\t\t\t<\/span>\n\t\t\t\t\t\t\t\t\t\t\t\t\t\t\t\t\t\t\t\t\t\t\t\t\t\t\t\t\t\t\t\t\t\t\t\t\t\t\t\t\t\t\t\t\t\t\t\t\t\t\t\t\t\t\t\t\t\t\t\t\t\t\t\t<span class=\"post-cat\">\n\t\t\t\t\t\t\t\t\t\t\t\t\t\t\t\t\t\t\t\t<a href=\"https:\/\/fecburgos.com\/index.php\/archivos\/category\/noticia\" rel=\"category tag\">Noticia<\/a>\t\t\t\t\t\t\t\t\t<\/span>\n\t\t\t\t\t\t\t\t\t\t\t\t\t\t\t\t\t\t\t\t\t\t\t\t\t\t\t\t\t<\/div>\n\t\t\t\t\t\t\t\t\t\t\t\t\t\n\t\t\t\t\t\t\t\t\n\t\t\t\t\t\t\t\t\t\t\t\t\t\t\t\t\t\t\t\t\t<h2 class=\"entry-title\">\n\t\t\t\t\t<a href=\"https:\/\/fecburgos.com\/index.php\/archivos\/23570\">\n\t\t\t\t\t\tLa inteligencia artificial llega al comercio de Burgos con formaci\u00f3n pr\u00e1ctica para pymes\t\t\t\t\t<\/a>\n\t\t\t\t<\/h2>\n\t\t\t\t\t\t\t\t\t\t\t\t\t\t\t\t\t\t\t\t\t\t\t\t\t\t\t\t\t\t\t\t\t\t\t\t\t\t\t\t\t\t<p>El pasado 25 de marzo, la sede de la Federaci\u00f3n de Empresarios de Comercio de Burgos acogi\u00f3 la jornada formativa \u201c6 herramientas b\u00e1sicas de IA para mejorar la productividad en tu comercio\u201d,\u2026<\/p>\n\t\t\t\t\t\t\t\t\t\t\t\t\t\t\t\t\t\t\t\t\t\t                                                            <div class=\"btn-wraper\">\n                                    \n                                                                            <a class=\"elementskit-btn whitespace--normal\" id=\"\" href=\"https:\/\/fecburgos.com\/index.php\/archivos\/23570\">\n                                        \t                                            Leer m\u00e1s                                        <\/a>\n                                                                    <\/div>\n                                                    <\/div><!-- .elementskit-post-body END -->\n                    <\/div>\n                \n            <\/div>\n                    <div class=\"col-lg-4 col-md-6\">\n\n                                    <div class=\"elementskit-post-image-card\">\n                        <div class=\"elementskit-entry-header\">\n                                                            <a href=\"https:\/\/fecburgos.com\/index.php\/archivos\/23585\" class=\"elementskit-entry-thumb\">\n                                    <img decoding=\"async\" src=\"https:\/\/fecburgos.com\/wp-content\/uploads\/2026\/01\/LogoJuntaTramita-768x1024.png\" alt=\"Subvenciones modernizaci\u00f3n, digitalizaci\u00f3n y mejora de la gesti\u00f3n del Comercio de CyL\">\n                                <\/a><!-- .elementskit-entry-thumb END -->\n                                                            \n                            \n\t\t\t\t\t\t\t\t\t\t\t\t\t<\/div><!-- .elementskit-entry-header END -->\n\n\t\t\t\t\t\t<div class=\"elementskit-post-body \">\n\t\t\t\t\t\t\t\n\t\t\t\t\t\t\t\t\t\t\t\t\t\t\t\t\t\t\t\t\t\t\t\t\t\t\t\t<div class=\"post-meta-list\">\n\t\t\t\t\t\t\t\t\t\t\t\t\t\t\t\t\t\t\t\t\t\t\t\t\t\t\t\t\t\t\t\t<span class=\"meta-date\">\n\t\t\t\t\t\t\t\t\t\t<i aria-hidden=\"true\" class=\"icon icon-calendar3\"><\/i>\t\t\t\t\t\t\t\t\t\t<span class=\"meta-date-text\">\n\t\t\t\t\t\t\t\t\t\t\tmarzo 25, 2026\t\t\t\t\t\t\t\t\t\t<\/span>\n\t\t\t\t\t\t\t\t\t<\/span>\n\t\t\t\t\t\t\t\t\t\t\t\t\t\t\t\t\t\t\t\t\t\t\t\t\t\t\t\t\t\t\t\t\t\t\t\t\t\t\t\t\t\t\t\t\t\t\t\t\t\t\t\t\t\t\t\t\t\t\t\t\t\t\t\t<span class=\"post-cat\">\n\t\t\t\t\t\t\t\t\t\t\t\t\t\t\t\t\t\t\t\t<a href=\"https:\/\/fecburgos.com\/index.php\/archivos\/category\/noticia\" rel=\"category tag\">Noticia<\/a>\t\t\t\t\t\t\t\t\t<\/span>\n\t\t\t\t\t\t\t\t\t\t\t\t\t\t\t\t\t\t\t\t\t\t\t\t\t\t\t\t\t<\/div>\n\t\t\t\t\t\t\t\t\t\t\t\t\t\n\t\t\t\t\t\t\t\t\n\t\t\t\t\t\t\t\t\t\t\t\t\t\t\t\t\t\t\t\t\t<h2 class=\"entry-title\">\n\t\t\t\t\t<a href=\"https:\/\/fecburgos.com\/index.php\/archivos\/23585\">\n\t\t\t\t\t\tSubvenciones modernizaci\u00f3n, digitalizaci\u00f3n y mejora de la gesti\u00f3n del Comercio de CyL\t\t\t\t\t<\/a>\n\t\t\t\t<\/h2>\n\t\t\t\t\t\t\t\t\t\t\t\t\t\t\t\t\t\t\t\t\t\t\t\t\t\t\t\t\t\t\t\t\t\t\t\t\t\t\t\t\t\t<p>Con fecha 24 \/03\/2026 se ha publicado en el BOCYL el EXTRACTO de la Orden de 19 de marzo de 2026, de la Consejer\u00eda de Industria, Comercio y Empleo, por la que se convocan subvenciones dirigidas a la modernizaci\u00f3n, digitalizaci\u00f3n y mejora de la gesti\u00f3n del comercio de Castilla y Le\u00f3n.<\/p>\n\t\t\t\t\t\t\t\t\t\t\t\t\t\t\t\t\t\t\t\t\t\t                                                            <div class=\"btn-wraper\">\n                                    \n                                                                            <a class=\"elementskit-btn whitespace--normal\" id=\"\" href=\"https:\/\/fecburgos.com\/index.php\/archivos\/23585\">\n                                        \t                                            Leer m\u00e1s                                        <\/a>\n                                                                    <\/div>\n                                                    <\/div><!-- .elementskit-post-body END -->\n                    <\/div>\n                \n            <\/div>\n                    <div class=\"col-lg-4 col-md-6\">\n\n                                    <div class=\"elementskit-post-image-card\">\n                        <div class=\"elementskit-entry-header\">\n                                                            <a href=\"https:\/\/fecburgos.com\/index.php\/archivos\/23168\" class=\"elementskit-entry-thumb\">\n                                    <img decoding=\"async\" src=\"https:\/\/fecburgos.com\/wp-content\/uploads\/2026\/01\/LogoJuntaTramita-768x1024.png\" alt=\"Ayudas a la contrataci\u00f3n y promoci\u00f3n de mujeres\">\n                                <\/a><!-- .elementskit-entry-thumb END -->\n                                                            \n                            \n\t\t\t\t\t\t\t\t\t\t\t\t\t<\/div><!-- .elementskit-entry-header END -->\n\n\t\t\t\t\t\t<div class=\"elementskit-post-body \">\n\t\t\t\t\t\t\t\n\t\t\t\t\t\t\t\t\t\t\t\t\t\t\t\t\t\t\t\t\t\t\t\t\t\t\t\t<div class=\"post-meta-list\">\n\t\t\t\t\t\t\t\t\t\t\t\t\t\t\t\t\t\t\t\t\t\t\t\t\t\t\t\t\t\t\t\t<span class=\"meta-date\">\n\t\t\t\t\t\t\t\t\t\t<i aria-hidden=\"true\" class=\"icon icon-calendar3\"><\/i>\t\t\t\t\t\t\t\t\t\t<span class=\"meta-date-text\">\n\t\t\t\t\t\t\t\t\t\t\tmarzo 18, 2026\t\t\t\t\t\t\t\t\t\t<\/span>\n\t\t\t\t\t\t\t\t\t<\/span>\n\t\t\t\t\t\t\t\t\t\t\t\t\t\t\t\t\t\t\t\t\t\t\t\t\t\t\t\t\t\t\t\t\t\t\t\t\t\t\t\t\t\t\t\t\t\t\t\t\t\t\t\t\t\t\t\t\t\t\t\t\t\t\t\t<span class=\"post-cat\">\n\t\t\t\t\t\t\t\t\t\t\t\t\t\t\t\t\t\t\t\t<a href=\"https:\/\/fecburgos.com\/index.php\/archivos\/category\/noticia\" rel=\"category tag\">Noticia<\/a>\t\t\t\t\t\t\t\t\t<\/span>\n\t\t\t\t\t\t\t\t\t\t\t\t\t\t\t\t\t\t\t\t\t\t\t\t\t\t\t\t\t<\/div>\n\t\t\t\t\t\t\t\t\t\t\t\t\t\n\t\t\t\t\t\t\t\t\n\t\t\t\t\t\t\t\t\t\t\t\t\t\t\t\t\t\t\t\t\t<h2 class=\"entry-title\">\n\t\t\t\t\t<a href=\"https:\/\/fecburgos.com\/index.php\/archivos\/23168\">\n\t\t\t\t\t\tAyudas a la contrataci\u00f3n y promoci\u00f3n de mujeres\t\t\t\t\t<\/a>\n\t\t\t\t<\/h2>\n\t\t\t\t\t\t\t\t\t\t\t\t\t\t\t\t\t\t\t\t\t\t\t\t\t\t\t\t\t\t\t\t\t\t\t\t\t\t\t\t\t\t<p>La Junta de Castilla y Le\u00f3n convoca subvenciones, en r\u00e9gimen de concesi\u00f3n directa, dirigidas a empresas y entidades privadas sin \u00e1nimo de lucro para fomentar la contrataci\u00f3n de mujeres v\u00edctimas de violencia de g\u00e9nero.<\/p>\n\t\t\t\t\t\t\t\t\t\t\t\t\t\t\t\t\t\t\t\t\t\t                                                            <div class=\"btn-wraper\">\n                                    \n                                                                            <a class=\"elementskit-btn whitespace--normal\" id=\"\" href=\"https:\/\/fecburgos.com\/index.php\/archivos\/23168\">\n                                        \t                                            Leer m\u00e1s                                        <\/a>\n                                                                    <\/div>\n                                                    <\/div><!-- .elementskit-post-body END -->\n                    <\/div>\n                \n            <\/div>\n                    <div class=\"col-lg-4 col-md-6\">\n\n                                    <div class=\"elementskit-post-image-card\">\n                        <div class=\"elementskit-entry-header\">\n                                                            <a href=\"https:\/\/fecburgos.com\/index.php\/archivos\/23142\" class=\"elementskit-entry-thumb\">\n                                    <img decoding=\"async\" src=\"https:\/\/fecburgos.com\/wp-content\/uploads\/2026\/01\/LogoJuntaTramita-768x1024.png\" alt=\"Subvenciones para la modernizaci\u00f3n de empresas artesanas en CyL\">\n                                <\/a><!-- .elementskit-entry-thumb END -->\n                                                            \n                            \n\t\t\t\t\t\t\t\t\t\t\t\t\t<\/div><!-- .elementskit-entry-header END -->\n\n\t\t\t\t\t\t<div class=\"elementskit-post-body \">\n\t\t\t\t\t\t\t\n\t\t\t\t\t\t\t\t\t\t\t\t\t\t\t\t\t\t\t\t\t\t\t\t\t\t\t\t<div class=\"post-meta-list\">\n\t\t\t\t\t\t\t\t\t\t\t\t\t\t\t\t\t\t\t\t\t\t\t\t\t\t\t\t\t\t\t\t<span class=\"meta-date\">\n\t\t\t\t\t\t\t\t\t\t<i aria-hidden=\"true\" class=\"icon icon-calendar3\"><\/i>\t\t\t\t\t\t\t\t\t\t<span class=\"meta-date-text\">\n\t\t\t\t\t\t\t\t\t\t\tmarzo 16, 2026\t\t\t\t\t\t\t\t\t\t<\/span>\n\t\t\t\t\t\t\t\t\t<\/span>\n\t\t\t\t\t\t\t\t\t\t\t\t\t\t\t\t\t\t\t\t\t\t\t\t\t\t\t\t\t\t\t\t\t\t\t\t\t\t\t\t\t\t\t\t\t\t\t\t\t\t\t\t\t\t\t\t\t\t\t\t\t\t\t\t<span class=\"post-cat\">\n\t\t\t\t\t\t\t\t\t\t\t\t\t\t\t\t\t\t\t\t<a href=\"https:\/\/fecburgos.com\/index.php\/archivos\/category\/noticia\" rel=\"category tag\">Noticia<\/a>\t\t\t\t\t\t\t\t\t<\/span>\n\t\t\t\t\t\t\t\t\t\t\t\t\t\t\t\t\t\t\t\t\t\t\t\t\t\t\t\t\t<\/div>\n\t\t\t\t\t\t\t\t\t\t\t\t\t\n\t\t\t\t\t\t\t\t\n\t\t\t\t\t\t\t\t\t\t\t\t\t\t\t\t\t\t\t\t\t<h2 class=\"entry-title\">\n\t\t\t\t\t<a href=\"https:\/\/fecburgos.com\/index.php\/archivos\/23142\">\n\t\t\t\t\t\tSubvenciones para la modernizaci\u00f3n de empresas artesanas en CyL\t\t\t\t\t<\/a>\n\t\t\t\t<\/h2>\n\t\t\t\t\t\t\t\t\t\t\t\t\t\t\t\t\t\t\t\t\t\t\t\t\t\t\t\t\t\t\t\t\t\t\t\t\t\t\t\t\t\t<p>A continuaci\u00f3n te informamos sobre la subvenci\u00f3 convocada por la Consejer\u00eda de Industria, Comercio y Empleo de la Junta de Castilla y Le\u00f3n destinada a la modernizaci\u00f3n de las empresas artesanas de Castilla y Le\u00f3n.<\/p>\n\t\t\t\t\t\t\t\t\t\t\t\t\t\t\t\t\t\t\t\t\t\t                                                            <div class=\"btn-wraper\">\n                                    \n                                                                            <a class=\"elementskit-btn whitespace--normal\" id=\"\" href=\"https:\/\/fecburgos.com\/index.php\/archivos\/23142\">\n                                        \t                                            Leer m\u00e1s                                        <\/a>\n                                                                    <\/div>\n                                                    <\/div><!-- .elementskit-post-body END -->\n                    <\/div>\n                \n            <\/div>\n                    <div class=\"col-lg-4 col-md-6\">\n\n                                    <div class=\"elementskit-post-image-card\">\n                        <div class=\"elementskit-entry-header\">\n                                                            <a href=\"https:\/\/fecburgos.com\/index.php\/archivos\/23101\" class=\"elementskit-entry-thumb\">\n                                    <img decoding=\"async\" src=\"https:\/\/fecburgos.com\/wp-content\/uploads\/2026\/03\/JORNADA_25-MARZO-768x1024.png\" alt=\"6 Herramientas b\u00e1sicas de IA\">\n                                <\/a><!-- .elementskit-entry-thumb END -->\n                                                            \n                            \n\t\t\t\t\t\t\t\t\t\t\t\t\t<\/div><!-- .elementskit-entry-header END -->\n\n\t\t\t\t\t\t<div class=\"elementskit-post-body \">\n\t\t\t\t\t\t\t\n\t\t\t\t\t\t\t\t\t\t\t\t\t\t\t\t\t\t\t\t\t\t\t\t\t\t\t\t<div class=\"post-meta-list\">\n\t\t\t\t\t\t\t\t\t\t\t\t\t\t\t\t\t\t\t\t\t\t\t\t\t\t\t\t\t\t\t\t<span class=\"meta-date\">\n\t\t\t\t\t\t\t\t\t\t<i aria-hidden=\"true\" class=\"icon icon-calendar3\"><\/i>\t\t\t\t\t\t\t\t\t\t<span class=\"meta-date-text\">\n\t\t\t\t\t\t\t\t\t\t\tmarzo 16, 2026\t\t\t\t\t\t\t\t\t\t<\/span>\n\t\t\t\t\t\t\t\t\t<\/span>\n\t\t\t\t\t\t\t\t\t\t\t\t\t\t\t\t\t\t\t\t\t\t\t\t\t\t\t\t\t\t\t\t\t\t\t\t\t\t\t\t\t\t\t\t\t\t\t\t\t\t\t\t\t\t\t\t\t\t\t\t\t\t\t\t<span class=\"post-cat\">\n\t\t\t\t\t\t\t\t\t\t\t\t\t\t\t\t\t\t\t\t<a href=\"https:\/\/fecburgos.com\/index.php\/archivos\/category\/noticia\" rel=\"category tag\">Noticia<\/a>\t\t\t\t\t\t\t\t\t<\/span>\n\t\t\t\t\t\t\t\t\t\t\t\t\t\t\t\t\t\t\t\t\t\t\t\t\t\t\t\t\t<\/div>\n\t\t\t\t\t\t\t\t\t\t\t\t\t\n\t\t\t\t\t\t\t\t\n\t\t\t\t\t\t\t\t\t\t\t\t\t\t\t\t\t\t\t\t\t<h2 class=\"entry-title\">\n\t\t\t\t\t<a href=\"https:\/\/fecburgos.com\/index.php\/archivos\/23101\">\n\t\t\t\t\t\t6 Herramientas b\u00e1sicas de IA\t\t\t\t\t<\/a>\n\t\t\t\t<\/h2>\n\t\t\t\t\t\t\t\t\t\t\t\t\t\t\t\t\t\t\t\t\t\t\t\t\t\t\t\t\t\t\t\t\t\t\t\t\t\t\t\t\t\t<p>La Federaci\u00f3n de Empresarios de Comercio de Burgos pone en marcha un ciclo de 3 formaciones especializadas en IA, independientes pero complementarias, pensadas para ayudarte a aplicar la inteligencia artificial en tu comercio de forma \u00fatil y sencilla.<br>\nAbrimos el ciclo con la primera sesi\u00f3n:<\/p>\n<p>6 herramientas b\u00e1sicas de IA para mejorar la productividad en tu comercio<\/p>\n\t\t\t\t\t\t\t\t\t\t\t\t\t\t\t\t\t\t\t\t\t\t                                                            <div class=\"btn-wraper\">\n                                    \n                                                                            <a class=\"elementskit-btn whitespace--normal\" id=\"\" href=\"https:\/\/fecburgos.com\/index.php\/archivos\/23101\">\n                                        \t                                            Leer m\u00e1s                                        <\/a>\n                                                                    <\/div>\n                                                    <\/div><!-- .elementskit-post-body END -->\n                    <\/div>\n                \n            <\/div>\n                    <div class=\"col-lg-4 col-md-6\">\n\n                                    <div class=\"elementskit-post-image-card\">\n                        <div class=\"elementskit-entry-header\">\n                                                            <a href=\"https:\/\/fecburgos.com\/index.php\/archivos\/23019\" class=\"elementskit-entry-thumb\">\n                                    <img decoding=\"async\" src=\"https:\/\/fecburgos.com\/wp-content\/uploads\/2026\/03\/TallerMarca6-768x1024.png\" alt=\"FEC Burgos celebra la jornada \u201cC\u00f3mo crear una imagen de marca atractiva para atraer clientes\u201d\">\n                                <\/a><!-- .elementskit-entry-thumb END -->\n                                                            \n                            \n\t\t\t\t\t\t\t\t\t\t\t\t\t<\/div><!-- .elementskit-entry-header END -->\n\n\t\t\t\t\t\t<div class=\"elementskit-post-body \">\n\t\t\t\t\t\t\t\n\t\t\t\t\t\t\t\t\t\t\t\t\t\t\t\t\t\t\t\t\t\t\t\t\t\t\t\t<div class=\"post-meta-list\">\n\t\t\t\t\t\t\t\t\t\t\t\t\t\t\t\t\t\t\t\t\t\t\t\t\t\t\t\t\t\t\t\t<span class=\"meta-date\">\n\t\t\t\t\t\t\t\t\t\t<i aria-hidden=\"true\" class=\"icon icon-calendar3\"><\/i>\t\t\t\t\t\t\t\t\t\t<span class=\"meta-date-text\">\n\t\t\t\t\t\t\t\t\t\t\tmarzo 6, 2026\t\t\t\t\t\t\t\t\t\t<\/span>\n\t\t\t\t\t\t\t\t\t<\/span>\n\t\t\t\t\t\t\t\t\t\t\t\t\t\t\t\t\t\t\t\t\t\t\t\t\t\t\t\t\t\t\t\t\t\t\t\t\t\t\t\t\t\t\t\t\t\t\t\t\t\t\t\t\t\t\t\t\t\t\t\t\t\t\t\t<span class=\"post-cat\">\n\t\t\t\t\t\t\t\t\t\t\t\t\t\t\t\t\t\t\t\t<a href=\"https:\/\/fecburgos.com\/index.php\/archivos\/category\/noticia\" rel=\"category tag\">Noticia<\/a>\t\t\t\t\t\t\t\t\t<\/span>\n\t\t\t\t\t\t\t\t\t\t\t\t\t\t\t\t\t\t\t\t\t\t\t\t\t\t\t\t\t<\/div>\n\t\t\t\t\t\t\t\t\t\t\t\t\t\n\t\t\t\t\t\t\t\t\n\t\t\t\t\t\t\t\t\t\t\t\t\t\t\t\t\t\t\t\t\t<h2 class=\"entry-title\">\n\t\t\t\t\t<a href=\"https:\/\/fecburgos.com\/index.php\/archivos\/23019\">\n\t\t\t\t\t\tFEC Burgos celebra la jornada \u201cC\u00f3mo crear una imagen de marca atractiva para atraer clientes\u201d\t\t\t\t\t<\/a>\n\t\t\t\t<\/h2>\n\t\t\t\t\t\t\t\t\t\t\t\t\t\t\t\t\t\t\t\t\t\t\t\t\t\t\t\t\t\t\t\t\t\t\t\t\t\t\t\t\t\t<p>El 4 de marzo celebramos en la sede de la Federaci\u00f3n de Empresarios de Comercio de Burgos la jornada formativa \u201cC\u00f3mo crear una imagen de marca atractiva para atraer clientes\u201d, un encuentro dirigido a comerciantes, emprendedores y profesionales\u2026<\/p>\n\t\t\t\t\t\t\t\t\t\t\t\t\t\t\t\t\t\t\t\t\t\t                                                            <div class=\"btn-wraper\">\n                                    \n                                                                            <a class=\"elementskit-btn whitespace--normal\" id=\"\" href=\"https:\/\/fecburgos.com\/index.php\/archivos\/23019\">\n                                        \t                                            Leer m\u00e1s                                        <\/a>\n                                                                    <\/div>\n                                                    <\/div><!-- .elementskit-post-body END -->\n                    <\/div>\n                \n            <\/div>\n                    <div class=\"col-lg-4 col-md-6\">\n\n                                    <div class=\"elementskit-post-image-card\">\n                        <div class=\"elementskit-entry-header\">\n                                                            <a href=\"https:\/\/fecburgos.com\/index.php\/archivos\/22817\" class=\"elementskit-entry-thumb\">\n                                    <img decoding=\"async\" src=\"https:\/\/fecburgos.com\/wp-content\/uploads\/2026\/02\/PrenioTalentoEmprendedor-768x1024.png\" alt=\"Premio Emprendedor 2026 \u00c1lex Benlloch\">\n                                <\/a><!-- .elementskit-entry-thumb END -->\n                                                            \n                            \n\t\t\t\t\t\t\t\t\t\t\t\t\t<\/div><!-- .elementskit-entry-header END -->\n\n\t\t\t\t\t\t<div class=\"elementskit-post-body \">\n\t\t\t\t\t\t\t\n\t\t\t\t\t\t\t\t\t\t\t\t\t\t\t\t\t\t\t\t\t\t\t\t\t\t\t\t<div class=\"post-meta-list\">\n\t\t\t\t\t\t\t\t\t\t\t\t\t\t\t\t\t\t\t\t\t\t\t\t\t\t\t\t\t\t\t\t<span class=\"meta-date\">\n\t\t\t\t\t\t\t\t\t\t<i aria-hidden=\"true\" class=\"icon icon-calendar3\"><\/i>\t\t\t\t\t\t\t\t\t\t<span class=\"meta-date-text\">\n\t\t\t\t\t\t\t\t\t\t\tfebrero 26, 2026\t\t\t\t\t\t\t\t\t\t<\/span>\n\t\t\t\t\t\t\t\t\t<\/span>\n\t\t\t\t\t\t\t\t\t\t\t\t\t\t\t\t\t\t\t\t\t\t\t\t\t\t\t\t\t\t\t\t\t\t\t\t\t\t\t\t\t\t\t\t\t\t\t\t\t\t\t\t\t\t\t\t\t\t\t\t\t\t\t\t<span class=\"post-cat\">\n\t\t\t\t\t\t\t\t\t\t\t\t\t\t\t\t\t\t\t\t<a href=\"https:\/\/fecburgos.com\/index.php\/archivos\/category\/noticia\" rel=\"category tag\">Noticia<\/a>\t\t\t\t\t\t\t\t\t<\/span>\n\t\t\t\t\t\t\t\t\t\t\t\t\t\t\t\t\t\t\t\t\t\t\t\t\t\t\t\t\t<\/div>\n\t\t\t\t\t\t\t\t\t\t\t\t\t\n\t\t\t\t\t\t\t\t\n\t\t\t\t\t\t\t\t\t\t\t\t\t\t\t\t\t\t\t\t\t<h2 class=\"entry-title\">\n\t\t\t\t\t<a href=\"https:\/\/fecburgos.com\/index.php\/archivos\/22817\">\n\t\t\t\t\t\tPremio Emprendedor 2026 \u00c1lex Benlloch\t\t\t\t\t<\/a>\n\t\t\t\t<\/h2>\n\t\t\t\t\t\t\t\t\t\t\t\t\t\t\t\t\t\t\t\t\t\t\t\t\t\t\t\t\t\t\t\t\t\t\t\t\t\t\t\t\t\t<p>La Federaci\u00f3n de Empresarios de Comercio de Burgos ha acudido al Paraninfo de la Universidad de Burgos para apoyar la entrega del Premio Talento Emprendedor, un reconocimiento que en su primera edici\u00f3n ha distinguido al joven burgal\u00e9s \u00c1lex Benlloch (25 a\u00f1os) por su trayectoria y proyecci\u00f3n internacional en el sector de la moda urbana.<\/p>\n\t\t\t\t\t\t\t\t\t\t\t\t\t\t\t\t\t\t\t\t\t\t                                                            <div class=\"btn-wraper\">\n                                    \n                                                                            <a class=\"elementskit-btn whitespace--normal\" id=\"\" href=\"https:\/\/fecburgos.com\/index.php\/archivos\/22817\">\n                                        \t                                            Leer m\u00e1s                                        <\/a>\n                                                                    <\/div>\n                                                    <\/div><!-- .elementskit-post-body END -->\n                    <\/div>\n                \n            <\/div>\n                    <div class=\"col-lg-4 col-md-6\">\n\n                                    <div class=\"elementskit-post-image-card\">\n                        <div class=\"elementskit-entry-header\">\n                                                            <a href=\"https:\/\/fecburgos.com\/index.php\/archivos\/22791\" class=\"elementskit-entry-thumb\">\n                                    <img decoding=\"async\" src=\"https:\/\/fecburgos.com\/wp-content\/uploads\/2026\/02\/formacionrentabilidad-768x1024-1.png\" alt=\"Jornada de formaci\u00f3n \u00abRentabilidad y gesti\u00f3n en la carnicer\u00eda\u00bb\">\n                                <\/a><!-- .elementskit-entry-thumb END -->\n                                                            \n                            \n\t\t\t\t\t\t\t\t\t\t\t\t\t<\/div><!-- .elementskit-entry-header END -->\n\n\t\t\t\t\t\t<div class=\"elementskit-post-body \">\n\t\t\t\t\t\t\t\n\t\t\t\t\t\t\t\t\t\t\t\t\t\t\t\t\t\t\t\t\t\t\t\t\t\t\t\t<div class=\"post-meta-list\">\n\t\t\t\t\t\t\t\t\t\t\t\t\t\t\t\t\t\t\t\t\t\t\t\t\t\t\t\t\t\t\t\t<span class=\"meta-date\">\n\t\t\t\t\t\t\t\t\t\t<i aria-hidden=\"true\" class=\"icon icon-calendar3\"><\/i>\t\t\t\t\t\t\t\t\t\t<span class=\"meta-date-text\">\n\t\t\t\t\t\t\t\t\t\t\tfebrero 26, 2026\t\t\t\t\t\t\t\t\t\t<\/span>\n\t\t\t\t\t\t\t\t\t<\/span>\n\t\t\t\t\t\t\t\t\t\t\t\t\t\t\t\t\t\t\t\t\t\t\t\t\t\t\t\t\t\t\t\t\t\t\t\t\t\t\t\t\t\t\t\t\t\t\t\t\t\t\t\t\t\t\t\t\t\t\t\t\t\t\t\t<span class=\"post-cat\">\n\t\t\t\t\t\t\t\t\t\t\t\t\t\t\t\t\t\t\t\t<a href=\"https:\/\/fecburgos.com\/index.php\/archivos\/category\/evento\" rel=\"category tag\">Evento<\/a>\t\t\t\t\t\t\t\t\t<\/span>\n\t\t\t\t\t\t\t\t\t\t\t\t\t\t\t\t\t\t\t\t\t\t\t\t\t\t\t\t\t<\/div>\n\t\t\t\t\t\t\t\t\t\t\t\t\t\n\t\t\t\t\t\t\t\t\n\t\t\t\t\t\t\t\t\t\t\t\t\t\t\t\t\t\t\t\t\t<h2 class=\"entry-title\">\n\t\t\t\t\t<a href=\"https:\/\/fecburgos.com\/index.php\/archivos\/22791\">\n\t\t\t\t\t\tJornada de formaci\u00f3n \u00abRentabilidad y gesti\u00f3n en la carnicer\u00eda\u00bb\t\t\t\t\t<\/a>\n\t\t\t\t<\/h2>\n\t\t\t\t\t\t\t\t\t\t\t\t\t\t\t\t\t\t\t\t\t\t\t\t\t\t\t\t\t\t\t\t\t\t\t\t\t\t\t\t\t\t<p>La Asociaci\u00f3n de Carniceros de Burgos (GRECABUR), es consciente de la situaci\u00f3n actual que vive el sector, marcada por el aumento continuo de los costes, dificultad para encontrar y gestionar personal y unos m\u00e1rgenes cada vez m\u00e1s ajustados. Esta realidad hace imprescindible mejorar la gesti\u00f3n del negocio y tomar decisiones m\u00e1s precisas en el d\u00eda a d\u00eda de la carnicer\u00eda.<\/p>\n\t\t\t\t\t\t\t\t\t\t\t\t\t\t\t\t\t\t\t\t\t\t                                                            <div class=\"btn-wraper\">\n                                    \n                                                                            <a class=\"elementskit-btn whitespace--normal\" id=\"\" href=\"https:\/\/fecburgos.com\/index.php\/archivos\/22791\">\n                                        \t                                            Leer m\u00e1s                                        <\/a>\n                                                                    <\/div>\n                                                    <\/div><!-- .elementskit-post-body END -->\n                    <\/div>\n                \n            <\/div>\n                    <div class=\"col-lg-4 col-md-6\">\n\n                                    <div class=\"elementskit-post-image-card\">\n                        <div class=\"elementskit-entry-header\">\n                                                            <a href=\"https:\/\/fecburgos.com\/index.php\/archivos\/22744\" class=\"elementskit-entry-thumb\">\n                                    <img decoding=\"async\" src=\"https:\/\/fecburgos.com\/wp-content\/uploads\/2026\/02\/branding-1-768x1024.png\" alt=\"C\u00f3mo crear una imagen de marca atractiva para atraer clientes\">\n                                <\/a><!-- .elementskit-entry-thumb END -->\n                                                            \n                            \n\t\t\t\t\t\t\t\t\t\t\t\t\t<\/div><!-- .elementskit-entry-header END -->\n\n\t\t\t\t\t\t<div class=\"elementskit-post-body \">\n\t\t\t\t\t\t\t\n\t\t\t\t\t\t\t\t\t\t\t\t\t\t\t\t\t\t\t\t\t\t\t\t\t\t\t\t<div class=\"post-meta-list\">\n\t\t\t\t\t\t\t\t\t\t\t\t\t\t\t\t\t\t\t\t\t\t\t\t\t\t\t\t\t\t\t\t<span class=\"meta-date\">\n\t\t\t\t\t\t\t\t\t\t<i aria-hidden=\"true\" class=\"icon icon-calendar3\"><\/i>\t\t\t\t\t\t\t\t\t\t<span class=\"meta-date-text\">\n\t\t\t\t\t\t\t\t\t\t\tfebrero 23, 2026\t\t\t\t\t\t\t\t\t\t<\/span>\n\t\t\t\t\t\t\t\t\t<\/span>\n\t\t\t\t\t\t\t\t\t\t\t\t\t\t\t\t\t\t\t\t\t\t\t\t\t\t\t\t\t\t\t\t\t\t\t\t\t\t\t\t\t\t\t\t\t\t\t\t\t\t\t\t\t\t\t\t\t\t\t\t\t\t\t\t<span class=\"post-cat\">\n\t\t\t\t\t\t\t\t\t\t\t\t\t\t\t\t\t\t\t\t<a href=\"https:\/\/fecburgos.com\/index.php\/archivos\/category\/evento\" rel=\"category tag\">Evento<\/a>\t\t\t\t\t\t\t\t\t<\/span>\n\t\t\t\t\t\t\t\t\t\t\t\t\t\t\t\t\t\t\t\t\t\t\t\t\t\t\t\t\t<\/div>\n\t\t\t\t\t\t\t\t\t\t\t\t\t\n\t\t\t\t\t\t\t\t\n\t\t\t\t\t\t\t\t\t\t\t\t\t\t\t\t\t\t\t\t\t<h2 class=\"entry-title\">\n\t\t\t\t\t<a href=\"https:\/\/fecburgos.com\/index.php\/archivos\/22744\">\n\t\t\t\t\t\tC\u00f3mo crear una imagen de marca atractiva para atraer clientes\t\t\t\t\t<\/a>\n\t\t\t\t<\/h2>\n\t\t\t\t\t\t\t\t\t\t\t\t\t\t\t\t\t\t\t\t\t\t\t\t\t\t\t\t\t\t\t\t\t\t\t\t\t\t\t\t\t\t<p>La Federaci\u00f3n de Empresarios de Comercio de Burgos (FEC) realizar\u00e1 el taller:<\/p>\n<p>\u201cC\u00f3mo crear una imagen de marca atractiva para atraer clientes\u201d.<\/p>\n<p>La sesi\u00f3n ser\u00e1 impartida por Juan Fern\u00e1ndez, dise\u00f1ador y especialista en branding.<\/p>\n\t\t\t\t\t\t\t\t\t\t\t\t\t\t\t\t\t\t\t\t\t\t                                                            <div class=\"btn-wraper\">\n                                    \n                                                                            <a class=\"elementskit-btn whitespace--normal\" id=\"\" href=\"https:\/\/fecburgos.com\/index.php\/archivos\/22744\">\n                                        \t                                            Leer m\u00e1s                                        <\/a>\n                                                                    <\/div>\n                                                    <\/div><!-- .elementskit-post-body END -->\n                    <\/div>\n                \n            <\/div>\n                    <div class=\"col-lg-4 col-md-6\">\n\n                                    <div class=\"elementskit-post-image-card\">\n                        <div class=\"elementskit-entry-header\">\n                                                            <a href=\"https:\/\/fecburgos.com\/index.php\/archivos\/22724\" class=\"elementskit-entry-thumb\">\n                                    <img decoding=\"async\" src=\"https:\/\/fecburgos.com\/wp-content\/uploads\/2026\/02\/SMI-768x1024.png\" alt=\"Salario M\u00ednimo Interprofesional en Espa\u00f1a para 2026\">\n                                <\/a><!-- .elementskit-entry-thumb END -->\n                                                            \n                            \n\t\t\t\t\t\t\t\t\t\t\t\t\t<\/div><!-- .elementskit-entry-header END -->\n\n\t\t\t\t\t\t<div class=\"elementskit-post-body \">\n\t\t\t\t\t\t\t\n\t\t\t\t\t\t\t\t\t\t\t\t\t\t\t\t\t\t\t\t\t\t\t\t\t\t\t\t<div class=\"post-meta-list\">\n\t\t\t\t\t\t\t\t\t\t\t\t\t\t\t\t\t\t\t\t\t\t\t\t\t\t\t\t\t\t\t\t<span class=\"meta-date\">\n\t\t\t\t\t\t\t\t\t\t<i aria-hidden=\"true\" class=\"icon icon-calendar3\"><\/i>\t\t\t\t\t\t\t\t\t\t<span class=\"meta-date-text\">\n\t\t\t\t\t\t\t\t\t\t\tfebrero 19, 2026\t\t\t\t\t\t\t\t\t\t<\/span>\n\t\t\t\t\t\t\t\t\t<\/span>\n\t\t\t\t\t\t\t\t\t\t\t\t\t\t\t\t\t\t\t\t\t\t\t\t\t\t\t\t\t\t\t\t\t\t\t\t\t\t\t\t\t\t\t\t\t\t\t\t\t\t\t\t\t\t\t\t\t\t\t\t\t\t\t\t<span class=\"post-cat\">\n\t\t\t\t\t\t\t\t\t\t\t\t\t\t\t\t\t\t\t\t<a href=\"https:\/\/fecburgos.com\/index.php\/archivos\/category\/noticia\" rel=\"category tag\">Noticia<\/a>\t\t\t\t\t\t\t\t\t<\/span>\n\t\t\t\t\t\t\t\t\t\t\t\t\t\t\t\t\t\t\t\t\t\t\t\t\t\t\t\t\t<\/div>\n\t\t\t\t\t\t\t\t\t\t\t\t\t\n\t\t\t\t\t\t\t\t\n\t\t\t\t\t\t\t\t\t\t\t\t\t\t\t\t\t\t\t\t\t<h2 class=\"entry-title\">\n\t\t\t\t\t<a href=\"https:\/\/fecburgos.com\/index.php\/archivos\/22724\">\n\t\t\t\t\t\tSalario M\u00ednimo Interprofesional en Espa\u00f1a para 2026\t\t\t\t\t<\/a>\n\t\t\t\t<\/h2>\n\t\t\t\t\t\t\t\t\t\t\t\t\t\t\t\t\t\t\t\t\t\t\t\t\t\t\t\t\t\t\t\t\t\t\t\t\t\t\t\t\t\t<p>El Bolet\u00edn Oficial del Estado (BOE) ha publicado el jueves 19 de febrero de 2026 el Real Decreto 126\/2026, de 18 de febrero, por el que se fija el Salario M\u00ednimo Interprofesional (SMI) para el a\u00f1o 2026. Este decreto, que entr\u00f3 en vigor con su publicaci\u00f3n, produce efectos retroactivos desde el 1 de enero de 2026 y\u2026<\/p>\n\t\t\t\t\t\t\t\t\t\t\t\t\t\t\t\t\t\t\t\t\t\t                                                            <div class=\"btn-wraper\">\n                                    \n                                                                            <a class=\"elementskit-btn whitespace--normal\" id=\"\" href=\"https:\/\/fecburgos.com\/index.php\/archivos\/22724\">\n                                        \t                                            Leer m\u00e1s                                        <\/a>\n                                                                    <\/div>\n                                                    <\/div><!-- .elementskit-post-body END -->\n                    <\/div>\n                \n            <\/div>\n                    <div class=\"col-lg-4 col-md-6\">\n\n                                    <div class=\"elementskit-post-image-card\">\n                        <div class=\"elementskit-entry-header\">\n                                                            <a href=\"https:\/\/fecburgos.com\/index.php\/archivos\/22699\" class=\"elementskit-entry-thumb\">\n                                    <img decoding=\"async\" src=\"https:\/\/fecburgos.com\/wp-content\/uploads\/2026\/02\/Icecyl-768x1024.png\" alt=\"Convocatoria Marketplaces Internacional\">\n                                <\/a><!-- .elementskit-entry-thumb END -->\n                                                            \n                            \n\t\t\t\t\t\t\t\t\t\t\t\t\t<\/div><!-- .elementskit-entry-header END -->\n\n\t\t\t\t\t\t<div class=\"elementskit-post-body \">\n\t\t\t\t\t\t\t\n\t\t\t\t\t\t\t\t\t\t\t\t\t\t\t\t\t\t\t\t\t\t\t\t\t\t\t\t<div class=\"post-meta-list\">\n\t\t\t\t\t\t\t\t\t\t\t\t\t\t\t\t\t\t\t\t\t\t\t\t\t\t\t\t\t\t\t\t<span class=\"meta-date\">\n\t\t\t\t\t\t\t\t\t\t<i aria-hidden=\"true\" class=\"icon icon-calendar3\"><\/i>\t\t\t\t\t\t\t\t\t\t<span class=\"meta-date-text\">\n\t\t\t\t\t\t\t\t\t\t\tfebrero 19, 2026\t\t\t\t\t\t\t\t\t\t<\/span>\n\t\t\t\t\t\t\t\t\t<\/span>\n\t\t\t\t\t\t\t\t\t\t\t\t\t\t\t\t\t\t\t\t\t\t\t\t\t\t\t\t\t\t\t\t\t\t\t\t\t\t\t\t\t\t\t\t\t\t\t\t\t\t\t\t\t\t\t\t\t\t\t\t\t\t\t\t<span class=\"post-cat\">\n\t\t\t\t\t\t\t\t\t\t\t\t\t\t\t\t\t\t\t\t<a href=\"https:\/\/fecburgos.com\/index.php\/archivos\/category\/noticia\" rel=\"category tag\">Noticia<\/a>\t\t\t\t\t\t\t\t\t<\/span>\n\t\t\t\t\t\t\t\t\t\t\t\t\t\t\t\t\t\t\t\t\t\t\t\t\t\t\t\t\t<\/div>\n\t\t\t\t\t\t\t\t\t\t\t\t\t\n\t\t\t\t\t\t\t\t\n\t\t\t\t\t\t\t\t\t\t\t\t\t\t\t\t\t\t\t\t\t<h2 class=\"entry-title\">\n\t\t\t\t\t<a href=\"https:\/\/fecburgos.com\/index.php\/archivos\/22699\">\n\t\t\t\t\t\tConvocatoria Marketplaces Internacional\t\t\t\t\t<\/a>\n\t\t\t\t<\/h2>\n\t\t\t\t\t\t\t\t\t\t\t\t\t\t\t\t\t\t\t\t\t\t\t\t\t\t\t\t\t\t\t\t\t\t\t\t\t\t\t\t\t\t<p>ICECYL pone en marcha un servicio especializado de asesoramiento en plataformas de venta virtual y creaci\u00f3n de tiendas online, dise\u00f1ado para apoyar a las empresas de Castilla y Le\u00f3n en su acceso a mercados digitales internacionales y en el desarrollo de proyectos de comercio electr\u00f3nico transfronterizo.<\/p>\n\t\t\t\t\t\t\t\t\t\t\t\t\t\t\t\t\t\t\t\t\t\t                                                            <div class=\"btn-wraper\">\n                                    \n                                                                            <a class=\"elementskit-btn whitespace--normal\" id=\"\" href=\"https:\/\/fecburgos.com\/index.php\/archivos\/22699\">\n                                        \t                                            Leer m\u00e1s                                        <\/a>\n                                                                    <\/div>\n                                                    <\/div><!-- .elementskit-post-body END -->\n                    <\/div>\n                \n            <\/div>\n                    <div class=\"col-lg-4 col-md-6\">\n\n                                    <div class=\"elementskit-post-image-card\">\n                        <div class=\"elementskit-entry-header\">\n                                                            <a href=\"https:\/\/fecburgos.com\/index.php\/archivos\/22660\" class=\"elementskit-entry-thumb\">\n                                    <img decoding=\"async\" src=\"https:\/\/fecburgos.com\/wp-content\/uploads\/2026\/02\/CircularHermosilla-768x1024.png\" alt=\"Novedades en materia fiscal y laboral\">\n                                <\/a><!-- .elementskit-entry-thumb END -->\n                                                            \n                            \n\t\t\t\t\t\t\t\t\t\t\t\t\t<\/div><!-- .elementskit-entry-header END -->\n\n\t\t\t\t\t\t<div class=\"elementskit-post-body \">\n\t\t\t\t\t\t\t\n\t\t\t\t\t\t\t\t\t\t\t\t\t\t\t\t\t\t\t\t\t\t\t\t\t\t\t\t<div class=\"post-meta-list\">\n\t\t\t\t\t\t\t\t\t\t\t\t\t\t\t\t\t\t\t\t\t\t\t\t\t\t\t\t\t\t\t\t<span class=\"meta-date\">\n\t\t\t\t\t\t\t\t\t\t<i aria-hidden=\"true\" class=\"icon icon-calendar3\"><\/i>\t\t\t\t\t\t\t\t\t\t<span class=\"meta-date-text\">\n\t\t\t\t\t\t\t\t\t\t\tfebrero 11, 2026\t\t\t\t\t\t\t\t\t\t<\/span>\n\t\t\t\t\t\t\t\t\t<\/span>\n\t\t\t\t\t\t\t\t\t\t\t\t\t\t\t\t\t\t\t\t\t\t\t\t\t\t\t\t\t\t\t\t\t\t\t\t\t\t\t\t\t\t\t\t\t\t\t\t\t\t\t\t\t\t\t\t\t\t\t\t\t\t\t\t<span class=\"post-cat\">\n\t\t\t\t\t\t\t\t\t\t\t\t\t\t\t\t\t\t\t\t<a href=\"https:\/\/fecburgos.com\/index.php\/archivos\/category\/noticia\" rel=\"category tag\">Noticia<\/a>\t\t\t\t\t\t\t\t\t<\/span>\n\t\t\t\t\t\t\t\t\t\t\t\t\t\t\t\t\t\t\t\t\t\t\t\t\t\t\t\t\t<\/div>\n\t\t\t\t\t\t\t\t\t\t\t\t\t\n\t\t\t\t\t\t\t\t\n\t\t\t\t\t\t\t\t\t\t\t\t\t\t\t\t\t\t\t\t\t<h2 class=\"entry-title\">\n\t\t\t\t\t<a href=\"https:\/\/fecburgos.com\/index.php\/archivos\/22660\">\n\t\t\t\t\t\tNovedades en materia fiscal y laboral\t\t\t\t\t<\/a>\n\t\t\t\t<\/h2>\n\t\t\t\t\t\t\t\t\t\t\t\t\t\t\t\t\t\t\t\t\t\t\t\t\t\t\t\t\t\t\t\t\t\t\t\t\t\t\t\t\t\t<p>Desde nuestro asesor fiscal, Hermosilla Lacave, os hacemos llegar una circular donde se explican las novedades en dos \u00e1mbitos:<\/p>\n<p>\u00c1mbito laboral de la Seguridad Social para la revalorizaci\u00f3n de las pensiones p\u00fablicas y otras medidas urgentes.[\u2026.]<br>\n\u00c1mbito fiscal por el que se adoptan medidas urgentes para hacer frente a situaciones de vulnerabilidad social,\u2026<\/p>\n\t\t\t\t\t\t\t\t\t\t\t\t\t\t\t\t\t\t\t\t\t\t                                                            <div class=\"btn-wraper\">\n                                    \n                                                                            <a class=\"elementskit-btn whitespace--normal\" id=\"\" href=\"https:\/\/fecburgos.com\/index.php\/archivos\/22660\">\n                                        \t                                            Leer m\u00e1s                                        <\/a>\n                                                                    <\/div>\n                                                    <\/div><!-- .elementskit-post-body END -->\n                    <\/div>\n                \n            <\/div>\n                    <div class=\"col-lg-4 col-md-6\">\n\n                                    <div class=\"elementskit-post-image-card\">\n                        <div class=\"elementskit-entry-header\">\n                                                            <a href=\"https:\/\/fecburgos.com\/index.php\/archivos\/22615\" class=\"elementskit-entry-thumb\">\n                                    <img decoding=\"async\" src=\"https:\/\/fecburgos.com\/wp-content\/uploads\/2026\/02\/SERVICIOSFEC-768x1024.png\" alt=\"Recordatorio de servicios FEC Burgos\">\n                                <\/a><!-- .elementskit-entry-thumb END -->\n                                                            \n                            \n\t\t\t\t\t\t\t\t\t\t\t\t\t<\/div><!-- .elementskit-entry-header END -->\n\n\t\t\t\t\t\t<div class=\"elementskit-post-body \">\n\t\t\t\t\t\t\t\n\t\t\t\t\t\t\t\t\t\t\t\t\t\t\t\t\t\t\t\t\t\t\t\t\t\t\t\t<div class=\"post-meta-list\">\n\t\t\t\t\t\t\t\t\t\t\t\t\t\t\t\t\t\t\t\t\t\t\t\t\t\t\t\t\t\t\t\t<span class=\"meta-date\">\n\t\t\t\t\t\t\t\t\t\t<i aria-hidden=\"true\" class=\"icon icon-calendar3\"><\/i>\t\t\t\t\t\t\t\t\t\t<span class=\"meta-date-text\">\n\t\t\t\t\t\t\t\t\t\t\tfebrero 5, 2026\t\t\t\t\t\t\t\t\t\t<\/span>\n\t\t\t\t\t\t\t\t\t<\/span>\n\t\t\t\t\t\t\t\t\t\t\t\t\t\t\t\t\t\t\t\t\t\t\t\t\t\t\t\t\t\t\t\t\t\t\t\t\t\t\t\t\t\t\t\t\t\t\t\t\t\t\t\t\t\t\t\t\t\t\t\t\t\t\t\t<span class=\"post-cat\">\n\t\t\t\t\t\t\t\t\t\t\t\t\t\t\t\t\t\t\t\t<a href=\"https:\/\/fecburgos.com\/index.php\/archivos\/category\/noticia\" rel=\"category tag\">Noticia<\/a>\t\t\t\t\t\t\t\t\t<\/span>\n\t\t\t\t\t\t\t\t\t\t\t\t\t\t\t\t\t\t\t\t\t\t\t\t\t\t\t\t\t<\/div>\n\t\t\t\t\t\t\t\t\t\t\t\t\t\n\t\t\t\t\t\t\t\t\n\t\t\t\t\t\t\t\t\t\t\t\t\t\t\t\t\t\t\t\t\t<h2 class=\"entry-title\">\n\t\t\t\t\t<a href=\"https:\/\/fecburgos.com\/index.php\/archivos\/22615\">\n\t\t\t\t\t\tRecordatorio de servicios FEC Burgos\t\t\t\t\t<\/a>\n\t\t\t\t<\/h2>\n\t\t\t\t\t\t\t\t\t\t\t\t\t\t\t\t\t\t\t\t\t\t\t\t\t\t\t\t\t\t\t\t\t\t\t\t\t\t\t\t\t\t<p>En la Federaci\u00f3n de Empresarios de Comercio de Burgos (FEC) trabajamos cada d\u00eda para apoyar, representar y fortalecer al comercio de nuestra provincia. Queremos aprovechar este inicio de a\u00f1o para recordar, de forma clara y pr\u00e1ctica, los principales servicios y ventajas que tienen a su disposici\u00f3n nuestros asociados.<br>\nAcompa\u00f1amiento y representaci\u00f3n del comercio\u2026<\/p>\n\t\t\t\t\t\t\t\t\t\t\t\t\t\t\t\t\t\t\t\t\t\t                                                            <div class=\"btn-wraper\">\n                                    \n                                                                            <a class=\"elementskit-btn whitespace--normal\" id=\"\" href=\"https:\/\/fecburgos.com\/index.php\/archivos\/22615\">\n                                        \t                                            Leer m\u00e1s                                        <\/a>\n                                                                    <\/div>\n                                                    <\/div><!-- .elementskit-post-body END -->\n                    <\/div>\n                \n            <\/div>\n                    <div class=\"col-lg-4 col-md-6\">\n\n                                    <div class=\"elementskit-post-image-card\">\n                        <div class=\"elementskit-entry-header\">\n                                                            <a href=\"https:\/\/fecburgos.com\/index.php\/archivos\/22600\" class=\"elementskit-entry-thumb\">\n                                    <img decoding=\"async\" src=\"https:\/\/fecburgos.com\/wp-content\/uploads\/2026\/01\/TiendaUBU-768x1024.png\" alt=\"La UBU Tienda se abre a la ciudad gracias a su colaboraci\u00f3n con el comercio local\">\n                                <\/a><!-- .elementskit-entry-thumb END -->\n                                                            \n                            \n\t\t\t\t\t\t\t\t\t\t\t\t\t<\/div><!-- .elementskit-entry-header END -->\n\n\t\t\t\t\t\t<div class=\"elementskit-post-body \">\n\t\t\t\t\t\t\t\n\t\t\t\t\t\t\t\t\t\t\t\t\t\t\t\t\t\t\t\t\t\t\t\t\t\t\t\t<div class=\"post-meta-list\">\n\t\t\t\t\t\t\t\t\t\t\t\t\t\t\t\t\t\t\t\t\t\t\t\t\t\t\t\t\t\t\t\t<span class=\"meta-date\">\n\t\t\t\t\t\t\t\t\t\t<i aria-hidden=\"true\" class=\"icon icon-calendar3\"><\/i>\t\t\t\t\t\t\t\t\t\t<span class=\"meta-date-text\">\n\t\t\t\t\t\t\t\t\t\t\tenero 30, 2026\t\t\t\t\t\t\t\t\t\t<\/span>\n\t\t\t\t\t\t\t\t\t<\/span>\n\t\t\t\t\t\t\t\t\t\t\t\t\t\t\t\t\t\t\t\t\t\t\t\t\t\t\t\t\t\t\t\t\t\t\t\t\t\t\t\t\t\t\t\t\t\t\t\t\t\t\t\t\t\t\t\t\t\t\t\t\t\t\t\t<span class=\"post-cat\">\n\t\t\t\t\t\t\t\t\t\t\t\t\t\t\t\t\t\t\t\t<a href=\"https:\/\/fecburgos.com\/index.php\/archivos\/category\/noticia\" rel=\"category tag\">Noticia<\/a>\t\t\t\t\t\t\t\t\t<\/span>\n\t\t\t\t\t\t\t\t\t\t\t\t\t\t\t\t\t\t\t\t\t\t\t\t\t\t\t\t\t<\/div>\n\t\t\t\t\t\t\t\t\t\t\t\t\t\n\t\t\t\t\t\t\t\t\n\t\t\t\t\t\t\t\t\t\t\t\t\t\t\t\t\t\t\t\t\t<h2 class=\"entry-title\">\n\t\t\t\t\t<a href=\"https:\/\/fecburgos.com\/index.php\/archivos\/22600\">\n\t\t\t\t\t\tLa UBU Tienda se abre a la ciudad gracias a su colaboraci\u00f3n con el comercio local\t\t\t\t\t<\/a>\n\t\t\t\t<\/h2>\n\t\t\t\t\t\t\t\t\t\t\t\t\t\t\t\t\t\t\t\t\t\t\t\t\t\t\t\t\t\t\t\t\t\t\t\t\t\t\t\t\t\t<p>La Federaci\u00f3n de Empresarios de Comercio de Burgos (FEC) ha firmado un convenio de colaboraci\u00f3n con la Universidad de Burgos (UBU) con el objetivo de reforzar los v\u00ednculos entre la instituci\u00f3n universitaria y el comercio de proximidad, facilitando que los productos institucionales de la UBU tengan presencia en los establecimientos comerciales de la ciudad.<\/p>\n\t\t\t\t\t\t\t\t\t\t\t\t\t\t\t\t\t\t\t\t\t\t                                                            <div class=\"btn-wraper\">\n                                    \n                                                                            <a class=\"elementskit-btn whitespace--normal\" id=\"\" href=\"https:\/\/fecburgos.com\/index.php\/archivos\/22600\">\n                                        \t                                            Leer m\u00e1s                                        <\/a>\n                                                                    <\/div>\n                                                    <\/div><!-- .elementskit-post-body END -->\n                    <\/div>\n                \n            <\/div>\n                    <div class=\"col-lg-4 col-md-6\">\n\n                                    <div class=\"elementskit-post-image-card\">\n                        <div class=\"elementskit-entry-header\">\n                                                            <a href=\"https:\/\/fecburgos.com\/index.php\/archivos\/22553\" class=\"elementskit-entry-thumb\">\n                                    <img decoding=\"async\" src=\"https:\/\/fecburgos.com\/wp-content\/uploads\/2026\/01\/logoministeriotrabajo-768x1024.png\" alt=\"Criterio interpretativo sobre la pr\u00f3rroga del SMI del 2025\">\n                                <\/a><!-- .elementskit-entry-thumb END -->\n                                                            \n                            \n\t\t\t\t\t\t\t\t\t\t\t\t\t<\/div><!-- .elementskit-entry-header END -->\n\n\t\t\t\t\t\t<div class=\"elementskit-post-body \">\n\t\t\t\t\t\t\t\n\t\t\t\t\t\t\t\t\t\t\t\t\t\t\t\t\t\t\t\t\t\t\t\t\t\t\t\t<div class=\"post-meta-list\">\n\t\t\t\t\t\t\t\t\t\t\t\t\t\t\t\t\t\t\t\t\t\t\t\t\t\t\t\t\t\t\t\t<span class=\"meta-date\">\n\t\t\t\t\t\t\t\t\t\t<i aria-hidden=\"true\" class=\"icon icon-calendar3\"><\/i>\t\t\t\t\t\t\t\t\t\t<span class=\"meta-date-text\">\n\t\t\t\t\t\t\t\t\t\t\tenero 29, 2026\t\t\t\t\t\t\t\t\t\t<\/span>\n\t\t\t\t\t\t\t\t\t<\/span>\n\t\t\t\t\t\t\t\t\t\t\t\t\t\t\t\t\t\t\t\t\t\t\t\t\t\t\t\t\t\t\t\t\t\t\t\t\t\t\t\t\t\t\t\t\t\t\t\t\t\t\t\t\t\t\t\t\t\t\t\t\t\t\t\t<span class=\"post-cat\">\n\t\t\t\t\t\t\t\t\t\t\t\t\t\t\t\t\t\t\t\t<a href=\"https:\/\/fecburgos.com\/index.php\/archivos\/category\/noticia\" rel=\"category tag\">Noticia<\/a>\t\t\t\t\t\t\t\t\t<\/span>\n\t\t\t\t\t\t\t\t\t\t\t\t\t\t\t\t\t\t\t\t\t\t\t\t\t\t\t\t\t<\/div>\n\t\t\t\t\t\t\t\t\t\t\t\t\t\n\t\t\t\t\t\t\t\t\n\t\t\t\t\t\t\t\t\t\t\t\t\t\t\t\t\t\t\t\t\t<h2 class=\"entry-title\">\n\t\t\t\t\t<a href=\"https:\/\/fecburgos.com\/index.php\/archivos\/22553\">\n\t\t\t\t\t\tCriterio interpretativo sobre la pr\u00f3rroga del SMI del 2025\t\t\t\t\t<\/a>\n\t\t\t\t<\/h2>\n\t\t\t\t\t\t\t\t\t\t\t\t\t\t\t\t\t\t\t\t\t\t\t\t\t\t\t\t\t\t\t\t\t\t\t\t\t\t\t\t\t\t<p>El Ministerio de Trabajo y Econom\u00eda Social, ha publicado el \u00abCriterio interpretativo 1\/2026, sobre las consecuencias de la degoraci\u00f3n de la pr\u00f3rroga de la vigencia del Real Decreto 87\/2025, de 11 de febrero, por el que se fija el salario m\u00ednimo interporfesional para 2025\u00bb<\/p>\n\t\t\t\t\t\t\t\t\t\t\t\t\t\t\t\t\t\t\t\t\t\t                                                            <div class=\"btn-wraper\">\n                                    \n                                                                            <a class=\"elementskit-btn whitespace--normal\" id=\"\" href=\"https:\/\/fecburgos.com\/index.php\/archivos\/22553\">\n                                        \t                                            Leer m\u00e1s                                        <\/a>\n                                                                    <\/div>\n                                                    <\/div><!-- .elementskit-post-body END -->\n                    <\/div>\n                \n            <\/div>\n                    <div class=\"col-lg-4 col-md-6\">\n\n                                    <div class=\"elementskit-post-image-card\">\n                        <div class=\"elementskit-entry-header\">\n                                                            <a href=\"https:\/\/fecburgos.com\/index.php\/archivos\/22532\" class=\"elementskit-entry-thumb\">\n                                    <img decoding=\"async\" src=\"https:\/\/fecburgos.com\/wp-content\/uploads\/2026\/01\/FECE-768x1024.png\" alt=\"FECE solicita un Plan Renove Nacional de electrodom\u00e9sticos\">\n                                <\/a><!-- .elementskit-entry-thumb END -->\n                                                            \n                            \n\t\t\t\t\t\t\t\t\t\t\t\t\t<\/div><!-- .elementskit-entry-header END -->\n\n\t\t\t\t\t\t<div class=\"elementskit-post-body \">\n\t\t\t\t\t\t\t\n\t\t\t\t\t\t\t\t\t\t\t\t\t\t\t\t\t\t\t\t\t\t\t\t\t\t\t\t<div class=\"post-meta-list\">\n\t\t\t\t\t\t\t\t\t\t\t\t\t\t\t\t\t\t\t\t\t\t\t\t\t\t\t\t\t\t\t\t<span class=\"meta-date\">\n\t\t\t\t\t\t\t\t\t\t<i aria-hidden=\"true\" class=\"icon icon-calendar3\"><\/i>\t\t\t\t\t\t\t\t\t\t<span class=\"meta-date-text\">\n\t\t\t\t\t\t\t\t\t\t\tenero 29, 2026\t\t\t\t\t\t\t\t\t\t<\/span>\n\t\t\t\t\t\t\t\t\t<\/span>\n\t\t\t\t\t\t\t\t\t\t\t\t\t\t\t\t\t\t\t\t\t\t\t\t\t\t\t\t\t\t\t\t\t\t\t\t\t\t\t\t\t\t\t\t\t\t\t\t\t\t\t\t\t\t\t\t\t\t\t\t\t\t\t\t<span class=\"post-cat\">\n\t\t\t\t\t\t\t\t\t\t\t\t\t\t\t\t\t\t\t\t<a href=\"https:\/\/fecburgos.com\/index.php\/archivos\/category\/noticia\" rel=\"category tag\">Noticia<\/a>\t\t\t\t\t\t\t\t\t<\/span>\n\t\t\t\t\t\t\t\t\t\t\t\t\t\t\t\t\t\t\t\t\t\t\t\t\t\t\t\t\t<\/div>\n\t\t\t\t\t\t\t\t\t\t\t\t\t\n\t\t\t\t\t\t\t\t\n\t\t\t\t\t\t\t\t\t\t\t\t\t\t\t\t\t\t\t\t\t<h2 class=\"entry-title\">\n\t\t\t\t\t<a href=\"https:\/\/fecburgos.com\/index.php\/archivos\/22532\">\n\t\t\t\t\t\tFECE solicita un Plan Renove Nacional de electrodom\u00e9sticos\t\t\t\t\t<\/a>\n\t\t\t\t<\/h2>\n\t\t\t\t\t\t\t\t\t\t\t\t\t\t\t\t\t\t\t\t\t\t\t\t\t\t\t\t\t\t\t\t\t\t\t\t\t\t\t\t\t\t<p>La Federaci\u00f3n Espa\u00f1ola de Comerciantes de Electrodom\u00e9sticos ha solicitado, en colaboraci\u00f3n con AECOC y con el apoyo de APPLIA, un encuentro con los ministros de Industria y Transici\u00f3n Ecol\u00f3gica, Jordi Hereu y Sara Aagesen, para impulsar un Plan Renove Nacional de Electrodom\u00e9sticos.<\/p>\n\t\t\t\t\t\t\t\t\t\t\t\t\t\t\t\t\t\t\t\t\t\t                                                            <div class=\"btn-wraper\">\n                                    \n                                                                            <a class=\"elementskit-btn whitespace--normal\" id=\"\" href=\"https:\/\/fecburgos.com\/index.php\/archivos\/22532\">\n                                        \t                                            Leer m\u00e1s                                        <\/a>\n                                                                    <\/div>\n                                                    <\/div><!-- .elementskit-post-body END -->\n                    <\/div>\n                \n            <\/div>\n                    <div class=\"col-lg-4 col-md-6\">\n\n                                    <div class=\"elementskit-post-image-card\">\n                        <div class=\"elementskit-entry-header\">\n                                                            <a href=\"https:\/\/fecburgos.com\/index.php\/archivos\/22564\" class=\"elementskit-entry-thumb\">\n                                    <img decoding=\"async\" src=\"https:\/\/fecburgos.com\/wp-content\/uploads\/2026\/01\/Resultados-F4-768x1024.png\" alt=\"FEDEPESCA presenta los resultados del proyecto F4BAC\">\n                                <\/a><!-- .elementskit-entry-thumb END -->\n                                                            \n                            \n\t\t\t\t\t\t\t\t\t\t\t\t\t<\/div><!-- .elementskit-entry-header END -->\n\n\t\t\t\t\t\t<div class=\"elementskit-post-body \">\n\t\t\t\t\t\t\t\n\t\t\t\t\t\t\t\t\t\t\t\t\t\t\t\t\t\t\t\t\t\t\t\t\t\t\t\t<div class=\"post-meta-list\">\n\t\t\t\t\t\t\t\t\t\t\t\t\t\t\t\t\t\t\t\t\t\t\t\t\t\t\t\t\t\t\t\t<span class=\"meta-date\">\n\t\t\t\t\t\t\t\t\t\t<i aria-hidden=\"true\" class=\"icon icon-calendar3\"><\/i>\t\t\t\t\t\t\t\t\t\t<span class=\"meta-date-text\">\n\t\t\t\t\t\t\t\t\t\t\tenero 22, 2026\t\t\t\t\t\t\t\t\t\t<\/span>\n\t\t\t\t\t\t\t\t\t<\/span>\n\t\t\t\t\t\t\t\t\t\t\t\t\t\t\t\t\t\t\t\t\t\t\t\t\t\t\t\t\t\t\t\t\t\t\t\t\t\t\t\t\t\t\t\t\t\t\t\t\t\t\t\t\t\t\t\t\t\t\t\t\t\t\t\t<span class=\"post-cat\">\n\t\t\t\t\t\t\t\t\t\t\t\t\t\t\t\t\t\t\t\t<a href=\"https:\/\/fecburgos.com\/index.php\/archivos\/category\/noticia\" rel=\"category tag\">Noticia<\/a>\t\t\t\t\t\t\t\t\t<\/span>\n\t\t\t\t\t\t\t\t\t\t\t\t\t\t\t\t\t\t\t\t\t\t\t\t\t\t\t\t\t<\/div>\n\t\t\t\t\t\t\t\t\t\t\t\t\t\n\t\t\t\t\t\t\t\t\n\t\t\t\t\t\t\t\t\t\t\t\t\t\t\t\t\t\t\t\t\t<h2 class=\"entry-title\">\n\t\t\t\t\t<a href=\"https:\/\/fecburgos.com\/index.php\/archivos\/22564\">\n\t\t\t\t\t\tFEDEPESCA presenta los resultados del proyecto F4BAC\t\t\t\t\t<\/a>\n\t\t\t\t<\/h2>\n\t\t\t\t\t\t\t\t\t\t\t\t\t\t\t\t\t\t\t\t\t\t\t\t\t\t\t\t\t\t\t\t\t\t\t\t\t\t\t\t\t\t<p>FEDEPESCA, la Federaci\u00f3n Nacional de Pescader\u00edas Tradicionales, ha clausurado con \u00e9xito la jornada final del proyecto F4BAC (Fishmongers 4 Blue Aquaculture Growth), celebrada ayer en Murcia. Durante el encuentro se presentaron los resultados de las actividades desarrolladas a lo largo del proyecto,<\/p>\n\t\t\t\t\t\t\t\t\t\t\t\t\t\t\t\t\t\t\t\t\t\t                                                            <div class=\"btn-wraper\">\n                                    \n                                                                            <a class=\"elementskit-btn whitespace--normal\" id=\"\" href=\"https:\/\/fecburgos.com\/index.php\/archivos\/22564\">\n                                        \t                                            Leer m\u00e1s                                        <\/a>\n                                                                    <\/div>\n                                                    <\/div><!-- .elementskit-post-body END -->\n                    <\/div>\n                \n            <\/div>\n                    <div class=\"col-lg-4 col-md-6\">\n\n                                    <div class=\"elementskit-post-image-card\">\n                        <div class=\"elementskit-entry-header\">\n                                                            <a href=\"https:\/\/fecburgos.com\/index.php\/archivos\/22584\" class=\"elementskit-entry-thumb\">\n                                    <img decoding=\"async\" src=\"https:\/\/fecburgos.com\/wp-content\/uploads\/2026\/01\/Obligacionesigualdad-768x1024.png\" alt=\"Obligaciones anuales en materia de igualdad\">\n                                <\/a><!-- .elementskit-entry-thumb END -->\n                                                            \n                            \n\t\t\t\t\t\t\t\t\t\t\t\t\t<\/div><!-- .elementskit-entry-header END -->\n\n\t\t\t\t\t\t<div class=\"elementskit-post-body \">\n\t\t\t\t\t\t\t\n\t\t\t\t\t\t\t\t\t\t\t\t\t\t\t\t\t\t\t\t\t\t\t\t\t\t\t\t<div class=\"post-meta-list\">\n\t\t\t\t\t\t\t\t\t\t\t\t\t\t\t\t\t\t\t\t\t\t\t\t\t\t\t\t\t\t\t\t<span class=\"meta-date\">\n\t\t\t\t\t\t\t\t\t\t<i aria-hidden=\"true\" class=\"icon icon-calendar3\"><\/i>\t\t\t\t\t\t\t\t\t\t<span class=\"meta-date-text\">\n\t\t\t\t\t\t\t\t\t\t\tenero 22, 2026\t\t\t\t\t\t\t\t\t\t<\/span>\n\t\t\t\t\t\t\t\t\t<\/span>\n\t\t\t\t\t\t\t\t\t\t\t\t\t\t\t\t\t\t\t\t\t\t\t\t\t\t\t\t\t\t\t\t\t\t\t\t\t\t\t\t\t\t\t\t\t\t\t\t\t\t\t\t\t\t\t\t\t\t\t\t\t\t\t\t<span class=\"post-cat\">\n\t\t\t\t\t\t\t\t\t\t\t\t\t\t\t\t\t\t\t\t<a href=\"https:\/\/fecburgos.com\/index.php\/archivos\/category\/noticia\" rel=\"category tag\">Noticia<\/a>\t\t\t\t\t\t\t\t\t<\/span>\n\t\t\t\t\t\t\t\t\t\t\t\t\t\t\t\t\t\t\t\t\t\t\t\t\t\t\t\t\t<\/div>\n\t\t\t\t\t\t\t\t\t\t\t\t\t\n\t\t\t\t\t\t\t\t\n\t\t\t\t\t\t\t\t\t\t\t\t\t\t\t\t\t\t\t\t\t<h2 class=\"entry-title\">\n\t\t\t\t\t<a href=\"https:\/\/fecburgos.com\/index.php\/archivos\/22584\">\n\t\t\t\t\t\tObligaciones anuales en materia de igualdad\t\t\t\t\t<\/a>\n\t\t\t\t<\/h2>\n\t\t\t\t\t\t\t\t\t\t\t\t\t\t\t\t\t\t\t\t\t\t\t\t\t\t\t\t\t\t\t\t\t\t\t\t\t\t\t\t\t\t<p>Desde la Asesoria Laboral de FEC, Benito Saiz, os trasladamos las obligaciones en materia de igualdad a las que deben dar cumplimiento las empresas en relaci\u00f3n con:\u00a0<\/p>\n<p>Registro Retributivo, Protocolo para la prevenci\u00f3n y actuaci\u00f3n frente al acoso sexual y al acoso por raz\u00f3n de sexo\u2026<\/p>\n\t\t\t\t\t\t\t\t\t\t\t\t\t\t\t\t\t\t\t\t\t\t                                                            <div class=\"btn-wraper\">\n                                    \n                                                                            <a class=\"elementskit-btn whitespace--normal\" id=\"\" href=\"https:\/\/fecburgos.com\/index.php\/archivos\/22584\">\n                                        \t                                            Leer m\u00e1s                                        <\/a>\n                                                                    <\/div>\n                                                    <\/div><!-- .elementskit-post-body END -->\n                    <\/div>\n                \n            <\/div>\n                    <div class=\"col-lg-4 col-md-6\">\n\n                                    <div class=\"elementskit-post-image-card\">\n                        <div class=\"elementskit-entry-header\">\n                                                            <a href=\"https:\/\/fecburgos.com\/index.php\/archivos\/22509\" class=\"elementskit-entry-thumb\">\n                                    <img decoding=\"async\" src=\"https:\/\/fecburgos.com\/wp-content\/uploads\/2026\/01\/CalendarioFerias-768x1024.png\" alt=\"Calendario Oficial de Ferias Comerciales Internacionales del a\u00f1o 2026\">\n                                <\/a><!-- .elementskit-entry-thumb END -->\n                                                            \n                            \n\t\t\t\t\t\t\t\t\t\t\t\t\t<\/div><!-- .elementskit-entry-header END -->\n\n\t\t\t\t\t\t<div class=\"elementskit-post-body \">\n\t\t\t\t\t\t\t\n\t\t\t\t\t\t\t\t\t\t\t\t\t\t\t\t\t\t\t\t\t\t\t\t\t\t\t\t<div class=\"post-meta-list\">\n\t\t\t\t\t\t\t\t\t\t\t\t\t\t\t\t\t\t\t\t\t\t\t\t\t\t\t\t\t\t\t\t<span class=\"meta-date\">\n\t\t\t\t\t\t\t\t\t\t<i aria-hidden=\"true\" class=\"icon icon-calendar3\"><\/i>\t\t\t\t\t\t\t\t\t\t<span class=\"meta-date-text\">\n\t\t\t\t\t\t\t\t\t\t\tenero 21, 2026\t\t\t\t\t\t\t\t\t\t<\/span>\n\t\t\t\t\t\t\t\t\t<\/span>\n\t\t\t\t\t\t\t\t\t\t\t\t\t\t\t\t\t\t\t\t\t\t\t\t\t\t\t\t\t\t\t\t\t\t\t\t\t\t\t\t\t\t\t\t\t\t\t\t\t\t\t\t\t\t\t\t\t\t\t\t\t\t\t\t<span class=\"post-cat\">\n\t\t\t\t\t\t\t\t\t\t\t\t\t\t\t\t\t\t\t\t<a href=\"https:\/\/fecburgos.com\/index.php\/archivos\/category\/noticia\" rel=\"category tag\">Noticia<\/a>\t\t\t\t\t\t\t\t\t<\/span>\n\t\t\t\t\t\t\t\t\t\t\t\t\t\t\t\t\t\t\t\t\t\t\t\t\t\t\t\t\t<\/div>\n\t\t\t\t\t\t\t\t\t\t\t\t\t\n\t\t\t\t\t\t\t\t\n\t\t\t\t\t\t\t\t\t\t\t\t\t\t\t\t\t\t\t\t\t<h2 class=\"entry-title\">\n\t\t\t\t\t<a href=\"https:\/\/fecburgos.com\/index.php\/archivos\/22509\">\n\t\t\t\t\t\tCalendario Oficial de Ferias Comerciales Internacionales del a\u00f1o 2026\t\t\t\t\t<\/a>\n\t\t\t\t<\/h2>\n\t\t\t\t\t\t\t\t\t\t\t\t\t\t\t\t\t\t\t\t\t\t\t\t\t\t\t\t\t\t\t\t\t\t\t\t\t\t\t\t\t\t<p>La Secretar\u00eda de Estado de Comercio ha aprobado oficialmente el Calendario de Ferias Comerciales Internacionales para el a\u00f1o 2026, un instrumento clave para la planificaci\u00f3n, promoci\u00f3n y proyecci\u00f3n internacional del tejido empresarial y comercial espa\u00f1ol.<\/p>\n\t\t\t\t\t\t\t\t\t\t\t\t\t\t\t\t\t\t\t\t\t\t                                                            <div class=\"btn-wraper\">\n                                    \n                                                                            <a class=\"elementskit-btn whitespace--normal\" id=\"\" href=\"https:\/\/fecburgos.com\/index.php\/archivos\/22509\">\n                                        \t                                            Leer m\u00e1s                                        <\/a>\n                                                                    <\/div>\n                                                    <\/div><!-- .elementskit-post-body END -->\n                    <\/div>\n                \n            <\/div>\n                    <div class=\"col-lg-4 col-md-6\">\n\n                                    <div class=\"elementskit-post-image-card\">\n                        <div class=\"elementskit-entry-header\">\n                                                            <a href=\"https:\/\/fecburgos.com\/index.php\/archivos\/22466\" class=\"elementskit-entry-thumb\">\n                                    <img decoding=\"async\" src=\"https:\/\/fecburgos.com\/wp-content\/uploads\/2026\/01\/LogoJuntaTramita-768x1024.png\" alt=\"Subvenciones para empresas\">\n                                <\/a><!-- .elementskit-entry-thumb END -->\n                                                            \n                            \n\t\t\t\t\t\t\t\t\t\t\t\t\t<\/div><!-- .elementskit-entry-header END -->\n\n\t\t\t\t\t\t<div class=\"elementskit-post-body \">\n\t\t\t\t\t\t\t\n\t\t\t\t\t\t\t\t\t\t\t\t\t\t\t\t\t\t\t\t\t\t\t\t\t\t\t\t<div class=\"post-meta-list\">\n\t\t\t\t\t\t\t\t\t\t\t\t\t\t\t\t\t\t\t\t\t\t\t\t\t\t\t\t\t\t\t\t<span class=\"meta-date\">\n\t\t\t\t\t\t\t\t\t\t<i aria-hidden=\"true\" class=\"icon icon-calendar3\"><\/i>\t\t\t\t\t\t\t\t\t\t<span class=\"meta-date-text\">\n\t\t\t\t\t\t\t\t\t\t\tenero 12, 2026\t\t\t\t\t\t\t\t\t\t<\/span>\n\t\t\t\t\t\t\t\t\t<\/span>\n\t\t\t\t\t\t\t\t\t\t\t\t\t\t\t\t\t\t\t\t\t\t\t\t\t\t\t\t\t\t\t\t\t\t\t\t\t\t\t\t\t\t\t\t\t\t\t\t\t\t\t\t\t\t\t\t\t\t\t\t\t\t\t\t<span class=\"post-cat\">\n\t\t\t\t\t\t\t\t\t\t\t\t\t\t\t\t\t\t\t\t<a href=\"https:\/\/fecburgos.com\/index.php\/archivos\/category\/noticia\" rel=\"category tag\">Noticia<\/a>\t\t\t\t\t\t\t\t\t<\/span>\n\t\t\t\t\t\t\t\t\t\t\t\t\t\t\t\t\t\t\t\t\t\t\t\t\t\t\t\t\t<\/div>\n\t\t\t\t\t\t\t\t\t\t\t\t\t\n\t\t\t\t\t\t\t\t\n\t\t\t\t\t\t\t\t\t\t\t\t\t\t\t\t\t\t\t\t\t<h2 class=\"entry-title\">\n\t\t\t\t\t<a href=\"https:\/\/fecburgos.com\/index.php\/archivos\/22466\">\n\t\t\t\t\t\tSubvenciones para empresas\t\t\t\t\t<\/a>\n\t\t\t\t<\/h2>\n\t\t\t\t\t\t\t\t\t\t\t\t\t\t\t\t\t\t\t\t\t\t\t\t\t\t\t\t\t\t\t\t\t\t\t\t\t\t\t\t\t\t<p>A continuaci\u00f3n te enviamos subvenciones convocadas por la Consejer\u00eda de Industria, Comercio y Empleo de la Junta de Castilla y Le\u00f3n por fueran de tu inter\u00e9s.<\/p>\n\t\t\t\t\t\t\t\t\t\t\t\t\t\t\t\t\t\t\t\t\t\t                                                            <div class=\"btn-wraper\">\n                                    \n                                                                            <a class=\"elementskit-btn whitespace--normal\" id=\"\" href=\"https:\/\/fecburgos.com\/index.php\/archivos\/22466\">\n                                        \t                                            Leer m\u00e1s                                        <\/a>\n                                                                    <\/div>\n                                                    <\/div><!-- .elementskit-post-body END -->\n                    <\/div>\n                \n            <\/div>\n                    <div class=\"col-lg-4 col-md-6\">\n\n                                    <div class=\"elementskit-post-image-card\">\n                        <div class=\"elementskit-entry-header\">\n                                                            <a href=\"https:\/\/fecburgos.com\/index.php\/archivos\/22452\" class=\"elementskit-entry-thumb\">\n                                    <img decoding=\"async\" src=\"https:\/\/fecburgos.com\/wp-content\/uploads\/2026\/01\/jorndalaboral-768x1024.png\" alt=\"Implanta correctamente el registro de jornada\">\n                                <\/a><!-- .elementskit-entry-thumb END -->\n                                                            \n                            \n\t\t\t\t\t\t\t\t\t\t\t\t\t<\/div><!-- .elementskit-entry-header END -->\n\n\t\t\t\t\t\t<div class=\"elementskit-post-body \">\n\t\t\t\t\t\t\t\n\t\t\t\t\t\t\t\t\t\t\t\t\t\t\t\t\t\t\t\t\t\t\t\t\t\t\t\t<div class=\"post-meta-list\">\n\t\t\t\t\t\t\t\t\t\t\t\t\t\t\t\t\t\t\t\t\t\t\t\t\t\t\t\t\t\t\t\t<span class=\"meta-date\">\n\t\t\t\t\t\t\t\t\t\t<i aria-hidden=\"true\" class=\"icon icon-calendar3\"><\/i>\t\t\t\t\t\t\t\t\t\t<span class=\"meta-date-text\">\n\t\t\t\t\t\t\t\t\t\t\tenero 12, 2026\t\t\t\t\t\t\t\t\t\t<\/span>\n\t\t\t\t\t\t\t\t\t<\/span>\n\t\t\t\t\t\t\t\t\t\t\t\t\t\t\t\t\t\t\t\t\t\t\t\t\t\t\t\t\t\t\t\t\t\t\t\t\t\t\t\t\t\t\t\t\t\t\t\t\t\t\t\t\t\t\t\t\t\t\t\t\t\t\t\t<span class=\"post-cat\">\n\t\t\t\t\t\t\t\t\t\t\t\t\t\t\t\t\t\t\t\t<a href=\"https:\/\/fecburgos.com\/index.php\/archivos\/category\/noticia\" rel=\"category tag\">Noticia<\/a>\t\t\t\t\t\t\t\t\t<\/span>\n\t\t\t\t\t\t\t\t\t\t\t\t\t\t\t\t\t\t\t\t\t\t\t\t\t\t\t\t\t<\/div>\n\t\t\t\t\t\t\t\t\t\t\t\t\t\n\t\t\t\t\t\t\t\t\n\t\t\t\t\t\t\t\t\t\t\t\t\t\t\t\t\t\t\t\t\t<h2 class=\"entry-title\">\n\t\t\t\t\t<a href=\"https:\/\/fecburgos.com\/index.php\/archivos\/22452\">\n\t\t\t\t\t\tImplanta correctamente el registro de jornada\t\t\t\t\t<\/a>\n\t\t\t\t<\/h2>\n\t\t\t\t\t\t\t\t\t\t\t\t\t\t\t\t\t\t\t\t\t\t\t\t\t\t\t\t\t\t\t\t\t\t\t\t\t\t\t\t\t\t<p>Desde la Federaci\u00f3n de Empresarios de Comercio de Burgos\u00a0 a trav\u00e9s de nuestro asesor laboral Benito Saiz Colina ponemos a vuestra disposici\u00f3n un documento con recomendaciones sobre la implantaci\u00f3n del Registro de la Jornada Laboral.<br>\nEn relaci\u00f3n con el registro de jornada mucho se est\u00e1 hablando de su obligatoriedad en que sea en soporte digital, a fecha de hoy no existe norma laboral que lo regule, \u2026<\/p>\n\t\t\t\t\t\t\t\t\t\t\t\t\t\t\t\t\t\t\t\t\t\t                                                            <div class=\"btn-wraper\">\n                                    \n                                                                            <a class=\"elementskit-btn whitespace--normal\" id=\"\" href=\"https:\/\/fecburgos.com\/index.php\/archivos\/22452\">\n                                        \t                                            Leer m\u00e1s                                        <\/a>\n                                                                    <\/div>\n                                                    <\/div><!-- .elementskit-post-body END -->\n                    <\/div>\n                \n            <\/div>\n                    <div class=\"col-lg-4 col-md-6\">\n\n                                    <div class=\"elementskit-post-image-card\">\n                        <div class=\"elementskit-entry-header\">\n                                                            <a href=\"https:\/\/fecburgos.com\/index.php\/archivos\/22441\" class=\"elementskit-entry-thumb\">\n                                    <img decoding=\"async\" src=\"https:\/\/fecburgos.com\/wp-content\/uploads\/2025\/12\/esculeaconsumidores-768x1024.png\" alt=\"Escuela de Consumidores\">\n                                <\/a><!-- .elementskit-entry-thumb END -->\n                                                            \n                            \n\t\t\t\t\t\t\t\t\t\t\t\t\t<\/div><!-- .elementskit-entry-header END -->\n\n\t\t\t\t\t\t<div class=\"elementskit-post-body \">\n\t\t\t\t\t\t\t\n\t\t\t\t\t\t\t\t\t\t\t\t\t\t\t\t\t\t\t\t\t\t\t\t\t\t\t\t<div class=\"post-meta-list\">\n\t\t\t\t\t\t\t\t\t\t\t\t\t\t\t\t\t\t\t\t\t\t\t\t\t\t\t\t\t\t\t\t<span class=\"meta-date\">\n\t\t\t\t\t\t\t\t\t\t<i aria-hidden=\"true\" class=\"icon icon-calendar3\"><\/i>\t\t\t\t\t\t\t\t\t\t<span class=\"meta-date-text\">\n\t\t\t\t\t\t\t\t\t\t\tdiciembre 17, 2025\t\t\t\t\t\t\t\t\t\t<\/span>\n\t\t\t\t\t\t\t\t\t<\/span>\n\t\t\t\t\t\t\t\t\t\t\t\t\t\t\t\t\t\t\t\t\t\t\t\t\t\t\t\t\t\t\t\t\t\t\t\t\t\t\t\t\t\t\t\t\t\t\t\t\t\t\t\t\t\t\t\t\t\t\t\t\t\t\t\t<span class=\"post-cat\">\n\t\t\t\t\t\t\t\t\t\t\t\t\t\t\t\t\t\t\t\t<a href=\"https:\/\/fecburgos.com\/index.php\/archivos\/category\/proyecto\" rel=\"category tag\">Proyecto<\/a>\t\t\t\t\t\t\t\t\t<\/span>\n\t\t\t\t\t\t\t\t\t\t\t\t\t\t\t\t\t\t\t\t\t\t\t\t\t\t\t\t\t<\/div>\n\t\t\t\t\t\t\t\t\t\t\t\t\t\n\t\t\t\t\t\t\t\t\n\t\t\t\t\t\t\t\t\t\t\t\t\t\t\t\t\t\t\t\t\t<h2 class=\"entry-title\">\n\t\t\t\t\t<a href=\"https:\/\/fecburgos.com\/index.php\/archivos\/22441\">\n\t\t\t\t\t\tEscuela de Consumidores\t\t\t\t\t<\/a>\n\t\t\t\t<\/h2>\n\t\t\t\t\t\t\t\t\t\t\t\t\t\t\t\t\t\t\t\t\t\t\t\t\t\t\t\t\t\t\t\t\t\t\t\t\t\t\t\t\t\t<p>La Federaci\u00f3n de Empresarios de Comercio de Burgos \u2013 FEC, en colaboraci\u00f3n con el Ayuntamiento de Burgos y en el marco de la Escuela de Consumidores, organiz\u00f3 una nueva edici\u00f3n del Experimento Comercial dirigida al alumnado del CIFP Juan de Colonia.<br>\nEl pasado 16 de diciembre, un grupo de estudiantes del Grado Medio en Actividades Comerciales tuvo la oportunidad de participar en un ejercicio pr\u00e1ctico de compra en distintos formatos comerciales,\u2026<\/p>\n\t\t\t\t\t\t\t\t\t\t\t\t\t\t\t\t\t\t\t\t\t\t                                                            <div class=\"btn-wraper\">\n                                    \n                                                                            <a class=\"elementskit-btn whitespace--normal\" id=\"\" href=\"https:\/\/fecburgos.com\/index.php\/archivos\/22441\">\n                                        \t                                            Leer m\u00e1s                                        <\/a>\n                                                                    <\/div>\n                                                    <\/div><!-- .elementskit-post-body END -->\n                    <\/div>\n                \n            <\/div>\n                    <div class=\"col-lg-4 col-md-6\">\n\n                                    <div class=\"elementskit-post-image-card\">\n                        <div class=\"elementskit-entry-header\">\n                                                            <a href=\"https:\/\/fecburgos.com\/index.php\/archivos\/22375\" class=\"elementskit-entry-thumb\">\n                                    <img decoding=\"async\" src=\"https:\/\/fecburgos.com\/wp-content\/uploads\/2025\/12\/PremioChapero-768x1024.png\" alt=\"La XVIII Edici\u00f3n de los Premios de Comercio Tradicional de Castilla y Le\u00f3n premia a Jugueter\u00eda Chapero\">\n                                <\/a><!-- .elementskit-entry-thumb END -->\n                                                            \n                            \n\t\t\t\t\t\t\t\t\t\t\t\t\t<\/div><!-- .elementskit-entry-header END -->\n\n\t\t\t\t\t\t<div class=\"elementskit-post-body \">\n\t\t\t\t\t\t\t\n\t\t\t\t\t\t\t\t\t\t\t\t\t\t\t\t\t\t\t\t\t\t\t\t\t\t\t\t<div class=\"post-meta-list\">\n\t\t\t\t\t\t\t\t\t\t\t\t\t\t\t\t\t\t\t\t\t\t\t\t\t\t\t\t\t\t\t\t<span class=\"meta-date\">\n\t\t\t\t\t\t\t\t\t\t<i aria-hidden=\"true\" class=\"icon icon-calendar3\"><\/i>\t\t\t\t\t\t\t\t\t\t<span class=\"meta-date-text\">\n\t\t\t\t\t\t\t\t\t\t\tdiciembre 15, 2025\t\t\t\t\t\t\t\t\t\t<\/span>\n\t\t\t\t\t\t\t\t\t<\/span>\n\t\t\t\t\t\t\t\t\t\t\t\t\t\t\t\t\t\t\t\t\t\t\t\t\t\t\t\t\t\t\t\t\t\t\t\t\t\t\t\t\t\t\t\t\t\t\t\t\t\t\t\t\t\t\t\t\t\t\t\t\t\t\t\t<span class=\"post-cat\">\n\t\t\t\t\t\t\t\t\t\t\t\t\t\t\t\t\t\t\t\t<a href=\"https:\/\/fecburgos.com\/index.php\/archivos\/category\/noticia\" rel=\"category tag\">Noticia<\/a>\t\t\t\t\t\t\t\t\t<\/span>\n\t\t\t\t\t\t\t\t\t\t\t\t\t\t\t\t\t\t\t\t\t\t\t\t\t\t\t\t\t<\/div>\n\t\t\t\t\t\t\t\t\t\t\t\t\t\n\t\t\t\t\t\t\t\t\n\t\t\t\t\t\t\t\t\t\t\t\t\t\t\t\t\t\t\t\t\t<h2 class=\"entry-title\">\n\t\t\t\t\t<a href=\"https:\/\/fecburgos.com\/index.php\/archivos\/22375\">\n\t\t\t\t\t\tLa XVIII Edici\u00f3n de los Premios de Comercio Tradicional de Castilla y Le\u00f3n premia a Jugueter\u00eda Chapero\t\t\t\t\t<\/a>\n\t\t\t\t<\/h2>\n\t\t\t\t\t\t\t\t\t\t\t\t\t\t\t\t\t\t\t\t\t\t\t\t\t\t\t\t\t\t\t\t\t\t\t\t\t\t\t\t\t\t<p>El pasado 10 de diciembre, la Junta de Castilla y Le\u00f3n celebr\u00f3 en el Teatro Ramos Carri\u00f3n de Zamora la gala de la XVIII Edici\u00f3n de los Premios de Comercio Tradicional de Castilla y Le\u00f3n, unos galardones que reconocen anualmente el esfuerzo, la trayectoria y las buenas pr\u00e1cticas del comercio de proximidad en la Comunidad.<\/p>\n\t\t\t\t\t\t\t\t\t\t\t\t\t\t\t\t\t\t\t\t\t\t                                                            <div class=\"btn-wraper\">\n                                    \n                                                                            <a class=\"elementskit-btn whitespace--normal\" id=\"\" href=\"https:\/\/fecburgos.com\/index.php\/archivos\/22375\">\n                                        \t                                            Leer m\u00e1s                                        <\/a>\n                                                                    <\/div>\n                                                    <\/div><!-- .elementskit-post-body END -->\n                    <\/div>\n                \n            <\/div>\n                    <div class=\"col-lg-4 col-md-6\">\n\n                                    <div class=\"elementskit-post-image-card\">\n                        <div class=\"elementskit-entry-header\">\n                                                            <a href=\"https:\/\/fecburgos.com\/index.php\/archivos\/22365\" class=\"elementskit-entry-thumb\">\n                                    <img decoding=\"async\" src=\"https:\/\/fecburgos.com\/wp-content\/uploads\/2025\/12\/GanadoresNavidadMercadoNorte-768x1024.jpg\" alt=\"\u00a1El sorteo de Navidad del Mercado Norte ya tiene ganadores!\">\n                                <\/a><!-- .elementskit-entry-thumb END -->\n                                                            \n                            \n\t\t\t\t\t\t\t\t\t\t\t\t\t<\/div><!-- .elementskit-entry-header END -->\n\n\t\t\t\t\t\t<div class=\"elementskit-post-body \">\n\t\t\t\t\t\t\t\n\t\t\t\t\t\t\t\t\t\t\t\t\t\t\t\t\t\t\t\t\t\t\t\t\t\t\t\t<div class=\"post-meta-list\">\n\t\t\t\t\t\t\t\t\t\t\t\t\t\t\t\t\t\t\t\t\t\t\t\t\t\t\t\t\t\t\t\t<span class=\"meta-date\">\n\t\t\t\t\t\t\t\t\t\t<i aria-hidden=\"true\" class=\"icon icon-calendar3\"><\/i>\t\t\t\t\t\t\t\t\t\t<span class=\"meta-date-text\">\n\t\t\t\t\t\t\t\t\t\t\tdiciembre 15, 2025\t\t\t\t\t\t\t\t\t\t<\/span>\n\t\t\t\t\t\t\t\t\t<\/span>\n\t\t\t\t\t\t\t\t\t\t\t\t\t\t\t\t\t\t\t\t\t\t\t\t\t\t\t\t\t\t\t\t\t\t\t\t\t\t\t\t\t\t\t\t\t\t\t\t\t\t\t\t\t\t\t\t\t\t\t\t\t\t\t\t<span class=\"post-cat\">\n\t\t\t\t\t\t\t\t\t\t\t\t\t\t\t\t\t\t\t\t<a href=\"https:\/\/fecburgos.com\/index.php\/archivos\/category\/concurso\" rel=\"category tag\">Concurso<\/a>\t\t\t\t\t\t\t\t\t<\/span>\n\t\t\t\t\t\t\t\t\t\t\t\t\t\t\t\t\t\t\t\t\t\t\t\t\t\t\t\t\t<\/div>\n\t\t\t\t\t\t\t\t\t\t\t\t\t\n\t\t\t\t\t\t\t\t\n\t\t\t\t\t\t\t\t\t\t\t\t\t\t\t\t\t\t\t\t\t<h2 class=\"entry-title\">\n\t\t\t\t\t<a href=\"https:\/\/fecburgos.com\/index.php\/archivos\/22365\">\n\t\t\t\t\t\t\u00a1El sorteo de Navidad del Mercado Norte ya tiene ganadores!\t\t\t\t\t<\/a>\n\t\t\t\t<\/h2>\n\t\t\t\t\t\t\t\t\t\t\t\t\t\t\t\t\t\t\t\t\t\t\t\t\t\t\t\t\t\t\t\t\t\t\t\t\t\t\t\t\t\t<p>El pasado 11 de diciembre, la Asociaci\u00f3n de Empresarios del Mercado Norte llev\u00f3 a cabo el sorteo de la campa\u00f1a de Navidad bajo el lema \u201cLa Navidad llega con premio a tu mercado de confianza. En estas fiestas, \u00a1compra como siempre y gana como nunca!\u201d.<\/p>\n<p>El sorteo se celebr\u00f3 en las propias instalaciones del Mercado Norte, en presencia de los clientes que en ese momento se encontraban realizando sus compras en el recinto.<\/p>\n\t\t\t\t\t\t\t\t\t\t\t\t\t\t\t\t\t\t\t\t\t\t                                                            <div class=\"btn-wraper\">\n                                    \n                                                                            <a class=\"elementskit-btn whitespace--normal\" id=\"\" href=\"https:\/\/fecburgos.com\/index.php\/archivos\/22365\">\n                                        \t                                            Leer m\u00e1s                                        <\/a>\n                                                                    <\/div>\n                                                    <\/div><!-- .elementskit-post-body END -->\n                    <\/div>\n                \n            <\/div>\n                    <div class=\"col-lg-4 col-md-6\">\n\n                                    <div class=\"elementskit-post-image-card\">\n                        <div class=\"elementskit-entry-header\">\n                                                            <a href=\"https:\/\/fecburgos.com\/index.php\/archivos\/22351\" class=\"elementskit-entry-thumb\">\n                                    <img decoding=\"async\" src=\"https:\/\/fecburgos.com\/wp-content\/uploads\/2025\/12\/Premios-nacionales2025-768x1024.jpg\" alt=\"Premios Nacionales de Comercio Interior 2025\">\n                                <\/a><!-- .elementskit-entry-thumb END -->\n                                                            \n                            \n\t\t\t\t\t\t\t\t\t\t\t\t\t<\/div><!-- .elementskit-entry-header END -->\n\n\t\t\t\t\t\t<div class=\"elementskit-post-body \">\n\t\t\t\t\t\t\t\n\t\t\t\t\t\t\t\t\t\t\t\t\t\t\t\t\t\t\t\t\t\t\t\t\t\t\t\t<div class=\"post-meta-list\">\n\t\t\t\t\t\t\t\t\t\t\t\t\t\t\t\t\t\t\t\t\t\t\t\t\t\t\t\t\t\t\t\t<span class=\"meta-date\">\n\t\t\t\t\t\t\t\t\t\t<i aria-hidden=\"true\" class=\"icon icon-calendar3\"><\/i>\t\t\t\t\t\t\t\t\t\t<span class=\"meta-date-text\">\n\t\t\t\t\t\t\t\t\t\t\tdiciembre 15, 2025\t\t\t\t\t\t\t\t\t\t<\/span>\n\t\t\t\t\t\t\t\t\t<\/span>\n\t\t\t\t\t\t\t\t\t\t\t\t\t\t\t\t\t\t\t\t\t\t\t\t\t\t\t\t\t\t\t\t\t\t\t\t\t\t\t\t\t\t\t\t\t\t\t\t\t\t\t\t\t\t\t\t\t\t\t\t\t\t\t\t<span class=\"post-cat\">\n\t\t\t\t\t\t\t\t\t\t\t\t\t\t\t\t\t\t\t\t<a href=\"https:\/\/fecburgos.com\/index.php\/archivos\/category\/noticia\" rel=\"category tag\">Noticia<\/a>\t\t\t\t\t\t\t\t\t<\/span>\n\t\t\t\t\t\t\t\t\t\t\t\t\t\t\t\t\t\t\t\t\t\t\t\t\t\t\t\t\t<\/div>\n\t\t\t\t\t\t\t\t\t\t\t\t\t\n\t\t\t\t\t\t\t\t\n\t\t\t\t\t\t\t\t\t\t\t\t\t\t\t\t\t\t\t\t\t<h2 class=\"entry-title\">\n\t\t\t\t\t<a href=\"https:\/\/fecburgos.com\/index.php\/archivos\/22351\">\n\t\t\t\t\t\tPremios Nacionales de Comercio Interior 2025\t\t\t\t\t<\/a>\n\t\t\t\t<\/h2>\n\t\t\t\t\t\t\t\t\t\t\t\t\t\t\t\t\t\t\t\t\t\t\t\t\t\t\t\t\t\t\t\t\t\t\t\t\t\t\t\t\t\t<p>La Secretar\u00eda del Estado de Comercio ha publicado el Extracto de la Resoluci\u00f3n por la que se convocan los Premios Nacionales de Comercio Interior 2025.<\/p>\n<p>Los premios se convocan en cinco modalidades:<br>\n\u2013 Compromiso Municipal con el Peque\u00f1o Comercio<br>\n\u2013 Trayectoria del Peque\u00f1o Comercio<br>\n\u2013 Emprendimiento en el Comercio<br>\n\u2013 Centros Comerciales Abiertos<br>\n\u2013 Ideas Tecnol\u00f3gicas aplicables al Comercio<\/p>\n\t\t\t\t\t\t\t\t\t\t\t\t\t\t\t\t\t\t\t\t\t\t                                                            <div class=\"btn-wraper\">\n                                    \n                                                                            <a class=\"elementskit-btn whitespace--normal\" id=\"\" href=\"https:\/\/fecburgos.com\/index.php\/archivos\/22351\">\n                                        \t                                            Leer m\u00e1s                                        <\/a>\n                                                                    <\/div>\n                                                    <\/div><!-- .elementskit-post-body END -->\n                    <\/div>\n                \n            <\/div>\n                    <div class=\"col-lg-4 col-md-6\">\n\n                                    <div class=\"elementskit-post-image-card\">\n                        <div class=\"elementskit-entry-header\">\n                                                            <a href=\"https:\/\/fecburgos.com\/index.php\/archivos\/22340\" class=\"elementskit-entry-thumb\">\n                                    <img decoding=\"async\" src=\"https:\/\/fecburgos.com\/wp-content\/uploads\/2025\/12\/gemelodigitalpost-768x1024.png\" alt=\"La FEC celebra la jornada \u201cGemelo Digital de Alto Impacto\u201d\">\n                                <\/a><!-- .elementskit-entry-thumb END -->\n                                                            \n                            \n\t\t\t\t\t\t\t\t\t\t\t\t\t<\/div><!-- .elementskit-entry-header END -->\n\n\t\t\t\t\t\t<div class=\"elementskit-post-body \">\n\t\t\t\t\t\t\t\n\t\t\t\t\t\t\t\t\t\t\t\t\t\t\t\t\t\t\t\t\t\t\t\t\t\t\t\t<div class=\"post-meta-list\">\n\t\t\t\t\t\t\t\t\t\t\t\t\t\t\t\t\t\t\t\t\t\t\t\t\t\t\t\t\t\t\t\t<span class=\"meta-date\">\n\t\t\t\t\t\t\t\t\t\t<i aria-hidden=\"true\" class=\"icon icon-calendar3\"><\/i>\t\t\t\t\t\t\t\t\t\t<span class=\"meta-date-text\">\n\t\t\t\t\t\t\t\t\t\t\tdiciembre 12, 2025\t\t\t\t\t\t\t\t\t\t<\/span>\n\t\t\t\t\t\t\t\t\t<\/span>\n\t\t\t\t\t\t\t\t\t\t\t\t\t\t\t\t\t\t\t\t\t\t\t\t\t\t\t\t\t\t\t\t\t\t\t\t\t\t\t\t\t\t\t\t\t\t\t\t\t\t\t\t\t\t\t\t\t\t\t\t\t\t\t\t<span class=\"post-cat\">\n\t\t\t\t\t\t\t\t\t\t\t\t\t\t\t\t\t\t\t\t<a href=\"https:\/\/fecburgos.com\/index.php\/archivos\/category\/noticia\" rel=\"category tag\">Noticia<\/a>\t\t\t\t\t\t\t\t\t<\/span>\n\t\t\t\t\t\t\t\t\t\t\t\t\t\t\t\t\t\t\t\t\t\t\t\t\t\t\t\t\t<\/div>\n\t\t\t\t\t\t\t\t\t\t\t\t\t\n\t\t\t\t\t\t\t\t\n\t\t\t\t\t\t\t\t\t\t\t\t\t\t\t\t\t\t\t\t\t<h2 class=\"entry-title\">\n\t\t\t\t\t<a href=\"https:\/\/fecburgos.com\/index.php\/archivos\/22340\">\n\t\t\t\t\t\tLa FEC celebra la jornada \u201cGemelo Digital de Alto Impacto\u201d\t\t\t\t\t<\/a>\n\t\t\t\t<\/h2>\n\t\t\t\t\t\t\t\t\t\t\t\t\t\t\t\t\t\t\t\t\t\t\t\t\t\t\t\t\t\t\t\t\t\t\t\t\t\t\t\t\t\t<p>La Federaci\u00f3n de Empresarios de Comercio de Burgos en colaboraci\u00f3n con el Ayuntamiento de Burgos ha celebrado en su sede una nueva jornada formativa bajo el t\u00edtulo \u201cGemelo Digital de Alto Impacto\u201d, una sesi\u00f3n dirigida a aut\u00f3nomos, comerciantes y empresas que buscan nuevas formas de comunicar, conectar y destacar en un mercado cada vez m\u00e1s competitivo.<\/p>\n\t\t\t\t\t\t\t\t\t\t\t\t\t\t\t\t\t\t\t\t\t\t                                                            <div class=\"btn-wraper\">\n                                    \n                                                                            <a class=\"elementskit-btn whitespace--normal\" id=\"\" href=\"https:\/\/fecburgos.com\/index.php\/archivos\/22340\">\n                                        \t                                            Leer m\u00e1s                                        <\/a>\n                                                                    <\/div>\n                                                    <\/div><!-- .elementskit-post-body END -->\n                    <\/div>\n                \n            <\/div>\n                    <div class=\"col-lg-4 col-md-6\">\n\n                                    <div class=\"elementskit-post-image-card\">\n                        <div class=\"elementskit-entry-header\">\n                                                            <a href=\"https:\/\/fecburgos.com\/index.php\/archivos\/22317\" class=\"elementskit-entry-thumb\">\n                                    <img decoding=\"async\" src=\"https:\/\/fecburgos.com\/wp-content\/uploads\/2025\/12\/laubupremio2-768x1024.jpg\" alt=\"\u201cLa UBU est\u00e1 de MODA\u201d: una campa\u00f1a que conecta al comercio local con el p\u00fablico joven y arrasa en redes\">\n                                <\/a><!-- .elementskit-entry-thumb END -->\n                                                            \n                            \n\t\t\t\t\t\t\t\t\t\t\t\t\t<\/div><!-- .elementskit-entry-header END -->\n\n\t\t\t\t\t\t<div class=\"elementskit-post-body \">\n\t\t\t\t\t\t\t\n\t\t\t\t\t\t\t\t\t\t\t\t\t\t\t\t\t\t\t\t\t\t\t\t\t\t\t\t<div class=\"post-meta-list\">\n\t\t\t\t\t\t\t\t\t\t\t\t\t\t\t\t\t\t\t\t\t\t\t\t\t\t\t\t\t\t\t\t<span class=\"meta-date\">\n\t\t\t\t\t\t\t\t\t\t<i aria-hidden=\"true\" class=\"icon icon-calendar3\"><\/i>\t\t\t\t\t\t\t\t\t\t<span class=\"meta-date-text\">\n\t\t\t\t\t\t\t\t\t\t\tdiciembre 11, 2025\t\t\t\t\t\t\t\t\t\t<\/span>\n\t\t\t\t\t\t\t\t\t<\/span>\n\t\t\t\t\t\t\t\t\t\t\t\t\t\t\t\t\t\t\t\t\t\t\t\t\t\t\t\t\t\t\t\t\t\t\t\t\t\t\t\t\t\t\t\t\t\t\t\t\t\t\t\t\t\t\t\t\t\t\t\t\t\t\t\t<span class=\"post-cat\">\n\t\t\t\t\t\t\t\t\t\t\t\t\t\t\t\t\t\t\t\t<a href=\"https:\/\/fecburgos.com\/index.php\/archivos\/category\/noticia\" rel=\"category tag\">Noticia<\/a>\t\t\t\t\t\t\t\t\t<\/span>\n\t\t\t\t\t\t\t\t\t\t\t\t\t\t\t\t\t\t\t\t\t\t\t\t\t\t\t\t\t<\/div>\n\t\t\t\t\t\t\t\t\t\t\t\t\t\n\t\t\t\t\t\t\t\t\n\t\t\t\t\t\t\t\t\t\t\t\t\t\t\t\t\t\t\t\t\t<h2 class=\"entry-title\">\n\t\t\t\t\t<a href=\"https:\/\/fecburgos.com\/index.php\/archivos\/22317\">\n\t\t\t\t\t\t\u201cLa UBU est\u00e1 de MODA\u201d: una campa\u00f1a que conecta al comercio local con el p\u00fablico joven y arrasa en redes\t\t\t\t\t<\/a>\n\t\t\t\t<\/h2>\n\t\t\t\t\t\t\t\t\t\t\t\t\t\t\t\t\t\t\t\t\t\t\t\t\t\t\t\t\t\t\t\t\t\t\t\t\t\t\t\t\t\t<p>La Federaci\u00f3n de Empresarios de Comercio de Burgos llev\u00f3 a cabo la campa\u00f1a \u201cLa UBU est\u00e1 de MODA\u201d, una iniciativa que ha destacado por su extraordinario alcance en redes sociales y por su capacidad para acercar el comercio local de moda a un p\u00fablico m\u00e1s joven, un segmento que habitualmente se decanta por grandes superficies\u2026<\/p>\n\t\t\t\t\t\t\t\t\t\t\t\t\t\t\t\t\t\t\t\t\t\t                                                            <div class=\"btn-wraper\">\n                                    \n                                                                            <a class=\"elementskit-btn whitespace--normal\" id=\"\" href=\"https:\/\/fecburgos.com\/index.php\/archivos\/22317\">\n                                        \t                                            Leer m\u00e1s                                        <\/a>\n                                                                    <\/div>\n                                                    <\/div><!-- .elementskit-post-body END -->\n                    <\/div>\n                \n            <\/div>\n                    <div class=\"col-lg-4 col-md-6\">\n\n                                    <div class=\"elementskit-post-image-card\">\n                        <div class=\"elementskit-entry-header\">\n                                                            <a href=\"https:\/\/fecburgos.com\/index.php\/archivos\/22295\" class=\"elementskit-entry-thumb\">\n                                    <img decoding=\"async\" src=\"https:\/\/fecburgos.com\/wp-content\/uploads\/2025\/12\/mercadofloral2025-768x1024.png\" alt=\"El Mercado Floral de Navidad llena Burgos de magia y tradici\u00f3n\">\n                                <\/a><!-- .elementskit-entry-thumb END -->\n                                                            \n                            \n\t\t\t\t\t\t\t\t\t\t\t\t\t<\/div><!-- .elementskit-entry-header END -->\n\n\t\t\t\t\t\t<div class=\"elementskit-post-body \">\n\t\t\t\t\t\t\t\n\t\t\t\t\t\t\t\t\t\t\t\t\t\t\t\t\t\t\t\t\t\t\t\t\t\t\t\t<div class=\"post-meta-list\">\n\t\t\t\t\t\t\t\t\t\t\t\t\t\t\t\t\t\t\t\t\t\t\t\t\t\t\t\t\t\t\t\t<span class=\"meta-date\">\n\t\t\t\t\t\t\t\t\t\t<i aria-hidden=\"true\" class=\"icon icon-calendar3\"><\/i>\t\t\t\t\t\t\t\t\t\t<span class=\"meta-date-text\">\n\t\t\t\t\t\t\t\t\t\t\tdiciembre 11, 2025\t\t\t\t\t\t\t\t\t\t<\/span>\n\t\t\t\t\t\t\t\t\t<\/span>\n\t\t\t\t\t\t\t\t\t\t\t\t\t\t\t\t\t\t\t\t\t\t\t\t\t\t\t\t\t\t\t\t\t\t\t\t\t\t\t\t\t\t\t\t\t\t\t\t\t\t\t\t\t\t\t\t\t\t\t\t\t\t\t\t<span class=\"post-cat\">\n\t\t\t\t\t\t\t\t\t\t\t\t\t\t\t\t\t\t\t\t<a href=\"https:\/\/fecburgos.com\/index.php\/archivos\/category\/evento\" rel=\"category tag\">Evento<\/a>\t\t\t\t\t\t\t\t\t<\/span>\n\t\t\t\t\t\t\t\t\t\t\t\t\t\t\t\t\t\t\t\t\t\t\t\t\t\t\t\t\t<\/div>\n\t\t\t\t\t\t\t\t\t\t\t\t\t\n\t\t\t\t\t\t\t\t\n\t\t\t\t\t\t\t\t\t\t\t\t\t\t\t\t\t\t\t\t\t<h2 class=\"entry-title\">\n\t\t\t\t\t<a href=\"https:\/\/fecburgos.com\/index.php\/archivos\/22295\">\n\t\t\t\t\t\tEl Mercado Floral de Navidad llena Burgos de magia y tradici\u00f3n\t\t\t\t\t<\/a>\n\t\t\t\t<\/h2>\n\t\t\t\t\t\t\t\t\t\t\t\t\t\t\t\t\t\t\t\t\t\t\t\t\t\t\t\t\t\t\t\t\t\t\t\t\t\t\t\t\t\t<p>Burgos volvi\u00f3 a vivir un fin de semana lleno de luz, color y esp\u00edritu navide\u00f1o gracias al XII Mercado Floral de Navidad, organizado por la Asociaci\u00f3n de Floristas y Jardineros de Burgos (Flojabur) en colaboraci\u00f3n con el Ayuntamiento de Burgos y la Federaci\u00f3n de Empresarios de Comercio de Burgos. Un evento que, un a\u00f1o m\u00e1s, transform\u00f3 la Plaza Mayor en un peque\u00f1o pueblo navide\u00f1o donde la artesan\u00eda floral fue la gran protagonista.<\/p>\n\t\t\t\t\t\t\t\t\t\t\t\t\t\t\t\t\t\t\t\t\t\t                                                            <div class=\"btn-wraper\">\n                                    \n                                                                            <a class=\"elementskit-btn whitespace--normal\" id=\"\" href=\"https:\/\/fecburgos.com\/index.php\/archivos\/22295\">\n                                        \t                                            Leer m\u00e1s                                        <\/a>\n                                                                    <\/div>\n                                                    <\/div><!-- .elementskit-post-body END -->\n                    <\/div>\n                \n            <\/div>\n                    <div class=\"col-lg-4 col-md-6\">\n\n                                    <div class=\"elementskit-post-image-card\">\n                        <div class=\"elementskit-entry-header\">\n                                                            <a href=\"https:\/\/fecburgos.com\/index.php\/archivos\/22285\" class=\"elementskit-entry-thumb\">\n                                    <img decoding=\"async\" src=\"https:\/\/fecburgos.com\/wp-content\/uploads\/2025\/12\/presenciadigital-768x1024.jpg\" alt=\"Mejora la presencia digital de tu comercio\">\n                                <\/a><!-- .elementskit-entry-thumb END -->\n                                                            \n                            \n\t\t\t\t\t\t\t\t\t\t\t\t\t<\/div><!-- .elementskit-entry-header END -->\n\n\t\t\t\t\t\t<div class=\"elementskit-post-body \">\n\t\t\t\t\t\t\t\n\t\t\t\t\t\t\t\t\t\t\t\t\t\t\t\t\t\t\t\t\t\t\t\t\t\t\t\t<div class=\"post-meta-list\">\n\t\t\t\t\t\t\t\t\t\t\t\t\t\t\t\t\t\t\t\t\t\t\t\t\t\t\t\t\t\t\t\t<span class=\"meta-date\">\n\t\t\t\t\t\t\t\t\t\t<i aria-hidden=\"true\" class=\"icon icon-calendar3\"><\/i>\t\t\t\t\t\t\t\t\t\t<span class=\"meta-date-text\">\n\t\t\t\t\t\t\t\t\t\t\tdiciembre 11, 2025\t\t\t\t\t\t\t\t\t\t<\/span>\n\t\t\t\t\t\t\t\t\t<\/span>\n\t\t\t\t\t\t\t\t\t\t\t\t\t\t\t\t\t\t\t\t\t\t\t\t\t\t\t\t\t\t\t\t\t\t\t\t\t\t\t\t\t\t\t\t\t\t\t\t\t\t\t\t\t\t\t\t\t\t\t\t\t\t\t\t<span class=\"post-cat\">\n\t\t\t\t\t\t\t\t\t\t\t\t\t\t\t\t\t\t\t\t<a href=\"https:\/\/fecburgos.com\/index.php\/archivos\/category\/proyecto\" rel=\"category tag\">Proyecto<\/a>\t\t\t\t\t\t\t\t\t<\/span>\n\t\t\t\t\t\t\t\t\t\t\t\t\t\t\t\t\t\t\t\t\t\t\t\t\t\t\t\t\t<\/div>\n\t\t\t\t\t\t\t\t\t\t\t\t\t\n\t\t\t\t\t\t\t\t\n\t\t\t\t\t\t\t\t\t\t\t\t\t\t\t\t\t\t\t\t\t<h2 class=\"entry-title\">\n\t\t\t\t\t<a href=\"https:\/\/fecburgos.com\/index.php\/archivos\/22285\">\n\t\t\t\t\t\tMejora la presencia digital de tu comercio\t\t\t\t\t<\/a>\n\t\t\t\t<\/h2>\n\t\t\t\t\t\t\t\t\t\t\t\t\t\t\t\t\t\t\t\t\t\t\t\t\t\t\t\t\t\t\t\t\t\t\t\t\t\t\t\t\t\t<p>Desde la FEC, en el marco del programa de Integraci\u00f3n de Recursos Digitales en el Comercio Local desarrollado con la colaboraci\u00f3n del Ayuntamiento de Burgos, lanzamos una actuaci\u00f3n para 12 comercios asociados, con el objetivo de mejorar su presencia digital de forma sencilla y pr\u00e1ctica.<br>\nHoy, la mayor\u00eda de los clientes buscan primero en Google para localizar un comercio, comprobar horarios, ver opiniones o encontrar c\u00f3mo llegar.<\/p>\n\t\t\t\t\t\t\t\t\t\t\t\t\t\t\t\t\t\t\t\t\t\t                                                            <div class=\"btn-wraper\">\n                                    \n                                                                            <a class=\"elementskit-btn whitespace--normal\" id=\"\" href=\"https:\/\/fecburgos.com\/index.php\/archivos\/22285\">\n                                        \t                                            Leer m\u00e1s                                        <\/a>\n                                                                    <\/div>\n                                                    <\/div><!-- .elementskit-post-body END -->\n                    <\/div>\n                \n            <\/div>\n                    <div class=\"col-lg-4 col-md-6\">\n\n                                    <div class=\"elementskit-post-image-card\">\n                        <div class=\"elementskit-entry-header\">\n                                                            <a href=\"https:\/\/fecburgos.com\/index.php\/archivos\/22257\" class=\"elementskit-entry-thumb\">\n                                    <img decoding=\"async\" src=\"https:\/\/fecburgos.com\/wp-content\/uploads\/2025\/12\/Gemelodigital-768x1024.jpg\" alt=\"Gemelo Digital de alto impacto\">\n                                <\/a><!-- .elementskit-entry-thumb END -->\n                                                            \n                            \n\t\t\t\t\t\t\t\t\t\t\t\t\t<\/div><!-- .elementskit-entry-header END -->\n\n\t\t\t\t\t\t<div class=\"elementskit-post-body \">\n\t\t\t\t\t\t\t\n\t\t\t\t\t\t\t\t\t\t\t\t\t\t\t\t\t\t\t\t\t\t\t\t\t\t\t\t<div class=\"post-meta-list\">\n\t\t\t\t\t\t\t\t\t\t\t\t\t\t\t\t\t\t\t\t\t\t\t\t\t\t\t\t\t\t\t\t<span class=\"meta-date\">\n\t\t\t\t\t\t\t\t\t\t<i aria-hidden=\"true\" class=\"icon icon-calendar3\"><\/i>\t\t\t\t\t\t\t\t\t\t<span class=\"meta-date-text\">\n\t\t\t\t\t\t\t\t\t\t\tdiciembre 10, 2025\t\t\t\t\t\t\t\t\t\t<\/span>\n\t\t\t\t\t\t\t\t\t<\/span>\n\t\t\t\t\t\t\t\t\t\t\t\t\t\t\t\t\t\t\t\t\t\t\t\t\t\t\t\t\t\t\t\t\t\t\t\t\t\t\t\t\t\t\t\t\t\t\t\t\t\t\t\t\t\t\t\t\t\t\t\t\t\t\t\t<span class=\"post-cat\">\n\t\t\t\t\t\t\t\t\t\t\t\t\t\t\t\t\t\t\t\t<a href=\"https:\/\/fecburgos.com\/index.php\/archivos\/category\/evento\" rel=\"category tag\">Evento<\/a>\t\t\t\t\t\t\t\t\t<\/span>\n\t\t\t\t\t\t\t\t\t\t\t\t\t\t\t\t\t\t\t\t\t\t\t\t\t\t\t\t\t<\/div>\n\t\t\t\t\t\t\t\t\t\t\t\t\t\n\t\t\t\t\t\t\t\t\n\t\t\t\t\t\t\t\t\t\t\t\t\t\t\t\t\t\t\t\t\t<h2 class=\"entry-title\">\n\t\t\t\t\t<a href=\"https:\/\/fecburgos.com\/index.php\/archivos\/22257\">\n\t\t\t\t\t\tGemelo Digital de alto impacto\t\t\t\t\t<\/a>\n\t\t\t\t<\/h2>\n\t\t\t\t\t\t\t\t\t\t\t\t\t\t\t\t\t\t\t\t\t\t\t\t\t\t\t\t\t\t\t\t\t\t\t\t\t\t\t\t\t\t<p>La Federaci\u00f3n de Empresarios de Comercio de Burgos \u2013 FEC,\u00a0 organiza una nueva jornada formativa dirigida a aut\u00f3nomos, comerciantes y empresas interesadas en conocer el siguiente paso en la Comunicaci\u00f3n de tu comercio.<br>\nEl Gemelo Digital es una herramienta que une tecnolog\u00eda y neuromarketing para captar atenci\u00f3n, generar confianza y transformar la comunicaci\u00f3n.<\/p>\n<p>El encuentro se celebrar\u00e1 el jueves 11 de diciembre, de 16:00 a 17:00 horas, en la sede de  la FEC\u2026<\/p>\n\t\t\t\t\t\t\t\t\t\t\t\t\t\t\t\t\t\t\t\t\t\t                                                            <div class=\"btn-wraper\">\n                                    \n                                                                            <a class=\"elementskit-btn whitespace--normal\" id=\"\" href=\"https:\/\/fecburgos.com\/index.php\/archivos\/22257\">\n                                        \t                                            Leer m\u00e1s                                        <\/a>\n                                                                    <\/div>\n                                                    <\/div><!-- .elementskit-post-body END -->\n                    <\/div>\n                \n            <\/div>\n                    <div class=\"col-lg-4 col-md-6\">\n\n                                    <div class=\"elementskit-post-image-card\">\n                        <div class=\"elementskit-entry-header\">\n                                                            <a href=\"https:\/\/fecburgos.com\/index.php\/archivos\/22215\" class=\"elementskit-entry-thumb\">\n                                    <img decoding=\"async\" src=\"https:\/\/fecburgos.com\/wp-content\/uploads\/2025\/12\/escuelacomercio-6-768x1024.png\" alt=\"El comercio local, aula abierta: FEC y el Ayuntamiento acercan la empresa al alumnado del Juan de Colonia\">\n                                <\/a><!-- .elementskit-entry-thumb END -->\n                                                            \n                            \n\t\t\t\t\t\t\t\t\t\t\t\t\t<\/div><!-- .elementskit-entry-header END -->\n\n\t\t\t\t\t\t<div class=\"elementskit-post-body \">\n\t\t\t\t\t\t\t\n\t\t\t\t\t\t\t\t\t\t\t\t\t\t\t\t\t\t\t\t\t\t\t\t\t\t\t\t<div class=\"post-meta-list\">\n\t\t\t\t\t\t\t\t\t\t\t\t\t\t\t\t\t\t\t\t\t\t\t\t\t\t\t\t\t\t\t\t<span class=\"meta-date\">\n\t\t\t\t\t\t\t\t\t\t<i aria-hidden=\"true\" class=\"icon icon-calendar3\"><\/i>\t\t\t\t\t\t\t\t\t\t<span class=\"meta-date-text\">\n\t\t\t\t\t\t\t\t\t\t\tdiciembre 10, 2025\t\t\t\t\t\t\t\t\t\t<\/span>\n\t\t\t\t\t\t\t\t\t<\/span>\n\t\t\t\t\t\t\t\t\t\t\t\t\t\t\t\t\t\t\t\t\t\t\t\t\t\t\t\t\t\t\t\t\t\t\t\t\t\t\t\t\t\t\t\t\t\t\t\t\t\t\t\t\t\t\t\t\t\t\t\t\t\t\t\t<span class=\"post-cat\">\n\t\t\t\t\t\t\t\t\t\t\t\t\t\t\t\t\t\t\t\t<a href=\"https:\/\/fecburgos.com\/index.php\/archivos\/category\/evento\" rel=\"category tag\">Evento<\/a>\t\t\t\t\t\t\t\t\t<\/span>\n\t\t\t\t\t\t\t\t\t\t\t\t\t\t\t\t\t\t\t\t\t\t\t\t\t\t\t\t\t<\/div>\n\t\t\t\t\t\t\t\t\t\t\t\t\t\n\t\t\t\t\t\t\t\t\n\t\t\t\t\t\t\t\t\t\t\t\t\t\t\t\t\t\t\t\t\t<h2 class=\"entry-title\">\n\t\t\t\t\t<a href=\"https:\/\/fecburgos.com\/index.php\/archivos\/22215\">\n\t\t\t\t\t\tEl comercio local, aula abierta: FEC y el Ayuntamiento acercan la empresa al alumnado del Juan de Colonia\t\t\t\t\t<\/a>\n\t\t\t\t<\/h2>\n\t\t\t\t\t\t\t\t\t\t\t\t\t\t\t\t\t\t\t\t\t\t\t\t\t\t\t\t\t\t\t\t\t\t\t\t\t\t\t\t\t\t<p>La Federaci\u00f3n de Empresarios de Comercio de Burgos (FEC), en colaboraci\u00f3n con el Ayuntamiento de Burgos y en el marco de la Escuela de Consumidores, ha organizado una nueva jornada de visitas a empresas locales dirigida al alumnado del CIFP Juan de Colonia. El pasado jueves 4 de diciembre, un grupo de 19 estudiantes de los ciclos de Segundo de Comercio Internacional y de Ventas y Espacios Comerciales\u2026<\/p>\n\t\t\t\t\t\t\t\t\t\t\t\t\t\t\t\t\t\t\t\t\t\t                                                            <div class=\"btn-wraper\">\n                                    \n                                                                            <a class=\"elementskit-btn whitespace--normal\" id=\"\" href=\"https:\/\/fecburgos.com\/index.php\/archivos\/22215\">\n                                        \t                                            Leer m\u00e1s                                        <\/a>\n                                                                    <\/div>\n                                                    <\/div><!-- .elementskit-post-body END -->\n                    <\/div>\n                \n            <\/div>\n                    <div class=\"col-lg-4 col-md-6\">\n\n                                    <div class=\"elementskit-post-image-card\">\n                        <div class=\"elementskit-entry-header\">\n                                                            <a href=\"https:\/\/fecburgos.com\/index.php\/archivos\/21914\" class=\"elementskit-entry-thumb\">\n                                    <img decoding=\"async\" src=\"https:\/\/fecburgos.com\/wp-content\/uploads\/2025\/12\/chapero-768x1024.png\" alt=\"Jugueter\u00eda Chapero Premio comercio Excelente 2025\">\n                                <\/a><!-- .elementskit-entry-thumb END -->\n                                                            \n                            \n\t\t\t\t\t\t\t\t\t\t\t\t\t<\/div><!-- .elementskit-entry-header END -->\n\n\t\t\t\t\t\t<div class=\"elementskit-post-body \">\n\t\t\t\t\t\t\t\n\t\t\t\t\t\t\t\t\t\t\t\t\t\t\t\t\t\t\t\t\t\t\t\t\t\t\t\t<div class=\"post-meta-list\">\n\t\t\t\t\t\t\t\t\t\t\t\t\t\t\t\t\t\t\t\t\t\t\t\t\t\t\t\t\t\t\t\t<span class=\"meta-date\">\n\t\t\t\t\t\t\t\t\t\t<i aria-hidden=\"true\" class=\"icon icon-calendar3\"><\/i>\t\t\t\t\t\t\t\t\t\t<span class=\"meta-date-text\">\n\t\t\t\t\t\t\t\t\t\t\tdiciembre 4, 2025\t\t\t\t\t\t\t\t\t\t<\/span>\n\t\t\t\t\t\t\t\t\t<\/span>\n\t\t\t\t\t\t\t\t\t\t\t\t\t\t\t\t\t\t\t\t\t\t\t\t\t\t\t\t\t\t\t\t\t\t\t\t\t\t\t\t\t\t\t\t\t\t\t\t\t\t\t\t\t\t\t\t\t\t\t\t\t\t\t\t<span class=\"post-cat\">\n\t\t\t\t\t\t\t\t\t\t\t\t\t\t\t\t\t\t\t\t<a href=\"https:\/\/fecburgos.com\/index.php\/archivos\/category\/noticia\" rel=\"category tag\">Noticia<\/a>\t\t\t\t\t\t\t\t\t<\/span>\n\t\t\t\t\t\t\t\t\t\t\t\t\t\t\t\t\t\t\t\t\t\t\t\t\t\t\t\t\t<\/div>\n\t\t\t\t\t\t\t\t\t\t\t\t\t\n\t\t\t\t\t\t\t\t\n\t\t\t\t\t\t\t\t\t\t\t\t\t\t\t\t\t\t\t\t\t<h2 class=\"entry-title\">\n\t\t\t\t\t<a href=\"https:\/\/fecburgos.com\/index.php\/archivos\/21914\">\n\t\t\t\t\t\tJugueter\u00eda Chapero Premio comercio Excelente 2025\t\t\t\t\t<\/a>\n\t\t\t\t<\/h2>\n\t\t\t\t\t\t\t\t\t\t\t\t\t\t\t\t\t\t\t\t\t\t\t\t\t\t\t\t\t\t\t\t\t\t\t\t\t\t\t\t\t\t<p>El pasado 2 de diciembre de 2025, en el edificio Nexo de la Fundaci\u00f3n Caja de Burgos, tuvo lugar la gala conjunta de los premios anuales de la Federaci\u00f3n de Empresarios de Comercio de Burgos  y de la C\u00e1mara de Comercio e Industria de Burgos. Una cita muy esperada por el tejido comercial local, que este a\u00f1o ha puesto el foco en la tradici\u00f3n, la innovaci\u00f3n y, especialmente, en el valor humano del peque\u00f1o comercio.<\/p>\n\t\t\t\t\t\t\t\t\t\t\t\t\t\t\t\t\t\t\t\t\t\t                                                            <div class=\"btn-wraper\">\n                                    \n                                                                            <a class=\"elementskit-btn whitespace--normal\" id=\"\" href=\"https:\/\/fecburgos.com\/index.php\/archivos\/21914\">\n                                        \t                                            Leer m\u00e1s                                        <\/a>\n                                                                    <\/div>\n                                                    <\/div><!-- .elementskit-post-body END -->\n                    <\/div>\n                \n            <\/div>\n                    <div class=\"col-lg-4 col-md-6\">\n\n                                    <div class=\"elementskit-post-image-card\">\n                        <div class=\"elementskit-entry-header\">\n                                                            <a href=\"https:\/\/fecburgos.com\/index.php\/archivos\/21896\" class=\"elementskit-entry-thumb\">\n                                    <img decoding=\"async\" src=\"https:\/\/fecburgos.com\/wp-content\/uploads\/2025\/12\/AplazamientoVerifactu-768x1024.png\" alt=\"Aplazamiento entrada en vigor VERIFACTU a 2027\">\n                                <\/a><!-- .elementskit-entry-thumb END -->\n                                                            \n                            \n\t\t\t\t\t\t\t\t\t\t\t\t\t<\/div><!-- .elementskit-entry-header END -->\n\n\t\t\t\t\t\t<div class=\"elementskit-post-body \">\n\t\t\t\t\t\t\t\n\t\t\t\t\t\t\t\t\t\t\t\t\t\t\t\t\t\t\t\t\t\t\t\t\t\t\t\t<div class=\"post-meta-list\">\n\t\t\t\t\t\t\t\t\t\t\t\t\t\t\t\t\t\t\t\t\t\t\t\t\t\t\t\t\t\t\t\t<span class=\"meta-date\">\n\t\t\t\t\t\t\t\t\t\t<i aria-hidden=\"true\" class=\"icon icon-calendar3\"><\/i>\t\t\t\t\t\t\t\t\t\t<span class=\"meta-date-text\">\n\t\t\t\t\t\t\t\t\t\t\tdiciembre 3, 2025\t\t\t\t\t\t\t\t\t\t<\/span>\n\t\t\t\t\t\t\t\t\t<\/span>\n\t\t\t\t\t\t\t\t\t\t\t\t\t\t\t\t\t\t\t\t\t\t\t\t\t\t\t\t\t\t\t\t\t\t\t\t\t\t\t\t\t\t\t\t\t\t\t\t\t\t\t\t\t\t\t\t\t\t\t\t\t\t\t\t<span class=\"post-cat\">\n\t\t\t\t\t\t\t\t\t\t\t\t\t\t\t\t\t\t\t\t<a href=\"https:\/\/fecburgos.com\/index.php\/archivos\/category\/noticia\" rel=\"category tag\">Noticia<\/a>\t\t\t\t\t\t\t\t\t<\/span>\n\t\t\t\t\t\t\t\t\t\t\t\t\t\t\t\t\t\t\t\t\t\t\t\t\t\t\t\t\t<\/div>\n\t\t\t\t\t\t\t\t\t\t\t\t\t\n\t\t\t\t\t\t\t\t\n\t\t\t\t\t\t\t\t\t\t\t\t\t\t\t\t\t\t\t\t\t<h2 class=\"entry-title\">\n\t\t\t\t\t<a href=\"https:\/\/fecburgos.com\/index.php\/archivos\/21896\">\n\t\t\t\t\t\tAplazamiento entrada en vigor VERIFACTU a 2027\t\t\t\t\t<\/a>\n\t\t\t\t<\/h2>\n\t\t\t\t\t\t\t\t\t\t\t\t\t\t\t\t\t\t\t\t\t\t\t\t\t\t\t\t\t\t\t\t\t\t\t\t\t\t\t\t\t\t<p>El pasado, 3 de diciembre de 2025, se ha publicado en el BOE, el Real Decreto-ley 15\/2025, de 2 de diciembre, por el que se adoptan medidas urgentes para favorecer la actividad inversora de las entidades locales y de las comunidades aut\u00f3nomas, y por el que se modifica el Real Decreto 1007\/2023, de 5 de diciembre, por el que se aprueba el Reglamento que establece los requisitos\u2026<\/p>\n\t\t\t\t\t\t\t\t\t\t\t\t\t\t\t\t\t\t\t\t\t\t                                                            <div class=\"btn-wraper\">\n                                    \n                                                                            <a class=\"elementskit-btn whitespace--normal\" id=\"\" href=\"https:\/\/fecburgos.com\/index.php\/archivos\/21896\">\n                                        \t                                            Leer m\u00e1s                                        <\/a>\n                                                                    <\/div>\n                                                    <\/div><!-- .elementskit-post-body END -->\n                    <\/div>\n                \n            <\/div>\n                    <div class=\"col-lg-4 col-md-6\">\n\n                                    <div class=\"elementskit-post-image-card\">\n                        <div class=\"elementskit-entry-header\">\n                                                            <a href=\"https:\/\/fecburgos.com\/index.php\/archivos\/21857\" class=\"elementskit-entry-thumb\">\n                                    <img decoding=\"async\" src=\"https:\/\/fecburgos.com\/wp-content\/uploads\/2025\/12\/verifactucircular-768x1024.jpg\" alt=\"Cuestiones de inter\u00e9s Reglamento Verifactu\">\n                                <\/a><!-- .elementskit-entry-thumb END -->\n                                                            \n                            \n\t\t\t\t\t\t\t\t\t\t\t\t\t<\/div><!-- .elementskit-entry-header END -->\n\n\t\t\t\t\t\t<div class=\"elementskit-post-body \">\n\t\t\t\t\t\t\t\n\t\t\t\t\t\t\t\t\t\t\t\t\t\t\t\t\t\t\t\t\t\t\t\t\t\t\t\t<div class=\"post-meta-list\">\n\t\t\t\t\t\t\t\t\t\t\t\t\t\t\t\t\t\t\t\t\t\t\t\t\t\t\t\t\t\t\t\t<span class=\"meta-date\">\n\t\t\t\t\t\t\t\t\t\t<i aria-hidden=\"true\" class=\"icon icon-calendar3\"><\/i>\t\t\t\t\t\t\t\t\t\t<span class=\"meta-date-text\">\n\t\t\t\t\t\t\t\t\t\t\tdiciembre 1, 2025\t\t\t\t\t\t\t\t\t\t<\/span>\n\t\t\t\t\t\t\t\t\t<\/span>\n\t\t\t\t\t\t\t\t\t\t\t\t\t\t\t\t\t\t\t\t\t\t\t\t\t\t\t\t\t\t\t\t\t\t\t\t\t\t\t\t\t\t\t\t\t\t\t\t\t\t\t\t\t\t\t\t\t\t\t\t\t\t\t\t<span class=\"post-cat\">\n\t\t\t\t\t\t\t\t\t\t\t\t\t\t\t\t\t\t\t\t<a href=\"https:\/\/fecburgos.com\/index.php\/archivos\/category\/noticia\" rel=\"category tag\">Noticia<\/a>\t\t\t\t\t\t\t\t\t<\/span>\n\t\t\t\t\t\t\t\t\t\t\t\t\t\t\t\t\t\t\t\t\t\t\t\t\t\t\t\t\t<\/div>\n\t\t\t\t\t\t\t\t\t\t\t\t\t\n\t\t\t\t\t\t\t\t\n\t\t\t\t\t\t\t\t\t\t\t\t\t\t\t\t\t\t\t\t\t<h2 class=\"entry-title\">\n\t\t\t\t\t<a href=\"https:\/\/fecburgos.com\/index.php\/archivos\/21857\">\n\t\t\t\t\t\tCuestiones de inter\u00e9s Reglamento Verifactu\t\t\t\t\t<\/a>\n\t\t\t\t<\/h2>\n\t\t\t\t\t\t\t\t\t\t\t\t\t\t\t\t\t\t\t\t\t\t\t\t\t\t\t\t\t\t\t\t\t\t\t\t\t\t\t\t\t\t<p>Desde la Federaci\u00f3n de Empresarios de Comercio de Burgos os trasladamos la cicular que nos ha hecho llegar nuestro colaborador Asesor\u00eda Hermosilla Lacave donde se d\u00e1 respuesta a cuestiones de inter\u00e9s sobre la aplicaci\u00f3n del Reglamento Verifactu.<br>\nAdjuntamos el Recopilatorio de Preguntas Frecuentes publicado por la AEAT y el enlace con la aprobaci\u00f3n del Reglamento\u2026<\/p>\n\t\t\t\t\t\t\t\t\t\t\t\t\t\t\t\t\t\t\t\t\t\t                                                            <div class=\"btn-wraper\">\n                                    \n                                                                            <a class=\"elementskit-btn whitespace--normal\" id=\"\" href=\"https:\/\/fecburgos.com\/index.php\/archivos\/21857\">\n                                        \t                                            Leer m\u00e1s                                        <\/a>\n                                                                    <\/div>\n                                                    <\/div><!-- .elementskit-post-body END -->\n                    <\/div>\n                \n            <\/div>\n                    <div class=\"col-lg-4 col-md-6\">\n\n                                    <div class=\"elementskit-post-image-card\">\n                        <div class=\"elementskit-entry-header\">\n                                                            <a href=\"https:\/\/fecburgos.com\/index.php\/archivos\/21820\" class=\"elementskit-entry-thumb\">\n                                    <img decoding=\"async\" src=\"https:\/\/fecburgos.com\/wp-content\/uploads\/2025\/11\/FOROCOMERCIO-768x1024.png\" alt=\"XI Foro Comercio: Silver-\u20ac-Commerce. Adaptarse para conectar con una nueva demograf\u00eda\">\n                                <\/a><!-- .elementskit-entry-thumb END -->\n                                                            \n                            \n\t\t\t\t\t\t\t\t\t\t\t\t\t<\/div><!-- .elementskit-entry-header END -->\n\n\t\t\t\t\t\t<div class=\"elementskit-post-body \">\n\t\t\t\t\t\t\t\n\t\t\t\t\t\t\t\t\t\t\t\t\t\t\t\t\t\t\t\t\t\t\t\t\t\t\t\t<div class=\"post-meta-list\">\n\t\t\t\t\t\t\t\t\t\t\t\t\t\t\t\t\t\t\t\t\t\t\t\t\t\t\t\t\t\t\t\t<span class=\"meta-date\">\n\t\t\t\t\t\t\t\t\t\t<i aria-hidden=\"true\" class=\"icon icon-calendar3\"><\/i>\t\t\t\t\t\t\t\t\t\t<span class=\"meta-date-text\">\n\t\t\t\t\t\t\t\t\t\t\tnoviembre 28, 2025\t\t\t\t\t\t\t\t\t\t<\/span>\n\t\t\t\t\t\t\t\t\t<\/span>\n\t\t\t\t\t\t\t\t\t\t\t\t\t\t\t\t\t\t\t\t\t\t\t\t\t\t\t\t\t\t\t\t\t\t\t\t\t\t\t\t\t\t\t\t\t\t\t\t\t\t\t\t\t\t\t\t\t\t\t\t\t\t\t\t<span class=\"post-cat\">\n\t\t\t\t\t\t\t\t\t\t\t\t\t\t\t\t\t\t\t\t<a href=\"https:\/\/fecburgos.com\/index.php\/archivos\/category\/evento\" rel=\"category tag\">Evento<\/a>\t\t\t\t\t\t\t\t\t<\/span>\n\t\t\t\t\t\t\t\t\t\t\t\t\t\t\t\t\t\t\t\t\t\t\t\t\t\t\t\t\t<\/div>\n\t\t\t\t\t\t\t\t\t\t\t\t\t\n\t\t\t\t\t\t\t\t\n\t\t\t\t\t\t\t\t\t\t\t\t\t\t\t\t\t\t\t\t\t<h2 class=\"entry-title\">\n\t\t\t\t\t<a href=\"https:\/\/fecburgos.com\/index.php\/archivos\/21820\">\n\t\t\t\t\t\tXI Foro Comercio: Silver-\u20ac-Commerce. Adaptarse para conectar con una nueva demograf\u00eda\t\t\t\t\t<\/a>\n\t\t\t\t<\/h2>\n\t\t\t\t\t\t\t\t\t\t\t\t\t\t\t\t\t\t\t\t\t\t\t\t\t\t\t\t\t\t\t\t\t\t\t\t\t\t\t\t\t\t<p>El pasado 21 de noviembre, la Federaci\u00f3n de Empresarios de Comercio de Burgos celebr\u00f3 la XI edici\u00f3n del Foro Comercio: Silver-\u20ac-Commerce. Adaptarse para conectar con una nueva demograf\u00eda. Este encuentro, desarrollado a puerta cerrada, reuni\u00f3 a especialistas de\u2026<\/p>\n\t\t\t\t\t\t\t\t\t\t\t\t\t\t\t\t\t\t\t\t\t\t                                                            <div class=\"btn-wraper\">\n                                    \n                                                                            <a class=\"elementskit-btn whitespace--normal\" id=\"\" href=\"https:\/\/fecburgos.com\/index.php\/archivos\/21820\">\n                                        \t                                            Leer m\u00e1s                                        <\/a>\n                                                                    <\/div>\n                                                    <\/div><!-- .elementskit-post-body END -->\n                    <\/div>\n                \n            <\/div>\n                    <div class=\"col-lg-4 col-md-6\">\n\n                                    <div class=\"elementskit-post-image-card\">\n                        <div class=\"elementskit-entry-header\">\n                                                            <a href=\"https:\/\/fecburgos.com\/index.php\/archivos\/21737\" class=\"elementskit-entry-thumb\">\n                                    <img decoding=\"async\" src=\"https:\/\/fecburgos.com\/wp-content\/uploads\/2025\/11\/econautas-768x1024.jpg\" alt=\"Proyecto Econautas\">\n                                <\/a><!-- .elementskit-entry-thumb END -->\n                                                            \n                            \n\t\t\t\t\t\t\t\t\t\t\t\t\t<\/div><!-- .elementskit-entry-header END -->\n\n\t\t\t\t\t\t<div class=\"elementskit-post-body \">\n\t\t\t\t\t\t\t\n\t\t\t\t\t\t\t\t\t\t\t\t\t\t\t\t\t\t\t\t\t\t\t\t\t\t\t\t<div class=\"post-meta-list\">\n\t\t\t\t\t\t\t\t\t\t\t\t\t\t\t\t\t\t\t\t\t\t\t\t\t\t\t\t\t\t\t\t<span class=\"meta-date\">\n\t\t\t\t\t\t\t\t\t\t<i aria-hidden=\"true\" class=\"icon icon-calendar3\"><\/i>\t\t\t\t\t\t\t\t\t\t<span class=\"meta-date-text\">\n\t\t\t\t\t\t\t\t\t\t\tnoviembre 27, 2025\t\t\t\t\t\t\t\t\t\t<\/span>\n\t\t\t\t\t\t\t\t\t<\/span>\n\t\t\t\t\t\t\t\t\t\t\t\t\t\t\t\t\t\t\t\t\t\t\t\t\t\t\t\t\t\t\t\t\t\t\t\t\t\t\t\t\t\t\t\t\t\t\t\t\t\t\t\t\t\t\t\t\t\t\t\t\t\t\t\t<span class=\"post-cat\">\n\t\t\t\t\t\t\t\t\t\t\t\t\t\t\t\t\t\t\t\t<a href=\"https:\/\/fecburgos.com\/index.php\/archivos\/category\/proyecto\" rel=\"category tag\">Proyecto<\/a>\t\t\t\t\t\t\t\t\t<\/span>\n\t\t\t\t\t\t\t\t\t\t\t\t\t\t\t\t\t\t\t\t\t\t\t\t\t\t\t\t\t<\/div>\n\t\t\t\t\t\t\t\t\t\t\t\t\t\n\t\t\t\t\t\t\t\t\n\t\t\t\t\t\t\t\t\t\t\t\t\t\t\t\t\t\t\t\t\t<h2 class=\"entry-title\">\n\t\t\t\t\t<a href=\"https:\/\/fecburgos.com\/index.php\/archivos\/21737\">\n\t\t\t\t\t\tProyecto Econautas\t\t\t\t\t<\/a>\n\t\t\t\t<\/h2>\n\t\t\t\t\t\t\t\t\t\t\t\t\t\t\t\t\t\t\t\t\t\t\t\t\t\t\t\t\t\t\t\t\t\t\t\t\t\t\t\t\t\t<p>La Federaci\u00f3n de Empresarios de Comercio de Burgos colabora  este a\u00f1o con el proyecto ECONAUTAS, una iniciativa impulsada por la Fundaci\u00f3n Caja de Burgos para promover la educaci\u00f3n ambiental y el compromiso social entre el alumnado del Colegio Aurelio G\u00f3mez Escolar y el Colegio Virgen de la Rosa. El proyecto ECONAUTAS se articula a trav\u00e9s de tres retos ecol\u00f3gicos que se desarrollan en los mercados municipales y comercios de la ciudad. <\/p>\n\t\t\t\t\t\t\t\t\t\t\t\t\t\t\t\t\t\t\t\t\t\t                                                            <div class=\"btn-wraper\">\n                                    \n                                                                            <a class=\"elementskit-btn whitespace--normal\" id=\"\" href=\"https:\/\/fecburgos.com\/index.php\/archivos\/21737\">\n                                        \t                                            Leer m\u00e1s                                        <\/a>\n                                                                    <\/div>\n                                                    <\/div><!-- .elementskit-post-body END -->\n                    <\/div>\n                \n            <\/div>\n                    <div class=\"col-lg-4 col-md-6\">\n\n                                    <div class=\"elementskit-post-image-card\">\n                        <div class=\"elementskit-entry-header\">\n                                                            <a href=\"https:\/\/fecburgos.com\/index.php\/archivos\/21716\" class=\"elementskit-entry-thumb\">\n                                    <img decoding=\"async\" src=\"https:\/\/fecburgos.com\/wp-content\/uploads\/2025\/11\/sorteomercadonortenavidad-768x1024.png\" alt=\"La Navidad llega con premio al Mercado Norte: comprar como siempre, ganar como nunca\">\n                                <\/a><!-- .elementskit-entry-thumb END -->\n                                                            \n                            \n\t\t\t\t\t\t\t\t\t\t\t\t\t<\/div><!-- .elementskit-entry-header END -->\n\n\t\t\t\t\t\t<div class=\"elementskit-post-body \">\n\t\t\t\t\t\t\t\n\t\t\t\t\t\t\t\t\t\t\t\t\t\t\t\t\t\t\t\t\t\t\t\t\t\t\t\t<div class=\"post-meta-list\">\n\t\t\t\t\t\t\t\t\t\t\t\t\t\t\t\t\t\t\t\t\t\t\t\t\t\t\t\t\t\t\t\t<span class=\"meta-date\">\n\t\t\t\t\t\t\t\t\t\t<i aria-hidden=\"true\" class=\"icon icon-calendar3\"><\/i>\t\t\t\t\t\t\t\t\t\t<span class=\"meta-date-text\">\n\t\t\t\t\t\t\t\t\t\t\tnoviembre 20, 2025\t\t\t\t\t\t\t\t\t\t<\/span>\n\t\t\t\t\t\t\t\t\t<\/span>\n\t\t\t\t\t\t\t\t\t\t\t\t\t\t\t\t\t\t\t\t\t\t\t\t\t\t\t\t\t\t\t\t\t\t\t\t\t\t\t\t\t\t\t\t\t\t\t\t\t\t\t\t\t\t\t\t\t\t\t\t\t\t\t\t<span class=\"post-cat\">\n\t\t\t\t\t\t\t\t\t\t\t\t\t\t\t\t\t\t\t\t<a href=\"https:\/\/fecburgos.com\/index.php\/archivos\/category\/concurso\" rel=\"category tag\">Concurso<\/a>\t\t\t\t\t\t\t\t\t<\/span>\n\t\t\t\t\t\t\t\t\t\t\t\t\t\t\t\t\t\t\t\t\t\t\t\t\t\t\t\t\t<\/div>\n\t\t\t\t\t\t\t\t\t\t\t\t\t\n\t\t\t\t\t\t\t\t\n\t\t\t\t\t\t\t\t\t\t\t\t\t\t\t\t\t\t\t\t\t<h2 class=\"entry-title\">\n\t\t\t\t\t<a href=\"https:\/\/fecburgos.com\/index.php\/archivos\/21716\">\n\t\t\t\t\t\tLa Navidad llega con premio al Mercado Norte: comprar como siempre, ganar como nunca\t\t\t\t\t<\/a>\n\t\t\t\t<\/h2>\n\t\t\t\t\t\t\t\t\t\t\t\t\t\t\t\t\t\t\t\t\t\t\t\t\t\t\t\t\t\t\t\t\t\t\t\t\t\t\t\t\t\t<p>Desde la Federaci\u00f3n de Empresarios de Comercio de Burgos queremos compartir una iniciativa muy especial puesta en marcha por la Asociaci\u00f3n de Empresarios del Mercado Norte: la campa\u00f1a de promoci\u00f3n comercial \u201cLa Navidad llega con PREMIO a tu mercado de confianza.<\/p>\n\t\t\t\t\t\t\t\t\t\t\t\t\t\t\t\t\t\t\t\t\t\t                                                            <div class=\"btn-wraper\">\n                                    \n                                                                            <a class=\"elementskit-btn whitespace--normal\" id=\"\" href=\"https:\/\/fecburgos.com\/index.php\/archivos\/21716\">\n                                        \t                                            Leer m\u00e1s                                        <\/a>\n                                                                    <\/div>\n                                                    <\/div><!-- .elementskit-post-body END -->\n                    <\/div>\n                \n            <\/div>\n                    <div class=\"col-lg-4 col-md-6\">\n\n                                    <div class=\"elementskit-post-image-card\">\n                        <div class=\"elementskit-entry-header\">\n                                                            <a href=\"https:\/\/fecburgos.com\/index.php\/archivos\/21698\" class=\"elementskit-entry-thumb\">\n                                    <img decoding=\"async\" src=\"https:\/\/fecburgos.com\/wp-content\/uploads\/2025\/11\/programavolver-768x1024.png\" alt=\"Programa \u201cVolver Castilla y Le\u00f3n\u201d: retorno de talento a la Comunidad\">\n                                <\/a><!-- .elementskit-entry-thumb END -->\n                                                            \n                            \n\t\t\t\t\t\t\t\t\t\t\t\t\t<\/div><!-- .elementskit-entry-header END -->\n\n\t\t\t\t\t\t<div class=\"elementskit-post-body \">\n\t\t\t\t\t\t\t\n\t\t\t\t\t\t\t\t\t\t\t\t\t\t\t\t\t\t\t\t\t\t\t\t\t\t\t\t<div class=\"post-meta-list\">\n\t\t\t\t\t\t\t\t\t\t\t\t\t\t\t\t\t\t\t\t\t\t\t\t\t\t\t\t\t\t\t\t<span class=\"meta-date\">\n\t\t\t\t\t\t\t\t\t\t<i aria-hidden=\"true\" class=\"icon icon-calendar3\"><\/i>\t\t\t\t\t\t\t\t\t\t<span class=\"meta-date-text\">\n\t\t\t\t\t\t\t\t\t\t\tnoviembre 19, 2025\t\t\t\t\t\t\t\t\t\t<\/span>\n\t\t\t\t\t\t\t\t\t<\/span>\n\t\t\t\t\t\t\t\t\t\t\t\t\t\t\t\t\t\t\t\t\t\t\t\t\t\t\t\t\t\t\t\t\t\t\t\t\t\t\t\t\t\t\t\t\t\t\t\t\t\t\t\t\t\t\t\t\t\t\t\t\t\t\t\t<span class=\"post-cat\">\n\t\t\t\t\t\t\t\t\t\t\t\t\t\t\t\t\t\t\t\t<a href=\"https:\/\/fecburgos.com\/index.php\/archivos\/category\/noticia\" rel=\"category tag\">Noticia<\/a>\t\t\t\t\t\t\t\t\t<\/span>\n\t\t\t\t\t\t\t\t\t\t\t\t\t\t\t\t\t\t\t\t\t\t\t\t\t\t\t\t\t<\/div>\n\t\t\t\t\t\t\t\t\t\t\t\t\t\n\t\t\t\t\t\t\t\t\n\t\t\t\t\t\t\t\t\t\t\t\t\t\t\t\t\t\t\t\t\t<h2 class=\"entry-title\">\n\t\t\t\t\t<a href=\"https:\/\/fecburgos.com\/index.php\/archivos\/21698\">\n\t\t\t\t\t\tPrograma \u201cVolver Castilla y Le\u00f3n\u201d: retorno de talento a la Comunidad\t\t\t\t\t<\/a>\n\t\t\t\t<\/h2>\n\t\t\t\t\t\t\t\t\t\t\t\t\t\t\t\t\t\t\t\t\t\t\t\t\t\t\t\t\t\t\t\t\t\t\t\t\t\t\t\t\t\t<p>El Programa \u201cVolver Castilla y Le\u00f3n\u201d, impulsado por la Junta de Castilla y Le\u00f3n en colaboraci\u00f3n con CEOE Castilla y Le\u00f3n, tiene como objetivo facilitar el retorno de castellanos y leoneses que actualmente residen fuera de la Comunidad y fomentar la creaci\u00f3n de empleo. Esta iniciativa estar\u00e1 vigente\u2026<\/p>\n\t\t\t\t\t\t\t\t\t\t\t\t\t\t\t\t\t\t\t\t\t\t                                                            <div class=\"btn-wraper\">\n                                    \n                                                                            <a class=\"elementskit-btn whitespace--normal\" id=\"\" href=\"https:\/\/fecburgos.com\/index.php\/archivos\/21698\">\n                                        \t                                            Leer m\u00e1s                                        <\/a>\n                                                                    <\/div>\n                                                    <\/div><!-- .elementskit-post-body END -->\n                    <\/div>\n                \n            <\/div>\n                    <div class=\"col-lg-4 col-md-6\">\n\n                                    <div class=\"elementskit-post-image-card\">\n                        <div class=\"elementskit-entry-header\">\n                                                            <a href=\"https:\/\/fecburgos.com\/index.php\/archivos\/21572\" class=\"elementskit-entry-thumb\">\n                                    <img decoding=\"async\" src=\"https:\/\/fecburgos.com\/wp-content\/uploads\/2025\/11\/Carrera-768x1024.png\" alt=\"Concurso \u201c#MUESTRACASA\u201d carrera \u201cCiudades contra el C\u00e1ncer de P\u00e1ncreas\u201d\">\n                                <\/a><!-- .elementskit-entry-thumb END -->\n                                                            \n                            \n\t\t\t\t\t\t\t\t\t\t\t\t\t<\/div><!-- .elementskit-entry-header END -->\n\n\t\t\t\t\t\t<div class=\"elementskit-post-body \">\n\t\t\t\t\t\t\t\n\t\t\t\t\t\t\t\t\t\t\t\t\t\t\t\t\t\t\t\t\t\t\t\t\t\t\t\t<div class=\"post-meta-list\">\n\t\t\t\t\t\t\t\t\t\t\t\t\t\t\t\t\t\t\t\t\t\t\t\t\t\t\t\t\t\t\t\t<span class=\"meta-date\">\n\t\t\t\t\t\t\t\t\t\t<i aria-hidden=\"true\" class=\"icon icon-calendar3\"><\/i>\t\t\t\t\t\t\t\t\t\t<span class=\"meta-date-text\">\n\t\t\t\t\t\t\t\t\t\t\tnoviembre 14, 2025\t\t\t\t\t\t\t\t\t\t<\/span>\n\t\t\t\t\t\t\t\t\t<\/span>\n\t\t\t\t\t\t\t\t\t\t\t\t\t\t\t\t\t\t\t\t\t\t\t\t\t\t\t\t\t\t\t\t\t\t\t\t\t\t\t\t\t\t\t\t\t\t\t\t\t\t\t\t\t\t\t\t\t\t\t\t\t\t\t\t<span class=\"post-cat\">\n\t\t\t\t\t\t\t\t\t\t\t\t\t\t\t\t\t\t\t\t<a href=\"https:\/\/fecburgos.com\/index.php\/archivos\/category\/concurso\" rel=\"category tag\">Concurso<\/a>\t\t\t\t\t\t\t\t\t<\/span>\n\t\t\t\t\t\t\t\t\t\t\t\t\t\t\t\t\t\t\t\t\t\t\t\t\t\t\t\t\t<\/div>\n\t\t\t\t\t\t\t\t\t\t\t\t\t\n\t\t\t\t\t\t\t\t\n\t\t\t\t\t\t\t\t\t\t\t\t\t\t\t\t\t\t\t\t\t<h2 class=\"entry-title\">\n\t\t\t\t\t<a href=\"https:\/\/fecburgos.com\/index.php\/archivos\/21572\">\n\t\t\t\t\t\tConcurso \u201c#MUESTRACASA\u201d carrera \u201cCiudades contra el C\u00e1ncer de P\u00e1ncreas\u201d\t\t\t\t\t<\/a>\n\t\t\t\t<\/h2>\n\t\t\t\t\t\t\t\t\t\t\t\t\t\t\t\t\t\t\t\t\t\t\t\t\t\t\t\t\t\t\t\t\t\t\t\t\t\t\t\t\t\t<p>La Federaci\u00f3n de Empresarios de Comercio de Burgos (FEC Burgos) se suma este a\u00f1o a la carrera solidaria \u201cCiudades contra el C\u00e1ncer de P\u00e1ncreas\u201d en Burgos con una propuesta que une deporte, salud y comercio de proximidad.  Coincidiendo con la prueba\u2026<\/p>\n\t\t\t\t\t\t\t\t\t\t\t\t\t\t\t\t\t\t\t\t\t\t                                                            <div class=\"btn-wraper\">\n                                    \n                                                                            <a class=\"elementskit-btn whitespace--normal\" id=\"\" href=\"https:\/\/fecburgos.com\/index.php\/archivos\/21572\">\n                                        \t                                            Leer m\u00e1s                                        <\/a>\n                                                                    <\/div>\n                                                    <\/div><!-- .elementskit-post-body END -->\n                    <\/div>\n                \n            <\/div>\n                    <div class=\"col-lg-4 col-md-6\">\n\n                                    <div class=\"elementskit-post-image-card\">\n                        <div class=\"elementskit-entry-header\">\n                                                            <a href=\"https:\/\/fecburgos.com\/index.php\/archivos\/21216\" class=\"elementskit-entry-thumb\">\n                                    <img decoding=\"async\" src=\"https:\/\/fecburgos.com\/wp-content\/uploads\/2025\/11\/BonosLibreros2025-1-768x1024.png\" alt=\"Bonos \u201cFomento a la Lectura\u201d: una iniciativa para acercar los libros a los ni\u00f1os y ni\u00f1as de Burgos\">\n                                <\/a><!-- .elementskit-entry-thumb END -->\n                                                            \n                            \n\t\t\t\t\t\t\t\t\t\t\t\t\t<\/div><!-- .elementskit-entry-header END -->\n\n\t\t\t\t\t\t<div class=\"elementskit-post-body \">\n\t\t\t\t\t\t\t\n\t\t\t\t\t\t\t\t\t\t\t\t\t\t\t\t\t\t\t\t\t\t\t\t\t\t\t\t<div class=\"post-meta-list\">\n\t\t\t\t\t\t\t\t\t\t\t\t\t\t\t\t\t\t\t\t\t\t\t\t\t\t\t\t\t\t\t\t<span class=\"meta-date\">\n\t\t\t\t\t\t\t\t\t\t<i aria-hidden=\"true\" class=\"icon icon-calendar3\"><\/i>\t\t\t\t\t\t\t\t\t\t<span class=\"meta-date-text\">\n\t\t\t\t\t\t\t\t\t\t\tnoviembre 11, 2025\t\t\t\t\t\t\t\t\t\t<\/span>\n\t\t\t\t\t\t\t\t\t<\/span>\n\t\t\t\t\t\t\t\t\t\t\t\t\t\t\t\t\t\t\t\t\t\t\t\t\t\t\t\t\t\t\t\t\t\t\t\t\t\t\t\t\t\t\t\t\t\t\t\t\t\t\t\t\t\t\t\t\t\t\t\t\t\t\t\t<span class=\"post-cat\">\n\t\t\t\t\t\t\t\t\t\t\t\t\t\t\t\t\t\t\t\t<a href=\"https:\/\/fecburgos.com\/index.php\/archivos\/category\/noticia\" rel=\"category tag\">Noticia<\/a>\t\t\t\t\t\t\t\t\t<\/span>\n\t\t\t\t\t\t\t\t\t\t\t\t\t\t\t\t\t\t\t\t\t\t\t\t\t\t\t\t\t<\/div>\n\t\t\t\t\t\t\t\t\t\t\t\t\t\n\t\t\t\t\t\t\t\t\n\t\t\t\t\t\t\t\t\t\t\t\t\t\t\t\t\t\t\t\t\t<h2 class=\"entry-title\">\n\t\t\t\t\t<a href=\"https:\/\/fecburgos.com\/index.php\/archivos\/21216\">\n\t\t\t\t\t\tBonos \u201cFomento a la Lectura\u201d: una iniciativa para acercar los libros a los ni\u00f1os y ni\u00f1as de Burgos\t\t\t\t\t<\/a>\n\t\t\t\t<\/h2>\n\t\t\t\t\t\t\t\t\t\t\t\t\t\t\t\t\t\t\t\t\t\t\t\t\t\t\t\t\t\t\t\t\t\t\t\t\t\t\t\t\t\t<p>El Ayuntamiento de Burgos, a trav\u00e9s de la Gerencia Municipal de Cultura y Turismo y en el marco del convenio con la Asociaci\u00f3n Provincial de Libreros de Burgos, ha puesto en marcha una nueva Campa\u00f1a de Bonos de Fomento a la Lectura. Esta iniciativa, que se desarrollar\u00e1\u2026<\/p>\n\t\t\t\t\t\t\t\t\t\t\t\t\t\t\t\t\t\t\t\t\t\t                                                            <div class=\"btn-wraper\">\n                                    \n                                                                            <a class=\"elementskit-btn whitespace--normal\" id=\"\" href=\"https:\/\/fecburgos.com\/index.php\/archivos\/21216\">\n                                        \t                                            Leer m\u00e1s                                        <\/a>\n                                                                    <\/div>\n                                                    <\/div><!-- .elementskit-post-body END -->\n                    <\/div>\n                \n            <\/div>\n                    <div class=\"col-lg-4 col-md-6\">\n\n                                    <div class=\"elementskit-post-image-card\">\n                        <div class=\"elementskit-entry-header\">\n                                                            <a href=\"https:\/\/fecburgos.com\/index.php\/archivos\/21101\" class=\"elementskit-entry-thumb\">\n                                    <img decoding=\"async\" src=\"https:\/\/fecburgos.com\/wp-content\/uploads\/2025\/11\/RuedaPrensaMuestraCasa-1-768x1024.png\" alt=\"Inauguraci\u00f3n de MUESTRACASA en Burgos: el comercio de interiorismo sale a la calle\">\n                                <\/a><!-- .elementskit-entry-thumb END -->\n                                                            \n                            \n\t\t\t\t\t\t\t\t\t\t\t\t\t<\/div><!-- .elementskit-entry-header END -->\n\n\t\t\t\t\t\t<div class=\"elementskit-post-body \">\n\t\t\t\t\t\t\t\n\t\t\t\t\t\t\t\t\t\t\t\t\t\t\t\t\t\t\t\t\t\t\t\t\t\t\t\t<div class=\"post-meta-list\">\n\t\t\t\t\t\t\t\t\t\t\t\t\t\t\t\t\t\t\t\t\t\t\t\t\t\t\t\t\t\t\t\t<span class=\"meta-date\">\n\t\t\t\t\t\t\t\t\t\t<i aria-hidden=\"true\" class=\"icon icon-calendar3\"><\/i>\t\t\t\t\t\t\t\t\t\t<span class=\"meta-date-text\">\n\t\t\t\t\t\t\t\t\t\t\tnoviembre 11, 2025\t\t\t\t\t\t\t\t\t\t<\/span>\n\t\t\t\t\t\t\t\t\t<\/span>\n\t\t\t\t\t\t\t\t\t\t\t\t\t\t\t\t\t\t\t\t\t\t\t\t\t\t\t\t\t\t\t\t\t\t\t\t\t\t\t\t\t\t\t\t\t\t\t\t\t\t\t\t\t\t\t\t\t\t\t\t\t\t\t\t<span class=\"post-cat\">\n\t\t\t\t\t\t\t\t\t\t\t\t\t\t\t\t\t\t\t\t<a href=\"https:\/\/fecburgos.com\/index.php\/archivos\/category\/evento\" rel=\"category tag\">Evento<\/a>\t\t\t\t\t\t\t\t\t<\/span>\n\t\t\t\t\t\t\t\t\t\t\t\t\t\t\t\t\t\t\t\t\t\t\t\t\t\t\t\t\t<\/div>\n\t\t\t\t\t\t\t\t\t\t\t\t\t\n\t\t\t\t\t\t\t\t\n\t\t\t\t\t\t\t\t\t\t\t\t\t\t\t\t\t\t\t\t\t<h2 class=\"entry-title\">\n\t\t\t\t\t<a href=\"https:\/\/fecburgos.com\/index.php\/archivos\/21101\">\n\t\t\t\t\t\tInauguraci\u00f3n de MUESTRACASA en Burgos: el comercio de interiorismo sale a la calle\t\t\t\t\t<\/a>\n\t\t\t\t<\/h2>\n\t\t\t\t\t\t\t\t\t\t\t\t\t\t\t\t\t\t\t\t\t\t\t\t\t\t\t\t\t\t\t\t\t\t\t\t\t\t\t\t\t\t<p>El pasado viernes, d\u00eda 6 de noviembre, se inaugur\u00f3 en Burgos la primera edici\u00f3n de la muestra de interiorismo MUESTRACASA, organizada por la Federaci\u00f3n de Empresarios de Comercio de Burgos (FEC) con la colaboraci\u00f3n del Ayuntamiento de Burgos, un evento pensado para poner en valor el comercio local del equipamiento del hogar, la decoraci\u00f3n, el mobiliario y los servicios especializados que ofrece la ciudad.<\/p>\n\t\t\t\t\t\t\t\t\t\t\t\t\t\t\t\t\t\t\t\t\t\t                                                            <div class=\"btn-wraper\">\n                                    \n                                                                            <a class=\"elementskit-btn whitespace--normal\" id=\"\" href=\"https:\/\/fecburgos.com\/index.php\/archivos\/21101\">\n                                        \t                                            Leer m\u00e1s                                        <\/a>\n                                                                    <\/div>\n                                                    <\/div><!-- .elementskit-post-body END -->\n                    <\/div>\n                \n            <\/div>\n                    <div class=\"col-lg-4 col-md-6\">\n\n                                    <div class=\"elementskit-post-image-card\">\n                        <div class=\"elementskit-entry-header\">\n                                                            <a href=\"https:\/\/fecburgos.com\/index.php\/archivos\/21080\" class=\"elementskit-entry-thumb\">\n                                    <img decoding=\"async\" src=\"https:\/\/fecburgos.com\/wp-content\/uploads\/2025\/11\/BonosBurgos-819x1024.png\" alt=\"Campa\u00f1a Bonos Burgos 2025\">\n                                <\/a><!-- .elementskit-entry-thumb END -->\n                                                            \n                            \n\t\t\t\t\t\t\t\t\t\t\t\t\t<\/div><!-- .elementskit-entry-header END -->\n\n\t\t\t\t\t\t<div class=\"elementskit-post-body \">\n\t\t\t\t\t\t\t\n\t\t\t\t\t\t\t\t\t\t\t\t\t\t\t\t\t\t\t\t\t\t\t\t\t\t\t\t<div class=\"post-meta-list\">\n\t\t\t\t\t\t\t\t\t\t\t\t\t\t\t\t\t\t\t\t\t\t\t\t\t\t\t\t\t\t\t\t<span class=\"meta-date\">\n\t\t\t\t\t\t\t\t\t\t<i aria-hidden=\"true\" class=\"icon icon-calendar3\"><\/i>\t\t\t\t\t\t\t\t\t\t<span class=\"meta-date-text\">\n\t\t\t\t\t\t\t\t\t\t\tnoviembre 10, 2025\t\t\t\t\t\t\t\t\t\t<\/span>\n\t\t\t\t\t\t\t\t\t<\/span>\n\t\t\t\t\t\t\t\t\t\t\t\t\t\t\t\t\t\t\t\t\t\t\t\t\t\t\t\t\t\t\t\t\t\t\t\t\t\t\t\t\t\t\t\t\t\t\t\t\t\t\t\t\t\t\t\t\t\t\t\t\t\t\t\t<span class=\"post-cat\">\n\t\t\t\t\t\t\t\t\t\t\t\t\t\t\t\t\t\t\t\t<a href=\"https:\/\/fecburgos.com\/index.php\/archivos\/category\/noticia\" rel=\"category tag\">Noticia<\/a>\t\t\t\t\t\t\t\t\t<\/span>\n\t\t\t\t\t\t\t\t\t\t\t\t\t\t\t\t\t\t\t\t\t\t\t\t\t\t\t\t\t<\/div>\n\t\t\t\t\t\t\t\t\t\t\t\t\t\n\t\t\t\t\t\t\t\t\n\t\t\t\t\t\t\t\t\t\t\t\t\t\t\t\t\t\t\t\t\t<h2 class=\"entry-title\">\n\t\t\t\t\t<a href=\"https:\/\/fecburgos.com\/index.php\/archivos\/21080\">\n\t\t\t\t\t\tCampa\u00f1a Bonos Burgos 2025\t\t\t\t\t<\/a>\n\t\t\t\t<\/h2>\n\t\t\t\t\t\t\t\t\t\t\t\t\t\t\t\t\t\t\t\t\t\t\t\t\t\t\t\t\t\t\t\t\t\t\t\t\t\t\t\t\t\t<p>\u00a1\u00a1\u00a1\u00a1Los establecimientos interesados en participar en la campa\u00f1a ya han empezado a adherirse a la misma!!!!<br>\n\u2022\tLa venta de bonos comenzar\u00e1 el d\u00eda 12 de noviembre a las 10:00 horas.<br>\n\u2022\tEl plazo para la compra y canje de Bonos Burgos Comercio y Bonos Burgos Hosteler\u00eda ser\u00e1 del 12 de noviembre al 10 de diciembre de 2025.<\/p>\n<p>La campa\u00f1a de bonos consta de dos l\u00edneas:<\/p>\n<p>1.-\u00a0Bonos comercio<\/p>\n<p>2.-\u00a0Bonos hosteler\u00eda<\/p>\n\t\t\t\t\t\t\t\t\t\t\t\t\t\t\t\t\t\t\t\t\t\t                                                            <div class=\"btn-wraper\">\n                                    \n                                                                            <a class=\"elementskit-btn whitespace--normal\" id=\"\" href=\"https:\/\/fecburgos.com\/index.php\/archivos\/21080\">\n                                        \t                                            Leer m\u00e1s                                        <\/a>\n                                                                    <\/div>\n                                                    <\/div><!-- .elementskit-post-body END -->\n                    <\/div>\n                \n            <\/div>\n                    <div class=\"col-lg-4 col-md-6\">\n\n                                    <div class=\"elementskit-post-image-card\">\n                        <div class=\"elementskit-entry-header\">\n                                                            <a href=\"https:\/\/fecburgos.com\/index.php\/archivos\/20698\" class=\"elementskit-entry-thumb\">\n                                    <img decoding=\"async\" src=\"https:\/\/fecburgos.com\/wp-content\/uploads\/2025\/11\/muestracasablog-819x1024.png\" alt=\"MUESTRACASA viste la ciudad de interiorismo\">\n                                <\/a><!-- .elementskit-entry-thumb END -->\n                                                            \n                            \n\t\t\t\t\t\t\t\t\t\t\t\t\t<\/div><!-- .elementskit-entry-header END -->\n\n\t\t\t\t\t\t<div class=\"elementskit-post-body \">\n\t\t\t\t\t\t\t\n\t\t\t\t\t\t\t\t\t\t\t\t\t\t\t\t\t\t\t\t\t\t\t\t\t\t\t\t<div class=\"post-meta-list\">\n\t\t\t\t\t\t\t\t\t\t\t\t\t\t\t\t\t\t\t\t\t\t\t\t\t\t\t\t\t\t\t\t<span class=\"meta-date\">\n\t\t\t\t\t\t\t\t\t\t<i aria-hidden=\"true\" class=\"icon icon-calendar3\"><\/i>\t\t\t\t\t\t\t\t\t\t<span class=\"meta-date-text\">\n\t\t\t\t\t\t\t\t\t\t\tnoviembre 4, 2025\t\t\t\t\t\t\t\t\t\t<\/span>\n\t\t\t\t\t\t\t\t\t<\/span>\n\t\t\t\t\t\t\t\t\t\t\t\t\t\t\t\t\t\t\t\t\t\t\t\t\t\t\t\t\t\t\t\t\t\t\t\t\t\t\t\t\t\t\t\t\t\t\t\t\t\t\t\t\t\t\t\t\t\t\t\t\t\t\t\t<span class=\"post-cat\">\n\t\t\t\t\t\t\t\t\t\t\t\t\t\t\t\t\t\t\t\t<a href=\"https:\/\/fecburgos.com\/index.php\/archivos\/category\/evento\" rel=\"category tag\">Evento<\/a>\t\t\t\t\t\t\t\t\t<\/span>\n\t\t\t\t\t\t\t\t\t\t\t\t\t\t\t\t\t\t\t\t\t\t\t\t\t\t\t\t\t<\/div>\n\t\t\t\t\t\t\t\t\t\t\t\t\t\n\t\t\t\t\t\t\t\t\n\t\t\t\t\t\t\t\t\t\t\t\t\t\t\t\t\t\t\t\t\t<h2 class=\"entry-title\">\n\t\t\t\t\t<a href=\"https:\/\/fecburgos.com\/index.php\/archivos\/20698\">\n\t\t\t\t\t\tMUESTRACASA viste la ciudad de interiorismo\t\t\t\t\t<\/a>\n\t\t\t\t<\/h2>\n\t\t\t\t\t\t\t\t\t\t\t\t\t\t\t\t\t\t\t\t\t\t\t\t\t\t\t\t\t\t\t\t\t\t\t\t\t\t\t\t\t\t<p>Del 7 al 16 de noviembre, el Paseo de Atapuerca se convertir\u00e1 en un gran escaparate del talento comercial de Burgos. MuestraCasa, una iniciativa organizada por la Federaci\u00f3n de Comercio de Burgos con la colaboraci\u00f3n del Ayuntamiento de Burgos, llega por primera vez para dar visibilidad al comercio local del sector del equipamiento del hogar\u2026<\/p>\n\t\t\t\t\t\t\t\t\t\t\t\t\t\t\t\t\t\t\t\t\t\t                                                            <div class=\"btn-wraper\">\n                                    \n                                                                            <a class=\"elementskit-btn whitespace--normal\" id=\"\" href=\"https:\/\/fecburgos.com\/index.php\/archivos\/20698\">\n                                        \t                                            Leer m\u00e1s                                        <\/a>\n                                                                    <\/div>\n                                                    <\/div><!-- .elementskit-post-body END -->\n                    <\/div>\n                \n            <\/div>\n                    <div class=\"col-lg-4 col-md-6\">\n\n                                    <div class=\"elementskit-post-image-card\">\n                        <div class=\"elementskit-entry-header\">\n                                                            <a href=\"https:\/\/fecburgos.com\/index.php\/archivos\/20427\" class=\"elementskit-entry-thumb\">\n                                    <img decoding=\"async\" src=\"https:\/\/fecburgos.com\/wp-content\/uploads\/2025\/10\/JornadaLeycomercio-819x1024.png\" alt=\"Jornada formativa sobre la \u201cLey de Comercio para Comercios Minoristas\u201d\">\n                                <\/a><!-- .elementskit-entry-thumb END -->\n                                                            \n                            \n\t\t\t\t\t\t\t\t\t\t\t\t\t<\/div><!-- .elementskit-entry-header END -->\n\n\t\t\t\t\t\t<div class=\"elementskit-post-body \">\n\t\t\t\t\t\t\t\n\t\t\t\t\t\t\t\t\t\t\t\t\t\t\t\t\t\t\t\t\t\t\t\t\t\t\t\t<div class=\"post-meta-list\">\n\t\t\t\t\t\t\t\t\t\t\t\t\t\t\t\t\t\t\t\t\t\t\t\t\t\t\t\t\t\t\t\t<span class=\"meta-date\">\n\t\t\t\t\t\t\t\t\t\t<i aria-hidden=\"true\" class=\"icon icon-calendar3\"><\/i>\t\t\t\t\t\t\t\t\t\t<span class=\"meta-date-text\">\n\t\t\t\t\t\t\t\t\t\t\toctubre 30, 2025\t\t\t\t\t\t\t\t\t\t<\/span>\n\t\t\t\t\t\t\t\t\t<\/span>\n\t\t\t\t\t\t\t\t\t\t\t\t\t\t\t\t\t\t\t\t\t\t\t\t\t\t\t\t\t\t\t\t\t\t\t\t\t\t\t\t\t\t\t\t\t\t\t\t\t\t\t\t\t\t\t\t\t\t\t\t\t\t\t\t<span class=\"post-cat\">\n\t\t\t\t\t\t\t\t\t\t\t\t\t\t\t\t\t\t\t\t<a href=\"https:\/\/fecburgos.com\/index.php\/archivos\/category\/noticia\" rel=\"category tag\">Noticia<\/a>\t\t\t\t\t\t\t\t\t<\/span>\n\t\t\t\t\t\t\t\t\t\t\t\t\t\t\t\t\t\t\t\t\t\t\t\t\t\t\t\t\t<\/div>\n\t\t\t\t\t\t\t\t\t\t\t\t\t\n\t\t\t\t\t\t\t\t\n\t\t\t\t\t\t\t\t\t\t\t\t\t\t\t\t\t\t\t\t\t<h2 class=\"entry-title\">\n\t\t\t\t\t<a href=\"https:\/\/fecburgos.com\/index.php\/archivos\/20427\">\n\t\t\t\t\t\tJornada formativa sobre la \u201cLey de Comercio para Comercios Minoristas\u201d\t\t\t\t\t<\/a>\n\t\t\t\t<\/h2>\n\t\t\t\t\t\t\t\t\t\t\t\t\t\t\t\t\t\t\t\t\t\t\t\t\t\t\t\t\t\t\t\t\t\t\t\t\t\t\t\t\t\t<p>La Federaci\u00f3n de Empresarios de Comercio de Burgos (FEC) ha celebrado en su sede una nueva jornada formativa bajo el t\u00edtulo \u201cLey de Comercio para Comercios Minoristas\u201d, una sesi\u00f3n destinada a ayudar a los comerciantes a conocer de forma clara, actualizada y \u00fatil la normativa que regula su actividad.<\/p>\n\t\t\t\t\t\t\t\t\t\t\t\t\t\t\t\t\t\t\t\t\t\t                                                            <div class=\"btn-wraper\">\n                                    \n                                                                            <a class=\"elementskit-btn whitespace--normal\" id=\"\" href=\"https:\/\/fecburgos.com\/index.php\/archivos\/20427\">\n                                        \t                                            Leer m\u00e1s                                        <\/a>\n                                                                    <\/div>\n                                                    <\/div><!-- .elementskit-post-body END -->\n                    <\/div>\n                \n            <\/div>\n                    <div class=\"col-lg-4 col-md-6\">\n\n                                    <div class=\"elementskit-post-image-card\">\n                        <div class=\"elementskit-entry-header\">\n                                                            <a href=\"https:\/\/fecburgos.com\/index.php\/archivos\/20401\" class=\"elementskit-entry-thumb\">\n                                    <img decoding=\"async\" src=\"https:\/\/fecburgos.com\/wp-content\/uploads\/2026\/01\/LogoJuntaTramita-768x1024.png\" alt=\"XVIII Edici\u00f3n de los Premios de Comercio\u00a0 Tradicional de la Comunidad de Castilla y Le\u00f3n\">\n                                <\/a><!-- .elementskit-entry-thumb END -->\n                                                            \n                            \n\t\t\t\t\t\t\t\t\t\t\t\t\t<\/div><!-- .elementskit-entry-header END -->\n\n\t\t\t\t\t\t<div class=\"elementskit-post-body \">\n\t\t\t\t\t\t\t\n\t\t\t\t\t\t\t\t\t\t\t\t\t\t\t\t\t\t\t\t\t\t\t\t\t\t\t\t<div class=\"post-meta-list\">\n\t\t\t\t\t\t\t\t\t\t\t\t\t\t\t\t\t\t\t\t\t\t\t\t\t\t\t\t\t\t\t\t<span class=\"meta-date\">\n\t\t\t\t\t\t\t\t\t\t<i aria-hidden=\"true\" class=\"icon icon-calendar3\"><\/i>\t\t\t\t\t\t\t\t\t\t<span class=\"meta-date-text\">\n\t\t\t\t\t\t\t\t\t\t\toctubre 30, 2025\t\t\t\t\t\t\t\t\t\t<\/span>\n\t\t\t\t\t\t\t\t\t<\/span>\n\t\t\t\t\t\t\t\t\t\t\t\t\t\t\t\t\t\t\t\t\t\t\t\t\t\t\t\t\t\t\t\t\t\t\t\t\t\t\t\t\t\t\t\t\t\t\t\t\t\t\t\t\t\t\t\t\t\t\t\t\t\t\t\t<span class=\"post-cat\">\n\t\t\t\t\t\t\t\t\t\t\t\t\t\t\t\t\t\t\t\t<a href=\"https:\/\/fecburgos.com\/index.php\/archivos\/category\/noticia\" rel=\"category tag\">Noticia<\/a>\t\t\t\t\t\t\t\t\t<\/span>\n\t\t\t\t\t\t\t\t\t\t\t\t\t\t\t\t\t\t\t\t\t\t\t\t\t\t\t\t\t<\/div>\n\t\t\t\t\t\t\t\t\t\t\t\t\t\n\t\t\t\t\t\t\t\t\n\t\t\t\t\t\t\t\t\t\t\t\t\t\t\t\t\t\t\t\t\t<h2 class=\"entry-title\">\n\t\t\t\t\t<a href=\"https:\/\/fecburgos.com\/index.php\/archivos\/20401\">\n\t\t\t\t\t\tXVIII Edici\u00f3n de los Premios de Comercio\u00a0 Tradicional de la Comunidad de Castilla y Le\u00f3n\t\t\t\t\t<\/a>\n\t\t\t\t<\/h2>\n\t\t\t\t\t\t\t\t\t\t\t\t\t\t\t\t\t\t\t\t\t\t\t\t\t\t\t\t\t\t\t\t\t\t\t\t\t\t\t\t\t\t<p>Se ha publicado en el BOCYL,\u00a0 EXTRACTO de la Orden de 26 de octubre de 2025, de la Consejer\u00eda de Industria, Comercio y Empleo, por la que se convoca la \u00abXVIII Edici\u00f3n de los Premios de Comercio\u00a0 Tradicional de la Comunidad de Castilla y Le\u00f3n\u00bb<\/p>\n\t\t\t\t\t\t\t\t\t\t\t\t\t\t\t\t\t\t\t\t\t\t                                                            <div class=\"btn-wraper\">\n                                    \n                                                                            <a class=\"elementskit-btn whitespace--normal\" id=\"\" href=\"https:\/\/fecburgos.com\/index.php\/archivos\/20401\">\n                                        \t                                            Leer m\u00e1s                                        <\/a>\n                                                                    <\/div>\n                                                    <\/div><!-- .elementskit-post-body END -->\n                    <\/div>\n                \n            <\/div>\n                    <div class=\"col-lg-4 col-md-6\">\n\n                                    <div class=\"elementskit-post-image-card\">\n                        <div class=\"elementskit-entry-header\">\n                                                            <a href=\"https:\/\/fecburgos.com\/index.php\/archivos\/20381\" class=\"elementskit-entry-thumb\">\n                                    <img decoding=\"async\" src=\"https:\/\/fecburgos.com\/wp-content\/uploads\/2025\/10\/HalowenGamonal-819x1024.png\" alt=\"Vampirina apadrina la Fiesta de Halloween en Gamonal \u00a0\">\n                                <\/a><!-- .elementskit-entry-thumb END -->\n                                                            \n                            \n\t\t\t\t\t\t\t\t\t\t\t\t\t<\/div><!-- .elementskit-entry-header END -->\n\n\t\t\t\t\t\t<div class=\"elementskit-post-body \">\n\t\t\t\t\t\t\t\n\t\t\t\t\t\t\t\t\t\t\t\t\t\t\t\t\t\t\t\t\t\t\t\t\t\t\t\t<div class=\"post-meta-list\">\n\t\t\t\t\t\t\t\t\t\t\t\t\t\t\t\t\t\t\t\t\t\t\t\t\t\t\t\t\t\t\t\t<span class=\"meta-date\">\n\t\t\t\t\t\t\t\t\t\t<i aria-hidden=\"true\" class=\"icon icon-calendar3\"><\/i>\t\t\t\t\t\t\t\t\t\t<span class=\"meta-date-text\">\n\t\t\t\t\t\t\t\t\t\t\toctubre 28, 2025\t\t\t\t\t\t\t\t\t\t<\/span>\n\t\t\t\t\t\t\t\t\t<\/span>\n\t\t\t\t\t\t\t\t\t\t\t\t\t\t\t\t\t\t\t\t\t\t\t\t\t\t\t\t\t\t\t\t\t\t\t\t\t\t\t\t\t\t\t\t\t\t\t\t\t\t\t\t\t\t\t\t\t\t\t\t\t\t\t\t<span class=\"post-cat\">\n\t\t\t\t\t\t\t\t\t\t\t\t\t\t\t\t\t\t\t\t<a href=\"https:\/\/fecburgos.com\/index.php\/archivos\/category\/evento\" rel=\"category tag\">Evento<\/a>\t\t\t\t\t\t\t\t\t<\/span>\n\t\t\t\t\t\t\t\t\t\t\t\t\t\t\t\t\t\t\t\t\t\t\t\t\t\t\t\t\t<\/div>\n\t\t\t\t\t\t\t\t\t\t\t\t\t\n\t\t\t\t\t\t\t\t\n\t\t\t\t\t\t\t\t\t\t\t\t\t\t\t\t\t\t\t\t\t<h2 class=\"entry-title\">\n\t\t\t\t\t<a href=\"https:\/\/fecburgos.com\/index.php\/archivos\/20381\">\n\t\t\t\t\t\tVampirina apadrina la Fiesta de Halloween en Gamonal \u00a0\t\t\t\t\t<\/a>\n\t\t\t\t<\/h2>\n\t\t\t\t\t\t\t\t\t\t\t\t\t\t\t\t\t\t\t\t\t\t\t\t\t\t\t\t\t\t\t\t\t\t\t\t\t\t\t\t\t\t<p>La Asociaci\u00f3n de Comerciantes de Gamonal Zona G celebra una nueva edici\u00f3n de la Fiesta de Halloween, con Vampirina como madrina y la participaci\u00f3n de 52 establecimientos del barrio. Los comercios de Gamonal se llenar\u00e1n de ara\u00f1as, calabazas, brujas y zombis creando un ambiente m\u00e1gico y divertido para animar las calles y disfrutar de la noche m\u00e1s terror\u00edfica del a\u00f1o.<\/p>\n\t\t\t\t\t\t\t\t\t\t\t\t\t\t\t\t\t\t\t\t\t\t                                                            <div class=\"btn-wraper\">\n                                    \n                                                                            <a class=\"elementskit-btn whitespace--normal\" id=\"\" href=\"https:\/\/fecburgos.com\/index.php\/archivos\/20381\">\n                                        \t                                            Leer m\u00e1s                                        <\/a>\n                                                                    <\/div>\n                                                    <\/div><!-- .elementskit-post-body END -->\n                    <\/div>\n                \n            <\/div>\n                    <div class=\"col-lg-4 col-md-6\">\n\n                                    <div class=\"elementskit-post-image-card\">\n                        <div class=\"elementskit-entry-header\">\n                                                            <a href=\"https:\/\/fecburgos.com\/index.php\/archivos\/20352\" class=\"elementskit-entry-thumb\">\n                                    <img decoding=\"async\" src=\"https:\/\/fecburgos.com\/wp-content\/uploads\/2025\/10\/Diseno-blog-fec-819x1024.png\" alt=\"MOBU confirma su liderazgo: \u00e9xito de p\u00fablico y escaparate de referencia para el comercio local\">\n                                <\/a><!-- .elementskit-entry-thumb END -->\n                                                            \n                            \n\t\t\t\t\t\t\t\t\t\t\t\t\t<\/div><!-- .elementskit-entry-header END -->\n\n\t\t\t\t\t\t<div class=\"elementskit-post-body \">\n\t\t\t\t\t\t\t\n\t\t\t\t\t\t\t\t\t\t\t\t\t\t\t\t\t\t\t\t\t\t\t\t\t\t\t\t<div class=\"post-meta-list\">\n\t\t\t\t\t\t\t\t\t\t\t\t\t\t\t\t\t\t\t\t\t\t\t\t\t\t\t\t\t\t\t\t<span class=\"meta-date\">\n\t\t\t\t\t\t\t\t\t\t<i aria-hidden=\"true\" class=\"icon icon-calendar3\"><\/i>\t\t\t\t\t\t\t\t\t\t<span class=\"meta-date-text\">\n\t\t\t\t\t\t\t\t\t\t\toctubre 27, 2025\t\t\t\t\t\t\t\t\t\t<\/span>\n\t\t\t\t\t\t\t\t\t<\/span>\n\t\t\t\t\t\t\t\t\t\t\t\t\t\t\t\t\t\t\t\t\t\t\t\t\t\t\t\t\t\t\t\t\t\t\t\t\t\t\t\t\t\t\t\t\t\t\t\t\t\t\t\t\t\t\t\t\t\t\t\t\t\t\t\t<span class=\"post-cat\">\n\t\t\t\t\t\t\t\t\t\t\t\t\t\t\t\t\t\t\t\t<a href=\"https:\/\/fecburgos.com\/index.php\/archivos\/category\/noticia\" rel=\"category tag\">Noticia<\/a>\t\t\t\t\t\t\t\t\t<\/span>\n\t\t\t\t\t\t\t\t\t\t\t\t\t\t\t\t\t\t\t\t\t\t\t\t\t\t\t\t\t<\/div>\n\t\t\t\t\t\t\t\t\t\t\t\t\t\n\t\t\t\t\t\t\t\t\n\t\t\t\t\t\t\t\t\t\t\t\t\t\t\t\t\t\t\t\t\t<h2 class=\"entry-title\">\n\t\t\t\t\t<a href=\"https:\/\/fecburgos.com\/index.php\/archivos\/20352\">\n\t\t\t\t\t\tMOBU confirma su liderazgo: \u00e9xito de p\u00fablico y escaparate de referencia para el comercio local\t\t\t\t\t<\/a>\n\t\t\t\t<\/h2>\n\t\t\t\t\t\t\t\t\t\t\t\t\t\t\t\t\t\t\t\t\t\t\t\t\t\t\t\t\t\t\t\t\t\t\t\t\t\t\t\t\t\t<p>La Federaci\u00f3n de Empresarios de Comercio de Burgos (FEC) cerr\u00f3 el pasado viernes, 24 de octubre, la X edici\u00f3n de MOBU con un lleno absoluto en el Claustro del Monasterio de San Juan y una respuesta entusiasta del p\u00fablico que confirma a la pasarela como la gran cita anual de la moda de proximidad\u2026<\/p>\n\t\t\t\t\t\t\t\t\t\t\t\t\t\t\t\t\t\t\t\t\t\t                                                            <div class=\"btn-wraper\">\n                                    \n                                                                            <a class=\"elementskit-btn whitespace--normal\" id=\"\" href=\"https:\/\/fecburgos.com\/index.php\/archivos\/20352\">\n                                        \t                                            Leer m\u00e1s                                        <\/a>\n                                                                    <\/div>\n                                                    <\/div><!-- .elementskit-post-body END -->\n                    <\/div>\n                \n            <\/div>\n                    <div class=\"col-lg-4 col-md-6\">\n\n                                    <div class=\"elementskit-post-image-card\">\n                        <div class=\"elementskit-entry-header\">\n                                                            <a href=\"https:\/\/fecburgos.com\/index.php\/archivos\/20177\" class=\"elementskit-entry-thumb\">\n                                    <img decoding=\"async\" src=\"https:\/\/fecburgos.com\/wp-content\/uploads\/2025\/10\/CuotaAutonomos-819x1024.png\" alt=\"El comercio celebra que se haya frenado la subida de las cuotas de aut\u00f3nomos\">\n                                <\/a><!-- .elementskit-entry-thumb END -->\n                                                            \n                            \n\t\t\t\t\t\t\t\t\t\t\t\t\t<\/div><!-- .elementskit-entry-header END -->\n\n\t\t\t\t\t\t<div class=\"elementskit-post-body \">\n\t\t\t\t\t\t\t\n\t\t\t\t\t\t\t\t\t\t\t\t\t\t\t\t\t\t\t\t\t\t\t\t\t\t\t\t<div class=\"post-meta-list\">\n\t\t\t\t\t\t\t\t\t\t\t\t\t\t\t\t\t\t\t\t\t\t\t\t\t\t\t\t\t\t\t\t<span class=\"meta-date\">\n\t\t\t\t\t\t\t\t\t\t<i aria-hidden=\"true\" class=\"icon icon-calendar3\"><\/i>\t\t\t\t\t\t\t\t\t\t<span class=\"meta-date-text\">\n\t\t\t\t\t\t\t\t\t\t\toctubre 27, 2025\t\t\t\t\t\t\t\t\t\t<\/span>\n\t\t\t\t\t\t\t\t\t<\/span>\n\t\t\t\t\t\t\t\t\t\t\t\t\t\t\t\t\t\t\t\t\t\t\t\t\t\t\t\t\t\t\t\t\t\t\t\t\t\t\t\t\t\t\t\t\t\t\t\t\t\t\t\t\t\t\t\t\t\t\t\t\t\t\t\t<span class=\"post-cat\">\n\t\t\t\t\t\t\t\t\t\t\t\t\t\t\t\t\t\t\t\t<a href=\"https:\/\/fecburgos.com\/index.php\/archivos\/category\/noticia\" rel=\"category tag\">Noticia<\/a>\t\t\t\t\t\t\t\t\t<\/span>\n\t\t\t\t\t\t\t\t\t\t\t\t\t\t\t\t\t\t\t\t\t\t\t\t\t\t\t\t\t<\/div>\n\t\t\t\t\t\t\t\t\t\t\t\t\t\n\t\t\t\t\t\t\t\t\n\t\t\t\t\t\t\t\t\t\t\t\t\t\t\t\t\t\t\t\t\t<h2 class=\"entry-title\">\n\t\t\t\t\t<a href=\"https:\/\/fecburgos.com\/index.php\/archivos\/20177\">\n\t\t\t\t\t\tEl comercio celebra que se haya frenado la subida de las cuotas de aut\u00f3nomos\t\t\t\t\t<\/a>\n\t\t\t\t<\/h2>\n\t\t\t\t\t\t\t\t\t\t\t\t\t\t\t\t\t\t\t\t\t\t\t\t\t\t\t\t\t\t\t\t\t\t\t\t\t\t\t\t\t\t<p>La Confederaci\u00f3n Espa\u00f1ola de Comercio (CEC) expresa su satisfacci\u00f3n por la paralizaci\u00f3n de la propuesta realizada por parte del Ministerio de Inclusi\u00f3n, Seguridad Social y Migraciones de subir las cuotas de los aut\u00f3nomos para 2026. Una medida que habr\u00eda afectado de forma especialmente grave a los profesionales del comercio\u2026<\/p>\n\t\t\t\t\t\t\t\t\t\t\t\t\t\t\t\t\t\t\t\t\t\t                                                            <div class=\"btn-wraper\">\n                                    \n                                                                            <a class=\"elementskit-btn whitespace--normal\" id=\"\" href=\"https:\/\/fecburgos.com\/index.php\/archivos\/20177\">\n                                        \t                                            Leer m\u00e1s                                        <\/a>\n                                                                    <\/div>\n                                                    <\/div><!-- .elementskit-post-body END -->\n                    <\/div>\n                \n            <\/div>\n                    <div class=\"col-lg-4 col-md-6\">\n\n                                    <div class=\"elementskit-post-image-card\">\n                        <div class=\"elementskit-entry-header\">\n                                                            <a href=\"https:\/\/fecburgos.com\/index.php\/archivos\/20139\" class=\"elementskit-entry-thumb\">\n                                    <img decoding=\"async\" src=\"https:\/\/fecburgos.com\/wp-content\/uploads\/2025\/10\/Ubu-Fashion-film-724x1024.png\" alt=\"\u201cLa UBU est\u00e1 de Moda\u201d: modelos por un d\u00eda para conectar la universidad con el comercio local\">\n                                <\/a><!-- .elementskit-entry-thumb END -->\n                                                            \n                            \n\t\t\t\t\t\t\t\t\t\t\t\t\t<\/div><!-- .elementskit-entry-header END -->\n\n\t\t\t\t\t\t<div class=\"elementskit-post-body \">\n\t\t\t\t\t\t\t\n\t\t\t\t\t\t\t\t\t\t\t\t\t\t\t\t\t\t\t\t\t\t\t\t\t\t\t\t<div class=\"post-meta-list\">\n\t\t\t\t\t\t\t\t\t\t\t\t\t\t\t\t\t\t\t\t\t\t\t\t\t\t\t\t\t\t\t\t<span class=\"meta-date\">\n\t\t\t\t\t\t\t\t\t\t<i aria-hidden=\"true\" class=\"icon icon-calendar3\"><\/i>\t\t\t\t\t\t\t\t\t\t<span class=\"meta-date-text\">\n\t\t\t\t\t\t\t\t\t\t\toctubre 16, 2025\t\t\t\t\t\t\t\t\t\t<\/span>\n\t\t\t\t\t\t\t\t\t<\/span>\n\t\t\t\t\t\t\t\t\t\t\t\t\t\t\t\t\t\t\t\t\t\t\t\t\t\t\t\t\t\t\t\t\t\t\t\t\t\t\t\t\t\t\t\t\t\t\t\t\t\t\t\t\t\t\t\t\t\t\t\t\t\t\t\t<span class=\"post-cat\">\n\t\t\t\t\t\t\t\t\t\t\t\t\t\t\t\t\t\t\t\t<a href=\"https:\/\/fecburgos.com\/index.php\/archivos\/category\/evento\" rel=\"category tag\">Evento<\/a>\t\t\t\t\t\t\t\t\t<\/span>\n\t\t\t\t\t\t\t\t\t\t\t\t\t\t\t\t\t\t\t\t\t\t\t\t\t\t\t\t\t<\/div>\n\t\t\t\t\t\t\t\t\t\t\t\t\t\n\t\t\t\t\t\t\t\t\n\t\t\t\t\t\t\t\t\t\t\t\t\t\t\t\t\t\t\t\t\t<h2 class=\"entry-title\">\n\t\t\t\t\t<a href=\"https:\/\/fecburgos.com\/index.php\/archivos\/20139\">\n\t\t\t\t\t\t\u201cLa UBU est\u00e1 de Moda\u201d: modelos por un d\u00eda para conectar la universidad con el comercio local\t\t\t\t\t<\/a>\n\t\t\t\t<\/h2>\n\t\t\t\t\t\t\t\t\t\t\t\t\t\t\t\t\t\t\t\t\t\t\t\t\t\t\t\t\t\t\t\t\t\t\t\t\t\t\t\t\t\t<p>La Federaci\u00f3n de Empresarios de Comercio de Burgos, en colaboraci\u00f3n con el Ayuntamiento de Burgos y la Universidad de Burgos, celebra el 22 de octubre de 2025 una jornada muy especial en el campus: \u201cLa UBU est\u00e1 de Moda\u201d. <\/p>\n\t\t\t\t\t\t\t\t\t\t\t\t\t\t\t\t\t\t\t\t\t\t                                                            <div class=\"btn-wraper\">\n                                    \n                                                                            <a class=\"elementskit-btn whitespace--normal\" id=\"\" href=\"https:\/\/fecburgos.com\/index.php\/archivos\/20139\">\n                                        \t                                            Leer m\u00e1s                                        <\/a>\n                                                                    <\/div>\n                                                    <\/div><!-- .elementskit-post-body END -->\n                    <\/div>\n                \n            <\/div>\n                    <div class=\"col-lg-4 col-md-6\">\n\n                                    <div class=\"elementskit-post-image-card\">\n                        <div class=\"elementskit-entry-header\">\n                                                            <a href=\"https:\/\/fecburgos.com\/index.php\/archivos\/20123\" class=\"elementskit-entry-thumb\">\n                                    <img decoding=\"async\" src=\"https:\/\/fecburgos.com\/wp-content\/uploads\/2025\/10\/MOBU-2025_CARTEL-final-727x1024.png\" alt=\"MOBU 2025\">\n                                <\/a><!-- .elementskit-entry-thumb END -->\n                                                            \n                            \n\t\t\t\t\t\t\t\t\t\t\t\t\t<\/div><!-- .elementskit-entry-header END -->\n\n\t\t\t\t\t\t<div class=\"elementskit-post-body \">\n\t\t\t\t\t\t\t\n\t\t\t\t\t\t\t\t\t\t\t\t\t\t\t\t\t\t\t\t\t\t\t\t\t\t\t\t<div class=\"post-meta-list\">\n\t\t\t\t\t\t\t\t\t\t\t\t\t\t\t\t\t\t\t\t\t\t\t\t\t\t\t\t\t\t\t\t<span class=\"meta-date\">\n\t\t\t\t\t\t\t\t\t\t<i aria-hidden=\"true\" class=\"icon icon-calendar3\"><\/i>\t\t\t\t\t\t\t\t\t\t<span class=\"meta-date-text\">\n\t\t\t\t\t\t\t\t\t\t\toctubre 15, 2025\t\t\t\t\t\t\t\t\t\t<\/span>\n\t\t\t\t\t\t\t\t\t<\/span>\n\t\t\t\t\t\t\t\t\t\t\t\t\t\t\t\t\t\t\t\t\t\t\t\t\t\t\t\t\t\t\t\t\t\t\t\t\t\t\t\t\t\t\t\t\t\t\t\t\t\t\t\t\t\t\t\t\t\t\t\t\t\t\t\t<span class=\"post-cat\">\n\t\t\t\t\t\t\t\t\t\t\t\t\t\t\t\t\t\t\t\t<a href=\"https:\/\/fecburgos.com\/index.php\/archivos\/category\/evento\" rel=\"category tag\">Evento<\/a>\t\t\t\t\t\t\t\t\t<\/span>\n\t\t\t\t\t\t\t\t\t\t\t\t\t\t\t\t\t\t\t\t\t\t\t\t\t\t\t\t\t<\/div>\n\t\t\t\t\t\t\t\t\t\t\t\t\t\n\t\t\t\t\t\t\t\t\n\t\t\t\t\t\t\t\t\t\t\t\t\t\t\t\t\t\t\t\t\t<h2 class=\"entry-title\">\n\t\t\t\t\t<a href=\"https:\/\/fecburgos.com\/index.php\/archivos\/20123\">\n\t\t\t\t\t\tMOBU 2025\t\t\t\t\t<\/a>\n\t\t\t\t<\/h2>\n\t\t\t\t\t\t\t\t\t\t\t\t\t\t\t\t\t\t\t\t\t\t\t\t\t\t\t\t\t\t\t\t\t\t\t\t\t\t\t\t\t\t<p>La Federaci\u00f3n de Empresarios de Comercio de Burgos \u2013 FEC Burgos, con la colaboraci\u00f3n del Ayuntamiento de Burgos, celebrar\u00e1 el viernes 24 de octubre de 2025, a las 20:00 h, la X edici\u00f3n de MOBU en el Claustro del Monasterio de San Juan.<br>\nDiez ediciones que consolidan a MOBU como la gran cita de la moda burgalesa, con una acogida masiva y entusiasta del p\u00fablico en cada convocatoria.<\/p>\n\t\t\t\t\t\t\t\t\t\t\t\t\t\t\t\t\t\t\t\t\t\t                                                            <div class=\"btn-wraper\">\n                                    \n                                                                            <a class=\"elementskit-btn whitespace--normal\" id=\"\" href=\"https:\/\/fecburgos.com\/index.php\/archivos\/20123\">\n                                        \t                                            Leer m\u00e1s                                        <\/a>\n                                                                    <\/div>\n                                                    <\/div><!-- .elementskit-post-body END -->\n                    <\/div>\n                \n            <\/div>\n                    <div class=\"col-lg-4 col-md-6\">\n\n                                    <div class=\"elementskit-post-image-card\">\n                        <div class=\"elementskit-entry-header\">\n                                                            <a href=\"https:\/\/fecburgos.com\/index.php\/archivos\/20016\" class=\"elementskit-entry-thumb\">\n                                    <img decoding=\"async\" src=\"https:\/\/fecburgos.com\/wp-content\/uploads\/2025\/10\/CARTEL-LEY-DE-COMERCIO-I-819x1024.jpg\" alt=\"Jornada Ley de Comercio para comercios minoristas\">\n                                <\/a><!-- .elementskit-entry-thumb END -->\n                                                            \n                            \n\t\t\t\t\t\t\t\t\t\t\t\t\t<\/div><!-- .elementskit-entry-header END -->\n\n\t\t\t\t\t\t<div class=\"elementskit-post-body \">\n\t\t\t\t\t\t\t\n\t\t\t\t\t\t\t\t\t\t\t\t\t\t\t\t\t\t\t\t\t\t\t\t\t\t\t\t<div class=\"post-meta-list\">\n\t\t\t\t\t\t\t\t\t\t\t\t\t\t\t\t\t\t\t\t\t\t\t\t\t\t\t\t\t\t\t\t<span class=\"meta-date\">\n\t\t\t\t\t\t\t\t\t\t<i aria-hidden=\"true\" class=\"icon icon-calendar3\"><\/i>\t\t\t\t\t\t\t\t\t\t<span class=\"meta-date-text\">\n\t\t\t\t\t\t\t\t\t\t\toctubre 10, 2025\t\t\t\t\t\t\t\t\t\t<\/span>\n\t\t\t\t\t\t\t\t\t<\/span>\n\t\t\t\t\t\t\t\t\t\t\t\t\t\t\t\t\t\t\t\t\t\t\t\t\t\t\t\t\t\t\t\t\t\t\t\t\t\t\t\t\t\t\t\t\t\t\t\t\t\t\t\t\t\t\t\t\t\t\t\t\t\t\t\t<span class=\"post-cat\">\n\t\t\t\t\t\t\t\t\t\t\t\t\t\t\t\t\t\t\t\t<a href=\"https:\/\/fecburgos.com\/index.php\/archivos\/category\/evento\" rel=\"category tag\">Evento<\/a>\t\t\t\t\t\t\t\t\t<\/span>\n\t\t\t\t\t\t\t\t\t\t\t\t\t\t\t\t\t\t\t\t\t\t\t\t\t\t\t\t\t<\/div>\n\t\t\t\t\t\t\t\t\t\t\t\t\t\n\t\t\t\t\t\t\t\t\n\t\t\t\t\t\t\t\t\t\t\t\t\t\t\t\t\t\t\t\t\t<h2 class=\"entry-title\">\n\t\t\t\t\t<a href=\"https:\/\/fecburgos.com\/index.php\/archivos\/20016\">\n\t\t\t\t\t\tJornada Ley de Comercio para comercios minoristas\t\t\t\t\t<\/a>\n\t\t\t\t<\/h2>\n\t\t\t\t\t\t\t\t\t\t\t\t\t\t\t\t\t\t\t\t\t\t\t\t\t\t\t\t\t\t\t\t\t\t\t\t\t\t\t\t\t\t<p>La Federaci\u00f3n de Empresarios de Comercio de Burgos,\u00a0 organiza una nueva jornada formativa\u00a0 \u00abLey de Comercio para comercios minoristas\u00bb.<br>\nEsta jornada\u00a0 est\u00e1 dise\u00f1ada para ayudar a los comerciantes a conocer de forma clara y pr\u00e1ctica la normativa que les afecta directamente, para \u00a0resolver las cuestiones cotidianas con confianza y tomar decisiones acertadas en su actividad comercial.\u00a0<\/p>\n\t\t\t\t\t\t\t\t\t\t\t\t\t\t\t\t\t\t\t\t\t\t                                                            <div class=\"btn-wraper\">\n                                    \n                                                                            <a class=\"elementskit-btn whitespace--normal\" id=\"\" href=\"https:\/\/fecburgos.com\/index.php\/archivos\/20016\">\n                                        \t                                            Leer m\u00e1s                                        <\/a>\n                                                                    <\/div>\n                                                    <\/div><!-- .elementskit-post-body END -->\n                    <\/div>\n                \n            <\/div>\n                    <div class=\"col-lg-4 col-md-6\">\n\n                                    <div class=\"elementskit-post-image-card\">\n                        <div class=\"elementskit-entry-header\">\n                                                            <a href=\"https:\/\/fecburgos.com\/index.php\/archivos\/20057\" class=\"elementskit-entry-thumb\">\n                                    <img decoding=\"async\" src=\"https:\/\/fecburgos.com\/wp-content\/uploads\/2025\/10\/Presenciadigital-819x1024.png\" alt=\"Ocho comercios burgaleses potenciar\u00e1n su presencia digital gracias a la colaboraci\u00f3n entre la FEC y el CIFP Juan de Colonia\">\n                                <\/a><!-- .elementskit-entry-thumb END -->\n                                                            \n                            \n\t\t\t\t\t\t\t\t\t\t\t\t\t<\/div><!-- .elementskit-entry-header END -->\n\n\t\t\t\t\t\t<div class=\"elementskit-post-body \">\n\t\t\t\t\t\t\t\n\t\t\t\t\t\t\t\t\t\t\t\t\t\t\t\t\t\t\t\t\t\t\t\t\t\t\t\t<div class=\"post-meta-list\">\n\t\t\t\t\t\t\t\t\t\t\t\t\t\t\t\t\t\t\t\t\t\t\t\t\t\t\t\t\t\t\t\t<span class=\"meta-date\">\n\t\t\t\t\t\t\t\t\t\t<i aria-hidden=\"true\" class=\"icon icon-calendar3\"><\/i>\t\t\t\t\t\t\t\t\t\t<span class=\"meta-date-text\">\n\t\t\t\t\t\t\t\t\t\t\toctubre 10, 2025\t\t\t\t\t\t\t\t\t\t<\/span>\n\t\t\t\t\t\t\t\t\t<\/span>\n\t\t\t\t\t\t\t\t\t\t\t\t\t\t\t\t\t\t\t\t\t\t\t\t\t\t\t\t\t\t\t\t\t\t\t\t\t\t\t\t\t\t\t\t\t\t\t\t\t\t\t\t\t\t\t\t\t\t\t\t\t\t\t\t<span class=\"post-cat\">\n\t\t\t\t\t\t\t\t\t\t\t\t\t\t\t\t\t\t\t\t<a href=\"https:\/\/fecburgos.com\/index.php\/archivos\/category\/proyecto\" rel=\"category tag\">Proyecto<\/a>\t\t\t\t\t\t\t\t\t<\/span>\n\t\t\t\t\t\t\t\t\t\t\t\t\t\t\t\t\t\t\t\t\t\t\t\t\t\t\t\t\t<\/div>\n\t\t\t\t\t\t\t\t\t\t\t\t\t\n\t\t\t\t\t\t\t\t\n\t\t\t\t\t\t\t\t\t\t\t\t\t\t\t\t\t\t\t\t\t<h2 class=\"entry-title\">\n\t\t\t\t\t<a href=\"https:\/\/fecburgos.com\/index.php\/archivos\/20057\">\n\t\t\t\t\t\tOcho comercios burgaleses potenciar\u00e1n su presencia digital gracias a la colaboraci\u00f3n entre la FEC y el CIFP Juan de Colonia\t\t\t\t\t<\/a>\n\t\t\t\t<\/h2>\n\t\t\t\t\t\t\t\t\t\t\t\t\t\t\t\t\t\t\t\t\t\t\t\t\t\t\t\t\t\t\t\t\t\t\t\t\t\t\t\t\t\t<p>En el marco del acuerdo de colaboraci\u00f3n entre la Federaci\u00f3n de Comercio de Burgos (FEC) y el CIFP Juan de Colonia, se ha puesto en marcha un nuevo proyecto destinado a impulsar la comunicaci\u00f3n digital\u2026.<\/p>\n\t\t\t\t\t\t\t\t\t\t\t\t\t\t\t\t\t\t\t\t\t\t                                                            <div class=\"btn-wraper\">\n                                    \n                                                                            <a class=\"elementskit-btn whitespace--normal\" id=\"\" href=\"https:\/\/fecburgos.com\/index.php\/archivos\/20057\">\n                                        \t                                            Leer m\u00e1s                                        <\/a>\n                                                                    <\/div>\n                                                    <\/div><!-- .elementskit-post-body END -->\n                    <\/div>\n                \n            <\/div>\n                    <div class=\"col-lg-4 col-md-6\">\n\n                                    <div class=\"elementskit-post-image-card\">\n                        <div class=\"elementskit-entry-header\">\n                                                            <a href=\"https:\/\/fecburgos.com\/index.php\/archivos\/20050\" class=\"elementskit-entry-thumb\">\n                                    <img decoding=\"async\" src=\"https:\/\/fecburgos.com\/wp-content\/uploads\/2025\/10\/Ciberseguridad5-819x1024.png\" alt=\"La FEC y el CEEI Burgos conciencian al sector sobre los riesgos digitales\">\n                                <\/a><!-- .elementskit-entry-thumb END -->\n                                                            \n                            \n\t\t\t\t\t\t\t\t\t\t\t\t\t<\/div><!-- .elementskit-entry-header END -->\n\n\t\t\t\t\t\t<div class=\"elementskit-post-body \">\n\t\t\t\t\t\t\t\n\t\t\t\t\t\t\t\t\t\t\t\t\t\t\t\t\t\t\t\t\t\t\t\t\t\t\t\t<div class=\"post-meta-list\">\n\t\t\t\t\t\t\t\t\t\t\t\t\t\t\t\t\t\t\t\t\t\t\t\t\t\t\t\t\t\t\t\t<span class=\"meta-date\">\n\t\t\t\t\t\t\t\t\t\t<i aria-hidden=\"true\" class=\"icon icon-calendar3\"><\/i>\t\t\t\t\t\t\t\t\t\t<span class=\"meta-date-text\">\n\t\t\t\t\t\t\t\t\t\t\toctubre 10, 2025\t\t\t\t\t\t\t\t\t\t<\/span>\n\t\t\t\t\t\t\t\t\t<\/span>\n\t\t\t\t\t\t\t\t\t\t\t\t\t\t\t\t\t\t\t\t\t\t\t\t\t\t\t\t\t\t\t\t\t\t\t\t\t\t\t\t\t\t\t\t\t\t\t\t\t\t\t\t\t\t\t\t\t\t\t\t\t\t\t\t<span class=\"post-cat\">\n\t\t\t\t\t\t\t\t\t\t\t\t\t\t\t\t\t\t\t\t<a href=\"https:\/\/fecburgos.com\/index.php\/archivos\/category\/noticia\" rel=\"category tag\">Noticia<\/a>\t\t\t\t\t\t\t\t\t<\/span>\n\t\t\t\t\t\t\t\t\t\t\t\t\t\t\t\t\t\t\t\t\t\t\t\t\t\t\t\t\t<\/div>\n\t\t\t\t\t\t\t\t\t\t\t\t\t\n\t\t\t\t\t\t\t\t\n\t\t\t\t\t\t\t\t\t\t\t\t\t\t\t\t\t\t\t\t\t<h2 class=\"entry-title\">\n\t\t\t\t\t<a href=\"https:\/\/fecburgos.com\/index.php\/archivos\/20050\">\n\t\t\t\t\t\tLa FEC y el CEEI Burgos conciencian al sector sobre los riesgos digitales\t\t\t\t\t<\/a>\n\t\t\t\t<\/h2>\n\t\t\t\t\t\t\t\t\t\t\t\t\t\t\t\t\t\t\t\t\t\t\t\t\t\t\t\t\t\t\t\t\t\t\t\t\t\t\t\t\t\t<p>El pasado 9 de octubre, la Federaci\u00f3n de Comercio de Burgos (FEC), en colaboraci\u00f3n con el CEEI Burgos y con el apoyo de INCIBE, celebr\u00f3 en su sede la jornada \u201cCiberseguridad para Comercios. No dejes que un ciberataque te cueste dinero, clientes ni reputaci\u00f3n\u201d, una sesi\u00f3n informativa y pr\u00e1ctica dirigida a los comercios burgaleses.<\/p>\n\t\t\t\t\t\t\t\t\t\t\t\t\t\t\t\t\t\t\t\t\t\t                                                            <div class=\"btn-wraper\">\n                                    \n                                                                            <a class=\"elementskit-btn whitespace--normal\" id=\"\" href=\"https:\/\/fecburgos.com\/index.php\/archivos\/20050\">\n                                        \t                                            Leer m\u00e1s                                        <\/a>\n                                                                    <\/div>\n                                                    <\/div><!-- .elementskit-post-body END -->\n                    <\/div>\n                \n            <\/div>\n                    <div class=\"col-lg-4 col-md-6\">\n\n                                    <div class=\"elementskit-post-image-card\">\n                        <div class=\"elementskit-entry-header\">\n                                                            <a href=\"https:\/\/fecburgos.com\/index.php\/archivos\/20074\" class=\"elementskit-entry-thumb\">\n                                    <img decoding=\"async\" src=\"https:\/\/fecburgos.com\/wp-content\/uploads\/2025\/10\/juntaconferco-819x1024.png\" alt=\"La FEC acoge la Junta de Representantes de CONFERCO y pide m\u00e1s apoyo al comercio local\">\n                                <\/a><!-- .elementskit-entry-thumb END -->\n                                                            \n                            \n\t\t\t\t\t\t\t\t\t\t\t\t\t<\/div><!-- .elementskit-entry-header END -->\n\n\t\t\t\t\t\t<div class=\"elementskit-post-body \">\n\t\t\t\t\t\t\t\n\t\t\t\t\t\t\t\t\t\t\t\t\t\t\t\t\t\t\t\t\t\t\t\t\t\t\t\t<div class=\"post-meta-list\">\n\t\t\t\t\t\t\t\t\t\t\t\t\t\t\t\t\t\t\t\t\t\t\t\t\t\t\t\t\t\t\t\t<span class=\"meta-date\">\n\t\t\t\t\t\t\t\t\t\t<i aria-hidden=\"true\" class=\"icon icon-calendar3\"><\/i>\t\t\t\t\t\t\t\t\t\t<span class=\"meta-date-text\">\n\t\t\t\t\t\t\t\t\t\t\toctubre 10, 2025\t\t\t\t\t\t\t\t\t\t<\/span>\n\t\t\t\t\t\t\t\t\t<\/span>\n\t\t\t\t\t\t\t\t\t\t\t\t\t\t\t\t\t\t\t\t\t\t\t\t\t\t\t\t\t\t\t\t\t\t\t\t\t\t\t\t\t\t\t\t\t\t\t\t\t\t\t\t\t\t\t\t\t\t\t\t\t\t\t\t<span class=\"post-cat\">\n\t\t\t\t\t\t\t\t\t\t\t\t\t\t\t\t\t\t\t\t<a href=\"https:\/\/fecburgos.com\/index.php\/archivos\/category\/noticia\" rel=\"category tag\">Noticia<\/a>\t\t\t\t\t\t\t\t\t<\/span>\n\t\t\t\t\t\t\t\t\t\t\t\t\t\t\t\t\t\t\t\t\t\t\t\t\t\t\t\t\t<\/div>\n\t\t\t\t\t\t\t\t\t\t\t\t\t\n\t\t\t\t\t\t\t\t\n\t\t\t\t\t\t\t\t\t\t\t\t\t\t\t\t\t\t\t\t\t<h2 class=\"entry-title\">\n\t\t\t\t\t<a href=\"https:\/\/fecburgos.com\/index.php\/archivos\/20074\">\n\t\t\t\t\t\tLa FEC acoge la Junta de Representantes de CONFERCO y pide m\u00e1s apoyo al comercio local\t\t\t\t\t<\/a>\n\t\t\t\t<\/h2>\n\t\t\t\t\t\t\t\t\t\t\t\t\t\t\t\t\t\t\t\t\t\t\t\t\t\t\t\t\t\t\t\t\t\t\t\t\t\t\t\t\t\t<p>La sede de la Federaci\u00f3n de Empresarios del Comercio de Burgos (FEC) acogi\u00f3 el 7 de octubre la Junta de Representantes de la Confederaci\u00f3n de Comercio de Castilla y Le\u00f3n (CONFERCO), un encuentro que reuni\u00f3 a representantes del sector y a la alcaldesa de Burgos, Cristina Ayala, junto al concejal de Comercio, C\u00e9sar Barriada.<\/p>\n\t\t\t\t\t\t\t\t\t\t\t\t\t\t\t\t\t\t\t\t\t\t                                                            <div class=\"btn-wraper\">\n                                    \n                                                                            <a class=\"elementskit-btn whitespace--normal\" id=\"\" href=\"https:\/\/fecburgos.com\/index.php\/archivos\/20074\">\n                                        \t                                            Leer m\u00e1s                                        <\/a>\n                                                                    <\/div>\n                                                    <\/div><!-- .elementskit-post-body END -->\n                    <\/div>\n                \n            <\/div>\n                    <div class=\"col-lg-4 col-md-6\">\n\n                                    <div class=\"elementskit-post-image-card\">\n                        <div class=\"elementskit-entry-header\">\n                                                            <a href=\"https:\/\/fecburgos.com\/index.php\/archivos\/20032\" class=\"elementskit-entry-thumb\">\n                                    <img decoding=\"async\" src=\"https:\/\/fecburgos.com\/wp-content\/uploads\/2025\/10\/conveniojuandecolonia-819x1024.jpg\" alt=\"\u00a0FEC y CIFP Juan de Colonia impulsan la formaci\u00f3n pr\u00e1ctica en empresas\">\n                                <\/a><!-- .elementskit-entry-thumb END -->\n                                                            \n                            \n\t\t\t\t\t\t\t\t\t\t\t\t\t<\/div><!-- .elementskit-entry-header END -->\n\n\t\t\t\t\t\t<div class=\"elementskit-post-body \">\n\t\t\t\t\t\t\t\n\t\t\t\t\t\t\t\t\t\t\t\t\t\t\t\t\t\t\t\t\t\t\t\t\t\t\t\t<div class=\"post-meta-list\">\n\t\t\t\t\t\t\t\t\t\t\t\t\t\t\t\t\t\t\t\t\t\t\t\t\t\t\t\t\t\t\t\t<span class=\"meta-date\">\n\t\t\t\t\t\t\t\t\t\t<i aria-hidden=\"true\" class=\"icon icon-calendar3\"><\/i>\t\t\t\t\t\t\t\t\t\t<span class=\"meta-date-text\">\n\t\t\t\t\t\t\t\t\t\t\toctubre 10, 2025\t\t\t\t\t\t\t\t\t\t<\/span>\n\t\t\t\t\t\t\t\t\t<\/span>\n\t\t\t\t\t\t\t\t\t\t\t\t\t\t\t\t\t\t\t\t\t\t\t\t\t\t\t\t\t\t\t\t\t\t\t\t\t\t\t\t\t\t\t\t\t\t\t\t\t\t\t\t\t\t\t\t\t\t\t\t\t\t\t\t<span class=\"post-cat\">\n\t\t\t\t\t\t\t\t\t\t\t\t\t\t\t\t\t\t\t\t<a href=\"https:\/\/fecburgos.com\/index.php\/archivos\/category\/noticia\" rel=\"category tag\">Noticia<\/a>\t\t\t\t\t\t\t\t\t<\/span>\n\t\t\t\t\t\t\t\t\t\t\t\t\t\t\t\t\t\t\t\t\t\t\t\t\t\t\t\t\t<\/div>\n\t\t\t\t\t\t\t\t\t\t\t\t\t\n\t\t\t\t\t\t\t\t\n\t\t\t\t\t\t\t\t\t\t\t\t\t\t\t\t\t\t\t\t\t<h2 class=\"entry-title\">\n\t\t\t\t\t<a href=\"https:\/\/fecburgos.com\/index.php\/archivos\/20032\">\n\t\t\t\t\t\t\u00a0FEC y CIFP Juan de Colonia impulsan la formaci\u00f3n pr\u00e1ctica en empresas\t\t\t\t\t<\/a>\n\t\t\t\t<\/h2>\n\t\t\t\t\t\t\t\t\t\t\t\t\t\t\t\t\t\t\t\t\t\t\t\t\t\t\t\t\t\t\t\t\t\t\t\t\t\t\t\t\t\t<p>En el marco de la colaboraci\u00f3n que mantiene la Federaci\u00f3n de Comercio de Burgos con el CIFP Juan de Colonia, se ofrece a los comercios la posibilidad de que los estudiantes completen su formaci\u00f3n en las empresas, a trav\u00e9s de la Fase de Formaci\u00f3n en Centros de Trabajo (FCT).<\/p>\n\t\t\t\t\t\t\t\t\t\t\t\t\t\t\t\t\t\t\t\t\t\t                                                            <div class=\"btn-wraper\">\n                                    \n                                                                            <a class=\"elementskit-btn whitespace--normal\" id=\"\" href=\"https:\/\/fecburgos.com\/index.php\/archivos\/20032\">\n                                        \t                                            Leer m\u00e1s                                        <\/a>\n                                                                    <\/div>\n                                                    <\/div><!-- .elementskit-post-body END -->\n                    <\/div>\n                \n            <\/div>\n                    <div class=\"col-lg-4 col-md-6\">\n\n                                    <div class=\"elementskit-post-image-card\">\n                        <div class=\"elementskit-entry-header\">\n                                                            <a href=\"https:\/\/fecburgos.com\/index.php\/archivos\/19922\" class=\"elementskit-entry-thumb\">\n                                    <img decoding=\"async\" src=\"https:\/\/fecburgos.com\/wp-content\/uploads\/2025\/10\/Bloghamburguesa2025-819x1024.png\" alt=\"Ganador XIII Edici\u00f3n del concurso a la  \u00abMejor Hamburguesa de CyL\u00bb\">\n                                <\/a><!-- .elementskit-entry-thumb END -->\n                                                            \n                            \n\t\t\t\t\t\t\t\t\t\t\t\t\t<\/div><!-- .elementskit-entry-header END -->\n\n\t\t\t\t\t\t<div class=\"elementskit-post-body \">\n\t\t\t\t\t\t\t\n\t\t\t\t\t\t\t\t\t\t\t\t\t\t\t\t\t\t\t\t\t\t\t\t\t\t\t\t<div class=\"post-meta-list\">\n\t\t\t\t\t\t\t\t\t\t\t\t\t\t\t\t\t\t\t\t\t\t\t\t\t\t\t\t\t\t\t\t<span class=\"meta-date\">\n\t\t\t\t\t\t\t\t\t\t<i aria-hidden=\"true\" class=\"icon icon-calendar3\"><\/i>\t\t\t\t\t\t\t\t\t\t<span class=\"meta-date-text\">\n\t\t\t\t\t\t\t\t\t\t\toctubre 6, 2025\t\t\t\t\t\t\t\t\t\t<\/span>\n\t\t\t\t\t\t\t\t\t<\/span>\n\t\t\t\t\t\t\t\t\t\t\t\t\t\t\t\t\t\t\t\t\t\t\t\t\t\t\t\t\t\t\t\t\t\t\t\t\t\t\t\t\t\t\t\t\t\t\t\t\t\t\t\t\t\t\t\t\t\t\t\t\t\t\t\t<span class=\"post-cat\">\n\t\t\t\t\t\t\t\t\t\t\t\t\t\t\t\t\t\t\t\t<a href=\"https:\/\/fecburgos.com\/index.php\/archivos\/category\/noticia\" rel=\"category tag\">Noticia<\/a>\t\t\t\t\t\t\t\t\t<\/span>\n\t\t\t\t\t\t\t\t\t\t\t\t\t\t\t\t\t\t\t\t\t\t\t\t\t\t\t\t\t<\/div>\n\t\t\t\t\t\t\t\t\t\t\t\t\t\n\t\t\t\t\t\t\t\t\n\t\t\t\t\t\t\t\t\t\t\t\t\t\t\t\t\t\t\t\t\t<h2 class=\"entry-title\">\n\t\t\t\t\t<a href=\"https:\/\/fecburgos.com\/index.php\/archivos\/19922\">\n\t\t\t\t\t\tGanador XIII Edici\u00f3n del concurso a la  \u00abMejor Hamburguesa de CyL\u00bb\t\t\t\t\t<\/a>\n\t\t\t\t<\/h2>\n\t\t\t\t\t\t\t\t\t\t\t\t\t\t\t\t\t\t\t\t\t\t\t\t\t\t\t\t\t\t\t\t\t\t\t\t\t\t\t\t\t\t<p>El d\u00eda 5 de octubre, se celebr\u00f3 en Palencia el Concurso a la \u201cMEJOR HAMBURGUESA DE CASTILLA Y LE\u00d3N\u201d, en el que participaron los ganadores de los concursos provinciales. En esta edici\u00f3n han sido cuatro los participantes pertenecientes a las provincias de Palencia, Salamanca, Soria y Burgos,\u2026<\/p>\n\t\t\t\t\t\t\t\t\t\t\t\t\t\t\t\t\t\t\t\t\t\t                                                            <div class=\"btn-wraper\">\n                                    \n                                                                            <a class=\"elementskit-btn whitespace--normal\" id=\"\" href=\"https:\/\/fecburgos.com\/index.php\/archivos\/19922\">\n                                        \t                                            Leer m\u00e1s                                        <\/a>\n                                                                    <\/div>\n                                                    <\/div><!-- .elementskit-post-body END -->\n                    <\/div>\n                \n            <\/div>\n                    <div class=\"col-lg-4 col-md-6\">\n\n                                    <div class=\"elementskit-post-image-card\">\n                        <div class=\"elementskit-entry-header\">\n                                                            <a href=\"https:\/\/fecburgos.com\/index.php\/archivos\/19905\" class=\"elementskit-entry-thumb\">\n                                    <img decoding=\"async\" src=\"https:\/\/fecburgos.com\/wp-content\/uploads\/2025\/10\/Logo-Conferco-Cuadrado-819x1024.png\" alt=\"Junta de Representantes de CONFERCO\">\n                                <\/a><!-- .elementskit-entry-thumb END -->\n                                                            \n                            \n\t\t\t\t\t\t\t\t\t\t\t\t\t<\/div><!-- .elementskit-entry-header END -->\n\n\t\t\t\t\t\t<div class=\"elementskit-post-body \">\n\t\t\t\t\t\t\t\n\t\t\t\t\t\t\t\t\t\t\t\t\t\t\t\t\t\t\t\t\t\t\t\t\t\t\t\t<div class=\"post-meta-list\">\n\t\t\t\t\t\t\t\t\t\t\t\t\t\t\t\t\t\t\t\t\t\t\t\t\t\t\t\t\t\t\t\t<span class=\"meta-date\">\n\t\t\t\t\t\t\t\t\t\t<i aria-hidden=\"true\" class=\"icon icon-calendar3\"><\/i>\t\t\t\t\t\t\t\t\t\t<span class=\"meta-date-text\">\n\t\t\t\t\t\t\t\t\t\t\toctubre 6, 2025\t\t\t\t\t\t\t\t\t\t<\/span>\n\t\t\t\t\t\t\t\t\t<\/span>\n\t\t\t\t\t\t\t\t\t\t\t\t\t\t\t\t\t\t\t\t\t\t\t\t\t\t\t\t\t\t\t\t\t\t\t\t\t\t\t\t\t\t\t\t\t\t\t\t\t\t\t\t\t\t\t\t\t\t\t\t\t\t\t\t<span class=\"post-cat\">\n\t\t\t\t\t\t\t\t\t\t\t\t\t\t\t\t\t\t\t\t<a href=\"https:\/\/fecburgos.com\/index.php\/archivos\/category\/evento\" rel=\"category tag\">Evento<\/a>\t\t\t\t\t\t\t\t\t<\/span>\n\t\t\t\t\t\t\t\t\t\t\t\t\t\t\t\t\t\t\t\t\t\t\t\t\t\t\t\t\t<\/div>\n\t\t\t\t\t\t\t\t\t\t\t\t\t\n\t\t\t\t\t\t\t\t\n\t\t\t\t\t\t\t\t\t\t\t\t\t\t\t\t\t\t\t\t\t<h2 class=\"entry-title\">\n\t\t\t\t\t<a href=\"https:\/\/fecburgos.com\/index.php\/archivos\/19905\">\n\t\t\t\t\t\tJunta de Representantes de CONFERCO\t\t\t\t\t<\/a>\n\t\t\t\t<\/h2>\n\t\t\t\t\t\t\t\t\t\t\t\t\t\t\t\t\t\t\t\t\t\t\t\t\t\t\t\t\t\t\t\t\t\t\t\t\t\t\t\t\t\t<p>Con motivo de la celebraci\u00f3n de la Junta de Representantes de la Confederaci\u00f3n de Comercio de Castilla y Le\u00f3n, que se llevar\u00e1 a cabo el martes 7 de\u00a0 octubre en Burgos, CONFERCO mantendr\u00e1 una reuni\u00f3n con la Alcaldesa de Burgos, Cristina Ayala y el concejal del \u00c1rea de Comercio, C\u00e9sar Barriada, para analizar y valorar la situaci\u00f3n del sector comercial en Castilla y Le\u00f3n\u2026<\/p>\n\t\t\t\t\t\t\t\t\t\t\t\t\t\t\t\t\t\t\t\t\t\t                                                            <div class=\"btn-wraper\">\n                                    \n                                                                            <a class=\"elementskit-btn whitespace--normal\" id=\"\" href=\"https:\/\/fecburgos.com\/index.php\/archivos\/19905\">\n                                        \t                                            Leer m\u00e1s                                        <\/a>\n                                                                    <\/div>\n                                                    <\/div><!-- .elementskit-post-body END -->\n                    <\/div>\n                \n            <\/div>\n                    <div class=\"col-lg-4 col-md-6\">\n\n                                    <div class=\"elementskit-post-image-card\">\n                        <div class=\"elementskit-entry-header\">\n                                                            <a href=\"https:\/\/fecburgos.com\/index.php\/archivos\/19868\" class=\"elementskit-entry-thumb\">\n                                    <img decoding=\"async\" src=\"https:\/\/fecburgos.com\/wp-content\/uploads\/2025\/10\/ciberseguridadcomercio-819x1024.png\" alt=\"Taller de Ciberseguridad para Comercios\">\n                                <\/a><!-- .elementskit-entry-thumb END -->\n                                                            \n                            \n\t\t\t\t\t\t\t\t\t\t\t\t\t<\/div><!-- .elementskit-entry-header END -->\n\n\t\t\t\t\t\t<div class=\"elementskit-post-body \">\n\t\t\t\t\t\t\t\n\t\t\t\t\t\t\t\t\t\t\t\t\t\t\t\t\t\t\t\t\t\t\t\t\t\t\t\t<div class=\"post-meta-list\">\n\t\t\t\t\t\t\t\t\t\t\t\t\t\t\t\t\t\t\t\t\t\t\t\t\t\t\t\t\t\t\t\t<span class=\"meta-date\">\n\t\t\t\t\t\t\t\t\t\t<i aria-hidden=\"true\" class=\"icon icon-calendar3\"><\/i>\t\t\t\t\t\t\t\t\t\t<span class=\"meta-date-text\">\n\t\t\t\t\t\t\t\t\t\t\toctubre 1, 2025\t\t\t\t\t\t\t\t\t\t<\/span>\n\t\t\t\t\t\t\t\t\t<\/span>\n\t\t\t\t\t\t\t\t\t\t\t\t\t\t\t\t\t\t\t\t\t\t\t\t\t\t\t\t\t\t\t\t\t\t\t\t\t\t\t\t\t\t\t\t\t\t\t\t\t\t\t\t\t\t\t\t\t\t\t\t\t\t\t\t<span class=\"post-cat\">\n\t\t\t\t\t\t\t\t\t\t\t\t\t\t\t\t\t\t\t\t<a href=\"https:\/\/fecburgos.com\/index.php\/archivos\/category\/evento\" rel=\"category tag\">Evento<\/a>\t\t\t\t\t\t\t\t\t<\/span>\n\t\t\t\t\t\t\t\t\t\t\t\t\t\t\t\t\t\t\t\t\t\t\t\t\t\t\t\t\t<\/div>\n\t\t\t\t\t\t\t\t\t\t\t\t\t\n\t\t\t\t\t\t\t\t\n\t\t\t\t\t\t\t\t\t\t\t\t\t\t\t\t\t\t\t\t\t<h2 class=\"entry-title\">\n\t\t\t\t\t<a href=\"https:\/\/fecburgos.com\/index.php\/archivos\/19868\">\n\t\t\t\t\t\tTaller de Ciberseguridad para Comercios\t\t\t\t\t<\/a>\n\t\t\t\t<\/h2>\n\t\t\t\t\t\t\t\t\t\t\t\t\t\t\t\t\t\t\t\t\t\t\t\t\t\t\t\t\t\t\t\t\t\t\t\t\t\t\t\t\t\t<p>CEEI Burgos, en colaboraci\u00f3n con la Federaci\u00f3n de Empresarios de Comercio de Burgos (FEC) y con el apoyo del Instituto Nacional de Ciberseguridad (INCIBE), celebra una charla informativa sobre ciberseguridad dirigida a comercios de la provincia, enmarcada en el programa INCIBE Emprende.<\/p>\n\t\t\t\t\t\t\t\t\t\t\t\t\t\t\t\t\t\t\t\t\t\t                                                            <div class=\"btn-wraper\">\n                                    \n                                                                            <a class=\"elementskit-btn whitespace--normal\" id=\"\" href=\"https:\/\/fecburgos.com\/index.php\/archivos\/19868\">\n                                        \t                                            Leer m\u00e1s                                        <\/a>\n                                                                    <\/div>\n                                                    <\/div><!-- .elementskit-post-body END -->\n                    <\/div>\n                \n            <\/div>\n                    <div class=\"col-lg-4 col-md-6\">\n\n                                    <div class=\"elementskit-post-image-card\">\n                        <div class=\"elementskit-entry-header\">\n                                                            <a href=\"https:\/\/fecburgos.com\/index.php\/archivos\/19825\" class=\"elementskit-entry-thumb\">\n                                    <img decoding=\"async\" src=\"https:\/\/fecburgos.com\/wp-content\/uploads\/2025\/09\/rrssfacturacion-819x1024.png\" alt=\"De RRSS a Facturaci\u00f3n\">\n                                <\/a><!-- .elementskit-entry-thumb END -->\n                                                            \n                            \n\t\t\t\t\t\t\t\t\t\t\t\t\t<\/div><!-- .elementskit-entry-header END -->\n\n\t\t\t\t\t\t<div class=\"elementskit-post-body \">\n\t\t\t\t\t\t\t\n\t\t\t\t\t\t\t\t\t\t\t\t\t\t\t\t\t\t\t\t\t\t\t\t\t\t\t\t<div class=\"post-meta-list\">\n\t\t\t\t\t\t\t\t\t\t\t\t\t\t\t\t\t\t\t\t\t\t\t\t\t\t\t\t\t\t\t\t<span class=\"meta-date\">\n\t\t\t\t\t\t\t\t\t\t<i aria-hidden=\"true\" class=\"icon icon-calendar3\"><\/i>\t\t\t\t\t\t\t\t\t\t<span class=\"meta-date-text\">\n\t\t\t\t\t\t\t\t\t\t\tseptiembre 23, 2025\t\t\t\t\t\t\t\t\t\t<\/span>\n\t\t\t\t\t\t\t\t\t<\/span>\n\t\t\t\t\t\t\t\t\t\t\t\t\t\t\t\t\t\t\t\t\t\t\t\t\t\t\t\t\t\t\t\t\t\t\t\t\t\t\t\t\t\t\t\t\t\t\t\t\t\t\t\t\t\t\t\t\t\t\t\t\t\t\t\t<span class=\"post-cat\">\n\t\t\t\t\t\t\t\t\t\t\t\t\t\t\t\t\t\t\t\t<a href=\"https:\/\/fecburgos.com\/index.php\/archivos\/category\/evento\" rel=\"category tag\">Evento<\/a>\t\t\t\t\t\t\t\t\t<\/span>\n\t\t\t\t\t\t\t\t\t\t\t\t\t\t\t\t\t\t\t\t\t\t\t\t\t\t\t\t\t<\/div>\n\t\t\t\t\t\t\t\t\t\t\t\t\t\n\t\t\t\t\t\t\t\t\n\t\t\t\t\t\t\t\t\t\t\t\t\t\t\t\t\t\t\t\t\t<h2 class=\"entry-title\">\n\t\t\t\t\t<a href=\"https:\/\/fecburgos.com\/index.php\/archivos\/19825\">\n\t\t\t\t\t\tDe RRSS a Facturaci\u00f3n\t\t\t\t\t<\/a>\n\t\t\t\t<\/h2>\n\t\t\t\t\t\t\t\t\t\t\t\t\t\t\t\t\t\t\t\t\t\t\t\t\t\t\t\t\t\t\t\t\t\t\t\t\t\t\t\t\t\t<p>La Federaci\u00f3n de Empresarios de Comercio de Burgos,\u00a0 organiza una nueva jornada formativa dirigida a aut\u00f3nomos, comerciantes y empresas interesadas en conocer c\u00f3mo utilizar sus publicaciones en redes sociales para generar negocio real.<br>\nEl encuentro se celebrar\u00e1 el\u00a0mi\u00e9rcoles 1 de octubre, de 08:30 a 09:30 horas, en la sede de\u00a0 FEC<\/p>\n\t\t\t\t\t\t\t\t\t\t\t\t\t\t\t\t\t\t\t\t\t\t                                                            <div class=\"btn-wraper\">\n                                    \n                                                                            <a class=\"elementskit-btn whitespace--normal\" id=\"\" href=\"https:\/\/fecburgos.com\/index.php\/archivos\/19825\">\n                                        \t                                            Leer m\u00e1s                                        <\/a>\n                                                                    <\/div>\n                                                    <\/div><!-- .elementskit-post-body END -->\n                    <\/div>\n                \n            <\/div>\n                    <div class=\"col-lg-4 col-md-6\">\n\n                                    <div class=\"elementskit-post-image-card\">\n                        <div class=\"elementskit-entry-header\">\n                                                            <a href=\"https:\/\/fecburgos.com\/index.php\/archivos\/19790\" class=\"elementskit-entry-thumb\">\n                                    <img decoding=\"async\" src=\"https:\/\/fecburgos.com\/wp-content\/uploads\/2025\/09\/1-819x1024.png\" alt=\"Factura electr\u00f3nica y VERIFACTU: jornada exitosa\">\n                                <\/a><!-- .elementskit-entry-thumb END -->\n                                                            \n                            \n\t\t\t\t\t\t\t\t\t\t\t\t\t<\/div><!-- .elementskit-entry-header END -->\n\n\t\t\t\t\t\t<div class=\"elementskit-post-body \">\n\t\t\t\t\t\t\t\n\t\t\t\t\t\t\t\t\t\t\t\t\t\t\t\t\t\t\t\t\t\t\t\t\t\t\t\t<div class=\"post-meta-list\">\n\t\t\t\t\t\t\t\t\t\t\t\t\t\t\t\t\t\t\t\t\t\t\t\t\t\t\t\t\t\t\t\t<span class=\"meta-date\">\n\t\t\t\t\t\t\t\t\t\t<i aria-hidden=\"true\" class=\"icon icon-calendar3\"><\/i>\t\t\t\t\t\t\t\t\t\t<span class=\"meta-date-text\">\n\t\t\t\t\t\t\t\t\t\t\tseptiembre 22, 2025\t\t\t\t\t\t\t\t\t\t<\/span>\n\t\t\t\t\t\t\t\t\t<\/span>\n\t\t\t\t\t\t\t\t\t\t\t\t\t\t\t\t\t\t\t\t\t\t\t\t\t\t\t\t\t\t\t\t\t\t\t\t\t\t\t\t\t\t\t\t\t\t\t\t\t\t\t\t\t\t\t\t\t\t\t\t\t\t\t\t<span class=\"post-cat\">\n\t\t\t\t\t\t\t\t\t\t\t\t\t\t\t\t\t\t\t\t<a href=\"https:\/\/fecburgos.com\/index.php\/archivos\/category\/noticia\" rel=\"category tag\">Noticia<\/a>\t\t\t\t\t\t\t\t\t<\/span>\n\t\t\t\t\t\t\t\t\t\t\t\t\t\t\t\t\t\t\t\t\t\t\t\t\t\t\t\t\t<\/div>\n\t\t\t\t\t\t\t\t\t\t\t\t\t\n\t\t\t\t\t\t\t\t\n\t\t\t\t\t\t\t\t\t\t\t\t\t\t\t\t\t\t\t\t\t<h2 class=\"entry-title\">\n\t\t\t\t\t<a href=\"https:\/\/fecburgos.com\/index.php\/archivos\/19790\">\n\t\t\t\t\t\tFactura electr\u00f3nica y VERIFACTU: jornada exitosa\t\t\t\t\t<\/a>\n\t\t\t\t<\/h2>\n\t\t\t\t\t\t\t\t\t\t\t\t\t\t\t\t\t\t\t\t\t\t\t\t\t\t\t\t\t\t\t\t\t\t\t\t\t\t\t\t\t\t<p>La Federaci\u00f3n de Empresarios de Comercio de Burgos, en colaboraci\u00f3n con Cajaviva Caja Rural, celebr\u00f3 el mi\u00e9rcoles 17 de septiembre una jornada formativa con excelente asistencia en el Sal\u00f3n de Actos de la Fundaci\u00f3n Caja Rural. Comerciantes tanto aut\u00f3nomos como empresarios llenaron la sala para conocer las novedades que impactan en su gesti\u00f3n diaria.<\/p>\n\t\t\t\t\t\t\t\t\t\t\t\t\t\t\t\t\t\t\t\t\t\t                                                            <div class=\"btn-wraper\">\n                                    \n                                                                            <a class=\"elementskit-btn whitespace--normal\" id=\"\" href=\"https:\/\/fecburgos.com\/index.php\/archivos\/19790\">\n                                        \t                                            Leer m\u00e1s                                        <\/a>\n                                                                    <\/div>\n                                                    <\/div><!-- .elementskit-post-body END -->\n                    <\/div>\n                \n            <\/div>\n                    <div class=\"col-lg-4 col-md-6\">\n\n                                    <div class=\"elementskit-post-image-card\">\n                        <div class=\"elementskit-entry-header\">\n                                                            <a href=\"https:\/\/fecburgos.com\/index.php\/archivos\/19736\" class=\"elementskit-entry-thumb\">\n                                    <img decoding=\"async\" src=\"https:\/\/fecburgos.com\/wp-content\/uploads\/2025\/09\/LogoCongresos-819x1024.png\" alt=\"El comercio se prepara para la temporada de congresos oto\u00f1o-invierno\">\n                                <\/a><!-- .elementskit-entry-thumb END -->\n                                                            \n                            \n\t\t\t\t\t\t\t\t\t\t\t\t\t<\/div><!-- .elementskit-entry-header END -->\n\n\t\t\t\t\t\t<div class=\"elementskit-post-body \">\n\t\t\t\t\t\t\t\n\t\t\t\t\t\t\t\t\t\t\t\t\t\t\t\t\t\t\t\t\t\t\t\t\t\t\t\t<div class=\"post-meta-list\">\n\t\t\t\t\t\t\t\t\t\t\t\t\t\t\t\t\t\t\t\t\t\t\t\t\t\t\t\t\t\t\t\t<span class=\"meta-date\">\n\t\t\t\t\t\t\t\t\t\t<i aria-hidden=\"true\" class=\"icon icon-calendar3\"><\/i>\t\t\t\t\t\t\t\t\t\t<span class=\"meta-date-text\">\n\t\t\t\t\t\t\t\t\t\t\tseptiembre 18, 2025\t\t\t\t\t\t\t\t\t\t<\/span>\n\t\t\t\t\t\t\t\t\t<\/span>\n\t\t\t\t\t\t\t\t\t\t\t\t\t\t\t\t\t\t\t\t\t\t\t\t\t\t\t\t\t\t\t\t\t\t\t\t\t\t\t\t\t\t\t\t\t\t\t\t\t\t\t\t\t\t\t\t\t\t\t\t\t\t\t\t<span class=\"post-cat\">\n\t\t\t\t\t\t\t\t\t\t\t\t\t\t\t\t\t\t\t\t<a href=\"https:\/\/fecburgos.com\/index.php\/archivos\/category\/noticia\" rel=\"category tag\">Noticia<\/a>\t\t\t\t\t\t\t\t\t<\/span>\n\t\t\t\t\t\t\t\t\t\t\t\t\t\t\t\t\t\t\t\t\t\t\t\t\t\t\t\t\t<\/div>\n\t\t\t\t\t\t\t\t\t\t\t\t\t\n\t\t\t\t\t\t\t\t\n\t\t\t\t\t\t\t\t\t\t\t\t\t\t\t\t\t\t\t\t\t<h2 class=\"entry-title\">\n\t\t\t\t\t<a href=\"https:\/\/fecburgos.com\/index.php\/archivos\/19736\">\n\t\t\t\t\t\tEl comercio se prepara para la temporada de congresos oto\u00f1o-invierno\t\t\t\t\t<\/a>\n\t\t\t\t<\/h2>\n\t\t\t\t\t\t\t\t\t\t\t\t\t\t\t\t\t\t\t\t\t\t\t\t\t\t\t\t\t\t\t\t\t\t\t\t\t\t\t\t\t\t<p>La Federaci\u00f3n de Empresarios del Comercio de Burgos (FEC) ha puesto en marcha una nueva campa\u00f1a dirigida a comercios y establecimientos hosteleros de la ciudad, con motivo de la intensa temporada de congresos y eventos profesionales que se celebrar\u00e1 en Burgos durante los pr\u00f3ximos meses de oto\u00f1o e invierno.<\/p>\n\t\t\t\t\t\t\t\t\t\t\t\t\t\t\t\t\t\t\t\t\t\t                                                            <div class=\"btn-wraper\">\n                                    \n                                                                            <a class=\"elementskit-btn whitespace--normal\" id=\"\" href=\"https:\/\/fecburgos.com\/index.php\/archivos\/19736\">\n                                        \t                                            Leer m\u00e1s                                        <\/a>\n                                                                    <\/div>\n                                                    <\/div><!-- .elementskit-post-body END -->\n                    <\/div>\n                \n            <\/div>\n                    <div class=\"col-lg-4 col-md-6\">\n\n                                    <div class=\"elementskit-post-image-card\">\n                        <div class=\"elementskit-entry-header\">\n                                                            <a href=\"https:\/\/fecburgos.com\/index.php\/archivos\/19667\" class=\"elementskit-entry-thumb\">\n                                    <img decoding=\"async\" src=\"https:\/\/fecburgos.com\/wp-content\/uploads\/2025\/09\/2-819x1024.png\" alt=\"LA UBU EST\u00c1 DE MODA\">\n                                <\/a><!-- .elementskit-entry-thumb END -->\n                                                            \n                            \n\t\t\t\t\t\t\t\t\t\t\t\t\t<\/div><!-- .elementskit-entry-header END -->\n\n\t\t\t\t\t\t<div class=\"elementskit-post-body \">\n\t\t\t\t\t\t\t\n\t\t\t\t\t\t\t\t\t\t\t\t\t\t\t\t\t\t\t\t\t\t\t\t\t\t\t\t<div class=\"post-meta-list\">\n\t\t\t\t\t\t\t\t\t\t\t\t\t\t\t\t\t\t\t\t\t\t\t\t\t\t\t\t\t\t\t\t<span class=\"meta-date\">\n\t\t\t\t\t\t\t\t\t\t<i aria-hidden=\"true\" class=\"icon icon-calendar3\"><\/i>\t\t\t\t\t\t\t\t\t\t<span class=\"meta-date-text\">\n\t\t\t\t\t\t\t\t\t\t\tseptiembre 15, 2025\t\t\t\t\t\t\t\t\t\t<\/span>\n\t\t\t\t\t\t\t\t\t<\/span>\n\t\t\t\t\t\t\t\t\t\t\t\t\t\t\t\t\t\t\t\t\t\t\t\t\t\t\t\t\t\t\t\t\t\t\t\t\t\t\t\t\t\t\t\t\t\t\t\t\t\t\t\t\t\t\t\t\t\t\t\t\t\t\t\t<span class=\"post-cat\">\n\t\t\t\t\t\t\t\t\t\t\t\t\t\t\t\t\t\t\t\t<a href=\"https:\/\/fecburgos.com\/index.php\/archivos\/category\/evento\" rel=\"category tag\">Evento<\/a>\t\t\t\t\t\t\t\t\t<\/span>\n\t\t\t\t\t\t\t\t\t\t\t\t\t\t\t\t\t\t\t\t\t\t\t\t\t\t\t\t\t<\/div>\n\t\t\t\t\t\t\t\t\t\t\t\t\t\n\t\t\t\t\t\t\t\t\n\t\t\t\t\t\t\t\t\t\t\t\t\t\t\t\t\t\t\t\t\t<h2 class=\"entry-title\">\n\t\t\t\t\t<a href=\"https:\/\/fecburgos.com\/index.php\/archivos\/19667\">\n\t\t\t\t\t\tLA UBU EST\u00c1 DE MODA\t\t\t\t\t<\/a>\n\t\t\t\t<\/h2>\n\t\t\t\t\t\t\t\t\t\t\t\t\t\t\t\t\t\t\t\t\t\t\t\t\t\t\t\t\t\t\t\t\t\t\t\t\t\t\t\t\t\t<p>LA UBU EST\u00c1 DE MODA es una nueva actuaci\u00f3n de promoci\u00f3n para fortalecer y apoyar al comercio local del sector de moda y complementos, mediante acciones conjuntas con la Universidad de Burgos (UBU) que acerquen el comercio al alumnado y multipliquen su visibilidad.<br>\nSi deseas participar como comercio, contacta con nosotros para confirmar tu inscripci\u00f3n. Si eres estudiante de la UBU y deseas participar como modelo\u2026<\/p>\n\t\t\t\t\t\t\t\t\t\t\t\t\t\t\t\t\t\t\t\t\t\t                                                            <div class=\"btn-wraper\">\n                                    \n                                                                            <a class=\"elementskit-btn whitespace--normal\" id=\"\" href=\"https:\/\/fecburgos.com\/index.php\/archivos\/19667\">\n                                        \t                                            Leer m\u00e1s                                        <\/a>\n                                                                    <\/div>\n                                                    <\/div><!-- .elementskit-post-body END -->\n                    <\/div>\n                \n            <\/div>\n                    <div class=\"col-lg-4 col-md-6\">\n\n                                    <div class=\"elementskit-post-image-card\">\n                        <div class=\"elementskit-entry-header\">\n                                                            <a href=\"https:\/\/fecburgos.com\/index.php\/archivos\/19718\" class=\"elementskit-entry-thumb\">\n                                    <img decoding=\"async\" src=\"https:\/\/fecburgos.com\/wp-content\/uploads\/2025\/09\/ColaboracionUBU-819x1024.png\" alt=\"La Federaci\u00f3n de Comercio de Burgos y la Universidad de Burgos, firman un Protocolo General de Actuaci\u00f3n\">\n                                <\/a><!-- .elementskit-entry-thumb END -->\n                                                            \n                            \n\t\t\t\t\t\t\t\t\t\t\t\t\t<\/div><!-- .elementskit-entry-header END -->\n\n\t\t\t\t\t\t<div class=\"elementskit-post-body \">\n\t\t\t\t\t\t\t\n\t\t\t\t\t\t\t\t\t\t\t\t\t\t\t\t\t\t\t\t\t\t\t\t\t\t\t\t<div class=\"post-meta-list\">\n\t\t\t\t\t\t\t\t\t\t\t\t\t\t\t\t\t\t\t\t\t\t\t\t\t\t\t\t\t\t\t\t<span class=\"meta-date\">\n\t\t\t\t\t\t\t\t\t\t<i aria-hidden=\"true\" class=\"icon icon-calendar3\"><\/i>\t\t\t\t\t\t\t\t\t\t<span class=\"meta-date-text\">\n\t\t\t\t\t\t\t\t\t\t\tseptiembre 15, 2025\t\t\t\t\t\t\t\t\t\t<\/span>\n\t\t\t\t\t\t\t\t\t<\/span>\n\t\t\t\t\t\t\t\t\t\t\t\t\t\t\t\t\t\t\t\t\t\t\t\t\t\t\t\t\t\t\t\t\t\t\t\t\t\t\t\t\t\t\t\t\t\t\t\t\t\t\t\t\t\t\t\t\t\t\t\t\t\t\t\t<span class=\"post-cat\">\n\t\t\t\t\t\t\t\t\t\t\t\t\t\t\t\t\t\t\t\t<a href=\"https:\/\/fecburgos.com\/index.php\/archivos\/category\/noticia\" rel=\"category tag\">Noticia<\/a>\t\t\t\t\t\t\t\t\t<\/span>\n\t\t\t\t\t\t\t\t\t\t\t\t\t\t\t\t\t\t\t\t\t\t\t\t\t\t\t\t\t<\/div>\n\t\t\t\t\t\t\t\t\t\t\t\t\t\n\t\t\t\t\t\t\t\t\n\t\t\t\t\t\t\t\t\t\t\t\t\t\t\t\t\t\t\t\t\t<h2 class=\"entry-title\">\n\t\t\t\t\t<a href=\"https:\/\/fecburgos.com\/index.php\/archivos\/19718\">\n\t\t\t\t\t\tLa Federaci\u00f3n de Comercio de Burgos y la Universidad de Burgos, firman un Protocolo General de Actuaci\u00f3n\t\t\t\t\t<\/a>\n\t\t\t\t<\/h2>\n\t\t\t\t\t\t\t\t\t\t\t\t\t\t\t\t\t\t\t\t\t\t\t\t\t\t\t\t\t\t\t\t\t\t\t\t\t\t\t\t\t\t<p>El viernes, 12 de septiembre de 2025, Consuelo Fontecha, presidente de la Federaci\u00f3n de Comercio de Burgos (FEC), y Jos\u00e9 Miguel Garc\u00eda P\u00e9rez, Rector de la Universidad de Burgos (UBU), firmaron el Protocolo General de Actuaci\u00f3n entre ambas entidades.<\/p>\n\t\t\t\t\t\t\t\t\t\t\t\t\t\t\t\t\t\t\t\t\t\t                                                            <div class=\"btn-wraper\">\n                                    \n                                                                            <a class=\"elementskit-btn whitespace--normal\" id=\"\" href=\"https:\/\/fecburgos.com\/index.php\/archivos\/19718\">\n                                        \t                                            Leer m\u00e1s                                        <\/a>\n                                                                    <\/div>\n                                                    <\/div><!-- .elementskit-post-body END -->\n                    <\/div>\n                \n            <\/div>\n                    <div class=\"col-lg-4 col-md-6\">\n\n                                    <div class=\"elementskit-post-image-card\">\n                        <div class=\"elementskit-entry-header\">\n                                                            <a href=\"https:\/\/fecburgos.com\/index.php\/archivos\/19679\" class=\"elementskit-entry-thumb\">\n                                    <img decoding=\"async\" src=\"https:\/\/fecburgos.com\/wp-content\/uploads\/2025\/09\/FOTOS-WEB-PORTADA-1-1-819x1024.png\" alt=\"X Edici\u00f3n de la pasarela de moda MOBU\">\n                                <\/a><!-- .elementskit-entry-thumb END -->\n                                                            \n                            \n\t\t\t\t\t\t\t\t\t\t\t\t\t<\/div><!-- .elementskit-entry-header END -->\n\n\t\t\t\t\t\t<div class=\"elementskit-post-body \">\n\t\t\t\t\t\t\t\n\t\t\t\t\t\t\t\t\t\t\t\t\t\t\t\t\t\t\t\t\t\t\t\t\t\t\t\t<div class=\"post-meta-list\">\n\t\t\t\t\t\t\t\t\t\t\t\t\t\t\t\t\t\t\t\t\t\t\t\t\t\t\t\t\t\t\t\t<span class=\"meta-date\">\n\t\t\t\t\t\t\t\t\t\t<i aria-hidden=\"true\" class=\"icon icon-calendar3\"><\/i>\t\t\t\t\t\t\t\t\t\t<span class=\"meta-date-text\">\n\t\t\t\t\t\t\t\t\t\t\tseptiembre 12, 2025\t\t\t\t\t\t\t\t\t\t<\/span>\n\t\t\t\t\t\t\t\t\t<\/span>\n\t\t\t\t\t\t\t\t\t\t\t\t\t\t\t\t\t\t\t\t\t\t\t\t\t\t\t\t\t\t\t\t\t\t\t\t\t\t\t\t\t\t\t\t\t\t\t\t\t\t\t\t\t\t\t\t\t\t\t\t\t\t\t\t<span class=\"post-cat\">\n\t\t\t\t\t\t\t\t\t\t\t\t\t\t\t\t\t\t\t\t<a href=\"https:\/\/fecburgos.com\/index.php\/archivos\/category\/evento\" rel=\"category tag\">Evento<\/a>\t\t\t\t\t\t\t\t\t<\/span>\n\t\t\t\t\t\t\t\t\t\t\t\t\t\t\t\t\t\t\t\t\t\t\t\t\t\t\t\t\t<\/div>\n\t\t\t\t\t\t\t\t\t\t\t\t\t\n\t\t\t\t\t\t\t\t\n\t\t\t\t\t\t\t\t\t\t\t\t\t\t\t\t\t\t\t\t\t<h2 class=\"entry-title\">\n\t\t\t\t\t<a href=\"https:\/\/fecburgos.com\/index.php\/archivos\/19679\">\n\t\t\t\t\t\tX Edici\u00f3n de la pasarela de moda MOBU\t\t\t\t\t<\/a>\n\t\t\t\t<\/h2>\n\t\t\t\t\t\t\t\t\t\t\t\t\t\t\t\t\t\t\t\t\t\t\t\t\t\t\t\t\t\t\t\t\t\t\t\t\t\t\t\t\t\t<p>COMERCIO DE MODA MOBU es una actuaci\u00f3n consolidada que este a\u00f1o celebra su X Edici\u00f3n. Su objetivo es dinamizar la actividad comercial del sector de equipamiento de la persona y complementos, fomentar el consumo y dar visibilidad al comercio independiente de la provincia.<\/p>\n\t\t\t\t\t\t\t\t\t\t\t\t\t\t\t\t\t\t\t\t\t\t                                                            <div class=\"btn-wraper\">\n                                    \n                                                                            <a class=\"elementskit-btn whitespace--normal\" id=\"\" href=\"https:\/\/fecburgos.com\/index.php\/archivos\/19679\">\n                                        \t                                            Leer m\u00e1s                                        <\/a>\n                                                                    <\/div>\n                                                    <\/div><!-- .elementskit-post-body END -->\n                    <\/div>\n                \n            <\/div>\n                    <div class=\"col-lg-4 col-md-6\">\n\n                                    <div class=\"elementskit-post-image-card\">\n                        <div class=\"elementskit-entry-header\">\n                                                            <a href=\"https:\/\/fecburgos.com\/index.php\/archivos\/19635\" class=\"elementskit-entry-thumb\">\n                                    <img decoding=\"async\" src=\"https:\/\/fecburgos.com\/wp-content\/uploads\/2025\/09\/FOTOS-WEB-PORTADA-1-819x1024.png\" alt=\"Carn\u00e9 60 CyL: una oportunidad para el comercio de Burgos\">\n                                <\/a><!-- .elementskit-entry-thumb END -->\n                                                            \n                            \n\t\t\t\t\t\t\t\t\t\t\t\t\t<\/div><!-- .elementskit-entry-header END -->\n\n\t\t\t\t\t\t<div class=\"elementskit-post-body \">\n\t\t\t\t\t\t\t\n\t\t\t\t\t\t\t\t\t\t\t\t\t\t\t\t\t\t\t\t\t\t\t\t\t\t\t\t<div class=\"post-meta-list\">\n\t\t\t\t\t\t\t\t\t\t\t\t\t\t\t\t\t\t\t\t\t\t\t\t\t\t\t\t\t\t\t\t<span class=\"meta-date\">\n\t\t\t\t\t\t\t\t\t\t<i aria-hidden=\"true\" class=\"icon icon-calendar3\"><\/i>\t\t\t\t\t\t\t\t\t\t<span class=\"meta-date-text\">\n\t\t\t\t\t\t\t\t\t\t\tseptiembre 11, 2025\t\t\t\t\t\t\t\t\t\t<\/span>\n\t\t\t\t\t\t\t\t\t<\/span>\n\t\t\t\t\t\t\t\t\t\t\t\t\t\t\t\t\t\t\t\t\t\t\t\t\t\t\t\t\t\t\t\t\t\t\t\t\t\t\t\t\t\t\t\t\t\t\t\t\t\t\t\t\t\t\t\t\t\t\t\t\t\t\t\t<span class=\"post-cat\">\n\t\t\t\t\t\t\t\t\t\t\t\t\t\t\t\t\t\t\t\t<a href=\"https:\/\/fecburgos.com\/index.php\/archivos\/category\/noticia\" rel=\"category tag\">Noticia<\/a>\t\t\t\t\t\t\t\t\t<\/span>\n\t\t\t\t\t\t\t\t\t\t\t\t\t\t\t\t\t\t\t\t\t\t\t\t\t\t\t\t\t<\/div>\n\t\t\t\t\t\t\t\t\t\t\t\t\t\n\t\t\t\t\t\t\t\t\n\t\t\t\t\t\t\t\t\t\t\t\t\t\t\t\t\t\t\t\t\t<h2 class=\"entry-title\">\n\t\t\t\t\t<a href=\"https:\/\/fecburgos.com\/index.php\/archivos\/19635\">\n\t\t\t\t\t\tCarn\u00e9 60 CyL: una oportunidad para el comercio de Burgos\t\t\t\t\t<\/a>\n\t\t\t\t<\/h2>\n\t\t\t\t\t\t\t\t\t\t\t\t\t\t\t\t\t\t\t\t\t\t\t\t\t\t\t\t\t\t\t\t\t\t\t\t\t\t\t\t\t\t<p>El Carn\u00e9 60 Castilla y Le\u00f3n, impulsado por la Junta, conecta a las personas mayores de 60 a\u00f1os con una red creciente de comercios, servicios y actividades. Para los establecimientos adheridos, supone un escaparate privilegiado ante un colectivo con gran capacidad de consumo y alta fidelidad.<\/p>\n\t\t\t\t\t\t\t\t\t\t\t\t\t\t\t\t\t\t\t\t\t\t                                                            <div class=\"btn-wraper\">\n                                    \n                                                                            <a class=\"elementskit-btn whitespace--normal\" id=\"\" href=\"https:\/\/fecburgos.com\/index.php\/archivos\/19635\">\n                                        \t                                            Leer m\u00e1s                                        <\/a>\n                                                                    <\/div>\n                                                    <\/div><!-- .elementskit-post-body END -->\n                    <\/div>\n                \n            <\/div>\n                    <div class=\"col-lg-4 col-md-6\">\n\n                                    <div class=\"elementskit-post-image-card\">\n                        <div class=\"elementskit-entry-header\">\n                                                            <a href=\"https:\/\/fecburgos.com\/index.php\/archivos\/19607\" class=\"elementskit-entry-thumb\">\n                                    <img decoding=\"async\" src=\"https:\/\/fecburgos.com\/wp-content\/uploads\/2025\/09\/CAMPANA-ASOCIACIONISMO-CARTELERIA-819x1024.png\" alt=\"Jornada Factura electr\u00f3nica y medios de pago\">\n                                <\/a><!-- .elementskit-entry-thumb END -->\n                                                            \n                            \n\t\t\t\t\t\t\t\t\t\t\t\t\t<\/div><!-- .elementskit-entry-header END -->\n\n\t\t\t\t\t\t<div class=\"elementskit-post-body \">\n\t\t\t\t\t\t\t\n\t\t\t\t\t\t\t\t\t\t\t\t\t\t\t\t\t\t\t\t\t\t\t\t\t\t\t\t<div class=\"post-meta-list\">\n\t\t\t\t\t\t\t\t\t\t\t\t\t\t\t\t\t\t\t\t\t\t\t\t\t\t\t\t\t\t\t\t<span class=\"meta-date\">\n\t\t\t\t\t\t\t\t\t\t<i aria-hidden=\"true\" class=\"icon icon-calendar3\"><\/i>\t\t\t\t\t\t\t\t\t\t<span class=\"meta-date-text\">\n\t\t\t\t\t\t\t\t\t\t\tseptiembre 3, 2025\t\t\t\t\t\t\t\t\t\t<\/span>\n\t\t\t\t\t\t\t\t\t<\/span>\n\t\t\t\t\t\t\t\t\t\t\t\t\t\t\t\t\t\t\t\t\t\t\t\t\t\t\t\t\t\t\t\t\t\t\t\t\t\t\t\t\t\t\t\t\t\t\t\t\t\t\t\t\t\t\t\t\t\t\t\t\t\t\t\t<span class=\"post-cat\">\n\t\t\t\t\t\t\t\t\t\t\t\t\t\t\t\t\t\t\t\t<a href=\"https:\/\/fecburgos.com\/index.php\/archivos\/category\/noticia\" rel=\"category tag\">Noticia<\/a>\t\t\t\t\t\t\t\t\t<\/span>\n\t\t\t\t\t\t\t\t\t\t\t\t\t\t\t\t\t\t\t\t\t\t\t\t\t\t\t\t\t<\/div>\n\t\t\t\t\t\t\t\t\t\t\t\t\t\n\t\t\t\t\t\t\t\t\n\t\t\t\t\t\t\t\t\t\t\t\t\t\t\t\t\t\t\t\t\t<h2 class=\"entry-title\">\n\t\t\t\t\t<a href=\"https:\/\/fecburgos.com\/index.php\/archivos\/19607\">\n\t\t\t\t\t\tJornada Factura electr\u00f3nica y medios de pago\t\t\t\t\t<\/a>\n\t\t\t\t<\/h2>\n\t\t\t\t\t\t\t\t\t\t\t\t\t\t\t\t\t\t\t\t\t\t\t\t\t\t\t\t\t\t\t\t\t\t\t\t\t\t\t\t\t\t<p>La Federaci\u00f3n de Empresarios de Comercio de Burgos, en colaboraci\u00f3n con Cajaviva Caja Rural, organiza una nueva jornada formativa dirigida a aut\u00f3nomos, comerciantes y empresas interesadas en conocer las \u00faltimas novedades en facturaci\u00f3n electr\u00f3nica y medios de pago.<\/p>\n\t\t\t\t\t\t\t\t\t\t\t\t\t\t\t\t\t\t\t\t\t\t                                                            <div class=\"btn-wraper\">\n                                    \n                                                                            <a class=\"elementskit-btn whitespace--normal\" id=\"\" href=\"https:\/\/fecburgos.com\/index.php\/archivos\/19607\">\n                                        \t                                            Leer m\u00e1s                                        <\/a>\n                                                                    <\/div>\n                                                    <\/div><!-- .elementskit-post-body END -->\n                    <\/div>\n                \n            <\/div>\n                    <div class=\"col-lg-4 col-md-6\">\n\n                                    <div class=\"elementskit-post-image-card\">\n                        <div class=\"elementskit-entry-header\">\n                                                            <a href=\"https:\/\/fecburgos.com\/index.php\/archivos\/19542\" class=\"elementskit-entry-thumb\">\n                                    <img decoding=\"async\" src=\"https:\/\/fecburgos.com\/wp-content\/uploads\/2026\/01\/LogoJuntaTramita-768x1024.png\" alt=\"Hasta 11.500 \u20ac por cada contrataci\u00f3n indefinida en Castilla y Le\u00f3n:  ayudas 2025\">\n                                <\/a><!-- .elementskit-entry-thumb END -->\n                                                            \n                            \n\t\t\t\t\t\t\t\t\t\t\t\t\t<\/div><!-- .elementskit-entry-header END -->\n\n\t\t\t\t\t\t<div class=\"elementskit-post-body \">\n\t\t\t\t\t\t\t\n\t\t\t\t\t\t\t\t\t\t\t\t\t\t\t\t\t\t\t\t\t\t\t\t\t\t\t\t<div class=\"post-meta-list\">\n\t\t\t\t\t\t\t\t\t\t\t\t\t\t\t\t\t\t\t\t\t\t\t\t\t\t\t\t\t\t\t\t<span class=\"meta-date\">\n\t\t\t\t\t\t\t\t\t\t<i aria-hidden=\"true\" class=\"icon icon-calendar3\"><\/i>\t\t\t\t\t\t\t\t\t\t<span class=\"meta-date-text\">\n\t\t\t\t\t\t\t\t\t\t\tagosto 18, 2025\t\t\t\t\t\t\t\t\t\t<\/span>\n\t\t\t\t\t\t\t\t\t<\/span>\n\t\t\t\t\t\t\t\t\t\t\t\t\t\t\t\t\t\t\t\t\t\t\t\t\t\t\t\t\t\t\t\t\t\t\t\t\t\t\t\t\t\t\t\t\t\t\t\t\t\t\t\t\t\t\t\t\t\t\t\t\t\t\t\t<span class=\"post-cat\">\n\t\t\t\t\t\t\t\t\t\t\t\t\t\t\t\t\t\t\t\t<a href=\"https:\/\/fecburgos.com\/index.php\/archivos\/category\/noticia\" rel=\"category tag\">Noticia<\/a>\t\t\t\t\t\t\t\t\t<\/span>\n\t\t\t\t\t\t\t\t\t\t\t\t\t\t\t\t\t\t\t\t\t\t\t\t\t\t\t\t\t<\/div>\n\t\t\t\t\t\t\t\t\t\t\t\t\t\n\t\t\t\t\t\t\t\t\n\t\t\t\t\t\t\t\t\t\t\t\t\t\t\t\t\t\t\t\t\t<h2 class=\"entry-title\">\n\t\t\t\t\t<a href=\"https:\/\/fecburgos.com\/index.php\/archivos\/19542\">\n\t\t\t\t\t\tHasta 11.500 \u20ac por cada contrataci\u00f3n indefinida en Castilla y Le\u00f3n:  ayudas 2025\t\t\t\t\t<\/a>\n\t\t\t\t<\/h2>\n\t\t\t\t\t\t\t\t\t\t\t\t\t\t\t\t\t\t\t\t\t\t\t\t\t\t\t\t\t\t\t\t\t\t\t\t\t\t\t\t\t\t<p>La Consejer\u00eda de Industria, Comercio y Empleo ha publicado en el BOCYL de 14 de agosto de 2025 la convocatoria de subvenciones, cofinanciadas por el Fondo Social Europeo Plus (FSE+), dirigidas a fomentar el empleo estable en Castilla y Le\u00f3n.<\/p>\n\t\t\t\t\t\t\t\t\t\t\t\t\t\t\t\t\t\t\t\t\t\t                                                            <div class=\"btn-wraper\">\n                                    \n                                                                            <a class=\"elementskit-btn whitespace--normal\" id=\"\" href=\"https:\/\/fecburgos.com\/index.php\/archivos\/19542\">\n                                        \t                                            Leer m\u00e1s                                        <\/a>\n                                                                    <\/div>\n                                                    <\/div><!-- .elementskit-post-body END -->\n                    <\/div>\n                \n            <\/div>\n                    <div class=\"col-lg-4 col-md-6\">\n\n                                    <div class=\"elementskit-post-image-card\">\n                        <div class=\"elementskit-entry-header\">\n                                                            <a href=\"https:\/\/fecburgos.com\/index.php\/archivos\/19517\" class=\"elementskit-entry-thumb\">\n                                    <img decoding=\"async\" src=\"https:\/\/fecburgos.com\/wp-content\/uploads\/2025\/08\/feriainteriorismo-819x1024.png\" alt=\"La FEC ultima para noviembre la primera feria de interiorismo\">\n                                <\/a><!-- .elementskit-entry-thumb END -->\n                                                            \n                            \n\t\t\t\t\t\t\t\t\t\t\t\t\t<\/div><!-- .elementskit-entry-header END -->\n\n\t\t\t\t\t\t<div class=\"elementskit-post-body \">\n\t\t\t\t\t\t\t\n\t\t\t\t\t\t\t\t\t\t\t\t\t\t\t\t\t\t\t\t\t\t\t\t\t\t\t\t<div class=\"post-meta-list\">\n\t\t\t\t\t\t\t\t\t\t\t\t\t\t\t\t\t\t\t\t\t\t\t\t\t\t\t\t\t\t\t\t<span class=\"meta-date\">\n\t\t\t\t\t\t\t\t\t\t<i aria-hidden=\"true\" class=\"icon icon-calendar3\"><\/i>\t\t\t\t\t\t\t\t\t\t<span class=\"meta-date-text\">\n\t\t\t\t\t\t\t\t\t\t\tagosto 7, 2025\t\t\t\t\t\t\t\t\t\t<\/span>\n\t\t\t\t\t\t\t\t\t<\/span>\n\t\t\t\t\t\t\t\t\t\t\t\t\t\t\t\t\t\t\t\t\t\t\t\t\t\t\t\t\t\t\t\t\t\t\t\t\t\t\t\t\t\t\t\t\t\t\t\t\t\t\t\t\t\t\t\t\t\t\t\t\t\t\t\t<span class=\"post-cat\">\n\t\t\t\t\t\t\t\t\t\t\t\t\t\t\t\t\t\t\t\t<a href=\"https:\/\/fecburgos.com\/index.php\/archivos\/category\/noticia\" rel=\"category tag\">Noticia<\/a>\t\t\t\t\t\t\t\t\t<\/span>\n\t\t\t\t\t\t\t\t\t\t\t\t\t\t\t\t\t\t\t\t\t\t\t\t\t\t\t\t\t<\/div>\n\t\t\t\t\t\t\t\t\t\t\t\t\t\n\t\t\t\t\t\t\t\t\n\t\t\t\t\t\t\t\t\t\t\t\t\t\t\t\t\t\t\t\t\t<h2 class=\"entry-title\">\n\t\t\t\t\t<a href=\"https:\/\/fecburgos.com\/index.php\/archivos\/19517\">\n\t\t\t\t\t\tLa FEC ultima para noviembre la primera feria de interiorismo\t\t\t\t\t<\/a>\n\t\t\t\t<\/h2>\n\t\t\t\t\t\t\t\t\t\t\t\t\t\t\t\t\t\t\t\t\t\t\t\t\t\t\t\t\t\t\t\t\t\t\t\t\t\t\t\t\t\t<p>La Federaci\u00f3n de Empresarios de Comercio (FEC) se encuentra inmersa en la organizaci\u00f3n de la que se convertir\u00e1 en la primera feria de interiorismo de la capital. La bautizada como Muestra Casa ya ocupa un lugar en el calendario de la patronal, noviembre, en el paseo de la Sierra de Atapuerca.<\/p>\n\t\t\t\t\t\t\t\t\t\t\t\t\t\t\t\t\t\t\t\t\t\t                                                            <div class=\"btn-wraper\">\n                                    \n                                                                            <a class=\"elementskit-btn whitespace--normal\" id=\"\" href=\"https:\/\/fecburgos.com\/index.php\/archivos\/19517\">\n                                        \t                                            Leer m\u00e1s                                        <\/a>\n                                                                    <\/div>\n                                                    <\/div><!-- .elementskit-post-body END -->\n                    <\/div>\n                \n            <\/div>\n                    <div class=\"col-lg-4 col-md-6\">\n\n                                    <div class=\"elementskit-post-image-card\">\n                        <div class=\"elementskit-entry-header\">\n                                                            <a href=\"https:\/\/fecburgos.com\/index.php\/archivos\/19442\" class=\"elementskit-entry-thumb\">\n                                    <img decoding=\"async\" src=\"https:\/\/fecburgos.com\/wp-content\/uploads\/2026\/01\/LogoJuntaTramita-768x1024.png\" alt=\"Subvenciones para la contrataci\u00f3n temporal con fines de conciliaci\u00f3n en CyL\">\n                                <\/a><!-- .elementskit-entry-thumb END -->\n                                                            \n                            \n\t\t\t\t\t\t\t\t\t\t\t\t\t<\/div><!-- .elementskit-entry-header END -->\n\n\t\t\t\t\t\t<div class=\"elementskit-post-body \">\n\t\t\t\t\t\t\t\n\t\t\t\t\t\t\t\t\t\t\t\t\t\t\t\t\t\t\t\t\t\t\t\t\t\t\t\t<div class=\"post-meta-list\">\n\t\t\t\t\t\t\t\t\t\t\t\t\t\t\t\t\t\t\t\t\t\t\t\t\t\t\t\t\t\t\t\t<span class=\"meta-date\">\n\t\t\t\t\t\t\t\t\t\t<i aria-hidden=\"true\" class=\"icon icon-calendar3\"><\/i>\t\t\t\t\t\t\t\t\t\t<span class=\"meta-date-text\">\n\t\t\t\t\t\t\t\t\t\t\tagosto 1, 2025\t\t\t\t\t\t\t\t\t\t<\/span>\n\t\t\t\t\t\t\t\t\t<\/span>\n\t\t\t\t\t\t\t\t\t\t\t\t\t\t\t\t\t\t\t\t\t\t\t\t\t\t\t\t\t\t\t\t\t\t\t\t\t\t\t\t\t\t\t\t\t\t\t\t\t\t\t\t\t\t\t\t\t\t\t\t\t\t\t\t<span class=\"post-cat\">\n\t\t\t\t\t\t\t\t\t\t\t\t\t\t\t\t\t\t\t\t<a href=\"https:\/\/fecburgos.com\/index.php\/archivos\/category\/noticia\" rel=\"category tag\">Noticia<\/a>\t\t\t\t\t\t\t\t\t<\/span>\n\t\t\t\t\t\t\t\t\t\t\t\t\t\t\t\t\t\t\t\t\t\t\t\t\t\t\t\t\t<\/div>\n\t\t\t\t\t\t\t\t\t\t\t\t\t\n\t\t\t\t\t\t\t\t\n\t\t\t\t\t\t\t\t\t\t\t\t\t\t\t\t\t\t\t\t\t<h2 class=\"entry-title\">\n\t\t\t\t\t<a href=\"https:\/\/fecburgos.com\/index.php\/archivos\/19442\">\n\t\t\t\t\t\tSubvenciones para la contrataci\u00f3n temporal con fines de conciliaci\u00f3n en CyL\t\t\t\t\t<\/a>\n\t\t\t\t<\/h2>\n\t\t\t\t\t\t\t\t\t\t\t\t\t\t\t\t\t\t\t\t\t\t\t\t\t\t\t\t\t\t\t\t\t\t\t\t\t\t\t\t\t\t<p>El Servicio P\u00fablico de Empleo de Castilla y Le\u00f3n ha convocado ayudas para fomentar la contrataci\u00f3n de duraci\u00f3n determinada destinada a sustituir a personas trabajadoras que se ausenten por motivos vinculados a la conciliaci\u00f3n de la vida laboral y familiar.<\/p>\n\t\t\t\t\t\t\t\t\t\t\t\t\t\t\t\t\t\t\t\t\t\t                                                            <div class=\"btn-wraper\">\n                                    \n                                                                            <a class=\"elementskit-btn whitespace--normal\" id=\"\" href=\"https:\/\/fecburgos.com\/index.php\/archivos\/19442\">\n                                        \t                                            Leer m\u00e1s                                        <\/a>\n                                                                    <\/div>\n                                                    <\/div><!-- .elementskit-post-body END -->\n                    <\/div>\n                \n            <\/div>\n                    <div class=\"col-lg-4 col-md-6\">\n\n                                    <div class=\"elementskit-post-image-card\">\n                        <div class=\"elementskit-entry-header\">\n                                                            <a href=\"https:\/\/fecburgos.com\/index.php\/archivos\/19402\" class=\"elementskit-entry-thumb\">\n                                    <img decoding=\"async\" src=\"https:\/\/fecburgos.com\/wp-content\/uploads\/2025\/07\/CuidadoMenores-819x1024.png\" alt=\"Novedades en el permiso por nacimiento y cuidado del menor\">\n                                <\/a><!-- .elementskit-entry-thumb END -->\n                                                            \n                            \n\t\t\t\t\t\t\t\t\t\t\t\t\t<\/div><!-- .elementskit-entry-header END -->\n\n\t\t\t\t\t\t<div class=\"elementskit-post-body \">\n\t\t\t\t\t\t\t\n\t\t\t\t\t\t\t\t\t\t\t\t\t\t\t\t\t\t\t\t\t\t\t\t\t\t\t\t<div class=\"post-meta-list\">\n\t\t\t\t\t\t\t\t\t\t\t\t\t\t\t\t\t\t\t\t\t\t\t\t\t\t\t\t\t\t\t\t<span class=\"meta-date\">\n\t\t\t\t\t\t\t\t\t\t<i aria-hidden=\"true\" class=\"icon icon-calendar3\"><\/i>\t\t\t\t\t\t\t\t\t\t<span class=\"meta-date-text\">\n\t\t\t\t\t\t\t\t\t\t\tjulio 30, 2025\t\t\t\t\t\t\t\t\t\t<\/span>\n\t\t\t\t\t\t\t\t\t<\/span>\n\t\t\t\t\t\t\t\t\t\t\t\t\t\t\t\t\t\t\t\t\t\t\t\t\t\t\t\t\t\t\t\t\t\t\t\t\t\t\t\t\t\t\t\t\t\t\t\t\t\t\t\t\t\t\t\t\t\t\t\t\t\t\t\t<span class=\"post-cat\">\n\t\t\t\t\t\t\t\t\t\t\t\t\t\t\t\t\t\t\t\t<a href=\"https:\/\/fecburgos.com\/index.php\/archivos\/category\/noticia\" rel=\"category tag\">Noticia<\/a>\t\t\t\t\t\t\t\t\t<\/span>\n\t\t\t\t\t\t\t\t\t\t\t\t\t\t\t\t\t\t\t\t\t\t\t\t\t\t\t\t\t<\/div>\n\t\t\t\t\t\t\t\t\t\t\t\t\t\n\t\t\t\t\t\t\t\t\n\t\t\t\t\t\t\t\t\t\t\t\t\t\t\t\t\t\t\t\t\t<h2 class=\"entry-title\">\n\t\t\t\t\t<a href=\"https:\/\/fecburgos.com\/index.php\/archivos\/19402\">\n\t\t\t\t\t\tNovedades en el permiso por nacimiento y cuidado del menor\t\t\t\t\t<\/a>\n\t\t\t\t<\/h2>\n\t\t\t\t\t\t\t\t\t\t\t\t\t\t\t\t\t\t\t\t\t\t\t\t\t\t\t\t\t\t\t\t\t\t\t\t\t\t\t\t\t\t<p>La FEC de Burgos informa a sus asociados sobre la reciente aprobaci\u00f3n del Real Decreto-ley 9\/2025, que introduce importantes novedades en los permisos laborales por nacimiento y cuidado del menor, tanto para el sector privado como para empleados p\u00fablicos.<\/p>\n\t\t\t\t\t\t\t\t\t\t\t\t\t\t\t\t\t\t\t\t\t\t                                                            <div class=\"btn-wraper\">\n                                    \n                                                                            <a class=\"elementskit-btn whitespace--normal\" id=\"\" href=\"https:\/\/fecburgos.com\/index.php\/archivos\/19402\">\n                                        \t                                            Leer m\u00e1s                                        <\/a>\n                                                                    <\/div>\n                                                    <\/div><!-- .elementskit-post-body END -->\n                    <\/div>\n                \n            <\/div>\n                    <div class=\"col-lg-4 col-md-6\">\n\n                                    <div class=\"elementskit-post-image-card\">\n                        <div class=\"elementskit-entry-header\">\n                                                            <a href=\"https:\/\/fecburgos.com\/index.php\/archivos\/19342\" class=\"elementskit-entry-thumb\">\n                                    <img decoding=\"async\" src=\"https:\/\/fecburgos.com\/wp-content\/uploads\/2025\/07\/feriaexcedentes2025-819x1024.png\" alt=\"La Feria de Excedentes de Comercio regresa a Aranda de Duero\">\n                                <\/a><!-- .elementskit-entry-thumb END -->\n                                                            \n                            \n\t\t\t\t\t\t\t\t\t\t\t\t\t<\/div><!-- .elementskit-entry-header END -->\n\n\t\t\t\t\t\t<div class=\"elementskit-post-body \">\n\t\t\t\t\t\t\t\n\t\t\t\t\t\t\t\t\t\t\t\t\t\t\t\t\t\t\t\t\t\t\t\t\t\t\t\t<div class=\"post-meta-list\">\n\t\t\t\t\t\t\t\t\t\t\t\t\t\t\t\t\t\t\t\t\t\t\t\t\t\t\t\t\t\t\t\t<span class=\"meta-date\">\n\t\t\t\t\t\t\t\t\t\t<i aria-hidden=\"true\" class=\"icon icon-calendar3\"><\/i>\t\t\t\t\t\t\t\t\t\t<span class=\"meta-date-text\">\n\t\t\t\t\t\t\t\t\t\t\tjulio 18, 2025\t\t\t\t\t\t\t\t\t\t<\/span>\n\t\t\t\t\t\t\t\t\t<\/span>\n\t\t\t\t\t\t\t\t\t\t\t\t\t\t\t\t\t\t\t\t\t\t\t\t\t\t\t\t\t\t\t\t\t\t\t\t\t\t\t\t\t\t\t\t\t\t\t\t\t\t\t\t\t\t\t\t\t\t\t\t\t\t\t\t<span class=\"post-cat\">\n\t\t\t\t\t\t\t\t\t\t\t\t\t\t\t\t\t\t\t\t<a href=\"https:\/\/fecburgos.com\/index.php\/archivos\/category\/noticia\" rel=\"category tag\">Noticia<\/a>\t\t\t\t\t\t\t\t\t<\/span>\n\t\t\t\t\t\t\t\t\t\t\t\t\t\t\t\t\t\t\t\t\t\t\t\t\t\t\t\t\t<\/div>\n\t\t\t\t\t\t\t\t\t\t\t\t\t\n\t\t\t\t\t\t\t\t\n\t\t\t\t\t\t\t\t\t\t\t\t\t\t\t\t\t\t\t\t\t<h2 class=\"entry-title\">\n\t\t\t\t\t<a href=\"https:\/\/fecburgos.com\/index.php\/archivos\/19342\">\n\t\t\t\t\t\tLa Feria de Excedentes de Comercio regresa a Aranda de Duero\t\t\t\t\t<\/a>\n\t\t\t\t<\/h2>\n\t\t\t\t\t\t\t\t\t\t\t\t\t\t\t\t\t\t\t\t\t\t\t\t\t\t\t\t\t\t\t\t\t\t\t\t\t\t\t\t\t\t<p>Durante las Fiestas de Aranda de Duero, una de las actividades m\u00e1s consolidadas y esperadas por el p\u00fablico local y visitante es la Feria de Excedentes de Comercio, que este a\u00f1o volver\u00e1 a celebrarse en la Calle Ronda el d\u00eda 2 de agosto. Este evento representa una gran oportunidad tanto para los comerciantes \u2026<\/p>\n\t\t\t\t\t\t\t\t\t\t\t\t\t\t\t\t\t\t\t\t\t\t                                                            <div class=\"btn-wraper\">\n                                    \n                                                                            <a class=\"elementskit-btn whitespace--normal\" id=\"\" href=\"https:\/\/fecburgos.com\/index.php\/archivos\/19342\">\n                                        \t                                            Leer m\u00e1s                                        <\/a>\n                                                                    <\/div>\n                                                    <\/div><!-- .elementskit-post-body END -->\n                    <\/div>\n                \n            <\/div>\n                    <div class=\"col-lg-4 col-md-6\">\n\n                                    <div class=\"elementskit-post-image-card\">\n                        <div class=\"elementskit-entry-header\">\n                                                            <a href=\"https:\/\/fecburgos.com\/index.php\/archivos\/19311\" class=\"elementskit-entry-thumb\">\n                                    <img decoding=\"async\" src=\"https:\/\/fecburgos.com\/wp-content\/uploads\/2025\/07\/chequerural-819x1024.png\" alt=\"Cheque Comercio Rural: Apoyo al comercio en los peque\u00f1os municipios de CyL\">\n                                <\/a><!-- .elementskit-entry-thumb END -->\n                                                            \n                            \n\t\t\t\t\t\t\t\t\t\t\t\t\t<\/div><!-- .elementskit-entry-header END -->\n\n\t\t\t\t\t\t<div class=\"elementskit-post-body \">\n\t\t\t\t\t\t\t\n\t\t\t\t\t\t\t\t\t\t\t\t\t\t\t\t\t\t\t\t\t\t\t\t\t\t\t\t<div class=\"post-meta-list\">\n\t\t\t\t\t\t\t\t\t\t\t\t\t\t\t\t\t\t\t\t\t\t\t\t\t\t\t\t\t\t\t\t<span class=\"meta-date\">\n\t\t\t\t\t\t\t\t\t\t<i aria-hidden=\"true\" class=\"icon icon-calendar3\"><\/i>\t\t\t\t\t\t\t\t\t\t<span class=\"meta-date-text\">\n\t\t\t\t\t\t\t\t\t\t\tjulio 18, 2025\t\t\t\t\t\t\t\t\t\t<\/span>\n\t\t\t\t\t\t\t\t\t<\/span>\n\t\t\t\t\t\t\t\t\t\t\t\t\t\t\t\t\t\t\t\t\t\t\t\t\t\t\t\t\t\t\t\t\t\t\t\t\t\t\t\t\t\t\t\t\t\t\t\t\t\t\t\t\t\t\t\t\t\t\t\t\t\t\t\t<span class=\"post-cat\">\n\t\t\t\t\t\t\t\t\t\t\t\t\t\t\t\t\t\t\t\t<a href=\"https:\/\/fecburgos.com\/index.php\/archivos\/category\/noticia\" rel=\"category tag\">Noticia<\/a>\t\t\t\t\t\t\t\t\t<\/span>\n\t\t\t\t\t\t\t\t\t\t\t\t\t\t\t\t\t\t\t\t\t\t\t\t\t\t\t\t\t<\/div>\n\t\t\t\t\t\t\t\t\t\t\t\t\t\n\t\t\t\t\t\t\t\t\n\t\t\t\t\t\t\t\t\t\t\t\t\t\t\t\t\t\t\t\t\t<h2 class=\"entry-title\">\n\t\t\t\t\t<a href=\"https:\/\/fecburgos.com\/index.php\/archivos\/19311\">\n\t\t\t\t\t\tCheque Comercio Rural: Apoyo al comercio en los peque\u00f1os municipios de CyL\t\t\t\t\t<\/a>\n\t\t\t\t<\/h2>\n\t\t\t\t\t\t\t\t\t\t\t\t\t\t\t\t\t\t\t\t\t\t\t\t\t\t\t\t\t\t\t\t\t\t\t\t\t\t\t\t\t\t<p>El presidente de la Junta de Castilla y Le\u00f3n,  present\u00f3 el d\u00eda 17 de julio el Cheque Comercio Rural, una nueva l\u00ednea de ayudas destinada a impulsar el comercio en municipios de hasta 1.000 habitantes.<\/p>\n\t\t\t\t\t\t\t\t\t\t\t\t\t\t\t\t\t\t\t\t\t\t                                                            <div class=\"btn-wraper\">\n                                    \n                                                                            <a class=\"elementskit-btn whitespace--normal\" id=\"\" href=\"https:\/\/fecburgos.com\/index.php\/archivos\/19311\">\n                                        \t                                            Leer m\u00e1s                                        <\/a>\n                                                                    <\/div>\n                                                    <\/div><!-- .elementskit-post-body END -->\n                    <\/div>\n                \n            <\/div>\n                    <div class=\"col-lg-4 col-md-6\">\n\n                                    <div class=\"elementskit-post-image-card\">\n                        <div class=\"elementskit-entry-header\">\n                                                            <a href=\"https:\/\/fecburgos.com\/index.php\/archivos\/18784\" class=\"elementskit-entry-thumb\">\n                                    <img decoding=\"async\" src=\"https:\/\/fecburgos.com\/wp-content\/uploads\/2025\/07\/LogoConferco-819x1024.png\" alt=\"El peque\u00f1o comercio de CyL arranca las rebajas con descuentos de hasta el 50% y buenas previsiones de ventas\">\n                                <\/a><!-- .elementskit-entry-thumb END -->\n                                                            \n                            \n\t\t\t\t\t\t\t\t\t\t\t\t\t<\/div><!-- .elementskit-entry-header END -->\n\n\t\t\t\t\t\t<div class=\"elementskit-post-body \">\n\t\t\t\t\t\t\t\n\t\t\t\t\t\t\t\t\t\t\t\t\t\t\t\t\t\t\t\t\t\t\t\t\t\t\t\t<div class=\"post-meta-list\">\n\t\t\t\t\t\t\t\t\t\t\t\t\t\t\t\t\t\t\t\t\t\t\t\t\t\t\t\t\t\t\t\t<span class=\"meta-date\">\n\t\t\t\t\t\t\t\t\t\t<i aria-hidden=\"true\" class=\"icon icon-calendar3\"><\/i>\t\t\t\t\t\t\t\t\t\t<span class=\"meta-date-text\">\n\t\t\t\t\t\t\t\t\t\t\tjulio 10, 2025\t\t\t\t\t\t\t\t\t\t<\/span>\n\t\t\t\t\t\t\t\t\t<\/span>\n\t\t\t\t\t\t\t\t\t\t\t\t\t\t\t\t\t\t\t\t\t\t\t\t\t\t\t\t\t\t\t\t\t\t\t\t\t\t\t\t\t\t\t\t\t\t\t\t\t\t\t\t\t\t\t\t\t\t\t\t\t\t\t\t<span class=\"post-cat\">\n\t\t\t\t\t\t\t\t\t\t\t\t\t\t\t\t\t\t\t\t<a href=\"https:\/\/fecburgos.com\/index.php\/archivos\/category\/noticia\" rel=\"category tag\">Noticia<\/a>\t\t\t\t\t\t\t\t\t<\/span>\n\t\t\t\t\t\t\t\t\t\t\t\t\t\t\t\t\t\t\t\t\t\t\t\t\t\t\t\t\t<\/div>\n\t\t\t\t\t\t\t\t\t\t\t\t\t\n\t\t\t\t\t\t\t\t\n\t\t\t\t\t\t\t\t\t\t\t\t\t\t\t\t\t\t\t\t\t<h2 class=\"entry-title\">\n\t\t\t\t\t<a href=\"https:\/\/fecburgos.com\/index.php\/archivos\/18784\">\n\t\t\t\t\t\tEl peque\u00f1o comercio de CyL arranca las rebajas con descuentos de hasta el 50% y buenas previsiones de ventas\t\t\t\t\t<\/a>\n\t\t\t\t<\/h2>\n\t\t\t\t\t\t\t\t\t\t\t\t\t\t\t\t\t\t\t\t\t\t\t\t\t\t\t\t\t\t\t\t\t\t\t\t\t\t\t\t\t\t<p>CONFERCO conf\u00eda en un repunte del consumo este verano tras una primavera d\u00e9bil y vuelve a reclamar una regulaci\u00f3n clara de los periodos de rebajas.\u00a0<\/p>\n\t\t\t\t\t\t\t\t\t\t\t\t\t\t\t\t\t\t\t\t\t\t                                                            <div class=\"btn-wraper\">\n                                    \n                                                                            <a class=\"elementskit-btn whitespace--normal\" id=\"\" href=\"https:\/\/fecburgos.com\/index.php\/archivos\/18784\">\n                                        \t                                            Leer m\u00e1s                                        <\/a>\n                                                                    <\/div>\n                                                    <\/div><!-- .elementskit-post-body END -->\n                    <\/div>\n                \n            <\/div>\n                    <div class=\"col-lg-4 col-md-6\">\n\n                                    <div class=\"elementskit-post-image-card\">\n                        <div class=\"elementskit-entry-header\">\n                                                            <a href=\"https:\/\/fecburgos.com\/index.php\/archivos\/18545\" class=\"elementskit-entry-thumb\">\n                                    <img decoding=\"async\" src=\"https:\/\/fecburgos.com\/wp-content\/uploads\/2025\/07\/DWC-819x1024.png\" alt=\"El Comercio da la bienvenida a la Dance World Cup\">\n                                <\/a><!-- .elementskit-entry-thumb END -->\n                                                            \n                            \n\t\t\t\t\t\t\t\t\t\t\t\t\t<\/div><!-- .elementskit-entry-header END -->\n\n\t\t\t\t\t\t<div class=\"elementskit-post-body \">\n\t\t\t\t\t\t\t\n\t\t\t\t\t\t\t\t\t\t\t\t\t\t\t\t\t\t\t\t\t\t\t\t\t\t\t\t<div class=\"post-meta-list\">\n\t\t\t\t\t\t\t\t\t\t\t\t\t\t\t\t\t\t\t\t\t\t\t\t\t\t\t\t\t\t\t\t<span class=\"meta-date\">\n\t\t\t\t\t\t\t\t\t\t<i aria-hidden=\"true\" class=\"icon icon-calendar3\"><\/i>\t\t\t\t\t\t\t\t\t\t<span class=\"meta-date-text\">\n\t\t\t\t\t\t\t\t\t\t\tjulio 4, 2025\t\t\t\t\t\t\t\t\t\t<\/span>\n\t\t\t\t\t\t\t\t\t<\/span>\n\t\t\t\t\t\t\t\t\t\t\t\t\t\t\t\t\t\t\t\t\t\t\t\t\t\t\t\t\t\t\t\t\t\t\t\t\t\t\t\t\t\t\t\t\t\t\t\t\t\t\t\t\t\t\t\t\t\t\t\t\t\t\t\t<span class=\"post-cat\">\n\t\t\t\t\t\t\t\t\t\t\t\t\t\t\t\t\t\t\t\t<a href=\"https:\/\/fecburgos.com\/index.php\/archivos\/category\/evento\" rel=\"category tag\">Evento<\/a>\t\t\t\t\t\t\t\t\t<\/span>\n\t\t\t\t\t\t\t\t\t\t\t\t\t\t\t\t\t\t\t\t\t\t\t\t\t\t\t\t\t<\/div>\n\t\t\t\t\t\t\t\t\t\t\t\t\t\n\t\t\t\t\t\t\t\t\n\t\t\t\t\t\t\t\t\t\t\t\t\t\t\t\t\t\t\t\t\t<h2 class=\"entry-title\">\n\t\t\t\t\t<a href=\"https:\/\/fecburgos.com\/index.php\/archivos\/18545\">\n\t\t\t\t\t\tEl Comercio da la bienvenida a la Dance World Cup\t\t\t\t\t<\/a>\n\t\t\t\t<\/h2>\n\t\t\t\t\t\t\t\t\t\t\t\t\t\t\t\t\t\t\t\t\t\t\t\t\t\t\t\t\t\t\t\t\t\t\t\t\t\t\t\t\t\t<p>Burgos sede de la Dance World Cup 2025, que tendr\u00e1 lugar del 3 al 12 de julio. Con el objetivo de dar la bienvenida a estos visitantes y fomentar su inter\u00e9s en nuestro comercio, desde FEC hemos elaborado una Campa\u00f1a de Promoci\u00f3n\u00a0que incluye. la instalaci\u00f3n de carteles, mupis,\u2026<\/p>\n\t\t\t\t\t\t\t\t\t\t\t\t\t\t\t\t\t\t\t\t\t\t                                                            <div class=\"btn-wraper\">\n                                    \n                                                                            <a class=\"elementskit-btn whitespace--normal\" id=\"\" href=\"https:\/\/fecburgos.com\/index.php\/archivos\/18545\">\n                                        \t                                            Leer m\u00e1s                                        <\/a>\n                                                                    <\/div>\n                                                    <\/div><!-- .elementskit-post-body END -->\n                    <\/div>\n                \n            <\/div>\n                    <div class=\"col-lg-4 col-md-6\">\n\n                                    <div class=\"elementskit-post-image-card\">\n                        <div class=\"elementskit-entry-header\">\n                                                            <a href=\"https:\/\/fecburgos.com\/index.php\/archivos\/18648\" class=\"elementskit-entry-thumb\">\n                                    <img decoding=\"async\" src=\"https:\/\/fecburgos.com\/wp-content\/uploads\/2025\/07\/1.png\" alt=\"Entrega de los bonos de compra del Mercado Norte\">\n                                <\/a><!-- .elementskit-entry-thumb END -->\n                                                            \n                            \n\t\t\t\t\t\t\t\t\t\t\t\t\t<\/div><!-- .elementskit-entry-header END -->\n\n\t\t\t\t\t\t<div class=\"elementskit-post-body \">\n\t\t\t\t\t\t\t\n\t\t\t\t\t\t\t\t\t\t\t\t\t\t\t\t\t\t\t\t\t\t\t\t\t\t\t\t<div class=\"post-meta-list\">\n\t\t\t\t\t\t\t\t\t\t\t\t\t\t\t\t\t\t\t\t\t\t\t\t\t\t\t\t\t\t\t\t<span class=\"meta-date\">\n\t\t\t\t\t\t\t\t\t\t<i aria-hidden=\"true\" class=\"icon icon-calendar3\"><\/i>\t\t\t\t\t\t\t\t\t\t<span class=\"meta-date-text\">\n\t\t\t\t\t\t\t\t\t\t\tjulio 4, 2025\t\t\t\t\t\t\t\t\t\t<\/span>\n\t\t\t\t\t\t\t\t\t<\/span>\n\t\t\t\t\t\t\t\t\t\t\t\t\t\t\t\t\t\t\t\t\t\t\t\t\t\t\t\t\t\t\t\t\t\t\t\t\t\t\t\t\t\t\t\t\t\t\t\t\t\t\t\t\t\t\t\t\t\t\t\t\t\t\t\t<span class=\"post-cat\">\n\t\t\t\t\t\t\t\t\t\t\t\t\t\t\t\t\t\t\t\t<a href=\"https:\/\/fecburgos.com\/index.php\/archivos\/category\/noticia\" rel=\"category tag\">Noticia<\/a>\t\t\t\t\t\t\t\t\t<\/span>\n\t\t\t\t\t\t\t\t\t\t\t\t\t\t\t\t\t\t\t\t\t\t\t\t\t\t\t\t\t<\/div>\n\t\t\t\t\t\t\t\t\t\t\t\t\t\n\t\t\t\t\t\t\t\t\n\t\t\t\t\t\t\t\t\t\t\t\t\t\t\t\t\t\t\t\t\t<h2 class=\"entry-title\">\n\t\t\t\t\t<a href=\"https:\/\/fecburgos.com\/index.php\/archivos\/18648\">\n\t\t\t\t\t\tEntrega de los bonos de compra del Mercado Norte\t\t\t\t\t<\/a>\n\t\t\t\t<\/h2>\n\t\t\t\t\t\t\t\t\t\t\t\t\t\t\t\t\t\t\t\t\t\t\t\t\t\t\t\t\t\t\t\t\t\t\t\t\t\t\t\t\t\t<p>El pasado 26 de junio la Asociaci\u00f3n de empresarios del Mercado Norte realiz\u00f3 el sorteo de la campa\u00f1a \u00abTu Mercado de confianza ahora tiene premio\u00bb.<br>\nEl sorteo tubo lugar en las propias instalaciones del Mercado Norte ante los clientes que \u2026<\/p>\n\t\t\t\t\t\t\t\t\t\t\t\t\t\t\t\t\t\t\t\t\t\t                                                            <div class=\"btn-wraper\">\n                                    \n                                                                            <a class=\"elementskit-btn whitespace--normal\" id=\"\" href=\"https:\/\/fecburgos.com\/index.php\/archivos\/18648\">\n                                        \t                                            Leer m\u00e1s                                        <\/a>\n                                                                    <\/div>\n                                                    <\/div><!-- .elementskit-post-body END -->\n                    <\/div>\n                \n            <\/div>\n                    <div class=\"col-lg-4 col-md-6\">\n\n                                    <div class=\"elementskit-post-image-card\">\n                        <div class=\"elementskit-entry-header\">\n                                                            <a href=\"https:\/\/fecburgos.com\/index.php\/archivos\/18517\" class=\"elementskit-entry-thumb\">\n                                    <img decoding=\"async\" src=\"https:\/\/fecburgos.com\/wp-content\/uploads\/2024\/05\/6.png\" alt=\"Ayudas al relevo generacional entre los aut\u00f3nomos de CyL\">\n                                <\/a><!-- .elementskit-entry-thumb END -->\n                                                            \n                            \n\t\t\t\t\t\t\t\t\t\t\t\t\t<\/div><!-- .elementskit-entry-header END -->\n\n\t\t\t\t\t\t<div class=\"elementskit-post-body \">\n\t\t\t\t\t\t\t\n\t\t\t\t\t\t\t\t\t\t\t\t\t\t\t\t\t\t\t\t\t\t\t\t\t\t\t\t<div class=\"post-meta-list\">\n\t\t\t\t\t\t\t\t\t\t\t\t\t\t\t\t\t\t\t\t\t\t\t\t\t\t\t\t\t\t\t\t<span class=\"meta-date\">\n\t\t\t\t\t\t\t\t\t\t<i aria-hidden=\"true\" class=\"icon icon-calendar3\"><\/i>\t\t\t\t\t\t\t\t\t\t<span class=\"meta-date-text\">\n\t\t\t\t\t\t\t\t\t\t\tjulio 4, 2025\t\t\t\t\t\t\t\t\t\t<\/span>\n\t\t\t\t\t\t\t\t\t<\/span>\n\t\t\t\t\t\t\t\t\t\t\t\t\t\t\t\t\t\t\t\t\t\t\t\t\t\t\t\t\t\t\t\t\t\t\t\t\t\t\t\t\t\t\t\t\t\t\t\t\t\t\t\t\t\t\t\t\t\t\t\t\t\t\t\t<span class=\"post-cat\">\n\t\t\t\t\t\t\t\t\t\t\t\t\t\t\t\t\t\t\t\t<a href=\"https:\/\/fecburgos.com\/index.php\/archivos\/category\/noticia\" rel=\"category tag\">Noticia<\/a>\t\t\t\t\t\t\t\t\t<\/span>\n\t\t\t\t\t\t\t\t\t\t\t\t\t\t\t\t\t\t\t\t\t\t\t\t\t\t\t\t\t<\/div>\n\t\t\t\t\t\t\t\t\t\t\t\t\t\n\t\t\t\t\t\t\t\t\n\t\t\t\t\t\t\t\t\t\t\t\t\t\t\t\t\t\t\t\t\t<h2 class=\"entry-title\">\n\t\t\t\t\t<a href=\"https:\/\/fecburgos.com\/index.php\/archivos\/18517\">\n\t\t\t\t\t\tAyudas al relevo generacional entre los aut\u00f3nomos de CyL\t\t\t\t\t<\/a>\n\t\t\t\t<\/h2>\n\t\t\t\t\t\t\t\t\t\t\t\t\t\t\t\t\t\t\t\t\t\t\t\t\t\t\t\t\t\t\t\t\t\t\t\t\t\t\t\t\t\t<p>La Junta de Castilla y Le\u00f3n pone en marcha ayudas econ\u00f3micas directas y medidas  para facilitar y promover el relevo generacional de los negocios de profesionales y trabajadores aut\u00f3nomos, garantizando el mantenimiento de la actividad y del empleo.<\/p>\n\t\t\t\t\t\t\t\t\t\t\t\t\t\t\t\t\t\t\t\t\t\t                                                            <div class=\"btn-wraper\">\n                                    \n                                                                            <a class=\"elementskit-btn whitespace--normal\" id=\"\" href=\"https:\/\/fecburgos.com\/index.php\/archivos\/18517\">\n                                        \t                                            Leer m\u00e1s                                        <\/a>\n                                                                    <\/div>\n                                                    <\/div><!-- .elementskit-post-body END -->\n                    <\/div>\n                \n            <\/div>\n                    <div class=\"col-lg-4 col-md-6\">\n\n                                    <div class=\"elementskit-post-image-card\">\n                        <div class=\"elementskit-entry-header\">\n                                                            <a href=\"https:\/\/fecburgos.com\/index.php\/archivos\/18500\" class=\"elementskit-entry-thumb\">\n                                    <img decoding=\"async\" src=\"https:\/\/fecburgos.com\/wp-content\/uploads\/2025\/06\/FOTO-Sorteo-Campana-MIPESBUR-scaled-e1750749644819-986x1024.jpeg\" alt=\"Campa\u00f1a \u00abCompra en tu pescader\u00eda de confianza\u00bb\">\n                                <\/a><!-- .elementskit-entry-thumb END -->\n                                                            \n                            \n\t\t\t\t\t\t\t\t\t\t\t\t\t<\/div><!-- .elementskit-entry-header END -->\n\n\t\t\t\t\t\t<div class=\"elementskit-post-body \">\n\t\t\t\t\t\t\t\n\t\t\t\t\t\t\t\t\t\t\t\t\t\t\t\t\t\t\t\t\t\t\t\t\t\t\t\t<div class=\"post-meta-list\">\n\t\t\t\t\t\t\t\t\t\t\t\t\t\t\t\t\t\t\t\t\t\t\t\t\t\t\t\t\t\t\t\t<span class=\"meta-date\">\n\t\t\t\t\t\t\t\t\t\t<i aria-hidden=\"true\" class=\"icon icon-calendar3\"><\/i>\t\t\t\t\t\t\t\t\t\t<span class=\"meta-date-text\">\n\t\t\t\t\t\t\t\t\t\t\tjunio 24, 2025\t\t\t\t\t\t\t\t\t\t<\/span>\n\t\t\t\t\t\t\t\t\t<\/span>\n\t\t\t\t\t\t\t\t\t\t\t\t\t\t\t\t\t\t\t\t\t\t\t\t\t\t\t\t\t\t\t\t\t\t\t\t\t\t\t\t\t\t\t\t\t\t\t\t\t\t\t\t\t\t\t\t\t\t\t\t\t\t\t\t<span class=\"post-cat\">\n\t\t\t\t\t\t\t\t\t\t\t\t\t\t\t\t\t\t\t\t<a href=\"https:\/\/fecburgos.com\/index.php\/archivos\/category\/noticia\" rel=\"category tag\">Noticia<\/a>\t\t\t\t\t\t\t\t\t<\/span>\n\t\t\t\t\t\t\t\t\t\t\t\t\t\t\t\t\t\t\t\t\t\t\t\t\t\t\t\t\t<\/div>\n\t\t\t\t\t\t\t\t\t\t\t\t\t\n\t\t\t\t\t\t\t\t\n\t\t\t\t\t\t\t\t\t\t\t\t\t\t\t\t\t\t\t\t\t<h2 class=\"entry-title\">\n\t\t\t\t\t<a href=\"https:\/\/fecburgos.com\/index.php\/archivos\/18500\">\n\t\t\t\t\t\tCampa\u00f1a \u00abCompra en tu pescader\u00eda de confianza\u00bb\t\t\t\t\t<\/a>\n\t\t\t\t<\/h2>\n\t\t\t\t\t\t\t\t\t\t\t\t\t\t\t\t\t\t\t\t\t\t\t\t\t\t\t\t\t\t\t\t\t\t\t\t\t\t\t\t\t\t<p>Del 9 al 18 de junio, la Asociaci\u00f3n de Pescaderos de Burgos (MIPESBUR) puso en marcha una campa\u00f1a de promoci\u00f3n bajo el lema \u201cCompra y gana en tu pescader\u00eda de confianza\u201d, con el objetivo de visibilizar y apoyar al comercio local especializado en productos del mar.<\/p>\n\t\t\t\t\t\t\t\t\t\t\t\t\t\t\t\t\t\t\t\t\t\t                                                            <div class=\"btn-wraper\">\n                                    \n                                                                            <a class=\"elementskit-btn whitespace--normal\" id=\"\" href=\"https:\/\/fecburgos.com\/index.php\/archivos\/18500\">\n                                        \t                                            Leer m\u00e1s                                        <\/a>\n                                                                    <\/div>\n                                                    <\/div><!-- .elementskit-post-body END -->\n                    <\/div>\n                \n            <\/div>\n                    <div class=\"col-lg-4 col-md-6\">\n\n                                    <div class=\"elementskit-post-image-card\">\n                        <div class=\"elementskit-entry-header\">\n                                                            <a href=\"https:\/\/fecburgos.com\/index.php\/archivos\/18396\" class=\"elementskit-entry-thumb\">\n                                    <img decoding=\"async\" src=\"https:\/\/fecburgos.com\/wp-content\/uploads\/2025\/06\/publicacion_instagram2-1024x1024.jpg\" alt=\"Tu mercado de confianza \u00a1ahora tiene premio!\">\n                                <\/a><!-- .elementskit-entry-thumb END -->\n                                                            \n                            \n\t\t\t\t\t\t\t\t\t\t\t\t\t<\/div><!-- .elementskit-entry-header END -->\n\n\t\t\t\t\t\t<div class=\"elementskit-post-body \">\n\t\t\t\t\t\t\t\n\t\t\t\t\t\t\t\t\t\t\t\t\t\t\t\t\t\t\t\t\t\t\t\t\t\t\t\t<div class=\"post-meta-list\">\n\t\t\t\t\t\t\t\t\t\t\t\t\t\t\t\t\t\t\t\t\t\t\t\t\t\t\t\t\t\t\t\t<span class=\"meta-date\">\n\t\t\t\t\t\t\t\t\t\t<i aria-hidden=\"true\" class=\"icon icon-calendar3\"><\/i>\t\t\t\t\t\t\t\t\t\t<span class=\"meta-date-text\">\n\t\t\t\t\t\t\t\t\t\t\tjunio 11, 2025\t\t\t\t\t\t\t\t\t\t<\/span>\n\t\t\t\t\t\t\t\t\t<\/span>\n\t\t\t\t\t\t\t\t\t\t\t\t\t\t\t\t\t\t\t\t\t\t\t\t\t\t\t\t\t\t\t\t\t\t\t\t\t\t\t\t\t\t\t\t\t\t\t\t\t\t\t\t\t\t\t\t\t\t\t\t\t\t\t\t<span class=\"post-cat\">\n\t\t\t\t\t\t\t\t\t\t\t\t\t\t\t\t\t\t\t\t<a href=\"https:\/\/fecburgos.com\/index.php\/archivos\/category\/concurso\" rel=\"category tag\">Concurso<\/a>\t\t\t\t\t\t\t\t\t<\/span>\n\t\t\t\t\t\t\t\t\t\t\t\t\t\t\t\t\t\t\t\t\t\t\t\t\t\t\t\t\t<\/div>\n\t\t\t\t\t\t\t\t\t\t\t\t\t\n\t\t\t\t\t\t\t\t\n\t\t\t\t\t\t\t\t\t\t\t\t\t\t\t\t\t\t\t\t\t<h2 class=\"entry-title\">\n\t\t\t\t\t<a href=\"https:\/\/fecburgos.com\/index.php\/archivos\/18396\">\n\t\t\t\t\t\tTu mercado de confianza \u00a1ahora tiene premio!\t\t\t\t\t<\/a>\n\t\t\t\t<\/h2>\n\t\t\t\t\t\t\t\t\t\t\t\t\t\t\t\t\t\t\t\t\t\t\t\t\t\t\t\t\t\t\t\t\t\t\t\t\t\t\t\t\t\t<p>La asociaci\u00f3n de empresarios del Mercado Norte te invita a participar en el sorteo de 50 vales descuento por tu fidelidad.<br>\n\u00a1Compra como siempre y gana como nunca!<\/p>\n\t\t\t\t\t\t\t\t\t\t\t\t\t\t\t\t\t\t\t\t\t\t                                                            <div class=\"btn-wraper\">\n                                    \n                                                                            <a class=\"elementskit-btn whitespace--normal\" id=\"\" href=\"https:\/\/fecburgos.com\/index.php\/archivos\/18396\">\n                                        \t                                            Leer m\u00e1s                                        <\/a>\n                                                                    <\/div>\n                                                    <\/div><!-- .elementskit-post-body END -->\n                    <\/div>\n                \n            <\/div>\n                    <div class=\"col-lg-4 col-md-6\">\n\n                                    <div class=\"elementskit-post-image-card\">\n                        <div class=\"elementskit-entry-header\">\n                                                            <a href=\"https:\/\/fecburgos.com\/index.php\/archivos\/18418\" class=\"elementskit-entry-thumb\">\n                                    <img decoding=\"async\" src=\"https:\/\/fecburgos.com\/wp-content\/uploads\/2025\/06\/canvaia.png\" alt=\"Nuevo taller IA en Canva organizado por la FEC\">\n                                <\/a><!-- .elementskit-entry-thumb END -->\n                                                            \n                            \n\t\t\t\t\t\t\t\t\t\t\t\t\t<\/div><!-- .elementskit-entry-header END -->\n\n\t\t\t\t\t\t<div class=\"elementskit-post-body \">\n\t\t\t\t\t\t\t\n\t\t\t\t\t\t\t\t\t\t\t\t\t\t\t\t\t\t\t\t\t\t\t\t\t\t\t\t<div class=\"post-meta-list\">\n\t\t\t\t\t\t\t\t\t\t\t\t\t\t\t\t\t\t\t\t\t\t\t\t\t\t\t\t\t\t\t\t<span class=\"meta-date\">\n\t\t\t\t\t\t\t\t\t\t<i aria-hidden=\"true\" class=\"icon icon-calendar3\"><\/i>\t\t\t\t\t\t\t\t\t\t<span class=\"meta-date-text\">\n\t\t\t\t\t\t\t\t\t\t\tjunio 10, 2025\t\t\t\t\t\t\t\t\t\t<\/span>\n\t\t\t\t\t\t\t\t\t<\/span>\n\t\t\t\t\t\t\t\t\t\t\t\t\t\t\t\t\t\t\t\t\t\t\t\t\t\t\t\t\t\t\t\t\t\t\t\t\t\t\t\t\t\t\t\t\t\t\t\t\t\t\t\t\t\t\t\t\t\t\t\t\t\t\t\t<span class=\"post-cat\">\n\t\t\t\t\t\t\t\t\t\t\t\t\t\t\t\t\t\t\t\t<a href=\"https:\/\/fecburgos.com\/index.php\/archivos\/category\/noticia\" rel=\"category tag\">Noticia<\/a>\t\t\t\t\t\t\t\t\t<\/span>\n\t\t\t\t\t\t\t\t\t\t\t\t\t\t\t\t\t\t\t\t\t\t\t\t\t\t\t\t\t<\/div>\n\t\t\t\t\t\t\t\t\t\t\t\t\t\n\t\t\t\t\t\t\t\t\n\t\t\t\t\t\t\t\t\t\t\t\t\t\t\t\t\t\t\t\t\t<h2 class=\"entry-title\">\n\t\t\t\t\t<a href=\"https:\/\/fecburgos.com\/index.php\/archivos\/18418\">\n\t\t\t\t\t\tNuevo taller IA en Canva organizado por la FEC\t\t\t\t\t<\/a>\n\t\t\t\t<\/h2>\n\t\t\t\t\t\t\t\t\t\t\t\t\t\t\t\t\t\t\t\t\t\t\t\t\t\t\t\t\t\t\t\t\t\t\t\t\t\t\t\t\t\t<p>La Federaci\u00f3n de Empresarios de Comercio de Burgos (FEC) organiz\u00f3 un nuevo taller formativo en su sede los d\u00edas 10 y 11 de junio.<br>\n La incursi\u00f3n de la IA en la herramienta de creaci\u00f3n de contenido Canva\u2026<\/p>\n\t\t\t\t\t\t\t\t\t\t\t\t\t\t\t\t\t\t\t\t\t\t                                                            <div class=\"btn-wraper\">\n                                    \n                                                                            <a class=\"elementskit-btn whitespace--normal\" id=\"\" href=\"https:\/\/fecburgos.com\/index.php\/archivos\/18418\">\n                                        \t                                            Leer m\u00e1s                                        <\/a>\n                                                                    <\/div>\n                                                    <\/div><!-- .elementskit-post-body END -->\n                    <\/div>\n                \n            <\/div>\n                    <div class=\"col-lg-4 col-md-6\">\n\n                                    <div class=\"elementskit-post-image-card\">\n                        <div class=\"elementskit-entry-header\">\n                                                            <a href=\"https:\/\/fecburgos.com\/index.php\/archivos\/18577\" class=\"elementskit-entry-thumb\">\n                                    <img decoding=\"async\" src=\"https:\/\/fecburgos.com\/wp-content\/uploads\/2025\/07\/Premio-pequeno-comercio.png\" alt=\"Premios Nacionales de Comercio Interior 2025: Oviedo reconoce a la librer\u00eda Hijos de Santiago Rodr\u00edguez\">\n                                <\/a><!-- .elementskit-entry-thumb END -->\n                                                            \n                            \n\t\t\t\t\t\t\t\t\t\t\t\t\t<\/div><!-- .elementskit-entry-header END -->\n\n\t\t\t\t\t\t<div class=\"elementskit-post-body \">\n\t\t\t\t\t\t\t\n\t\t\t\t\t\t\t\t\t\t\t\t\t\t\t\t\t\t\t\t\t\t\t\t\t\t\t\t<div class=\"post-meta-list\">\n\t\t\t\t\t\t\t\t\t\t\t\t\t\t\t\t\t\t\t\t\t\t\t\t\t\t\t\t\t\t\t\t<span class=\"meta-date\">\n\t\t\t\t\t\t\t\t\t\t<i aria-hidden=\"true\" class=\"icon icon-calendar3\"><\/i>\t\t\t\t\t\t\t\t\t\t<span class=\"meta-date-text\">\n\t\t\t\t\t\t\t\t\t\t\tjunio 9, 2025\t\t\t\t\t\t\t\t\t\t<\/span>\n\t\t\t\t\t\t\t\t\t<\/span>\n\t\t\t\t\t\t\t\t\t\t\t\t\t\t\t\t\t\t\t\t\t\t\t\t\t\t\t\t\t\t\t\t\t\t\t\t\t\t\t\t\t\t\t\t\t\t\t\t\t\t\t\t\t\t\t\t\t\t\t\t\t\t\t\t<span class=\"post-cat\">\n\t\t\t\t\t\t\t\t\t\t\t\t\t\t\t\t\t\t\t\t<a href=\"https:\/\/fecburgos.com\/index.php\/archivos\/category\/noticia\" rel=\"category tag\">Noticia<\/a>\t\t\t\t\t\t\t\t\t<\/span>\n\t\t\t\t\t\t\t\t\t\t\t\t\t\t\t\t\t\t\t\t\t\t\t\t\t\t\t\t\t<\/div>\n\t\t\t\t\t\t\t\t\t\t\t\t\t\n\t\t\t\t\t\t\t\t\n\t\t\t\t\t\t\t\t\t\t\t\t\t\t\t\t\t\t\t\t\t<h2 class=\"entry-title\">\n\t\t\t\t\t<a href=\"https:\/\/fecburgos.com\/index.php\/archivos\/18577\">\n\t\t\t\t\t\tPremios Nacionales de Comercio Interior 2025: Oviedo reconoce a la librer\u00eda Hijos de Santiago Rodr\u00edguez\t\t\t\t\t<\/a>\n\t\t\t\t<\/h2>\n\t\t\t\t\t\t\t\t\t\t\t\t\t\t\t\t\t\t\t\t\t\t\t\t\t\t\t\t\t\t\t\t\t\t\t\t\t\t\t\t\t\t<p>El pasado 10 de junio, en una ceremonia celebrada en Oviedo, se entregaron los Premios Nacionales de Comercio Interior 2025. En esta edici\u00f3n, la hist\u00f3rica librer\u00eda Hijos de Santiago Rodr\u00edguez \u2026<\/p>\n\t\t\t\t\t\t\t\t\t\t\t\t\t\t\t\t\t\t\t\t\t\t                                                            <div class=\"btn-wraper\">\n                                    \n                                                                            <a class=\"elementskit-btn whitespace--normal\" id=\"\" href=\"https:\/\/fecburgos.com\/index.php\/archivos\/18577\">\n                                        \t                                            Leer m\u00e1s                                        <\/a>\n                                                                    <\/div>\n                                                    <\/div><!-- .elementskit-post-body END -->\n                    <\/div>\n                \n            <\/div>\n                    <div class=\"col-lg-4 col-md-6\">\n\n                                    <div class=\"elementskit-post-image-card\">\n                        <div class=\"elementskit-entry-header\">\n                                                            <a href=\"https:\/\/fecburgos.com\/index.php\/archivos\/18383\" class=\"elementskit-entry-thumb\">\n                                    <img decoding=\"async\" src=\"https:\/\/fecburgos.com\/wp-content\/uploads\/2025\/06\/compraygana-1024x1024.jpg\" alt=\"Compra y gana en tu pescader\u00eda de confianza\">\n                                <\/a><!-- .elementskit-entry-thumb END -->\n                                                            \n                            \n\t\t\t\t\t\t\t\t\t\t\t\t\t<\/div><!-- .elementskit-entry-header END -->\n\n\t\t\t\t\t\t<div class=\"elementskit-post-body \">\n\t\t\t\t\t\t\t\n\t\t\t\t\t\t\t\t\t\t\t\t\t\t\t\t\t\t\t\t\t\t\t\t\t\t\t\t<div class=\"post-meta-list\">\n\t\t\t\t\t\t\t\t\t\t\t\t\t\t\t\t\t\t\t\t\t\t\t\t\t\t\t\t\t\t\t\t<span class=\"meta-date\">\n\t\t\t\t\t\t\t\t\t\t<i aria-hidden=\"true\" class=\"icon icon-calendar3\"><\/i>\t\t\t\t\t\t\t\t\t\t<span class=\"meta-date-text\">\n\t\t\t\t\t\t\t\t\t\t\tjunio 9, 2025\t\t\t\t\t\t\t\t\t\t<\/span>\n\t\t\t\t\t\t\t\t\t<\/span>\n\t\t\t\t\t\t\t\t\t\t\t\t\t\t\t\t\t\t\t\t\t\t\t\t\t\t\t\t\t\t\t\t\t\t\t\t\t\t\t\t\t\t\t\t\t\t\t\t\t\t\t\t\t\t\t\t\t\t\t\t\t\t\t\t<span class=\"post-cat\">\n\t\t\t\t\t\t\t\t\t\t\t\t\t\t\t\t\t\t\t\t<a href=\"https:\/\/fecburgos.com\/index.php\/archivos\/category\/concurso\" rel=\"category tag\">Concurso<\/a>\t\t\t\t\t\t\t\t\t<\/span>\n\t\t\t\t\t\t\t\t\t\t\t\t\t\t\t\t\t\t\t\t\t\t\t\t\t\t\t\t\t<\/div>\n\t\t\t\t\t\t\t\t\t\t\t\t\t\n\t\t\t\t\t\t\t\t\n\t\t\t\t\t\t\t\t\t\t\t\t\t\t\t\t\t\t\t\t\t<h2 class=\"entry-title\">\n\t\t\t\t\t<a href=\"https:\/\/fecburgos.com\/index.php\/archivos\/18383\">\n\t\t\t\t\t\tCompra y gana en tu pescader\u00eda de confianza\t\t\t\t\t<\/a>\n\t\t\t\t<\/h2>\n\t\t\t\t\t\t\t\t\t\t\t\t\t\t\t\t\t\t\t\t\t\t\t\t\t\t\t\t\t\t\t\t\t\t\t\t\t\t\t\t\t\t<p>La asociaci\u00f3n de Pescaderos de Burgos (MIPESBUR) \u00a0premia Tu fidelidad.<\/p>\n<p>Compra y gana en tu pescader\u00eda de confianza\u00a0<\/p>\n\t\t\t\t\t\t\t\t\t\t\t\t\t\t\t\t\t\t\t\t\t\t                                                            <div class=\"btn-wraper\">\n                                    \n                                                                            <a class=\"elementskit-btn whitespace--normal\" id=\"\" href=\"https:\/\/fecburgos.com\/index.php\/archivos\/18383\">\n                                        \t                                            Leer m\u00e1s                                        <\/a>\n                                                                    <\/div>\n                                                    <\/div><!-- .elementskit-post-body END -->\n                    <\/div>\n                \n            <\/div>\n                    <div class=\"col-lg-4 col-md-6\">\n\n                                    <div class=\"elementskit-post-image-card\">\n                        <div class=\"elementskit-entry-header\">\n                                                            <a href=\"https:\/\/fecburgos.com\/index.php\/archivos\/18634\" class=\"elementskit-entry-thumb\">\n                                    <img decoding=\"async\" src=\"https:\/\/fecburgos.com\/wp-content\/uploads\/2025\/07\/Feria2025.png\" alt=\"Clausura de la 49\u00aa edici\u00f3n de la Feria del Libro\">\n                                <\/a><!-- .elementskit-entry-thumb END -->\n                                                            \n                            \n\t\t\t\t\t\t\t\t\t\t\t\t\t<\/div><!-- .elementskit-entry-header END -->\n\n\t\t\t\t\t\t<div class=\"elementskit-post-body \">\n\t\t\t\t\t\t\t\n\t\t\t\t\t\t\t\t\t\t\t\t\t\t\t\t\t\t\t\t\t\t\t\t\t\t\t\t<div class=\"post-meta-list\">\n\t\t\t\t\t\t\t\t\t\t\t\t\t\t\t\t\t\t\t\t\t\t\t\t\t\t\t\t\t\t\t\t<span class=\"meta-date\">\n\t\t\t\t\t\t\t\t\t\t<i aria-hidden=\"true\" class=\"icon icon-calendar3\"><\/i>\t\t\t\t\t\t\t\t\t\t<span class=\"meta-date-text\">\n\t\t\t\t\t\t\t\t\t\t\tjunio 9, 2025\t\t\t\t\t\t\t\t\t\t<\/span>\n\t\t\t\t\t\t\t\t\t<\/span>\n\t\t\t\t\t\t\t\t\t\t\t\t\t\t\t\t\t\t\t\t\t\t\t\t\t\t\t\t\t\t\t\t\t\t\t\t\t\t\t\t\t\t\t\t\t\t\t\t\t\t\t\t\t\t\t\t\t\t\t\t\t\t\t\t<span class=\"post-cat\">\n\t\t\t\t\t\t\t\t\t\t\t\t\t\t\t\t\t\t\t\t<a href=\"https:\/\/fecburgos.com\/index.php\/archivos\/category\/noticia\" rel=\"category tag\">Noticia<\/a>\t\t\t\t\t\t\t\t\t<\/span>\n\t\t\t\t\t\t\t\t\t\t\t\t\t\t\t\t\t\t\t\t\t\t\t\t\t\t\t\t\t<\/div>\n\t\t\t\t\t\t\t\t\t\t\t\t\t\n\t\t\t\t\t\t\t\t\n\t\t\t\t\t\t\t\t\t\t\t\t\t\t\t\t\t\t\t\t\t<h2 class=\"entry-title\">\n\t\t\t\t\t<a href=\"https:\/\/fecburgos.com\/index.php\/archivos\/18634\">\n\t\t\t\t\t\tClausura de la 49\u00aa edici\u00f3n de la Feria del Libro\t\t\t\t\t<\/a>\n\t\t\t\t<\/h2>\n\t\t\t\t\t\t\t\t\t\t\t\t\t\t\t\t\t\t\t\t\t\t\t\t\t\t\t\t\t\t\t\t\t\t\t\t\t\t\t\t\t\t<p>La Plaza Mayor\u00a0de Burgos volvi\u00f3 a convertirse, entre el 29 de mayo y el 8 de junio, en el epicentro de la literatura gracias a la celebraci\u00f3n de la 49\u00aa Feria del Libro. Una edici\u00f3n que no solo ha confirmado el arraigo del evento en el calendario cultural de la ciudad, sino que\u2026<\/p>\n\t\t\t\t\t\t\t\t\t\t\t\t\t\t\t\t\t\t\t\t\t\t                                                            <div class=\"btn-wraper\">\n                                    \n                                                                            <a class=\"elementskit-btn whitespace--normal\" id=\"\" href=\"https:\/\/fecburgos.com\/index.php\/archivos\/18634\">\n                                        \t                                            Leer m\u00e1s                                        <\/a>\n                                                                    <\/div>\n                                                    <\/div><!-- .elementskit-post-body END -->\n                    <\/div>\n                \n            <\/div>\n                    <div class=\"col-lg-4 col-md-6\">\n\n                                    <div class=\"elementskit-post-image-card\">\n                        <div class=\"elementskit-entry-header\">\n                                                            <a href=\"https:\/\/fecburgos.com\/index.php\/archivos\/18344\" class=\"elementskit-entry-thumb\">\n                                    <img decoding=\"async\" src=\"https:\/\/fecburgos.com\/wp-content\/uploads\/2025\/06\/Logo-joyeros.png\" alt=\"La Asociaci\u00f3n de Joyeros, Plateros, Relojeros y Bisuteros de Burgos renueva su Junta Directiva\">\n                                <\/a><!-- .elementskit-entry-thumb END -->\n                                                            \n                            \n\t\t\t\t\t\t\t\t\t\t\t\t\t<\/div><!-- .elementskit-entry-header END -->\n\n\t\t\t\t\t\t<div class=\"elementskit-post-body \">\n\t\t\t\t\t\t\t\n\t\t\t\t\t\t\t\t\t\t\t\t\t\t\t\t\t\t\t\t\t\t\t\t\t\t\t\t<div class=\"post-meta-list\">\n\t\t\t\t\t\t\t\t\t\t\t\t\t\t\t\t\t\t\t\t\t\t\t\t\t\t\t\t\t\t\t\t<span class=\"meta-date\">\n\t\t\t\t\t\t\t\t\t\t<i aria-hidden=\"true\" class=\"icon icon-calendar3\"><\/i>\t\t\t\t\t\t\t\t\t\t<span class=\"meta-date-text\">\n\t\t\t\t\t\t\t\t\t\t\tjunio 9, 2025\t\t\t\t\t\t\t\t\t\t<\/span>\n\t\t\t\t\t\t\t\t\t<\/span>\n\t\t\t\t\t\t\t\t\t\t\t\t\t\t\t\t\t\t\t\t\t\t\t\t\t\t\t\t\t\t\t\t\t\t\t\t\t\t\t\t\t\t\t\t\t\t\t\t\t\t\t\t\t\t\t\t\t\t\t\t\t\t\t\t<span class=\"post-cat\">\n\t\t\t\t\t\t\t\t\t\t\t\t\t\t\t\t\t\t\t\t<a href=\"https:\/\/fecburgos.com\/index.php\/archivos\/category\/noticia\" rel=\"category tag\">Noticia<\/a>\t\t\t\t\t\t\t\t\t<\/span>\n\t\t\t\t\t\t\t\t\t\t\t\t\t\t\t\t\t\t\t\t\t\t\t\t\t\t\t\t\t<\/div>\n\t\t\t\t\t\t\t\t\t\t\t\t\t\n\t\t\t\t\t\t\t\t\n\t\t\t\t\t\t\t\t\t\t\t\t\t\t\t\t\t\t\t\t\t<h2 class=\"entry-title\">\n\t\t\t\t\t<a href=\"https:\/\/fecburgos.com\/index.php\/archivos\/18344\">\n\t\t\t\t\t\tLa Asociaci\u00f3n de Joyeros, Plateros, Relojeros y Bisuteros de Burgos renueva su Junta Directiva\t\t\t\t\t<\/a>\n\t\t\t\t<\/h2>\n\t\t\t\t\t\t\t\t\t\t\t\t\t\t\t\t\t\t\t\t\t\t\t\t\t\t\t\t\t\t\t\t\t\t\t\t\t\t\t\t\t\t<p>En la tarde del 5 de junio de 2025, la Asociaci\u00f3n de Joyeros, Plateros y Relojeros de Burgos celebr\u00f3 su Asamblea General. <\/p>\n\t\t\t\t\t\t\t\t\t\t\t\t\t\t\t\t\t\t\t\t\t\t                                                            <div class=\"btn-wraper\">\n                                    \n                                                                            <a class=\"elementskit-btn whitespace--normal\" id=\"\" href=\"https:\/\/fecburgos.com\/index.php\/archivos\/18344\">\n                                        \t                                            Leer m\u00e1s                                        <\/a>\n                                                                    <\/div>\n                                                    <\/div><!-- .elementskit-post-body END -->\n                    <\/div>\n                \n            <\/div>\n                    <div class=\"col-lg-4 col-md-6\">\n\n                                    <div class=\"elementskit-post-image-card\">\n                        <div class=\"elementskit-entry-header\">\n                                                            <a href=\"https:\/\/fecburgos.com\/index.php\/archivos\/18326\" class=\"elementskit-entry-thumb\">\n                                    <img decoding=\"async\" src=\"https:\/\/fecburgos.com\/wp-content\/uploads\/2025\/06\/Plantilla-Blog-2.png\" alt=\"ASOCI-ARTE todo lo que la FEC puede hacer por tu comercio\">\n                                <\/a><!-- .elementskit-entry-thumb END -->\n                                                            \n                            \n\t\t\t\t\t\t\t\t\t\t\t\t\t<\/div><!-- .elementskit-entry-header END -->\n\n\t\t\t\t\t\t<div class=\"elementskit-post-body \">\n\t\t\t\t\t\t\t\n\t\t\t\t\t\t\t\t\t\t\t\t\t\t\t\t\t\t\t\t\t\t\t\t\t\t\t\t<div class=\"post-meta-list\">\n\t\t\t\t\t\t\t\t\t\t\t\t\t\t\t\t\t\t\t\t\t\t\t\t\t\t\t\t\t\t\t\t<span class=\"meta-date\">\n\t\t\t\t\t\t\t\t\t\t<i aria-hidden=\"true\" class=\"icon icon-calendar3\"><\/i>\t\t\t\t\t\t\t\t\t\t<span class=\"meta-date-text\">\n\t\t\t\t\t\t\t\t\t\t\tjunio 6, 2025\t\t\t\t\t\t\t\t\t\t<\/span>\n\t\t\t\t\t\t\t\t\t<\/span>\n\t\t\t\t\t\t\t\t\t\t\t\t\t\t\t\t\t\t\t\t\t\t\t\t\t\t\t\t\t\t\t\t\t\t\t\t\t\t\t\t\t\t\t\t\t\t\t\t\t\t\t\t\t\t\t\t\t\t\t\t\t\t\t\t<span class=\"post-cat\">\n\t\t\t\t\t\t\t\t\t\t\t\t\t\t\t\t\t\t\t\t<a href=\"https:\/\/fecburgos.com\/index.php\/archivos\/category\/noticia\" rel=\"category tag\">Noticia<\/a>\t\t\t\t\t\t\t\t\t<\/span>\n\t\t\t\t\t\t\t\t\t\t\t\t\t\t\t\t\t\t\t\t\t\t\t\t\t\t\t\t\t<\/div>\n\t\t\t\t\t\t\t\t\t\t\t\t\t\n\t\t\t\t\t\t\t\t\n\t\t\t\t\t\t\t\t\t\t\t\t\t\t\t\t\t\t\t\t\t<h2 class=\"entry-title\">\n\t\t\t\t\t<a href=\"https:\/\/fecburgos.com\/index.php\/archivos\/18326\">\n\t\t\t\t\t\tASOCI-ARTE todo lo que la FEC puede hacer por tu comercio\t\t\t\t\t<\/a>\n\t\t\t\t<\/h2>\n\t\t\t\t\t\t\t\t\t\t\t\t\t\t\t\t\t\t\t\t\t\t\t\t\t\t\t\t\t\t\t\t\t\t\t\t\t\t\t\t\t\t<p>Desde la Federaci\u00f3n de Empresarios de Comercio de Burgos (FEC) lanzamos ASOCI-ARTE, una campa\u00f1a informativa dirigida a los comercios que a\u00fan no forman parte de nuestra organizaci\u00f3n, con un objetivo claro: mostrar el valor real de estar asociado.<\/p>\n\t\t\t\t\t\t\t\t\t\t\t\t\t\t\t\t\t\t\t\t\t\t                                                            <div class=\"btn-wraper\">\n                                    \n                                                                            <a class=\"elementskit-btn whitespace--normal\" id=\"\" href=\"https:\/\/fecburgos.com\/index.php\/archivos\/18326\">\n                                        \t                                            Leer m\u00e1s                                        <\/a>\n                                                                    <\/div>\n                                                    <\/div><!-- .elementskit-post-body END -->\n                    <\/div>\n                \n            <\/div>\n                    <div class=\"col-lg-4 col-md-6\">\n\n                                    <div class=\"elementskit-post-image-card\">\n                        <div class=\"elementskit-entry-header\">\n                                                            <a href=\"https:\/\/fecburgos.com\/index.php\/archivos\/18167\" class=\"elementskit-entry-thumb\">\n                                    <img decoding=\"async\" src=\"https:\/\/fecburgos.com\/wp-content\/uploads\/2025\/06\/Pintadas.png\" alt=\"La FEC se suma a la iniciativa municipal para combatir las pintadas vand\u00e1licas\">\n                                <\/a><!-- .elementskit-entry-thumb END -->\n                                                            \n                            \n\t\t\t\t\t\t\t\t\t\t\t\t\t<\/div><!-- .elementskit-entry-header END -->\n\n\t\t\t\t\t\t<div class=\"elementskit-post-body \">\n\t\t\t\t\t\t\t\n\t\t\t\t\t\t\t\t\t\t\t\t\t\t\t\t\t\t\t\t\t\t\t\t\t\t\t\t<div class=\"post-meta-list\">\n\t\t\t\t\t\t\t\t\t\t\t\t\t\t\t\t\t\t\t\t\t\t\t\t\t\t\t\t\t\t\t\t<span class=\"meta-date\">\n\t\t\t\t\t\t\t\t\t\t<i aria-hidden=\"true\" class=\"icon icon-calendar3\"><\/i>\t\t\t\t\t\t\t\t\t\t<span class=\"meta-date-text\">\n\t\t\t\t\t\t\t\t\t\t\tjunio 6, 2025\t\t\t\t\t\t\t\t\t\t<\/span>\n\t\t\t\t\t\t\t\t\t<\/span>\n\t\t\t\t\t\t\t\t\t\t\t\t\t\t\t\t\t\t\t\t\t\t\t\t\t\t\t\t\t\t\t\t\t\t\t\t\t\t\t\t\t\t\t\t\t\t\t\t\t\t\t\t\t\t\t\t\t\t\t\t\t\t\t\t<span class=\"post-cat\">\n\t\t\t\t\t\t\t\t\t\t\t\t\t\t\t\t\t\t\t\t<a href=\"https:\/\/fecburgos.com\/index.php\/archivos\/category\/noticia\" rel=\"category tag\">Noticia<\/a>\t\t\t\t\t\t\t\t\t<\/span>\n\t\t\t\t\t\t\t\t\t\t\t\t\t\t\t\t\t\t\t\t\t\t\t\t\t\t\t\t\t<\/div>\n\t\t\t\t\t\t\t\t\t\t\t\t\t\n\t\t\t\t\t\t\t\t\n\t\t\t\t\t\t\t\t\t\t\t\t\t\t\t\t\t\t\t\t\t<h2 class=\"entry-title\">\n\t\t\t\t\t<a href=\"https:\/\/fecburgos.com\/index.php\/archivos\/18167\">\n\t\t\t\t\t\tLa FEC se suma a la iniciativa municipal para combatir las pintadas vand\u00e1licas\t\t\t\t\t<\/a>\n\t\t\t\t<\/h2>\n\t\t\t\t\t\t\t\t\t\t\t\t\t\t\t\t\t\t\t\t\t\t\t\t\t\t\t\t\t\t\t\t\t\t\t\t\t\t\t\t\t\t<p>La FEC apoya el plan impulsado por la Concejal\u00eda de Turismo y Medio Ambiente del Ayuntamiento de Burgos para erradicar las pintadas vand\u00e1licas que deterioran la imagen de nuestra ciudad.<br>\nEl Ayuntamiento ha puesto\u2026<\/p>\n\t\t\t\t\t\t\t\t\t\t\t\t\t\t\t\t\t\t\t\t\t\t                                                            <div class=\"btn-wraper\">\n                                    \n                                                                            <a class=\"elementskit-btn whitespace--normal\" id=\"\" href=\"https:\/\/fecburgos.com\/index.php\/archivos\/18167\">\n                                        \t                                            Leer m\u00e1s                                        <\/a>\n                                                                    <\/div>\n                                                    <\/div><!-- .elementskit-post-body END -->\n                    <\/div>\n                \n            <\/div>\n                    <div class=\"col-lg-4 col-md-6\">\n\n                                    <div class=\"elementskit-post-image-card\">\n                        <div class=\"elementskit-entry-header\">\n                                                            <a href=\"https:\/\/fecburgos.com\/index.php\/archivos\/18314\" class=\"elementskit-entry-thumb\">\n                                    <img decoding=\"async\" src=\"https:\/\/fecburgos.com\/wp-content\/uploads\/2025\/06\/FeriaLibro2025.png\" alt=\"Feria del Libro 2025\">\n                                <\/a><!-- .elementskit-entry-thumb END -->\n                                                            \n                            \n\t\t\t\t\t\t\t\t\t\t\t\t\t<\/div><!-- .elementskit-entry-header END -->\n\n\t\t\t\t\t\t<div class=\"elementskit-post-body \">\n\t\t\t\t\t\t\t\n\t\t\t\t\t\t\t\t\t\t\t\t\t\t\t\t\t\t\t\t\t\t\t\t\t\t\t\t<div class=\"post-meta-list\">\n\t\t\t\t\t\t\t\t\t\t\t\t\t\t\t\t\t\t\t\t\t\t\t\t\t\t\t\t\t\t\t\t<span class=\"meta-date\">\n\t\t\t\t\t\t\t\t\t\t<i aria-hidden=\"true\" class=\"icon icon-calendar3\"><\/i>\t\t\t\t\t\t\t\t\t\t<span class=\"meta-date-text\">\n\t\t\t\t\t\t\t\t\t\t\tjunio 6, 2025\t\t\t\t\t\t\t\t\t\t<\/span>\n\t\t\t\t\t\t\t\t\t<\/span>\n\t\t\t\t\t\t\t\t\t\t\t\t\t\t\t\t\t\t\t\t\t\t\t\t\t\t\t\t\t\t\t\t\t\t\t\t\t\t\t\t\t\t\t\t\t\t\t\t\t\t\t\t\t\t\t\t\t\t\t\t\t\t\t\t<span class=\"post-cat\">\n\t\t\t\t\t\t\t\t\t\t\t\t\t\t\t\t\t\t\t\t<a href=\"https:\/\/fecburgos.com\/index.php\/archivos\/category\/evento\" rel=\"category tag\">Evento<\/a>\t\t\t\t\t\t\t\t\t<\/span>\n\t\t\t\t\t\t\t\t\t\t\t\t\t\t\t\t\t\t\t\t\t\t\t\t\t\t\t\t\t<\/div>\n\t\t\t\t\t\t\t\t\t\t\t\t\t\n\t\t\t\t\t\t\t\t\n\t\t\t\t\t\t\t\t\t\t\t\t\t\t\t\t\t\t\t\t\t<h2 class=\"entry-title\">\n\t\t\t\t\t<a href=\"https:\/\/fecburgos.com\/index.php\/archivos\/18314\">\n\t\t\t\t\t\tFeria del Libro 2025\t\t\t\t\t<\/a>\n\t\t\t\t<\/h2>\n\t\t\t\t\t\t\t\t\t\t\t\t\t\t\t\t\t\t\t\t\t\t\t\t\t\t\t\t\t\t\t\t\t\t\t\t\t\t\t\t\t\t<p>Desde el pasado 29 de mayo y hasta el\u00a0 8 de junio, Burgos acogi\u00f3 una de sus citas culturales m\u00e1s esperadas: la 49\u00aa edici\u00f3n de la Feria del Libro, organizada por la Asociaci\u00f3n Provincial de Libreros de Burgos, que este a\u00f1o vuelve a llenar de literatura las calles m\u00e1s emblem\u00e1ticas del centro de la ciudad, con epicentro en la Plaza Mayor,\u2026<\/p>\n\t\t\t\t\t\t\t\t\t\t\t\t\t\t\t\t\t\t\t\t\t\t                                                            <div class=\"btn-wraper\">\n                                    \n                                                                            <a class=\"elementskit-btn whitespace--normal\" id=\"\" href=\"https:\/\/fecburgos.com\/index.php\/archivos\/18314\">\n                                        \t                                            Leer m\u00e1s                                        <\/a>\n                                                                    <\/div>\n                                                    <\/div><!-- .elementskit-post-body END -->\n                    <\/div>\n                \n            <\/div>\n                <\/div>\n       <\/div>\t\t\t\t<\/div>\n\t\t\t\t<\/div>\n\t\t\t\t\t<\/div>\n\t\t<\/div>\n\t\t\t\t\t<\/div>\n\t\t<\/section>\n\t\t\t\t<section class=\"elementor-section elementor-top-section elementor-element elementor-element-784fbda0 elementor-section-full_width elementor-section-stretched elementor-section-height-default elementor-section-height-default\" data-id=\"784fbda0\" data-element_type=\"section\" data-e-type=\"section\" data-settings='{\"background_background\":\"classic\",\"stretch_section\":\"section-stretched\"}'>\n\t\t\t\t\t\t<div class=\"elementor-container elementor-column-gap-default\">\n\t\t\t\t\t<div class=\"elementor-column elementor-col-100 elementor-top-column elementor-element elementor-element-13d426c9\" data-id=\"13d426c9\" data-element_type=\"column\" data-e-type=\"column\">\n\t\t\t<div class=\"elementor-widget-wrap elementor-element-populated\">\n\t\t\t\t\t\t<section class=\"elementor-section elementor-inner-section elementor-element elementor-element-3ad05025 elementor-section-full_width elementor-section-height-default elementor-section-height-default\" data-id=\"3ad05025\" data-element_type=\"section\" data-e-type=\"section\" data-settings='{\"background_background\":\"classic\"}'>\n\t\t\t\t\t\t<div class=\"elementor-container elementor-column-gap-default\">\n\t\t\t\t\t<div class=\"elementor-column elementor-col-33 elementor-inner-column elementor-element elementor-element-62dc5e7\" data-id=\"62dc5e7\" data-element_type=\"column\" data-e-type=\"column\">\n\t\t\t<div class=\"elementor-widget-wrap elementor-element-populated\">\n\t\t\t\t\t\t<div class=\"elementor-element elementor-element-53e13c85 elementor-widget elementor-widget-text-editor\" data-id=\"53e13c85\" data-element_type=\"widget\" data-e-type=\"widget\" data-widget_type=\"text-editor.default\">\n\t\t\t\t<div class=\"elementor-widget-container\">\n\t\t\t\t\t\t\t\t\t<p>Encu\u00e9ntranos en Burgos<\/p>\t\t\t\t\t\t\t\t<\/div>\n\t\t\t\t<\/div>\n\t\t\t\t<div class=\"elementor-element elementor-element-54b95e7f elementor-widget elementor-widget-html\" data-id=\"54b95e7f\" data-element_type=\"widget\" data-e-type=\"widget\" data-widget_type=\"html.default\">\n\t\t\t\t<div class=\"elementor-widget-container\">\n\t\t\t\t\t<iframe frameborder=\"0\" scrolling=\"no\" marginheight=\"0\" marginwidth=\"0\" height=\"350\" src=\"https:\/\/maps.google.com\/maps?q=federaci%C3%B3n%20de%20comercio%20burgos&amp;t=m&amp;z=15&amp;output=embed&amp;iwloc=near\" aria-label=\"federaci\u00f3n de comercio burgos\"><\/iframe>\t\t\t\t<\/div>\n\t\t\t\t<\/div>\n\t\t\t\t\t<\/div>\n\t\t<\/div>\n\t\t\t\t<div class=\"elementor-column elementor-col-33 elementor-inner-column elementor-element elementor-element-43034452\" data-id=\"43034452\" data-element_type=\"column\" data-e-type=\"column\">\n\t\t\t<div class=\"elementor-widget-wrap elementor-element-populated\">\n\t\t\t\t\t\t<div class=\"elementor-element elementor-element-c8cd107 elementor-widget elementor-widget-text-editor\" data-id=\"c8cd107\" data-element_type=\"widget\" data-e-type=\"widget\" data-widget_type=\"text-editor.default\">\n\t\t\t\t<div class=\"elementor-widget-container\">\n\t\t\t\t\t\t\t\t\t<p>Direcci\u00f3n<\/p>\t\t\t\t\t\t\t\t<\/div>\n\t\t\t\t<\/div>\n\t\t\t\t<div class=\"elementor-element elementor-element-71fbd48b elementor-widget elementor-widget-text-editor\" data-id=\"71fbd48b\" data-element_type=\"widget\" data-e-type=\"widget\" data-widget_type=\"text-editor.default\">\n\t\t\t\t<div class=\"elementor-widget-container\">\n\t\t\t\t\t\t\t\t\t<p>Av Castilla y Le\u00f3n 22 2\u00aa Planta<\/p><p>Burgos 09006<\/p>\t\t\t\t\t\t\t\t<\/div>\n\t\t\t\t<\/div>\n\t\t\t\t<div class=\"elementor-element elementor-element-549ef5dc elementor-widget-divider--view-line elementor-widget elementor-widget-divider\" data-id=\"549ef5dc\" data-element_type=\"widget\" data-e-type=\"widget\" data-widget_type=\"divider.default\">\n\t\t\t\t<div class=\"elementor-widget-container\">\n\t\t\t\t\t\t\t<div class=\"elementor-divider\">\n\t\t\t<span class=\"elementor-divider-separator\">\n\t\t\t\t\t\t<\/span>\n\t\t<\/div>\n\t\t\t\t\t\t<\/div>\n\t\t\t\t<\/div>\n\t\t\t\t<div class=\"elementor-element elementor-element-d75173d elementor-widget elementor-widget-text-editor\" data-id=\"d75173d\" data-element_type=\"widget\" data-e-type=\"widget\" data-widget_type=\"text-editor.default\">\n\t\t\t\t<div class=\"elementor-widget-container\">\n\t\t\t\t\t\t\t\t\t<p>Contacto<\/p>\t\t\t\t\t\t\t\t<\/div>\n\t\t\t\t<\/div>\n\t\t\t\t<div class=\"elementor-element elementor-element-2418b0c elementor-widget elementor-widget-text-editor\" data-id=\"2418b0c\" data-element_type=\"widget\" data-e-type=\"widget\" data-widget_type=\"text-editor.default\">\n\t\t\t\t<div class=\"elementor-widget-container\">\n\t\t\t\t\t\t\t\t\t<p>Tel. 947 237 699<\/p><p>Email\u00a0 fec@fecburgos.com<\/p>\t\t\t\t\t\t\t\t<\/div>\n\t\t\t\t<\/div>\n\t\t\t\t<div class=\"elementor-element elementor-element-2d83c935 elementor-widget-divider--view-line elementor-widget elementor-widget-divider\" data-id=\"2d83c935\" data-element_type=\"widget\" data-e-type=\"widget\" data-widget_type=\"divider.default\">\n\t\t\t\t<div class=\"elementor-widget-container\">\n\t\t\t\t\t\t\t<div class=\"elementor-divider\">\n\t\t\t<span class=\"elementor-divider-separator\">\n\t\t\t\t\t\t<\/span>\n\t\t<\/div>\n\t\t\t\t\t\t<\/div>\n\t\t\t\t<\/div>\n\t\t\t\t<div class=\"elementor-element elementor-element-2ff7ae3 elementor-widget elementor-widget-text-editor\" data-id=\"2ff7ae3\" data-element_type=\"widget\" data-e-type=\"widget\" data-widget_type=\"text-editor.default\">\n\t\t\t\t<div class=\"elementor-widget-container\">\n\t\t\t\t\t\t\t\t\t<p>S\u00edguenos<\/p>\t\t\t\t\t\t\t\t<\/div>\n\t\t\t\t<\/div>\n\t\t\t\t<div class=\"elementor-element elementor-element-41335f7a e-grid-align-left elementor-shape-rounded elementor-grid-0 elementor-widget elementor-widget-social-icons\" data-id=\"41335f7a\" data-element_type=\"widget\" data-e-type=\"widget\" data-widget_type=\"social-icons.default\">\n\t\t\t\t<div class=\"elementor-widget-container\">\n\t\t\t\t\t\t\t<div class=\"elementor-social-icons-wrapper elementor-grid\" role=\"list\">\n\t\t\t\t\t\t\t<span class=\"elementor-grid-item\" role=\"listitem\">\n\t\t\t\t\t<a class=\"elementor-icon elementor-social-icon elementor-social-icon-facebook elementor-repeater-item-5347621\" href=\"https:\/\/www.facebook.com\/federacioncomercioburgos\/\" target=\"_blank\">\n\t\t\t\t\t\t<span class=\"elementor-screen-only\">Facebook<\/span>\n\t\t\t\t\t\t<i aria-hidden=\"true\" class=\"fab fa-facebook\"><\/i>\t\t\t\t\t<\/a>\n\t\t\t\t<\/span>\n\t\t\t\t\t\t\t<span class=\"elementor-grid-item\" role=\"listitem\">\n\t\t\t\t\t<a class=\"elementor-icon elementor-social-icon elementor-social-icon-x-twitter elementor-repeater-item-d0b82d1\" href=\"https:\/\/www.twitter.com\/FecBurgos\" target=\"_blank\">\n\t\t\t\t\t\t<span class=\"elementor-screen-only\">X-twitter<\/span>\n\t\t\t\t\t\t<i aria-hidden=\"true\" class=\"fab fa-x-twitter\"><\/i>\t\t\t\t\t<\/a>\n\t\t\t\t<\/span>\n\t\t\t\t\t\t\t<span class=\"elementor-grid-item\" role=\"listitem\">\n\t\t\t\t\t<a class=\"elementor-icon elementor-social-icon elementor-social-icon-instagram elementor-repeater-item-f828413\" href=\"https:\/\/www.instagram.com\/fecburgos\" target=\"_blank\">\n\t\t\t\t\t\t<span class=\"elementor-screen-only\">Instagram<\/span>\n\t\t\t\t\t\t<i aria-hidden=\"true\" class=\"fab fa-instagram\"><\/i>\t\t\t\t\t<\/a>\n\t\t\t\t<\/span>\n\t\t\t\t\t\t\t<span class=\"elementor-grid-item\" role=\"listitem\">\n\t\t\t\t\t<a class=\"elementor-icon elementor-social-icon elementor-social-icon-youtube elementor-repeater-item-92e68b7\" href=\"https:\/\/www.youtube.com\/channel\/UCG8Hz46O5uJDBQqgCJg8ChQ\" target=\"_blank\">\n\t\t\t\t\t\t<span class=\"elementor-screen-only\">Youtube<\/span>\n\t\t\t\t\t\t<i aria-hidden=\"true\" class=\"fab fa-youtube\"><\/i>\t\t\t\t\t<\/a>\n\t\t\t\t<\/span>\n\t\t\t\t\t<\/div>\n\t\t\t\t\t\t<\/div>\n\t\t\t\t<\/div>\n\t\t\t\t\t<\/div>\n\t\t<\/div>\n\t\t\t\t<div class=\"elementor-column elementor-col-33 elementor-inner-column elementor-element elementor-element-31f84b9\" data-id=\"31f84b9\" data-element_type=\"column\" data-e-type=\"column\">\n\t\t\t<div class=\"elementor-widget-wrap elementor-element-populated\">\n\t\t\t\t\t\t<div class=\"elementor-element elementor-element-e4b37c7 elementor-widget elementor-widget-text-editor\" data-id=\"e4b37c7\" data-element_type=\"widget\" data-e-type=\"widget\" data-widget_type=\"text-editor.default\">\n\t\t\t\t<div class=\"elementor-widget-container\">\n\t\t\t\t\t\t\t\t\t<p>\u00daltimas Noticias<\/p>\t\t\t\t\t\t\t\t<\/div>\n\t\t\t\t<\/div>\n\t\t\t\t<div class=\"elementor-element elementor-element-251137e elementor-widget elementor-widget-html\" data-id=\"251137e\" data-element_type=\"widget\" data-e-type=\"widget\" data-widget_type=\"html.default\">\n\t\t\t\t<div class=\"elementor-widget-container\">\n\t\t\t\t\t<iframe title=\"Facebook\" src=\"https:\/\/www.facebook.com\/plugins\/page.php?href=https%3A%2F%2Fwww.facebook.com%2Ffederacioncomercioburgos%2F&amp;tabs=timeline&amp;width=340&amp;height=500&amp;small_header=true&amp;adapt_container_width=true&amp;hide_cover=false&amp;show_facepile=true&amp;appId\" width=\"340\" height=\"285\" style=\"border:none;overflow:hidden\" scrolling=\"no\" frameborder=\"0\" allowtransparency=\"true\" allow=\"encrypted-media\"><\/iframe>\t\t\t\t<\/div>\n\t\t\t\t<\/div>\n\t\t\t\t<div class=\"elementor-element elementor-element-6fc0b95d elementor-widget-divider--view-line elementor-widget elementor-widget-divider\" data-id=\"6fc0b95d\" data-element_type=\"widget\" data-e-type=\"widget\" data-widget_type=\"divider.default\">\n\t\t\t\t<div class=\"elementor-widget-container\">\n\t\t\t\t\t\t\t<div class=\"elementor-divider\">\n\t\t\t<span class=\"elementor-divider-separator\">\n\t\t\t\t\t\t<\/span>\n\t\t<\/div>\n\t\t\t\t\t\t<\/div>\n\t\t\t\t<\/div>\n\t\t\t\t<div class=\"elementor-element elementor-element-37782395 elementor-widget elementor-widget-text-editor\" data-id=\"37782395\" data-element_type=\"widget\" data-e-type=\"widget\" data-widget_type=\"text-editor.default\">\n\t\t\t\t<div class=\"elementor-widget-container\">\n\t\t\t\t\t\t\t\t\t<p>Comparte en tus redes<\/p>\t\t\t\t\t\t\t\t<\/div>\n\t\t\t\t<\/div>\n\t\t\t\t<div class=\"elementor-element elementor-element-264a0cf2 e-grid-align-left elementor-shape-rounded elementor-grid-0 elementor-widget elementor-widget-social-icons\" data-id=\"264a0cf2\" data-element_type=\"widget\" data-e-type=\"widget\" data-widget_type=\"social-icons.default\">\n\t\t\t\t<div class=\"elementor-widget-container\">\n\t\t\t\t\t\t\t<div class=\"elementor-social-icons-wrapper elementor-grid\" role=\"list\">\n\t\t\t\t\t\t\t<span class=\"elementor-grid-item\" role=\"listitem\">\n\t\t\t\t\t<a class=\"elementor-icon elementor-social-icon elementor-social-icon-instagram elementor-repeater-item-6bcdb98\" href=\"https:\/\/www.instagram.com\/\" target=\"_blank\">\n\t\t\t\t\t\t<span class=\"elementor-screen-only\">Instagram<\/span>\n\t\t\t\t\t\t<i aria-hidden=\"true\" class=\"fab fa-instagram\"><\/i>\t\t\t\t\t<\/a>\n\t\t\t\t<\/span>\n\t\t\t\t\t\t\t<span class=\"elementor-grid-item\" role=\"listitem\">\n\t\t\t\t\t<a class=\"elementor-icon elementor-social-icon elementor-social-icon-facebook elementor-repeater-item-a352e85\" href=\"https:\/\/www.facebook.com\/\" target=\"_blank\">\n\t\t\t\t\t\t<span class=\"elementor-screen-only\">Facebook<\/span>\n\t\t\t\t\t\t<i aria-hidden=\"true\" class=\"fab fa-facebook\"><\/i>\t\t\t\t\t<\/a>\n\t\t\t\t<\/span>\n\t\t\t\t\t\t\t<span class=\"elementor-grid-item\" role=\"listitem\">\n\t\t\t\t\t<a class=\"elementor-icon elementor-social-icon elementor-social-icon-x-twitter elementor-repeater-item-3d22f68\" href=\"https:\/\/x.com\/i\/flow\/login?redirect_after_login=%2Fhome\" target=\"_blank\">\n\t\t\t\t\t\t<span class=\"elementor-screen-only\">X-twitter<\/span>\n\t\t\t\t\t\t<i aria-hidden=\"true\" class=\"fab fa-x-twitter\"><\/i>\t\t\t\t\t<\/a>\n\t\t\t\t<\/span>\n\t\t\t\t\t\t\t<span class=\"elementor-grid-item\" role=\"listitem\">\n\t\t\t\t\t<a class=\"elementor-icon elementor-social-icon elementor-social-icon-linkedin elementor-repeater-item-987bc91\" href=\"https:\/\/es.linkedin.com\/?mcid=6968657504633266178&amp;src=go-pa&amp;trk=sem-ga_campid.18146679037_asid.140850334975_crid.694860685343_kw.linkedin_d.c_tid.kwd-148086543_n.g_mt.e_geo.1005450&amp;cid=&amp;gad_source=1&amp;gad_campaignid=18146679037&amp;gbraid=0AAAAAojDCNSFlSq6Xmb2QAOSgG3k45y8N&amp;gclid=EAIaIQobChMIm72P54itjgMVzadoCR1r_yAfEAAYASAAEgK-VfD_BwE&amp;gclsrc=aw.ds\" target=\"_blank\">\n\t\t\t\t\t\t<span class=\"elementor-screen-only\">Linkedin<\/span>\n\t\t\t\t\t\t<i aria-hidden=\"true\" class=\"fab fa-linkedin\"><\/i>\t\t\t\t\t<\/a>\n\t\t\t\t<\/span>\n\t\t\t\t\t\t\t<span class=\"elementor-grid-item\" role=\"listitem\">\n\t\t\t\t\t<a class=\"elementor-icon elementor-social-icon elementor-social-icon-youtube elementor-repeater-item-5efe89b\" href=\"https:\/\/accounts.google.com\/v3\/signin\/identifier?continue=https%3A%2F%2Fwww.youtube.com%2Fsignin%3Faction_handle_signin%3Dtrue%26app%3Ddesktop%26hl%3Des%26next%3Dhttps%253A%252F%252Fwww.youtube.com%252F&amp;ec=65620&amp;hl=es&amp;ifkv=AdBytiON6D5IVIU1skWg3C2lmhg6cBzXR9PnYtGsN_JB2cZT58WcYBZBoBJqKRuIXTklpOEI1y1UbQ&amp;passive=true&amp;service=youtube&amp;uilel=3&amp;flowName=GlifWebSignIn&amp;flowEntry=ServiceLogin&amp;dsh=S874072251%3A1751971099594398\" target=\"_blank\">\n\t\t\t\t\t\t<span class=\"elementor-screen-only\">Youtube<\/span>\n\t\t\t\t\t\t<i aria-hidden=\"true\" class=\"fab fa-youtube\"><\/i>\t\t\t\t\t<\/a>\n\t\t\t\t<\/span>\n\t\t\t\t\t<\/div>\n\t\t\t\t\t\t<\/div>\n\t\t\t\t<\/div>\n\t\t\t\t\t<\/div>\n\t\t<\/div>\n\t\t\t\t\t<\/div>\n\t\t<\/section>\n\t\t\t\t\t<\/div>\n\t\t<\/div>\n\t\t\t\t\t<\/div>\n\t\t<\/section>\n\t\t\t\t<section class=\"elementor-section elementor-top-section elementor-element elementor-element-4a075f1a elementor-section-full_width elementor-section-stretched elementor-section-height-default elementor-section-height-default\" data-id=\"4a075f1a\" data-element_type=\"section\" data-e-type=\"section\" data-settings='{\"stretch_section\":\"section-stretched\"}'>\n\t\t\t\t\t\t<div class=\"elementor-container elementor-column-gap-default\">\n\t\t\t\t\t<div class=\"elementor-column elementor-col-25 elementor-top-column elementor-element elementor-element-7b3e4f32\" data-id=\"7b3e4f32\" data-element_type=\"column\" data-e-type=\"column\">\n\t\t\t<div class=\"elementor-widget-wrap elementor-element-populated\">\n\t\t\t\t\t\t<div class=\"elementor-element elementor-element-574ecee1 elementor-widget elementor-widget-text-editor\" data-id=\"574ecee1\" data-element_type=\"widget\" data-e-type=\"widget\" data-widget_type=\"text-editor.default\">\n\t\t\t\t<div class=\"elementor-widget-container\">\n\t\t\t\t\t\t\t\t\t<p><strong><a href=\"http:\/\/fecburgos.com\/index.php\/aviso-legal\">Aviso Legal<\/a>\u00a0 |\u00a0 <a href=\"https:\/\/fecburgos.com\/index.php\/politica-de-cookies\">Pol\u00edtica de cookies<\/a>\u00a0 |\u00a0 <a href=\"https:\/\/fecburgos.com\/index.php\/proteccion-datos\">Protecci\u00f3n de datos<\/a>\u00a0 |\u00a0 <a href=\"https:\/\/fecburgos.com\/index.php\/politica-de-privacidad\">Pol\u00edtica de privacidad |\u00a0 <\/a><a href=\"\/index.php\/declaracion-de-accesibilidad-2\">Declaraci\u00f3n de accesibilidad<\/a><\/strong><\/p>\t\t\t\t\t\t\t\t<\/div>\n\t\t\t\t<\/div>\n\t\t\t\t<div class=\"elementor-element elementor-element-5808ecbe elementor-widget elementor-widget-text-editor\" data-id=\"5808ecbe\" data-element_type=\"widget\" data-e-type=\"widget\" data-widget_type=\"text-editor.default\">\n\t\t\t\t<div class=\"elementor-widget-container\">\n\t\t\t\t\t\t\t\t\t<p>@2024 todos los derechos reservados | IECOM<\/p>\t\t\t\t\t\t\t\t<\/div>\n\t\t\t\t<\/div>\n\t\t\t\t\t<\/div>\n\t\t<\/div>\n\t\t\t\t<div class=\"elementor-column elementor-col-25 elementor-top-column elementor-element elementor-element-3e4994e8\" data-id=\"3e4994e8\" data-element_type=\"column\" data-e-type=\"column\">\n\t\t\t<div class=\"elementor-widget-wrap elementor-element-populated\">\n\t\t\t\t\t\t<div class=\"elementor-element elementor-element-4e1bd8c6 elementor-widget elementor-widget-image\" data-id=\"4e1bd8c6\" data-element_type=\"widget\" data-e-type=\"widget\" data-widget_type=\"image.default\">\n\t\t\t\t<div class=\"elementor-widget-container\">\n\t\t\t\t\t\t\t\t\t\t\t\t\t\t\t\t<a href=\"http:\/\/www.aytoburgos.es\/\">\n\t\t\t\t\t\t\t<img decoding=\"async\" width=\"1024\" height=\"473\" src=\"https:\/\/fecburgos.com\/wp-content\/uploads\/2022\/06\/ayto-bu-logoinstitucional-b_nuevo-1024x473.jpg\" class=\"attachment-large size-large wp-image-8119\" alt=\"\" srcset=\"https:\/\/fecburgos.com\/wp-content\/uploads\/2022\/06\/ayto-bu-logoinstitucional-b_nuevo-1024x473.jpg 1024w, https:\/\/fecburgos.com\/wp-content\/uploads\/2022\/06\/ayto-bu-logoinstitucional-b_nuevo-300x138.jpg 300w, https:\/\/fecburgos.com\/wp-content\/uploads\/2022\/06\/ayto-bu-logoinstitucional-b_nuevo-768x355.jpg 768w, https:\/\/fecburgos.com\/wp-content\/uploads\/2022\/06\/ayto-bu-logoinstitucional-b_nuevo-1536x709.jpg 1536w, https:\/\/fecburgos.com\/wp-content\/uploads\/2022\/06\/ayto-bu-logoinstitucional-b_nuevo.jpg 1850w\" sizes=\"(max-width: 1024px) 100vw, 1024px\">\t\t\t\t\t\t\t\t<\/a>\n\t\t\t\t\t\t\t\t\t\t\t\t\t\t\t<\/div>\n\t\t\t\t<\/div>\n\t\t\t\t\t<\/div>\n\t\t<\/div>\n\t\t\t\t<div class=\"elementor-column elementor-col-25 elementor-top-column elementor-element elementor-element-5a63ffe\" data-id=\"5a63ffe\" data-element_type=\"column\" data-e-type=\"column\">\n\t\t\t<div class=\"elementor-widget-wrap elementor-element-populated\">\n\t\t\t\t\t\t<div class=\"elementor-element elementor-element-2239d969 elementor-widget__width-initial elementor-widget elementor-widget-image\" data-id=\"2239d969\" data-element_type=\"widget\" data-e-type=\"widget\" data-widget_type=\"image.default\">\n\t\t\t\t<div class=\"elementor-widget-container\">\n\t\t\t\t\t\t\t\t\t\t\t\t\t\t\t\t<a href=\"https:\/\/www.jcyl.es\/\">\n\t\t\t\t\t\t\t<img loading=\"lazy\" decoding=\"async\" width=\"1017\" height=\"291\" src=\"https:\/\/fecburgos.com\/wp-content\/uploads\/2021\/07\/JCyL22.png\" class=\"attachment-large size-large wp-image-6426\" alt=\"\" srcset=\"https:\/\/fecburgos.com\/wp-content\/uploads\/2021\/07\/JCyL22.png 1017w, https:\/\/fecburgos.com\/wp-content\/uploads\/2021\/07\/JCyL22-300x86.png 300w, https:\/\/fecburgos.com\/wp-content\/uploads\/2021\/07\/JCyL22-768x220.png 768w\" sizes=\"(max-width: 1017px) 100vw, 1017px\">\t\t\t\t\t\t\t\t<\/a>\n\t\t\t\t\t\t\t\t\t\t\t\t\t\t\t<\/div>\n\t\t\t\t<\/div>\n\t\t\t\t\t<\/div>\n\t\t<\/div>\n\t\t\t\t<div class=\"elementor-column elementor-col-25 elementor-top-column elementor-element elementor-element-50b59cd5\" data-id=\"50b59cd5\" data-element_type=\"column\" data-e-type=\"column\">\n\t\t\t<div class=\"elementor-widget-wrap elementor-element-populated\">\n\t\t\t\t\t\t<div class=\"elementor-element elementor-element-6bb09626 elementor-widget elementor-widget-image\" data-id=\"6bb09626\" data-element_type=\"widget\" data-e-type=\"widget\" data-widget_type=\"image.default\">\n\t\t\t\t<div class=\"elementor-widget-container\">\n\t\t\t\t\t\t\t\t\t\t\t\t\t\t\t<img loading=\"lazy\" decoding=\"async\" width=\"120\" height=\"42\" src=\"https:\/\/fecburgos.com\/wp-content\/uploads\/2025\/08\/w3c-1.png\" class=\"attachment-large size-large wp-image-19578\" alt=\"Federaci\u00f3n de Empresarios del Comercio\">\t\t\t\t\t\t\t\t\t\t\t\t\t\t\t<\/div>\n\t\t\t\t<\/div>\n\t\t\t\t<div class=\"elementor-element elementor-element-5a53400f elementor-widget elementor-widget-heading\" data-id=\"5a53400f\" data-element_type=\"widget\" data-e-type=\"widget\" data-widget_type=\"heading.default\">\n\t\t\t\t<div class=\"elementor-widget-container\">\n\t\t\t\t\t<p class=\"elementor-heading-title elementor-size-default\">La p\u00e1gina dispone de c\u00f3digo accesible seg\u00fan las normas dictadas por la W3C<\/p>\t\t\t\t<\/div>\n\t\t\t\t<\/div>\n\t\t\t\t<div class=\"elementor-element elementor-element-12ca4e elementor-widget elementor-widget-image\" data-id=\"12ca4e\" data-element_type=\"widget\" data-e-type=\"widget\" data-widget_type=\"image.default\">\n\t\t\t\t<div class=\"elementor-widget-container\">\n\t\t\t\t\t\t\t\t\t\t\t\t\t\t\t<img loading=\"lazy\" decoding=\"async\" width=\"768\" height=\"72\" src=\"https:\/\/fecburgos.com\/wp-content\/uploads\/2025\/08\/CONBANDERA_KITDIGITAL-768x72.png\" class=\"attachment-medium_large size-medium_large wp-image-19576\" alt=\"Federaci\u00f3n de Empresarios del Comercio\" srcset=\"https:\/\/fecburgos.com\/wp-content\/uploads\/2025\/08\/CONBANDERA_KITDIGITAL-768x72.png 768w, https:\/\/fecburgos.com\/wp-content\/uploads\/2025\/08\/CONBANDERA_KITDIGITAL-300x28.png 300w, https:\/\/fecburgos.com\/wp-content\/uploads\/2025\/08\/CONBANDERA_KITDIGITAL-1024x95.png 1024w, https:\/\/fecburgos.com\/wp-content\/uploads\/2025\/08\/CONBANDERA_KITDIGITAL-1536x143.png 1536w, https:\/\/fecburgos.com\/wp-content\/uploads\/2025\/08\/CONBANDERA_KITDIGITAL-2048x191.png 2048w\" sizes=\"(max-width: 768px) 100vw, 768px\">\t\t\t\t\t\t\t\t\t\t\t\t\t\t\t<\/div>\n\t\t\t\t<\/div>\n\t\t\t\t\t<\/div>\n\t\t<\/div>\n\t\t\t\t\t<\/div>\n\t\t<\/section>\n\t\t\t\t<\/div>\n\t\t","protected":false},"excerpt":{"rendered":"<p>Con\u00f3cenos Organigrama Colaboradores \u00d3rganos institucionales Responsabilidad social Nuestras asociaciones Asociaciones Sectoriales Asociaciones Territoriales Asociaciones Zonales Nuestra labor Formaci\u00f3n Mobu ediciones Muestra Casa La UBU est\u00e1 de MODA Premios Comercio Excelente Foro Comercio XI Foro Comercio Ediciones anteriores Nuevas tecnolog\u00edas Giscom Movilidad Comercial Campa\u00f1a de Promoci\u00f3n Participaci\u00f3n y Colaboraci\u00f3n Informaci\u00f3n Ventajas y Servicios Asesoramiento Convenios Empleo &#8230; <a title=\"Feria del Libro 2025\" class=\"read-more\" href=\"https:\/\/fecburgos.com\/index.php\/archivos\/18314\" aria-label=\"Leer m\u00e1s sobre Feria del Libro 2025\">Leer m\u00e1s<\/a><\/p>\n","protected":false},"author":1,"featured_media":0,"parent":0,"menu_order":0,"comment_status":"closed","ping_status":"closed","template":"","meta":{"footnotes":""},"class_list":["post-364","page","type-page","status-publish","hentry"],"yoast_head":"<!-- This site is optimized with the Yoast SEO plugin v27.5 - https:\/\/yoast.com\/product\/yoast-seo-wordpress\/ -->\r\n<title>Blog - FecBurgos<\/title>\r\n<meta name=\"robots\" content=\"index, follow, max-snippet:-1, max-image-preview:large, max-video-preview:-1\" \/>\r\n<link rel=\"canonical\" href=\"https:\/\/fecburgos.com\/index.php\/blog\" \/>\r\n<meta property=\"og:locale\" content=\"es_ES\" \/>\r\n<meta property=\"og:type\" content=\"article\" \/>\r\n<meta property=\"og:title\" content=\"Blog - FecBurgos\" \/>\r\n<meta property=\"og:description\" content=\"Con\u00f3cenos Organigrama Colaboradores \u00d3rganos institucionales Responsabilidad social Nuestras asociaciones Asociaciones Sectoriales Asociaciones Territoriales Asociaciones Zonales Nuestra labor Formaci\u00f3n Mobu ediciones Muestra Casa La UBU est\u00e1 de MODA Premios Comercio Excelente Foro Comercio XI Foro Comercio Ediciones anteriores Nuevas tecnolog\u00edas Giscom Movilidad Comercial Campa\u00f1a de Promoci\u00f3n Participaci\u00f3n y Colaboraci\u00f3n Informaci\u00f3n Ventajas y Servicios Asesoramiento Convenios Empleo ... Leer m\u00e1s\" \/>\r\n<meta property=\"og:url\" content=\"https:\/\/fecburgos.com\/index.php\/blog\" \/>\r\n<meta property=\"og:site_name\" content=\"FecBurgos\" \/>\r\n<meta property=\"article:modified_time\" content=\"2026-04-28T09:20:22+00:00\" \/>\r\n<meta property=\"og:image\" content=\"https:\/\/fecburgos.com\/wp-content\/uploads\/2021\/07\/feclogoaltaresolucion.png\" \/>\r\n\t<meta property=\"og:image:width\" content=\"2910\" \/>\r\n\t<meta property=\"og:image:height\" content=\"1909\" \/>\r\n\t<meta property=\"og:image:type\" content=\"image\/png\" \/>\r\n<meta name=\"twitter:card\" content=\"summary_large_image\" \/>\r\n<meta name=\"twitter:label1\" content=\"Tiempo de lectura\" \/>\n\t<meta name=\"twitter:data1\" content=\"52 minutos\" \/>\r\n<script type=\"application\/ld+json\" class=\"yoast-schema-graph\">{\"@context\":\"https:\\\/\\\/schema.org\",\"@graph\":[{\"@type\":\"WebPage\",\"@id\":\"https:\\\/\\\/fecburgos.com\\\/index.php\\\/blog\",\"url\":\"https:\\\/\\\/fecburgos.com\\\/index.php\\\/blog\",\"name\":\"Blog - FecBurgos\",\"isPartOf\":{\"@id\":\"https:\\\/\\\/fecburgos.com\\\/#website\"},\"primaryImageOfPage\":{\"@id\":\"https:\\\/\\\/fecburgos.com\\\/index.php\\\/blog#primaryimage\"},\"image\":{\"@id\":\"https:\\\/\\\/fecburgos.com\\\/index.php\\\/blog#primaryimage\"},\"thumbnailUrl\":\"https:\\\/\\\/fecburgos.com\\\/wp-content\\\/uploads\\\/2021\\\/07\\\/feclogoaltaresolucion-300x197.png\",\"datePublished\":\"2020-05-13T23:18:57+00:00\",\"dateModified\":\"2026-04-28T09:20:22+00:00\",\"breadcrumb\":{\"@id\":\"https:\\\/\\\/fecburgos.com\\\/index.php\\\/blog#breadcrumb\"},\"inLanguage\":\"es\",\"potentialAction\":[{\"@type\":\"ReadAction\",\"target\":[\"https:\\\/\\\/fecburgos.com\\\/index.php\\\/blog\"]}]},{\"@type\":\"ImageObject\",\"inLanguage\":\"es\",\"@id\":\"https:\\\/\\\/fecburgos.com\\\/index.php\\\/blog#primaryimage\",\"url\":\"https:\\\/\\\/fecburgos.com\\\/wp-content\\\/uploads\\\/2021\\\/07\\\/feclogoaltaresolucion.png\",\"contentUrl\":\"https:\\\/\\\/fecburgos.com\\\/wp-content\\\/uploads\\\/2021\\\/07\\\/feclogoaltaresolucion.png\",\"width\":2910,\"height\":1909},{\"@type\":\"BreadcrumbList\",\"@id\":\"https:\\\/\\\/fecburgos.com\\\/index.php\\\/blog#breadcrumb\",\"itemListElement\":[{\"@type\":\"ListItem\",\"position\":1,\"name\":\"Portada\",\"item\":\"https:\\\/\\\/fecburgos.com\\\/\"},{\"@type\":\"ListItem\",\"position\":2,\"name\":\"Blog\"}]},{\"@type\":\"WebSite\",\"@id\":\"https:\\\/\\\/fecburgos.com\\\/#website\",\"url\":\"https:\\\/\\\/fecburgos.com\\\/\",\"name\":\"FecBurgos\",\"description\":\"Federaci\u00f3n de Empresarios de Comercio de Burgos\",\"publisher\":{\"@id\":\"https:\\\/\\\/fecburgos.com\\\/#organization\"},\"potentialAction\":[{\"@type\":\"SearchAction\",\"target\":{\"@type\":\"EntryPoint\",\"urlTemplate\":\"https:\\\/\\\/fecburgos.com\\\/?s={search_term_string}\"},\"query-input\":{\"@type\":\"PropertyValueSpecification\",\"valueRequired\":true,\"valueName\":\"search_term_string\"}}],\"inLanguage\":\"es\"},{\"@type\":\"Organization\",\"@id\":\"https:\\\/\\\/fecburgos.com\\\/#organization\",\"name\":\"FecBurgos\",\"url\":\"https:\\\/\\\/fecburgos.com\\\/\",\"logo\":{\"@type\":\"ImageObject\",\"inLanguage\":\"es\",\"@id\":\"https:\\\/\\\/fecburgos.com\\\/#\\\/schema\\\/logo\\\/image\\\/\",\"url\":\"https:\\\/\\\/fecburgos.com\\\/wp-content\\\/uploads\\\/2020\\\/05\\\/cropped-cropped-LogoFEC-150x150-1.png\",\"contentUrl\":\"https:\\\/\\\/fecburgos.com\\\/wp-content\\\/uploads\\\/2020\\\/05\\\/cropped-cropped-LogoFEC-150x150-1.png\",\"width\":150,\"height\":135,\"caption\":\"FecBurgos\"},\"image\":{\"@id\":\"https:\\\/\\\/fecburgos.com\\\/#\\\/schema\\\/logo\\\/image\\\/\"}}]}<\/script>\r\n<!-- \/ Yoast SEO plugin. -->","yoast_head_json":{"title":"Blog - FecBurgos","robots":{"index":"index","follow":"follow","max-snippet":"max-snippet:-1","max-image-preview":"max-image-preview:large","max-video-preview":"max-video-preview:-1"},"canonical":"https:\/\/fecburgos.com\/index.php\/blog","og_locale":"es_ES","og_type":"article","og_title":"Blog - FecBurgos","og_description":"Con\u00f3cenos Organigrama Colaboradores \u00d3rganos institucionales Responsabilidad social Nuestras asociaciones Asociaciones Sectoriales Asociaciones Territoriales Asociaciones Zonales Nuestra labor Formaci\u00f3n Mobu ediciones Muestra Casa La UBU est\u00e1 de MODA Premios Comercio Excelente Foro Comercio XI Foro Comercio Ediciones anteriores Nuevas tecnolog\u00edas Giscom Movilidad Comercial Campa\u00f1a de Promoci\u00f3n Participaci\u00f3n y Colaboraci\u00f3n Informaci\u00f3n Ventajas y Servicios Asesoramiento Convenios Empleo ... Leer m\u00e1s","og_url":"https:\/\/fecburgos.com\/index.php\/blog","og_site_name":"FecBurgos","article_modified_time":"2026-04-28T09:20:22+00:00","og_image":[{"width":2910,"height":1909,"url":"https:\/\/fecburgos.com\/wp-content\/uploads\/2021\/07\/feclogoaltaresolucion.png","type":"image\/png"}],"twitter_card":"summary_large_image","twitter_misc":{"Tiempo de lectura":"52 minutos"},"schema":{"@context":"https:\/\/schema.org","@graph":[{"@type":"WebPage","@id":"https:\/\/fecburgos.com\/index.php\/blog","url":"https:\/\/fecburgos.com\/index.php\/blog","name":"Blog - FecBurgos","isPartOf":{"@id":"https:\/\/fecburgos.com\/#website"},"primaryImageOfPage":{"@id":"https:\/\/fecburgos.com\/index.php\/blog#primaryimage"},"image":{"@id":"https:\/\/fecburgos.com\/index.php\/blog#primaryimage"},"thumbnailUrl":"https:\/\/fecburgos.com\/wp-content\/uploads\/2021\/07\/feclogoaltaresolucion-300x197.png","datePublished":"2020-05-13T23:18:57+00:00","dateModified":"2026-04-28T09:20:22+00:00","breadcrumb":{"@id":"https:\/\/fecburgos.com\/index.php\/blog#breadcrumb"},"inLanguage":"es","potentialAction":[{"@type":"ReadAction","target":["https:\/\/fecburgos.com\/index.php\/blog"]}]},{"@type":"ImageObject","inLanguage":"es","@id":"https:\/\/fecburgos.com\/index.php\/blog#primaryimage","url":"https:\/\/fecburgos.com\/wp-content\/uploads\/2021\/07\/feclogoaltaresolucion.png","contentUrl":"https:\/\/fecburgos.com\/wp-content\/uploads\/2021\/07\/feclogoaltaresolucion.png","width":2910,"height":1909},{"@type":"BreadcrumbList","@id":"https:\/\/fecburgos.com\/index.php\/blog#breadcrumb","itemListElement":[{"@type":"ListItem","position":1,"name":"Portada","item":"https:\/\/fecburgos.com\/"},{"@type":"ListItem","position":2,"name":"Blog"}]},{"@type":"WebSite","@id":"https:\/\/fecburgos.com\/#website","url":"https:\/\/fecburgos.com\/","name":"FecBurgos","description":"Federaci\u00f3n de Empresarios de Comercio de Burgos","publisher":{"@id":"https:\/\/fecburgos.com\/#organization"},"potentialAction":[{"@type":"SearchAction","target":{"@type":"EntryPoint","urlTemplate":"https:\/\/fecburgos.com\/?s={search_term_string}"},"query-input":{"@type":"PropertyValueSpecification","valueRequired":true,"valueName":"search_term_string"}}],"inLanguage":"es"},{"@type":"Organization","@id":"https:\/\/fecburgos.com\/#organization","name":"FecBurgos","url":"https:\/\/fecburgos.com\/","logo":{"@type":"ImageObject","inLanguage":"es","@id":"https:\/\/fecburgos.com\/#\/schema\/logo\/image\/","url":"https:\/\/fecburgos.com\/wp-content\/uploads\/2020\/05\/cropped-cropped-LogoFEC-150x150-1.png","contentUrl":"https:\/\/fecburgos.com\/wp-content\/uploads\/2020\/05\/cropped-cropped-LogoFEC-150x150-1.png","width":150,"height":135,"caption":"FecBurgos"},"image":{"@id":"https:\/\/fecburgos.com\/#\/schema\/logo\/image\/"}}]}},"_links":{"self":[{"href":"https:\/\/fecburgos.com\/index.php\/wp-json\/wp\/v2\/pages\/364","targetHints":{"allow":["GET"]}}],"collection":[{"href":"https:\/\/fecburgos.com\/index.php\/wp-json\/wp\/v2\/pages"}],"about":[{"href":"https:\/\/fecburgos.com\/index.php\/wp-json\/wp\/v2\/types\/page"}],"author":[{"embeddable":true,"href":"https:\/\/fecburgos.com\/index.php\/wp-json\/wp\/v2\/users\/1"}],"replies":[{"embeddable":true,"href":"https:\/\/fecburgos.com\/index.php\/wp-json\/wp\/v2\/comments?post=364"}],"version-history":[{"count":167,"href":"https:\/\/fecburgos.com\/index.php\/wp-json\/wp\/v2\/pages\/364\/revisions"}],"predecessor-version":[{"id":23898,"href":"https:\/\/fecburgos.com\/index.php\/wp-json\/wp\/v2\/pages\/364\/revisions\/23898"}],"wp:attachment":[{"href":"https:\/\/fecburgos.com\/index.php\/wp-json\/wp\/v2\/media?parent=364"}],"curies":[{"name":"wp","href":"https:\/\/api.w.org\/{rel}","templated":true}]}}