{"id":14951,"date":"2024-06-25T19:54:12","date_gmt":"2024-06-25T19:54:12","guid":{"rendered":"https:\/\/fecburgos.com\/?page_id=14951"},"modified":"2026-03-19T23:19:32","modified_gmt":"2026-03-19T23:19:32","slug":"normativa","status":"publish","type":"page","link":"https:\/\/fecburgos.com\/index.php\/normativa","title":{"rendered":"Normativa"},"content":{"rendered":"\t\t<div data-elementor-type=\"wp-page\" data-elementor-id=\"14951\" class=\"elementor elementor-14951\">\n\t\t\t\t\t\t<section class=\"elementor-section elementor-top-section elementor-element elementor-element-54ca5421 elementor-section-full_width elementor-section-height-default elementor-section-height-default\" data-id=\"54ca5421\" data-element_type=\"section\" data-e-type=\"section\">\n\t\t\t\t\t\t<div class=\"elementor-container elementor-column-gap-no\">\n\t\t\t\t\t<div class=\"elementor-column elementor-col-33 elementor-top-column elementor-element elementor-element-1bc43d07\" data-id=\"1bc43d07\" data-element_type=\"column\" data-e-type=\"column\">\n\t\t\t<div class=\"elementor-widget-wrap elementor-element-populated\">\n\t\t\t\t\t\t<div class=\"elementor-element elementor-element-396db0d elementor-widget__width-initial elementor-widget elementor-widget-image\" data-id=\"396db0d\" data-element_type=\"widget\" data-e-type=\"widget\" data-widget_type=\"image.default\">\n\t\t\t\t<div class=\"elementor-widget-container\">\n\t\t\t\t\t\t\t\t\t\t\t\t\t\t\t\t<a href=\"https:\/\/fecburgos.com\/\">\n\t\t\t\t\t\t\t<img fetchpriority=\"high\" decoding=\"async\" width=\"300\" height=\"197\" src=\"https:\/\/fecburgos.com\/wp-content\/uploads\/2021\/07\/feclogoaltaresolucion-300x197.png\" class=\"attachment-medium size-medium wp-image-6539\" alt=\"\" srcset=\"https:\/\/fecburgos.com\/wp-content\/uploads\/2021\/07\/feclogoaltaresolucion-300x197.png 300w, https:\/\/fecburgos.com\/wp-content\/uploads\/2021\/07\/feclogoaltaresolucion-1024x672.png 1024w, https:\/\/fecburgos.com\/wp-content\/uploads\/2021\/07\/feclogoaltaresolucion-768x504.png 768w, https:\/\/fecburgos.com\/wp-content\/uploads\/2021\/07\/feclogoaltaresolucion-1536x1008.png 1536w, https:\/\/fecburgos.com\/wp-content\/uploads\/2021\/07\/feclogoaltaresolucion-2048x1344.png 2048w, https:\/\/fecburgos.com\/wp-content\/uploads\/2021\/07\/elementor\/thumbs\/feclogoaltaresolucion-pavdqahq2i5kpjubspygh64udlcd66r20d74lpfsf4.png 75w, https:\/\/fecburgos.com\/wp-content\/uploads\/2021\/07\/elementor\/thumbs\/feclogoaltaresolucion-pavdqahq16shz3x1lfow9p8sk3655etbif0wogbisg.png 72w, https:\/\/fecburgos.com\/wp-content\/uploads\/2021\/07\/elementor\/thumbs\/feclogoaltaresolucion-pavdqahq0b7rjds4kaoqxwpixlp9nx13d8vmjan876.png 70w\" sizes=\"(max-width: 300px) 100vw, 300px\">\t\t\t\t\t\t\t\t<\/a>\n\t\t\t\t\t\t\t\t\t\t\t\t\t\t\t<\/div>\n\t\t\t\t<\/div>\n\t\t\t\t\t<\/div>\n\t\t<\/div>\n\t\t\t\t<div class=\"elementor-column elementor-col-33 elementor-top-column elementor-element elementor-element-56f0a3e0\" data-id=\"56f0a3e0\" data-element_type=\"column\" data-e-type=\"column\">\n\t\t\t<div class=\"elementor-widget-wrap elementor-element-populated\">\n\t\t\t\t\t\t<div class=\"elementor-element elementor-element-351dde7a elementor-widget elementor-widget-image\" data-id=\"351dde7a\" data-element_type=\"widget\" data-e-type=\"widget\" data-widget_type=\"image.default\">\n\t\t\t\t<div class=\"elementor-widget-container\">\n\t\t\t\t\t\t\t\t\t\t\t\t\t\t\t\t<a href=\"https:\/\/fecburgos.com\/index.php\/asociate\">\n\t\t\t\t\t\t\t<img decoding=\"async\" width=\"533\" height=\"409\" src=\"https:\/\/fecburgos.com\/wp-content\/uploads\/2025\/06\/asociartepq.png\" class=\"attachment-large size-large wp-image-18146\" alt=\"Federaci\u00f3n de Empresarios del Comercio\" srcset=\"https:\/\/fecburgos.com\/wp-content\/uploads\/2025\/06\/asociartepq.png 533w, https:\/\/fecburgos.com\/wp-content\/uploads\/2025\/06\/asociartepq-300x230.png 300w\" sizes=\"(max-width: 533px) 100vw, 533px\">\t\t\t\t\t\t\t\t<\/a>\n\t\t\t\t\t\t\t\t\t\t\t\t\t\t\t<\/div>\n\t\t\t\t<\/div>\n\t\t\t\t\t<\/div>\n\t\t<\/div>\n\t\t\t\t<div class=\"elementor-column elementor-col-33 elementor-top-column elementor-element elementor-element-301e4d64\" data-id=\"301e4d64\" data-element_type=\"column\" data-e-type=\"column\">\n\t\t\t<div class=\"elementor-widget-wrap elementor-element-populated\">\n\t\t\t\t\t\t<div class=\"elementor-element elementor-element-6fe325b4 elementor-widget__width-initial elementor-widget elementor-widget-ekit-nav-menu\" data-id=\"6fe325b4\" data-element_type=\"widget\" data-e-type=\"widget\" data-widget_type=\"ekit-nav-menu.default\">\n\t\t\t\t<div class=\"elementor-widget-container\">\n\t\t\t\t\t\t\t<nav class=\"ekit-wid-con ekit_menu_responsive_tablet\" data-hamburger-icon=\"fas fa-align-justify\" data-hamburger-icon-type=\"icon\" data-responsive-breakpoint=\"1024\">\n\t\t\t            <button class=\"elementskit-menu-hamburger elementskit-menu-toggler\" type=\"button\" aria-label=\"hamburger-icon\">\n                <i aria-hidden=\"true\" class=\"ekit-menu-icon fas fa-align-justify\"><\/i>            <\/button>\n            <div role=\"navigation\" id=\"ekit-megamenu-principal\" class=\"elementskit-menu-container elementskit-menu-offcanvas-elements elementskit-navbar-nav-default ekit-nav-menu-one-page-no ekit-nav-dropdown-hover\"><ul id=\"menu-principal\" class=\"elementskit-navbar-nav elementskit-menu-po-center submenu-click-on-icon\"><li id=\"menu-item-14247\" class=\"menu-item menu-item-type-post_type menu-item-object-page menu-item-has-children menu-item-14247 nav-item elementskit-dropdown-has relative_position elementskit-dropdown-menu-default_width elementskit-mobile-builder-content\" data-vertical-menu=\"750px\"><a href=\"https:\/\/fecburgos.com\/index.php\/conocenos\" class=\"ekit-menu-nav-link ekit-menu-dropdown-toggle\">Con\u00f3cenos<i aria-hidden=\"true\" class=\"icon icon-down-arrow1 elementskit-submenu-indicator\"><\/i><\/a>\n<ul class=\"elementskit-dropdown elementskit-submenu-panel\">\n\t<li id=\"menu-item-14272\" class=\"menu-item menu-item-type-post_type menu-item-object-page menu-item-14272 nav-item elementskit-mobile-builder-content\" data-vertical-menu=\"750px\"><a href=\"https:\/\/fecburgos.com\/index.php\/organigrama\" class=\" dropdown-item\">Organigrama<\/a>\t<\/li><li id=\"menu-item-14245\" class=\"menu-item menu-item-type-post_type menu-item-object-page menu-item-14245 nav-item elementskit-mobile-builder-content\" data-vertical-menu=\"750px\"><a href=\"https:\/\/fecburgos.com\/index.php\/colaboradores\" class=\" dropdown-item\">Colaboradores<\/a>\t<\/li><li id=\"menu-item-14273\" class=\"menu-item menu-item-type-post_type menu-item-object-page menu-item-14273 nav-item elementskit-mobile-builder-content\" data-vertical-menu=\"750px\"><a href=\"https:\/\/fecburgos.com\/index.php\/organos-instituciones\" class=\" dropdown-item\">\u00d3rganos institucionales<\/a>\t<\/li><li id=\"menu-item-14282\" class=\"menu-item menu-item-type-post_type menu-item-object-page menu-item-14282 nav-item elementskit-mobile-builder-content\" data-vertical-menu=\"750px\"><a href=\"https:\/\/fecburgos.com\/index.php\/responsabilidad-social\" class=\" dropdown-item\">Responsabilidad social<\/a><\/li><\/ul>\n<\/li>\n<li id=\"menu-item-14488\" class=\"menu-item menu-item-type-post_type menu-item-object-page menu-item-has-children menu-item-14488 nav-item elementskit-dropdown-has relative_position elementskit-dropdown-menu-default_width elementskit-mobile-builder-content\" data-vertical-menu=\"750px\"><a href=\"https:\/\/fecburgos.com\/index.php\/nuestras-asociaciones\" class=\"ekit-menu-nav-link ekit-menu-dropdown-toggle\">Nuestras asociaciones<i aria-hidden=\"true\" class=\"icon icon-down-arrow1 elementskit-submenu-indicator\"><\/i><\/a>\n<ul class=\"elementskit-dropdown elementskit-submenu-panel\">\n\t<li id=\"menu-item-17902\" class=\"menu-item menu-item-type-post_type menu-item-object-page menu-item-17902 nav-item elementskit-mobile-builder-content\" data-vertical-menu=\"750px\"><a href=\"https:\/\/fecburgos.com\/index.php\/asociaciones-sectoriales-2\" class=\" dropdown-item\">Asociaciones Sectoriales<\/a>\t<\/li><li id=\"menu-item-14238\" class=\"menu-item menu-item-type-post_type menu-item-object-page menu-item-14238 nav-item elementskit-mobile-builder-content\" data-vertical-menu=\"750px\"><a href=\"https:\/\/fecburgos.com\/index.php\/asociaciones-territoriales\" class=\" dropdown-item\">Asociaciones Territoriales<\/a>\t<\/li><li id=\"menu-item-14239\" class=\"menu-item menu-item-type-post_type menu-item-object-page menu-item-14239 nav-item elementskit-mobile-builder-content\" data-vertical-menu=\"750px\"><a href=\"https:\/\/fecburgos.com\/index.php\/asociaciones-zonales\" class=\" dropdown-item\">Asociaciones Zonales<\/a><\/li><\/ul>\n<\/li>\n<li id=\"menu-item-15914\" class=\"menu-item menu-item-type-post_type menu-item-object-page menu-item-has-children menu-item-15914 nav-item elementskit-dropdown-has relative_position elementskit-dropdown-menu-default_width elementskit-mobile-builder-content\" data-vertical-menu=\"750px\"><a href=\"https:\/\/fecburgos.com\/index.php\/nuestra-labor\" class=\"ekit-menu-nav-link ekit-menu-dropdown-toggle\">Nuestra labor<i aria-hidden=\"true\" class=\"icon icon-down-arrow1 elementskit-submenu-indicator\"><\/i><\/a>\n<ul class=\"elementskit-dropdown elementskit-submenu-panel\">\n\t<li id=\"menu-item-14253\" class=\"menu-item menu-item-type-post_type menu-item-object-page menu-item-14253 nav-item elementskit-mobile-builder-content\" data-vertical-menu=\"750px\"><a href=\"https:\/\/fecburgos.com\/index.php\/formacion\" class=\" dropdown-item\">Formaci\u00f3n<\/a>\t<\/li><li id=\"menu-item-14267\" class=\"menu-item menu-item-type-post_type menu-item-object-page menu-item-14267 nav-item elementskit-mobile-builder-content\" data-vertical-menu=\"750px\"><a href=\"https:\/\/fecburgos.com\/index.php\/mobu-ediciones\" class=\" dropdown-item\">Mobu ediciones<\/a>\t<\/li><li id=\"menu-item-20812\" class=\"menu-item menu-item-type-post_type menu-item-object-page menu-item-20812 nav-item elementskit-mobile-builder-content\" data-vertical-menu=\"750px\"><a href=\"https:\/\/fecburgos.com\/index.php\/muestra-casa\" class=\" dropdown-item\">Muestra Casa<\/a>\t<\/li><li id=\"menu-item-21696\" class=\"menu-item menu-item-type-post_type menu-item-object-page menu-item-21696 nav-item elementskit-mobile-builder-content\" data-vertical-menu=\"750px\"><a href=\"https:\/\/fecburgos.com\/index.php\/la-ubu-esta-de-moda\" class=\" dropdown-item\">La UBU est\u00e1 de MODA<\/a>\t<\/li><li id=\"menu-item-14278\" class=\"menu-item menu-item-type-post_type menu-item-object-page menu-item-14278 nav-item elementskit-mobile-builder-content\" data-vertical-menu=\"750px\"><a href=\"https:\/\/fecburgos.com\/index.php\/premios-comercio-excelente\" class=\" dropdown-item\">Premios Comercio Excelente<\/a>\t<\/li><li id=\"menu-item-14254\" class=\"menu-item menu-item-type-post_type menu-item-object-page menu-item-has-children menu-item-14254 nav-item elementskit-dropdown-has relative_position elementskit-dropdown-menu-default_width elementskit-mobile-builder-content\" data-vertical-menu=\"750px\"><a href=\"https:\/\/fecburgos.com\/index.php\/foro-comercio\" class=\" dropdown-item\">Foro Comercio<i aria-hidden=\"true\" class=\"icon icon-down-arrow1 elementskit-submenu-indicator\"><\/i><\/a>\n\t<ul class=\"elementskit-dropdown elementskit-submenu-panel\">\n\t\t<li id=\"menu-item-23053\" class=\"menu-item menu-item-type-post_type menu-item-object-page menu-item-23053 nav-item elementskit-mobile-builder-content\" data-vertical-menu=\"750px\"><a href=\"https:\/\/fecburgos.com\/index.php\/xi-foro-comercio\" class=\" dropdown-item\">XI Foro Comercio<\/a>\t\t<\/li><li id=\"menu-item-21847\" class=\"menu-item menu-item-type-custom menu-item-object-custom menu-item-21847 nav-item elementskit-mobile-builder-content\" data-vertical-menu=\"750px\"><a href=\"https:\/\/fecburgos.com\/index.php\/foro-comercio\" class=\" dropdown-item\">Ediciones anteriores<\/a>\t<\/li><\/ul>\n\t<\/li><li id=\"menu-item-14293\" class=\"menu-item menu-item-type-custom menu-item-object-custom menu-item-has-children menu-item-14293 nav-item elementskit-dropdown-has relative_position elementskit-dropdown-menu-default_width elementskit-mobile-builder-content\" data-vertical-menu=\"750px\"><a href=\"#\" class=\" dropdown-item\">Nuevas tecnolog\u00edas<i aria-hidden=\"true\" class=\"icon icon-down-arrow1 elementskit-submenu-indicator\"><\/i><\/a>\n\t<ul class=\"elementskit-dropdown elementskit-submenu-panel\">\n\t\t<li id=\"menu-item-14255\" class=\"menu-item menu-item-type-post_type menu-item-object-page menu-item-14255 nav-item elementskit-mobile-builder-content\" data-vertical-menu=\"750px\"><a href=\"https:\/\/fecburgos.com\/index.php\/giscom\" class=\" dropdown-item\">Giscom<\/a>\t\t<\/li><li id=\"menu-item-14268\" class=\"menu-item menu-item-type-post_type menu-item-object-page menu-item-14268 nav-item elementskit-mobile-builder-content\" data-vertical-menu=\"750px\"><a href=\"https:\/\/fecburgos.com\/index.php\/movilidad-comercial\" class=\" dropdown-item\">Movilidad Comercial<\/a>\t<\/li><\/ul>\n\t<\/li><li id=\"menu-item-14244\" class=\"menu-item menu-item-type-post_type menu-item-object-page menu-item-14244 nav-item elementskit-mobile-builder-content\" data-vertical-menu=\"750px\"><a href=\"https:\/\/fecburgos.com\/index.php\/campana-de-promocion\" class=\" dropdown-item\">Campa\u00f1a de Promoci\u00f3n<\/a>\t<\/li><li id=\"menu-item-14274\" class=\"menu-item menu-item-type-post_type menu-item-object-page menu-item-14274 nav-item elementskit-mobile-builder-content\" data-vertical-menu=\"750px\"><a href=\"https:\/\/fecburgos.com\/index.php\/participaciones-y-colaboraciones\" class=\" dropdown-item\">Participaci\u00f3n y Colaboraci\u00f3n<\/a><\/li><\/ul>\n<\/li>\n<li id=\"menu-item-15137\" class=\"menu-item menu-item-type-post_type menu-item-object-page menu-item-has-children menu-item-15137 nav-item elementskit-dropdown-has relative_position elementskit-dropdown-menu-default_width elementskit-mobile-builder-content\" data-vertical-menu=\"750px\"><a href=\"https:\/\/fecburgos.com\/index.php\/informacion\" class=\"ekit-menu-nav-link ekit-menu-dropdown-toggle\">Informaci\u00f3n<i aria-hidden=\"true\" class=\"icon icon-down-arrow1 elementskit-submenu-indicator\"><\/i><\/a>\n<ul class=\"elementskit-dropdown elementskit-submenu-panel\">\n\t<li id=\"menu-item-15195\" class=\"menu-item menu-item-type-post_type menu-item-object-page menu-item-has-children menu-item-15195 nav-item elementskit-dropdown-has relative_position elementskit-dropdown-menu-default_width elementskit-mobile-builder-content\" data-vertical-menu=\"750px\"><a href=\"https:\/\/fecburgos.com\/index.php\/ventajas-y-servicios\" class=\" dropdown-item\">Ventajas y Servicios<i aria-hidden=\"true\" class=\"icon icon-down-arrow1 elementskit-submenu-indicator\"><\/i><\/a>\n\t<ul class=\"elementskit-dropdown elementskit-submenu-panel\">\n\t\t<li id=\"menu-item-15292\" class=\"menu-item menu-item-type-custom menu-item-object-custom menu-item-15292 nav-item elementskit-mobile-builder-content\" data-vertical-menu=\"750px\"><a href=\"https:\/\/fecburgos.com\/index.php\/ventajas-y-servicios\" class=\" dropdown-item\">Asesoramiento<\/a>\t\t<\/li><li id=\"menu-item-15293\" class=\"menu-item menu-item-type-custom menu-item-object-custom menu-item-15293 nav-item elementskit-mobile-builder-content\" data-vertical-menu=\"750px\"><a href=\"https:\/\/fecburgos.com\/index.php\/ventajas-y-servicios#convenios\" class=\" dropdown-item\">Convenios<\/a>\t<\/li><\/ul>\n\t<\/li><li id=\"menu-item-14242\" class=\"menu-item menu-item-type-post_type menu-item-object-page menu-item-14242 nav-item elementskit-mobile-builder-content\" data-vertical-menu=\"750px\"><a href=\"https:\/\/fecburgos.com\/index.php\/bolsa-de-empleo\" class=\" dropdown-item\">Empleo | Traspasos comerciales<\/a>\t<\/li><li id=\"menu-item-14250\" class=\"menu-item menu-item-type-post_type menu-item-object-page menu-item-14250 nav-item elementskit-mobile-builder-content\" data-vertical-menu=\"750px\"><a href=\"https:\/\/fecburgos.com\/index.php\/convenios-colectivos\" class=\" dropdown-item\">Convenios Colectivos<\/a>\t<\/li><li id=\"menu-item-15139\" class=\"menu-item menu-item-type-post_type menu-item-object-page menu-item-15139 nav-item elementskit-mobile-builder-content\" data-vertical-menu=\"750px\"><a href=\"https:\/\/fecburgos.com\/index.php\/normativa\" class=\" dropdown-item\">Normativa<\/a>\t<\/li><li id=\"menu-item-14261\" class=\"menu-item menu-item-type-post_type menu-item-object-page menu-item-has-children menu-item-14261 nav-item elementskit-dropdown-has relative_position elementskit-dropdown-menu-default_width elementskit-mobile-builder-content\" data-vertical-menu=\"750px\"><a href=\"https:\/\/fecburgos.com\/index.php\/guias\" class=\" dropdown-item\">Gu\u00edas<i aria-hidden=\"true\" class=\"icon icon-down-arrow1 elementskit-submenu-indicator\"><\/i><\/a>\n\t<ul class=\"elementskit-dropdown elementskit-submenu-panel\">\n\t\t<li id=\"menu-item-14256\" class=\"menu-item menu-item-type-post_type menu-item-object-page menu-item-14256 nav-item elementskit-mobile-builder-content\" data-vertical-menu=\"750px\"><a href=\"https:\/\/fecburgos.com\/index.php\/guia-alimentacion\" class=\" dropdown-item\">Gu\u00eda alimentaci\u00f3n<\/a>\t\t<\/li><li id=\"menu-item-14257\" class=\"menu-item menu-item-type-post_type menu-item-object-page menu-item-14257 nav-item elementskit-mobile-builder-content\" data-vertical-menu=\"750px\"><a href=\"https:\/\/fecburgos.com\/index.php\/guia-equipamiento-de-la-persona\" class=\" dropdown-item\">Gu\u00eda Equipamiento de la Persona<\/a>\t\t<\/li><li id=\"menu-item-14258\" class=\"menu-item menu-item-type-post_type menu-item-object-page menu-item-14258 nav-item elementskit-mobile-builder-content\" data-vertical-menu=\"750px\"><a href=\"https:\/\/fecburgos.com\/index.php\/guia-equipamiento-del-hogar\" class=\" dropdown-item\">Gu\u00eda Equipamiento del Hogar<\/a>\t\t<\/li><li id=\"menu-item-14260\" class=\"menu-item menu-item-type-post_type menu-item-object-page menu-item-14260 nav-item elementskit-mobile-builder-content\" data-vertical-menu=\"750px\"><a href=\"https:\/\/fecburgos.com\/index.php\/guia-servicios-profesionales\" class=\" dropdown-item\">Gu\u00eda Servicios Profesionales<\/a>\t\t<\/li><li id=\"menu-item-14259\" class=\"menu-item menu-item-type-post_type menu-item-object-page menu-item-14259 nav-item elementskit-mobile-builder-content\" data-vertical-menu=\"750px\"><a href=\"https:\/\/fecburgos.com\/index.php\/guia-rrhh\" class=\" dropdown-item\">Gu\u00eda RRHH<\/a>\t\t<\/li><li id=\"menu-item-15152\" class=\"menu-item menu-item-type-custom menu-item-object-custom menu-item-15152 nav-item elementskit-mobile-builder-content\" data-vertical-menu=\"750px\"><a href=\"https:\/\/fecburgos.com\/wp-content\/uploads\/2021\/05\/GuiadeReformadeLocalesComerciales.pdf\" class=\" dropdown-item\">Gu\u00eda reforma de locales comerciales<\/a>\t<\/li><\/ul>\n\t<\/li><li id=\"menu-item-14252\" class=\"menu-item menu-item-type-post_type menu-item-object-page menu-item-14252 nav-item elementskit-mobile-builder-content\" data-vertical-menu=\"750px\"><a href=\"https:\/\/fecburgos.com\/index.php\/diez-razones-para-asociarse\" class=\" dropdown-item\">Diez Razones para Asociarte<\/a>\t<\/li><li id=\"menu-item-15530\" class=\"menu-item menu-item-type-custom menu-item-object-custom menu-item-15530 nav-item elementskit-mobile-builder-content\" data-vertical-menu=\"750px\"><a href=\"https:\/\/fecburgos.com\/wp-content\/uploads\/2026\/02\/calendariolaboral2026.jpg\" class=\" dropdown-item\">Calendario laboral<\/a>\t<\/li><li id=\"menu-item-15531\" class=\"menu-item menu-item-type-custom menu-item-object-custom menu-item-15531 nav-item elementskit-mobile-builder-content\" data-vertical-menu=\"750px\"><a href=\"https:\/\/fecburgos.com\/wp-content\/uploads\/2021\/05\/CatalogoIntervencionesPrioritarias.pdf\" class=\" dropdown-item\">Cat\u00e1logo espacio urbano<\/a><\/li><\/ul>\n<\/li>\n<li id=\"menu-item-14241\" class=\"menu-item menu-item-type-post_type menu-item-object-page menu-item-14241 nav-item elementskit-mobile-builder-content\" data-vertical-menu=\"750px\"><a href=\"https:\/\/fecburgos.com\/index.php\/blog\" class=\"ekit-menu-nav-link\">Blog<\/a><\/li>\n<li id=\"menu-item-14904\" class=\"menu-item menu-item-type-post_type menu-item-object-page menu-item-14904 nav-item elementskit-mobile-builder-content\" data-vertical-menu=\"750px\"><a href=\"https:\/\/fecburgos.com\/index.php\/asociate\" class=\"ekit-menu-nav-link\">As\u00f3ciate<\/a><\/li>\n<\/ul><div class=\"elementskit-nav-identity-panel\"><button class=\"elementskit-menu-close elementskit-menu-toggler\" type=\"button\">X<\/button><\/div><\/div>\n\t\t\t<div class=\"elementskit-menu-overlay elementskit-menu-offcanvas-elements elementskit-menu-toggler ekit-nav-menu--overlay\"><\/div>        <\/nav>\n\t\t\t\t\t\t<\/div>\n\t\t\t\t<\/div>\n\t\t\t\t\t<\/div>\n\t\t<\/div>\n\t\t\t\t\t<\/div>\n\t\t<\/section>\n\t\t\t\t<section class=\"elementor-section elementor-top-section elementor-element elementor-element-2eb2aec elementor-section-stretched elementor-section-boxed elementor-section-height-default elementor-section-height-default\" data-id=\"2eb2aec\" data-element_type=\"section\" data-e-type=\"section\" data-settings='{\"background_background\":\"classic\",\"stretch_section\":\"section-stretched\"}'>\n\t\t\t\t\t\t<div class=\"elementor-container elementor-column-gap-wide\">\n\t\t\t\t\t<div class=\"elementor-column elementor-col-100 elementor-top-column elementor-element elementor-element-776b715\" data-id=\"776b715\" data-element_type=\"column\" data-e-type=\"column\">\n\t\t\t<div class=\"elementor-widget-wrap elementor-element-populated\">\n\t\t\t\t\t\t<div class=\"elementor-element elementor-element-d98a4d0 elementor-widget elementor-widget-text-editor\" data-id=\"d98a4d0\" data-element_type=\"widget\" data-e-type=\"widget\" data-widget_type=\"text-editor.default\">\n\t\t\t\t<div class=\"elementor-widget-container\">\n\t\t\t\t\t\t\t\t\t<p>Normativa<\/p>\t\t\t\t\t\t\t\t<\/div>\n\t\t\t\t<\/div>\n\t\t\t\t\t<\/div>\n\t\t<\/div>\n\t\t\t\t\t<\/div>\n\t\t<\/section>\n\t\t\t\t<section class=\"elementor-section elementor-top-section elementor-element elementor-element-3b05b67 elementor-section-boxed elementor-section-height-default elementor-section-height-default\" data-id=\"3b05b67\" data-element_type=\"section\" data-e-type=\"section\">\n\t\t\t\t\t\t<div class=\"elementor-container elementor-column-gap-default\">\n\t\t\t\t\t<div class=\"elementor-column elementor-col-100 elementor-top-column elementor-element elementor-element-2b31af6\" data-id=\"2b31af6\" data-element_type=\"column\" data-e-type=\"column\">\n\t\t\t<div class=\"elementor-widget-wrap elementor-element-populated\">\n\t\t\t\t\t\t<div class=\"elementor-element elementor-element-725e78f elementor-widget elementor-widget-text-editor\" data-id=\"725e78f\" data-element_type=\"widget\" data-e-type=\"widget\" data-widget_type=\"text-editor.default\">\n\t\t\t\t<div class=\"elementor-widget-container\">\n\t\t\t\t\t\t\t\t\t<h2>Normativa gen\u00e9rica<\/h2>\t\t\t\t\t\t\t\t<\/div>\n\t\t\t\t<\/div>\n\t\t\t\t\t<\/div>\n\t\t<\/div>\n\t\t\t\t\t<\/div>\n\t\t<\/section>\n\t\t\t\t<section class=\"elementor-section elementor-top-section elementor-element elementor-element-c892f22 elementor-section-boxed elementor-section-height-default elementor-section-height-default\" data-id=\"c892f22\" data-element_type=\"section\" data-e-type=\"section\">\n\t\t\t\t\t\t<div class=\"elementor-container elementor-column-gap-default\">\n\t\t\t\t\t<div class=\"elementor-column elementor-col-100 elementor-top-column elementor-element elementor-element-f8c1648\" data-id=\"f8c1648\" data-element_type=\"column\" data-e-type=\"column\">\n\t\t\t<div class=\"elementor-widget-wrap elementor-element-populated\">\n\t\t\t\t\t\t<div class=\"elementor-element elementor-element-f6828fb elementor-widget elementor-widget-elementskit-accordion\" data-id=\"f6828fb\" data-element_type=\"widget\" data-e-type=\"widget\" data-widget_type=\"elementskit-accordion.default\">\n\t\t\t\t<div class=\"elementor-widget-container\">\n\t\t\t\t\t<div class=\"ekit-wid-con\">\n        <div class=\"elementskit-accordion accoedion-primary\" id=\"accordion-69f1fea99c794\">\n\n            \n                <div class=\"elementskit-card \">\n                    <div class=\"elementskit-card-header\" id=\"primaryHeading-0-f6828fb\">\n                        <a href=\"#collapse-1efb0c269f1fea99c794\" class=\"ekit-accordion--toggler elementskit-btn-link collapsed\" data-ekit-toggle=\"collapse\" data-target=\"#Collapse-1efb0c269f1fea99c794\" aria-expanded=\"false\" aria-controls=\"Collapse-1efb0c269f1fea99c794\">\n                            \n                            <span class=\"ekit-accordion-title\">Normativa gen\u00e9rica<\/span>\n\n                            \n                                <div class=\"ekit_accordion_icon_group\">\n                                    <div class=\"ekit_accordion_normal_icon\">\n                                        <!-- Normal Icon -->\n\t\t\t\t\t\t\t\t\t\t<i class=\"icon icon-down-arrow1\"><\/i>                                    <\/div>\n\n                                    <div class=\"ekit_accordion_active_icon\">\n                                        <!-- Active Icon -->\n\t\t\t\t\t\t\t\t\t\t<i class=\"icon icon-up-arrow1\"><\/i>                                    <\/div>\n                                <\/div>\n\n                            \n                                                    <\/a>\n                    <\/div>\n\n                    <div id=\"Collapse-1efb0c269f1fea99c794\" class=\" collapse\" aria-labelledby=\"primaryHeading-0-f6828fb\" data-parent=\"#accordion-69f1fea99c794\">\n\n                        <div class=\"elementskit-card-body ekit-accordion--content\">\n                            <ul><li><a href=\"https:\/\/www.boe.es\/buscar\/pdf\/1978\/BOE-A-1978-31229-consolidado.pdf\">Constituci\u00f3n Espa\u00f1ola<\/a><\/li><li>Reglamento del Consejo Sectorial de Comercio, de fecha 30 de diciembre de 1999.<\/li><\/ul>                        <\/div>\n\n                    <\/div>\n\n                <\/div><!-- .elementskit-card END -->\n\n                \n                <div class=\"elementskit-card \">\n                    <div class=\"elementskit-card-header\" id=\"primaryHeading-1-f6828fb\">\n                        <a href=\"#collapse-30e41fc69f1fea99c794\" class=\"ekit-accordion--toggler elementskit-btn-link collapsed\" data-ekit-toggle=\"collapse\" data-target=\"#Collapse-30e41fc69f1fea99c794\" aria-expanded=\"false\" aria-controls=\"Collapse-30e41fc69f1fea99c794\">\n                            \n                            <span class=\"ekit-accordion-title\">Decretos, Reales Decretos y Reglamentos<\/span>\n\n                            \n                                <div class=\"ekit_accordion_icon_group\">\n                                    <div class=\"ekit_accordion_normal_icon\">\n                                        <!-- Normal Icon -->\n\t\t\t\t\t\t\t\t\t\t<i class=\"icon icon-down-arrow1\"><\/i>                                    <\/div>\n\n                                    <div class=\"ekit_accordion_active_icon\">\n                                        <!-- Active Icon -->\n\t\t\t\t\t\t\t\t\t\t<i class=\"icon icon-up-arrow1\"><\/i>                                    <\/div>\n                                <\/div>\n\n                            \n                                                    <\/a>\n                    <\/div>\n\n                    <div id=\"Collapse-30e41fc69f1fea99c794\" class=\" collapse\" aria-labelledby=\"primaryHeading-1-f6828fb\" data-parent=\"#accordion-69f1fea99c794\">\n\n                        <div class=\"elementskit-card-body ekit-accordion--content\">\n                            <ul><li>Real Decreto-Ley 8\/2014, de 4 de julio, de aprobaci\u00f3n de medidas urgentes para el crecimiento, la competitividad y la eficiencia.<\/li><li>Real Decreto-Ley 3\/2014, de 28 de febrero, de medidas urgentes para el fomento del empleo y la contrataci\u00f3n indefinida.<br>Haz clic aqu\u00ed para conocer las principales novedades<\/li><li>Real Decreto-Ley 16\/2013, de 20 de diciembre, de medidas para favorecer la contrataci\u00f3n estable y mejorar la empleabilidad de los trabajadores.<\/li><li>Real Decreto-Ley 16\/2013, de 20 de diciembre: resumen con principales modificaciones<\/li><li>Decreto 16\/2013, de 9 de mayo, por el que se modifica el Decreto 82\/2006, de 16 de noviembre, por el que se desarrolla parcialmente la Ley 16\/2002, de 19 de diciembre, de Comercio de Castilla y Le\u00f3n.<\/li><li>Real Decreto 1619\/2012, de 30 de noviembre, que aprueba el reglamento por el que se regulan las obligaciones de facturaci\u00f3n (RFac) y que, como consecuencia de las novedades de la Directiva 2010\/45\/UE, viene a sustituir el hasta hoy vigente del Real Decreto 1496\/2003 de 28 de noviembre.<\/li><li>Resoluci\u00f3n de 2 de agosto de 2012, de la Direcci\u00f3n General de Tributos, sobre el tipo impositivo aplicable a determinadas entregas de bienes y prestaciones de servicios en el Impuesto sobre el Valor A\u00f1adido.<\/li><li>Real Decreto 20\/2012, de 13 de julio, de medidas para garantizar la estabilidad presupuestaria y de fomento de la competitividad.<\/li><li>Real Decreto-Ley 19\/2012, de 25 de mayo, de medidas urgentes de liberalizaci\u00f3n del comercio y de determinados servicios.<\/li><li>Real Decreto-Ley 3\/2012, de 10 de febrero, de medidas urgentes para la reforma del mercado laboral.<\/li><li>Real Decreto-Ley 8\/2011, de 1 de julio, sobre medidas de apoyo a los deudores hipotecarios, control de gasto p\u00fablico y cancelaci\u00f3n de deudas.<\/li><li>Real Decreto-Ley 5\/2011, de 29 de abril, de medidas para la regularizaci\u00f3n y control del empleo sumergido y fomento de la rehabilitaci\u00f3n de viviendas.<\/li><li>Decreto 28\/2010 por el que se aprueba la Norma T\u00e9cnica Urban\u00edstica sobre Equipamiento Comercial de Castilla y Le\u00f3n.<\/li><li>Real Decreto 6\/2010 de medidas para el impulso de la recuperaci\u00f3n econ\u00f3mica y el empleo.<br>- Novedades del Real Decreto-Ley 6\/2010.<\/li><li>Decreto 109\/2004 por el que se regulan las Hojas de Reclamaciones.<\/li><li>Real Decreto 1496\/2003, de 28 de noviembre, por el que se aprueba el Reglamento por el que se regulan las obligaciones de facturaci\u00f3n, y se modifica el Reglamento del Impuesto sobre el Valor A\u00f1adido.<\/li><li>Real Decreto 3\/1976 sobre Regulaci\u00f3n de Horarios Comerciales.<\/li><\/ul>                        <\/div>\n\n                    <\/div>\n\n                <\/div><!-- .elementskit-card END -->\n\n                                        <\/div>\n    <\/div>\t\t\t\t<\/div>\n\t\t\t\t<\/div>\n\t\t\t\t\t<\/div>\n\t\t<\/div>\n\t\t\t\t\t<\/div>\n\t\t<\/section>\n\t\t\t\t<section class=\"elementor-section elementor-top-section elementor-element elementor-element-0067ffb elementor-section-boxed elementor-section-height-default elementor-section-height-default\" data-id=\"0067ffb\" data-element_type=\"section\" data-e-type=\"section\">\n\t\t\t\t\t\t<div class=\"elementor-container elementor-column-gap-default\">\n\t\t\t\t\t<div class=\"elementor-column elementor-col-50 elementor-top-column elementor-element elementor-element-91ab5ef\" data-id=\"91ab5ef\" data-element_type=\"column\" data-e-type=\"column\">\n\t\t\t<div class=\"elementor-widget-wrap elementor-element-populated\">\n\t\t\t\t\t\t<div class=\"elementor-element elementor-element-508d847 elementor-widget elementor-widget-text-editor\" data-id=\"508d847\" data-element_type=\"widget\" data-e-type=\"widget\" data-widget_type=\"text-editor.default\">\n\t\t\t\t<div class=\"elementor-widget-container\">\n\t\t\t\t\t\t\t\t\t<h2>Normativa espec\u00edfica<\/h2>\t\t\t\t\t\t\t\t<\/div>\n\t\t\t\t<\/div>\n\t\t\t\t\t<\/div>\n\t\t<\/div>\n\t\t\t\t<div class=\"elementor-column elementor-col-50 elementor-top-column elementor-element elementor-element-2cd7099\" data-id=\"2cd7099\" data-element_type=\"column\" data-e-type=\"column\">\n\t\t\t<div class=\"elementor-widget-wrap elementor-element-populated\">\n\t\t\t\t\t\t<div class=\"elementor-element elementor-element-c63f077 elementor-widget elementor-widget-text-editor\" data-id=\"c63f077\" data-element_type=\"widget\" data-e-type=\"widget\" data-widget_type=\"text-editor.default\">\n\t\t\t\t<div class=\"elementor-widget-container\">\n\t\t\t\t\t\t\t\t\t<h2>Novedades legislativas<\/h2>\t\t\t\t\t\t\t\t<\/div>\n\t\t\t\t<\/div>\n\t\t\t\t\t<\/div>\n\t\t<\/div>\n\t\t\t\t\t<\/div>\n\t\t<\/section>\n\t\t\t\t<section class=\"elementor-section elementor-top-section elementor-element elementor-element-d9b9a1f elementor-section-boxed elementor-section-height-default elementor-section-height-default\" data-id=\"d9b9a1f\" data-element_type=\"section\" data-e-type=\"section\">\n\t\t\t\t\t\t<div class=\"elementor-container elementor-column-gap-default\">\n\t\t\t\t\t<div class=\"elementor-column elementor-col-50 elementor-top-column elementor-element elementor-element-3cf87d1\" data-id=\"3cf87d1\" data-element_type=\"column\" data-e-type=\"column\">\n\t\t\t<div class=\"elementor-widget-wrap elementor-element-populated\">\n\t\t\t\t\t\t<div class=\"elementor-element elementor-element-99be753 elementor-widget elementor-widget-elementskit-accordion\" data-id=\"99be753\" data-element_type=\"widget\" data-e-type=\"widget\" data-widget_type=\"elementskit-accordion.default\">\n\t\t\t\t<div class=\"elementor-widget-container\">\n\t\t\t\t\t<div class=\"ekit-wid-con\">\n        <div class=\"elementskit-accordion accoedion-primary\" id=\"accordion-69f1fea99dd49\">\n\n            \n                <div class=\"elementskit-card \">\n                    <div class=\"elementskit-card-header\" id=\"primaryHeading-0-99be753\">\n                        <a href=\"#collapse-1efb0c269f1fea99dd49\" class=\"ekit-accordion--toggler elementskit-btn-link collapsed\" data-ekit-toggle=\"collapse\" data-target=\"#Collapse-1efb0c269f1fea99dd49\" aria-expanded=\"false\" aria-controls=\"Collapse-1efb0c269f1fea99dd49\">\n                            \n                            <span class=\"ekit-accordion-title\">Alimentaci\u00f3n<\/span>\n\n                            \n                                <div class=\"ekit_accordion_icon_group\">\n                                    <div class=\"ekit_accordion_normal_icon\">\n                                        <!-- Normal Icon -->\n\t\t\t\t\t\t\t\t\t\t<i class=\"icon icon-down-arrow1\"><\/i>                                    <\/div>\n\n                                    <div class=\"ekit_accordion_active_icon\">\n                                        <!-- Active Icon -->\n\t\t\t\t\t\t\t\t\t\t<i class=\"icon icon-up-arrow1\"><\/i>                                    <\/div>\n                                <\/div>\n\n                            \n                                                    <\/a>\n                    <\/div>\n\n                    <div id=\"Collapse-1efb0c269f1fea99dd49\" class=\" collapse\" aria-labelledby=\"primaryHeading-0-99be753\" data-parent=\"#accordion-69f1fea99dd49\">\n\n                        <div class=\"elementskit-card-body ekit-accordion--content\">\n                            <ul><li>Real Decreto 176\/2013, de 8 de marzo, por el que se derogan total o parcialmente determinadas reglamentaciones t\u00e9cnico-sanitarias y normas de calidad referidas a productos alimenticios.<\/li><li>Real Decreto 191\/2011 sobre Registro General Sanitario de Empresas Alimentarias y Alimentos.<\/li><li>Decreto por el que se regula la Artesan\u00eda Alimentaria en la Comunidad de Castilla y Le\u00f3n.<\/li><li>Reglamento (CE) sobre comercializaci\u00f3n de carne de bovino de edad igual o inferior a doce meses.<\/li><\/ul>                        <\/div>\n\n                    <\/div>\n\n                <\/div><!-- .elementskit-card END -->\n\n                \n                <div class=\"elementskit-card \">\n                    <div class=\"elementskit-card-header\" id=\"primaryHeading-1-99be753\">\n                        <a href=\"#collapse-30e41fc69f1fea99dd49\" class=\"ekit-accordion--toggler elementskit-btn-link collapsed\" data-ekit-toggle=\"collapse\" data-target=\"#Collapse-30e41fc69f1fea99dd49\" aria-expanded=\"false\" aria-controls=\"Collapse-30e41fc69f1fea99dd49\">\n                            \n                            <span class=\"ekit-accordion-title\">Carnicer\u00edas<\/span>\n\n                            \n                                <div class=\"ekit_accordion_icon_group\">\n                                    <div class=\"ekit_accordion_normal_icon\">\n                                        <!-- Normal Icon -->\n\t\t\t\t\t\t\t\t\t\t<i class=\"icon icon-down-arrow1\"><\/i>                                    <\/div>\n\n                                    <div class=\"ekit_accordion_active_icon\">\n                                        <!-- Active Icon -->\n\t\t\t\t\t\t\t\t\t\t<i class=\"icon icon-up-arrow1\"><\/i>                                    <\/div>\n                                <\/div>\n\n                            \n                                                    <\/a>\n                    <\/div>\n\n                    <div id=\"Collapse-30e41fc69f1fea99dd49\" class=\" collapse\" aria-labelledby=\"primaryHeading-1-99be753\" data-parent=\"#accordion-69f1fea99dd49\">\n\n                        <div class=\"elementskit-card-body ekit-accordion--content\">\n                            <ul><li>Real Decreto 474\/2014, de 13 de junio, por el que se aprueba la norma de calidad de derivados c\u00e1rnicos. \u00a1NOVEDAD!<\/li><li>Reglamento (UE) N\u00ba 601\/2014 de la Comisi\u00f3n de 4 de junio de 2014 por el que se modifica el Anexo II del Reglamento (CE) n\u00ba 1333\/2008 del Parlamento Europeo y del Consejo en lo que respecta a las categor\u00edas de carnes y a la utilizaci\u00f3n de aditivos alimentarios en preparados de carne.<\/li><li>Reglamento (CE) N.\u00ba 1333\/2008 del Parlamento Europeo y del Consejo de 16 de diciembre de 2008 sobre aditivos alimentarios.<\/li><\/ul>                        <\/div>\n\n                    <\/div>\n\n                <\/div><!-- .elementskit-card END -->\n\n                \n                <div class=\"elementskit-card \">\n                    <div class=\"elementskit-card-header\" id=\"primaryHeading-2-99be753\">\n                        <a href=\"#collapse-fc339f569f1fea99dd49\" class=\"ekit-accordion--toggler elementskit-btn-link collapsed\" data-ekit-toggle=\"collapse\" data-target=\"#Collapse-fc339f569f1fea99dd49\" aria-expanded=\"false\" aria-controls=\"Collapse-fc339f569f1fea99dd49\">\n                            \n                            <span class=\"ekit-accordion-title\">Construcci\u00f3n<\/span>\n\n                            \n                                <div class=\"ekit_accordion_icon_group\">\n                                    <div class=\"ekit_accordion_normal_icon\">\n                                        <!-- Normal Icon -->\n\t\t\t\t\t\t\t\t\t\t<i class=\"icon icon-down-arrow1\"><\/i>                                    <\/div>\n\n                                    <div class=\"ekit_accordion_active_icon\">\n                                        <!-- Active Icon -->\n\t\t\t\t\t\t\t\t\t\t<i class=\"icon icon-up-arrow1\"><\/i>                                    <\/div>\n                                <\/div>\n\n                            \n                                                    <\/a>\n                    <\/div>\n\n                    <div id=\"Collapse-fc339f569f1fea99dd49\" class=\" collapse\" aria-labelledby=\"primaryHeading-2-99be753\" data-parent=\"#accordion-69f1fea99dd49\">\n\n                        <div class=\"elementskit-card-body ekit-accordion--content\">\n                            <ul><li>C\u00f3digo T\u00e9cnico de la Edificaci\u00f3n.<\/li><li>Ley 32\/2006, de 18 de octubre, reguladora de la subcontrataci\u00f3n en el Sector de la Construcci\u00f3n.<\/li><li>Real Decreto 1109\/2007, de 24 de agosto, por el que se desarrolla la Ley 32\/2006, de 18 de octubre, reguladora de la subcontrataci\u00f3n en el Sector de la Construcci\u00f3n.<\/li><li>Orden EYE\/880\/2008, de 30 de mayo, por la que se crea el Registro de Empresas Acreditadas en el sector de la Construcci\u00f3n en la Comunidad Aut\u00f3noma de Castilla y Le\u00f3n.<\/li><\/ul>                        <\/div>\n\n                    <\/div>\n\n                <\/div><!-- .elementskit-card END -->\n\n                \n                <div class=\"elementskit-card \">\n                    <div class=\"elementskit-card-header\" id=\"primaryHeading-3-99be753\">\n                        <a href=\"#collapse-579318f69f1fea99dd49\" class=\"ekit-accordion--toggler elementskit-btn-link collapsed\" data-ekit-toggle=\"collapse\" data-target=\"#Collapse-579318f69f1fea99dd49\" aria-expanded=\"false\" aria-controls=\"Collapse-579318f69f1fea99dd49\">\n                            \n                            <span class=\"ekit-accordion-title\">Distribuidores de gas\u00f3leo y estaciones de servicio<\/span>\n\n                            \n                                <div class=\"ekit_accordion_icon_group\">\n                                    <div class=\"ekit_accordion_normal_icon\">\n                                        <!-- Normal Icon -->\n\t\t\t\t\t\t\t\t\t\t<i class=\"icon icon-down-arrow1\"><\/i>                                    <\/div>\n\n                                    <div class=\"ekit_accordion_active_icon\">\n                                        <!-- Active Icon -->\n\t\t\t\t\t\t\t\t\t\t<i class=\"icon icon-up-arrow1\"><\/i>                                    <\/div>\n                                <\/div>\n\n                            \n                                                    <\/a>\n                    <\/div>\n\n                    <div id=\"Collapse-579318f69f1fea99dd49\" class=\" collapse\" aria-labelledby=\"primaryHeading-3-99be753\" data-parent=\"#accordion-69f1fea99dd49\">\n\n                        <div class=\"elementskit-card-body ekit-accordion--content\">\n                            <ul><li>Real Decreto 455\/2012, por el que se establecen las medidas destinadas a reducir la cantidad de vapores de gasolina emitidos a la atm\u00f3sfera durante el repostaje de los veh\u00edculos de motor en las estaciones de servicio.<\/li><li>Orden ITC\/3720\/2006 por la que se regula el control metrol\u00f3gico del Estado de los sistemas de medida de l\u00edquidos distintos del agua denominados surtidores o dispensadores.<\/li><\/ul>                        <\/div>\n\n                    <\/div>\n\n                <\/div><!-- .elementskit-card END -->\n\n                \n                <div class=\"elementskit-card \">\n                    <div class=\"elementskit-card-header\" id=\"primaryHeading-4-99be753\">\n                        <a href=\"#collapse-03c6f7c69f1fea99dd49\" class=\"ekit-accordion--toggler elementskit-btn-link collapsed\" data-ekit-toggle=\"collapse\" data-target=\"#Collapse-03c6f7c69f1fea99dd49\" aria-expanded=\"false\" aria-controls=\"Collapse-03c6f7c69f1fea99dd49\">\n                            \n                            <span class=\"ekit-accordion-title\">Fitosanitarios<\/span>\n\n                            \n                                <div class=\"ekit_accordion_icon_group\">\n                                    <div class=\"ekit_accordion_normal_icon\">\n                                        <!-- Normal Icon -->\n\t\t\t\t\t\t\t\t\t\t<i class=\"icon icon-down-arrow1\"><\/i>                                    <\/div>\n\n                                    <div class=\"ekit_accordion_active_icon\">\n                                        <!-- Active Icon -->\n\t\t\t\t\t\t\t\t\t\t<i class=\"icon icon-up-arrow1\"><\/i>                                    <\/div>\n                                <\/div>\n\n                            \n                                                    <\/a>\n                    <\/div>\n\n                    <div id=\"Collapse-03c6f7c69f1fea99dd49\" class=\" collapse\" aria-labelledby=\"primaryHeading-4-99be753\" data-parent=\"#accordion-69f1fea99dd49\">\n\n                        <div class=\"elementskit-card-body ekit-accordion--content\">\n                            <ul><li>Reglamento Regulador de la Producci\u00f3n Agraria Ecol\u00f3gica y su indicaci\u00f3n sobre los productos agrarios y alimenticios y del Consejo de Agricultura Ecol\u00f3gica de la Comunidad de Castilla y Le\u00f3n.<\/li><li>Anteproyecto de Ley Agraria de Castilla y Le\u00f3n - 10 de junio de 2013.<\/li><li>Real Decreto 1311\/2012 por el que se establece el marco de actuaci\u00f3n para conseguir un uso sostenible de los productos fitosanitarios.<\/li><li>Directiva 2009\/128\/CE por la que se establece el marco de la actuaci\u00f3n comunitaria para conseguir un uso sostenible de los plaguicidas.<\/li><li>Ley 43\/2002 de Sanidad Vegetal.<\/li><\/ul>                        <\/div>\n\n                    <\/div>\n\n                <\/div><!-- .elementskit-card END -->\n\n                \n                <div class=\"elementskit-card \">\n                    <div class=\"elementskit-card-header\" id=\"primaryHeading-5-99be753\">\n                        <a href=\"#collapse-0de341d69f1fea99dd49\" class=\"ekit-accordion--toggler elementskit-btn-link collapsed\" data-ekit-toggle=\"collapse\" data-target=\"#Collapse-0de341d69f1fea99dd49\" aria-expanded=\"false\" aria-controls=\"Collapse-0de341d69f1fea99dd49\">\n                            \n                            <span class=\"ekit-accordion-title\">Joyeros, plateros y relojeros<\/span>\n\n                            \n                                <div class=\"ekit_accordion_icon_group\">\n                                    <div class=\"ekit_accordion_normal_icon\">\n                                        <!-- Normal Icon -->\n\t\t\t\t\t\t\t\t\t\t<i class=\"icon icon-down-arrow1\"><\/i>                                    <\/div>\n\n                                    <div class=\"ekit_accordion_active_icon\">\n                                        <!-- Active Icon -->\n\t\t\t\t\t\t\t\t\t\t<i class=\"icon icon-up-arrow1\"><\/i>                                    <\/div>\n                                <\/div>\n\n                            \n                                                    <\/a>\n                    <\/div>\n\n                    <div id=\"Collapse-0de341d69f1fea99dd49\" class=\" collapse\" aria-labelledby=\"primaryHeading-5-99be753\" data-parent=\"#accordion-69f1fea99dd49\">\n\n                        <div class=\"elementskit-card-body ekit-accordion--content\">\n                            <ul><li>Orden INT\/1504\/2013, de 30 de julio, por la que se modifica la Orden INT\/314\/2011, de 1 de febrero, sobre empresas de seguridad privada, la Orden INT\/316\/2011, de 1 de febrero, sobre funcionamiento de los sistemas de alarma en el \u00e1mbito de la seguridad privada, la Orden INT\/317\/2011, de 1 de febrero, sobre medidas de seguridad privada, y por la que se establecen las reglas de exigibilidad de Normas UNE o UNE-EN en el \u00e1mbito de la seguridad privada.<\/li><li>Orden INT\/317\/2011, de 1 de febrero, sobre medidas de seguridad privada.<\/li><li>Orden INT\/316\/2011, de 1 de febrero, sobre funcionamiento de los sistemas de alarma en el \u00e1mbito de la seguridad privada.<\/li><li>Orden INT\/314\/2011, de 1 de febrero, sobre empresas de seguridad privada.<\/li><li>Real Decreto 197\/1988 por el que se aprueba el Reglamento de la Ley de objetos fabricados con metales preciosos.<\/li><li>Ley sobre objetos fabricados con metales preciosos.<\/li><li>Real Decreto por el que se regula la Artesan\u00eda en Castilla y Le\u00f3n.<\/li><\/ul>                        <\/div>\n\n                    <\/div>\n\n                <\/div><!-- .elementskit-card END -->\n\n                \n                <div class=\"elementskit-card \">\n                    <div class=\"elementskit-card-header\" id=\"primaryHeading-6-99be753\">\n                        <a href=\"#collapse-19198b069f1fea99dd49\" class=\"ekit-accordion--toggler elementskit-btn-link collapsed\" data-ekit-toggle=\"collapse\" data-target=\"#Collapse-19198b069f1fea99dd49\" aria-expanded=\"false\" aria-controls=\"Collapse-19198b069f1fea99dd49\">\n                            \n                            <span class=\"ekit-accordion-title\">Laboral<\/span>\n\n                            \n                                <div class=\"ekit_accordion_icon_group\">\n                                    <div class=\"ekit_accordion_normal_icon\">\n                                        <!-- Normal Icon -->\n\t\t\t\t\t\t\t\t\t\t<i class=\"icon icon-down-arrow1\"><\/i>                                    <\/div>\n\n                                    <div class=\"ekit_accordion_active_icon\">\n                                        <!-- Active Icon -->\n\t\t\t\t\t\t\t\t\t\t<i class=\"icon icon-up-arrow1\"><\/i>                                    <\/div>\n                                <\/div>\n\n                            \n                                                    <\/a>\n                    <\/div>\n\n                    <div id=\"Collapse-19198b069f1fea99dd49\" class=\" collapse\" aria-labelledby=\"primaryHeading-6-99be753\" data-parent=\"#accordion-69f1fea99dd49\">\n\n                        <div class=\"elementskit-card-body ekit-accordion--content\">\n                            <ul><li>Normativa completa<\/li><\/ul>                        <\/div>\n\n                    <\/div>\n\n                <\/div><!-- .elementskit-card END -->\n\n                \n                <div class=\"elementskit-card \">\n                    <div class=\"elementskit-card-header\" id=\"primaryHeading-7-99be753\">\n                        <a href=\"#collapse-7de2dd269f1fea99dd49\" class=\"ekit-accordion--toggler elementskit-btn-link collapsed\" data-ekit-toggle=\"collapse\" data-target=\"#Collapse-7de2dd269f1fea99dd49\" aria-expanded=\"false\" aria-controls=\"Collapse-7de2dd269f1fea99dd49\">\n                            \n                            <span class=\"ekit-accordion-title\">Protecci\u00f3n de datos<\/span>\n\n                            \n                                <div class=\"ekit_accordion_icon_group\">\n                                    <div class=\"ekit_accordion_normal_icon\">\n                                        <!-- Normal Icon -->\n\t\t\t\t\t\t\t\t\t\t<i class=\"icon icon-down-arrow1\"><\/i>                                    <\/div>\n\n                                    <div class=\"ekit_accordion_active_icon\">\n                                        <!-- Active Icon -->\n\t\t\t\t\t\t\t\t\t\t<i class=\"icon icon-up-arrow1\"><\/i>                                    <\/div>\n                                <\/div>\n\n                            \n                                                    <\/a>\n                    <\/div>\n\n                    <div id=\"Collapse-7de2dd269f1fea99dd49\" class=\" collapse\" aria-labelledby=\"primaryHeading-7-99be753\" data-parent=\"#accordion-69f1fea99dd49\">\n\n                        <div class=\"elementskit-card-body ekit-accordion--content\">\n                            <ul><li>Ley Org\u00e1nica 3\/2018, de 5 de diciembre, de Protecci\u00f3n de Datos Personales y garant\u00eda de los derechos digitales.<\/li><li>Reglamento General de Protecci\u00f3n de Datos 2016\/679 del Parlamento Europeo y del consejo del 27 de abril de 2016.<\/li><\/ul>                        <\/div>\n\n                    <\/div>\n\n                <\/div><!-- .elementskit-card END -->\n\n                \n                <div class=\"elementskit-card \">\n                    <div class=\"elementskit-card-header\" id=\"primaryHeading-8-99be753\">\n                        <a href=\"#collapse-fabb2e769f1fea99dd49\" class=\"ekit-accordion--toggler elementskit-btn-link collapsed\" data-ekit-toggle=\"collapse\" data-target=\"#Collapse-fabb2e769f1fea99dd49\" aria-expanded=\"false\" aria-controls=\"Collapse-fabb2e769f1fea99dd49\">\n                            \n                            <span class=\"ekit-accordion-title\">Riesgos laborales<\/span>\n\n                            \n                                <div class=\"ekit_accordion_icon_group\">\n                                    <div class=\"ekit_accordion_normal_icon\">\n                                        <!-- Normal Icon -->\n\t\t\t\t\t\t\t\t\t\t<i class=\"icon icon-down-arrow1\"><\/i>                                    <\/div>\n\n                                    <div class=\"ekit_accordion_active_icon\">\n                                        <!-- Active Icon -->\n\t\t\t\t\t\t\t\t\t\t<i class=\"icon icon-up-arrow1\"><\/i>                                    <\/div>\n                                <\/div>\n\n                            \n                                                    <\/a>\n                    <\/div>\n\n                    <div id=\"Collapse-fabb2e769f1fea99dd49\" class=\" collapse\" aria-labelledby=\"primaryHeading-8-99be753\" data-parent=\"#accordion-69f1fea99dd49\">\n\n                        <div class=\"elementskit-card-body ekit-accordion--content\">\n                            <ul><li>Ley 31\/1995 de Prevenci\u00f3n de Riesgos Laborales.<\/li><\/ul>                        <\/div>\n\n                    <\/div>\n\n                <\/div><!-- .elementskit-card END -->\n\n                                        <\/div>\n    <\/div>\t\t\t\t<\/div>\n\t\t\t\t<\/div>\n\t\t\t\t\t<\/div>\n\t\t<\/div>\n\t\t\t\t<div class=\"elementor-column elementor-col-50 elementor-top-column elementor-element elementor-element-636e3c8\" data-id=\"636e3c8\" data-element_type=\"column\" data-e-type=\"column\">\n\t\t\t<div class=\"elementor-widget-wrap elementor-element-populated\">\n\t\t\t\t\t\t<div class=\"elementor-element elementor-element-ef044fa elementor-widget elementor-widget-elementskit-accordion\" data-id=\"ef044fa\" data-element_type=\"widget\" data-e-type=\"widget\" data-widget_type=\"elementskit-accordion.default\">\n\t\t\t\t<div class=\"elementor-widget-container\">\n\t\t\t\t\t<div class=\"ekit-wid-con\">\n        <div class=\"elementskit-accordion accoedion-primary\" id=\"accordion-69f1fea99ec12\">\n\n            \n                <div class=\"elementskit-card \">\n                    <div class=\"elementskit-card-header\" id=\"primaryHeading-0-ef044fa\">\n                        <a href=\"#collapse-1efb0c269f1fea99ec12\" class=\"ekit-accordion--toggler elementskit-btn-link collapsed\" data-ekit-toggle=\"collapse\" data-target=\"#Collapse-1efb0c269f1fea99ec12\" aria-expanded=\"false\" aria-controls=\"Collapse-1efb0c269f1fea99ec12\">\n                            \n                            <span class=\"ekit-accordion-title\">Medidas de ahorro, eficiencia energ\u00e9tica y de reducci\u00f3n de la dependencia energ\u00e9tica del gas natural<\/span>\n\n                            \n                                <div class=\"ekit_accordion_icon_group\">\n                                    <div class=\"ekit_accordion_normal_icon\">\n                                        <!-- Normal Icon -->\n\t\t\t\t\t\t\t\t\t\t<i class=\"icon icon-down-arrow1\"><\/i>                                    <\/div>\n\n                                    <div class=\"ekit_accordion_active_icon\">\n                                        <!-- Active Icon -->\n\t\t\t\t\t\t\t\t\t\t<i class=\"icon icon-up-arrow1\"><\/i>                                    <\/div>\n                                <\/div>\n\n                            \n                                                    <\/a>\n                    <\/div>\n\n                    <div id=\"Collapse-1efb0c269f1fea99ec12\" class=\" collapse\" aria-labelledby=\"primaryHeading-0-ef044fa\" data-parent=\"#accordion-69f1fea99ec12\">\n\n                        <div class=\"elementskit-card-body ekit-accordion--content\">\n                            <ul><li><a href=\"https:\/\/fecburgos.com\/wp-content\/uploads\/2022\/08\/BOE-A-2022-12925.pdf\">Real Decreto-ley 14\/2022, de 1 de agosto, de medidas de sostenibilidad econ\u00f3mica en el \u00e1mbito del transporte, en materia de becas y ayudas al estudio, as\u00ed como de medidas de ahorro, eficiencia energ\u00e9tica y de reducci\u00f3n de la dependencia energ\u00e9tica del gas natural.<\/a><\/li><li><a href=\"https:\/\/fecburgos.com\/wp-content\/uploads\/2022\/08\/RITE_E_Instruccion-tecnica-3.pdf\">Reglamento de Instalaciones T\u00e9rmicas.<\/a><\/li><\/ul>                        <\/div>\n\n                    <\/div>\n\n                <\/div><!-- .elementskit-card END -->\n\n                \n                <div class=\"elementskit-card \">\n                    <div class=\"elementskit-card-header\" id=\"primaryHeading-1-ef044fa\">\n                        <a href=\"#collapse-30e41fc69f1fea99ec12\" class=\"ekit-accordion--toggler elementskit-btn-link collapsed\" data-ekit-toggle=\"collapse\" data-target=\"#Collapse-30e41fc69f1fea99ec12\" aria-expanded=\"false\" aria-controls=\"Collapse-30e41fc69f1fea99ec12\">\n                            \n                            <span class=\"ekit-accordion-title\">Nuevo modelo de cotizaci\u00f3n para los trabajadores aut\u00f3nomos<\/span>\n\n                            \n                                <div class=\"ekit_accordion_icon_group\">\n                                    <div class=\"ekit_accordion_normal_icon\">\n                                        <!-- Normal Icon -->\n\t\t\t\t\t\t\t\t\t\t<i class=\"icon icon-down-arrow1\"><\/i>                                    <\/div>\n\n                                    <div class=\"ekit_accordion_active_icon\">\n                                        <!-- Active Icon -->\n\t\t\t\t\t\t\t\t\t\t<i class=\"icon icon-up-arrow1\"><\/i>                                    <\/div>\n                                <\/div>\n\n                            \n                                                    <\/a>\n                    <\/div>\n\n                    <div id=\"Collapse-30e41fc69f1fea99ec12\" class=\" collapse\" aria-labelledby=\"primaryHeading-1-ef044fa\" data-parent=\"#accordion-69f1fea99ec12\">\n\n                        <div class=\"elementskit-card-body ekit-accordion--content\">\n                            <ul><li><a href=\"https:\/\/www.boe.es\/eli\/es\/rdl\/2022\/07\/26\/13\/dof\/spa\/pdf\">Real Decreto-ley 13\/2022, que establece un nuevo modelo de cotizaci\u00f3n para los trabajadores por cuenta propia o aut\u00f3nomos y se mejora la protecci\u00f3n por cese de actividad.<\/a><\/li><\/ul>                        <\/div>\n\n                    <\/div>\n\n                <\/div><!-- .elementskit-card END -->\n\n                \n                <div class=\"elementskit-card \">\n                    <div class=\"elementskit-card-header\" id=\"primaryHeading-2-ef044fa\">\n                        <a href=\"#collapse-579318f69f1fea99ec12\" class=\"ekit-accordion--toggler elementskit-btn-link collapsed\" data-ekit-toggle=\"collapse\" data-target=\"#Collapse-579318f69f1fea99ec12\" aria-expanded=\"false\" aria-controls=\"Collapse-579318f69f1fea99ec12\">\n                            \n                            <span class=\"ekit-accordion-title\">Ley general para la defensa de los consumidores y usuarios<\/span>\n\n                            \n                                <div class=\"ekit_accordion_icon_group\">\n                                    <div class=\"ekit_accordion_normal_icon\">\n                                        <!-- Normal Icon -->\n\t\t\t\t\t\t\t\t\t\t<i class=\"icon icon-down-arrow1\"><\/i>                                    <\/div>\n\n                                    <div class=\"ekit_accordion_active_icon\">\n                                        <!-- Active Icon -->\n\t\t\t\t\t\t\t\t\t\t<i class=\"icon icon-up-arrow1\"><\/i>                                    <\/div>\n                                <\/div>\n\n                            \n                                                    <\/a>\n                    <\/div>\n\n                    <div id=\"Collapse-579318f69f1fea99ec12\" class=\" collapse\" aria-labelledby=\"primaryHeading-2-ef044fa\" data-parent=\"#accordion-69f1fea99ec12\">\n\n                        <div class=\"elementskit-card-body ekit-accordion--content\">\n                            <ul><li><a href=\"https:\/\/fecburgos.com\/wp-content\/uploads\/2020\/07\/BOCYL-D-08052020-2.pdf\">Ley 3\/2014, de 27 de marzo, por la que se modifica el texto refundido de la Ley General para la Defensa de los Consumidores y Usuarios y otras leyes complementarias, aprobado por el Real Decreto Legislativo 1\/2007, de 16 de noviembre.<\/a><\/li><\/ul>                        <\/div>\n\n                    <\/div>\n\n                <\/div><!-- .elementskit-card END -->\n\n                \n                <div class=\"elementskit-card \">\n                    <div class=\"elementskit-card-header\" id=\"primaryHeading-3-ef044fa\">\n                        <a href=\"#collapse-e783fba69f1fea99ec12\" class=\"ekit-accordion--toggler elementskit-btn-link collapsed\" data-ekit-toggle=\"collapse\" data-target=\"#Collapse-e783fba69f1fea99ec12\" aria-expanded=\"false\" aria-controls=\"Collapse-e783fba69f1fea99ec12\">\n                            \n                            <span class=\"ekit-accordion-title\">Medidas para favorecer la contrataci\u00f3n estable<\/span>\n\n                            \n                                <div class=\"ekit_accordion_icon_group\">\n                                    <div class=\"ekit_accordion_normal_icon\">\n                                        <!-- Normal Icon -->\n\t\t\t\t\t\t\t\t\t\t<i class=\"icon icon-down-arrow1\"><\/i>                                    <\/div>\n\n                                    <div class=\"ekit_accordion_active_icon\">\n                                        <!-- Active Icon -->\n\t\t\t\t\t\t\t\t\t\t<i class=\"icon icon-up-arrow1\"><\/i>                                    <\/div>\n                                <\/div>\n\n                            \n                                                    <\/a>\n                    <\/div>\n\n                    <div id=\"Collapse-e783fba69f1fea99ec12\" class=\" collapse\" aria-labelledby=\"primaryHeading-3-ef044fa\" data-parent=\"#accordion-69f1fea99ec12\">\n\n                        <div class=\"elementskit-card-body ekit-accordion--content\">\n                            <ul><li><a href=\"https:\/\/www.boe.es\/boe\/dias\/2014\/03\/01\/pdfs\/BOE-A-2014-2220.pdf\">Real Decreto-Ley 3\/2014, de 28 de febrero, de medidas urgentes para el fomento del empleo y la contrataci\u00f3n indefinida.<\/a><\/li><li><a href=\"https:\/\/www.boe.es\/boe\/dias\/2013\/12\/21\/pdfs\/BOE-A-2013-13426.pdf\">Real Decreto-Ley 16\/2013, de 20 de diciembre, de medidas para favorecer la contrataci\u00f3n estable y mejorar la empleabilidad de los trabajadores.<\/a><\/li><\/ul>                        <\/div>\n\n                    <\/div>\n\n                <\/div><!-- .elementskit-card END -->\n\n                \n                <div class=\"elementskit-card \">\n                    <div class=\"elementskit-card-header\" id=\"primaryHeading-4-ef044fa\">\n                        <a href=\"#collapse-4cebe0269f1fea99ec12\" class=\"ekit-accordion--toggler elementskit-btn-link collapsed\" data-ekit-toggle=\"collapse\" data-target=\"#Collapse-4cebe0269f1fea99ec12\" aria-expanded=\"false\" aria-controls=\"Collapse-4cebe0269f1fea99ec12\">\n                            \n                            <span class=\"ekit-accordion-title\">Factura electr\u00f3nica<\/span>\n\n                            \n                                <div class=\"ekit_accordion_icon_group\">\n                                    <div class=\"ekit_accordion_normal_icon\">\n                                        <!-- Normal Icon -->\n\t\t\t\t\t\t\t\t\t\t<i class=\"icon icon-down-arrow1\"><\/i>                                    <\/div>\n\n                                    <div class=\"ekit_accordion_active_icon\">\n                                        <!-- Active Icon -->\n\t\t\t\t\t\t\t\t\t\t<i class=\"icon icon-up-arrow1\"><\/i>                                    <\/div>\n                                <\/div>\n\n                            \n                                                    <\/a>\n                    <\/div>\n\n                    <div id=\"Collapse-4cebe0269f1fea99ec12\" class=\" collapse\" aria-labelledby=\"primaryHeading-4-ef044fa\" data-parent=\"#accordion-69f1fea99ec12\">\n\n                        <div class=\"elementskit-card-body ekit-accordion--content\">\n                            <ul><li><a href=\"https:\/\/www.boe.es\/boe\/dias\/2013\/12\/28\/pdfs\/BOE-A-2013-13722.pdf\">Ley 25\/2013, de 27 de diciembre, de impulso de la factura electr\u00f3nica y creaci\u00f3n del registro contable de facturas en el Sector P\u00fablico.<\/a><\/li><\/ul>                        <\/div>\n\n                    <\/div>\n\n                <\/div><!-- .elementskit-card END -->\n\n                \n                <div class=\"elementskit-card \">\n                    <div class=\"elementskit-card-header\" id=\"primaryHeading-5-ef044fa\">\n                        <a href=\"#collapse-df80d0769f1fea99ec12\" class=\"ekit-accordion--toggler elementskit-btn-link collapsed\" data-ekit-toggle=\"collapse\" data-target=\"#Collapse-df80d0769f1fea99ec12\" aria-expanded=\"false\" aria-controls=\"Collapse-df80d0769f1fea99ec12\">\n                            \n                            <span class=\"ekit-accordion-title\">Emprendimiento<\/span>\n\n                            \n                                <div class=\"ekit_accordion_icon_group\">\n                                    <div class=\"ekit_accordion_normal_icon\">\n                                        <!-- Normal Icon -->\n\t\t\t\t\t\t\t\t\t\t<i class=\"icon icon-down-arrow1\"><\/i>                                    <\/div>\n\n                                    <div class=\"ekit_accordion_active_icon\">\n                                        <!-- Active Icon -->\n\t\t\t\t\t\t\t\t\t\t<i class=\"icon icon-up-arrow1\"><\/i>                                    <\/div>\n                                <\/div>\n\n                            \n                                                    <\/a>\n                    <\/div>\n\n                    <div id=\"Collapse-df80d0769f1fea99ec12\" class=\" collapse\" aria-labelledby=\"primaryHeading-5-ef044fa\" data-parent=\"#accordion-69f1fea99ec12\">\n\n                        <div class=\"elementskit-card-body ekit-accordion--content\">\n                            <ul><li><a href=\"http:\/\/laadministracionaldia.inap.es\/noticia.asp?id=1135333\">Orden EYE\/1047\/2013, de 17 de diciembre, por la que se establecen las bases reguladoras para la concesi\u00f3n de subvenciones p\u00fablicas dirigidas al establecimiento de la organizaci\u00f3n preventiva de personas emprendedoras en Castilla y Le\u00f3n.<\/a><\/li><\/ul>                        <\/div>\n\n                    <\/div>\n\n                <\/div><!-- .elementskit-card END -->\n\n                \n                <div class=\"elementskit-card \">\n                    <div class=\"elementskit-card-header\" id=\"primaryHeading-6-ef044fa\">\n                        <a href=\"#collapse-1eea08369f1fea99ec12\" class=\"ekit-accordion--toggler elementskit-btn-link collapsed\" data-ekit-toggle=\"collapse\" data-target=\"#Collapse-1eea08369f1fea99ec12\" aria-expanded=\"false\" aria-controls=\"Collapse-1eea08369f1fea99ec12\">\n                            \n                            <span class=\"ekit-accordion-title\">Ley de garant\u00eda de la unidad de mercado<\/span>\n\n                            \n                                <div class=\"ekit_accordion_icon_group\">\n                                    <div class=\"ekit_accordion_normal_icon\">\n                                        <!-- Normal Icon -->\n\t\t\t\t\t\t\t\t\t\t<i class=\"icon icon-down-arrow1\"><\/i>                                    <\/div>\n\n                                    <div class=\"ekit_accordion_active_icon\">\n                                        <!-- Active Icon -->\n\t\t\t\t\t\t\t\t\t\t<i class=\"icon icon-up-arrow1\"><\/i>                                    <\/div>\n                                <\/div>\n\n                            \n                                                    <\/a>\n                    <\/div>\n\n                    <div id=\"Collapse-1eea08369f1fea99ec12\" class=\" collapse\" aria-labelledby=\"primaryHeading-6-ef044fa\" data-parent=\"#accordion-69f1fea99ec12\">\n\n                        <div class=\"elementskit-card-body ekit-accordion--content\">\n                            <ul><li><a href=\"https:\/\/www.boe.es\/boe\/dias\/2013\/12\/10\/pdfs\/BOE-A-2013-12888.pdf\">Ley 20\/2013, de 9 de diciembre, de garant\u00eda de la unidad de mercado.<\/a><\/li><\/ul><p>Aprobaci\u00f3n definitiva por el Congreso del Proyecto de Ley de garant\u00eda de la unidad de mercado.<\/p>                        <\/div>\n\n                    <\/div>\n\n                <\/div><!-- .elementskit-card END -->\n\n                \n                <div class=\"elementskit-card \">\n                    <div class=\"elementskit-card-header\" id=\"primaryHeading-7-ef044fa\">\n                        <a href=\"#collapse-77e5fa969f1fea99ec12\" class=\"ekit-accordion--toggler elementskit-btn-link collapsed\" data-ekit-toggle=\"collapse\" data-target=\"#Collapse-77e5fa969f1fea99ec12\" aria-expanded=\"false\" aria-controls=\"Collapse-77e5fa969f1fea99ec12\">\n                            \n                            <span class=\"ekit-accordion-title\">Ley de transparencia<\/span>\n\n                            \n                                <div class=\"ekit_accordion_icon_group\">\n                                    <div class=\"ekit_accordion_normal_icon\">\n                                        <!-- Normal Icon -->\n\t\t\t\t\t\t\t\t\t\t<i class=\"icon icon-down-arrow1\"><\/i>                                    <\/div>\n\n                                    <div class=\"ekit_accordion_active_icon\">\n                                        <!-- Active Icon -->\n\t\t\t\t\t\t\t\t\t\t<i class=\"icon icon-up-arrow1\"><\/i>                                    <\/div>\n                                <\/div>\n\n                            \n                                                    <\/a>\n                    <\/div>\n\n                    <div id=\"Collapse-77e5fa969f1fea99ec12\" class=\" collapse\" aria-labelledby=\"primaryHeading-7-ef044fa\" data-parent=\"#accordion-69f1fea99ec12\">\n\n                        <div class=\"elementskit-card-body ekit-accordion--content\">\n                            <ul><li><a href=\"https:\/\/www.boe.es\/buscar\/pdf\/2013\/BOE-A-2013-12887-consolidado.pdf\">Ley Real 19\/2013, de 9 de diciembre, de transparencia, acceso a la informaci\u00f3n p\u00fablica y bien gobierno.<\/a><\/li><\/ul>                        <\/div>\n\n                    <\/div>\n\n                <\/div><!-- .elementskit-card END -->\n\n                \n                <div class=\"elementskit-card \">\n                    <div class=\"elementskit-card-header\" id=\"primaryHeading-8-ef044fa\">\n                        <a href=\"#collapse-e3e07de69f1fea99ec12\" class=\"ekit-accordion--toggler elementskit-btn-link collapsed\" data-ekit-toggle=\"collapse\" data-target=\"#Collapse-e3e07de69f1fea99ec12\" aria-expanded=\"false\" aria-controls=\"Collapse-e3e07de69f1fea99ec12\">\n                            \n                            <span class=\"ekit-accordion-title\">Ley de comercio de Castilla y Le\u00f3n<\/span>\n\n                            \n                                <div class=\"ekit_accordion_icon_group\">\n                                    <div class=\"ekit_accordion_normal_icon\">\n                                        <!-- Normal Icon -->\n\t\t\t\t\t\t\t\t\t\t<i class=\"icon icon-down-arrow1\"><\/i>                                    <\/div>\n\n                                    <div class=\"ekit_accordion_active_icon\">\n                                        <!-- Active Icon -->\n\t\t\t\t\t\t\t\t\t\t<i class=\"icon icon-up-arrow1\"><\/i>                                    <\/div>\n                                <\/div>\n\n                            \n                                                    <\/a>\n                    <\/div>\n\n                    <div id=\"Collapse-e3e07de69f1fea99ec12\" class=\" collapse\" aria-labelledby=\"primaryHeading-8-ef044fa\" data-parent=\"#accordion-69f1fea99ec12\">\n\n                        <div class=\"elementskit-card-body ekit-accordion--content\">\n                            <ul><li><a href=\"http:\/\/noticias.juridicas.com\/base_datos\/CCAA\/505371-d-16-2013-de-9-may-ca-castilla-y-leon-modificacion-del-d-82-2006-de-16-nov.html\">Decreto 16\/2013, de 9 de mayo, por el que se modifica el Decreto 82\/2006, de 16 de noviembre, por el que se desarrolla parcialmente la Ley 16\/2002, de 19 de diciembre, de Comercio de Castilla y Le\u00f3n.<\/a><\/li><\/ul>                        <\/div>\n\n                    <\/div>\n\n                <\/div><!-- .elementskit-card END -->\n\n                \n                <div class=\"elementskit-card \">\n                    <div class=\"elementskit-card-header\" id=\"primaryHeading-9-ef044fa\">\n                        <a href=\"#collapse-f24552d69f1fea99ec12\" class=\"ekit-accordion--toggler elementskit-btn-link collapsed\" data-ekit-toggle=\"collapse\" data-target=\"#Collapse-f24552d69f1fea99ec12\" aria-expanded=\"false\" aria-controls=\"Collapse-f24552d69f1fea99ec12\">\n                            \n                            <span class=\"ekit-accordion-title\">Medidas de apoyo a emprendedores<\/span>\n\n                            \n                                <div class=\"ekit_accordion_icon_group\">\n                                    <div class=\"ekit_accordion_normal_icon\">\n                                        <!-- Normal Icon -->\n\t\t\t\t\t\t\t\t\t\t<i class=\"icon icon-down-arrow1\"><\/i>                                    <\/div>\n\n                                    <div class=\"ekit_accordion_active_icon\">\n                                        <!-- Active Icon -->\n\t\t\t\t\t\t\t\t\t\t<i class=\"icon icon-up-arrow1\"><\/i>                                    <\/div>\n                                <\/div>\n\n                            \n                                                    <\/a>\n                    <\/div>\n\n                    <div id=\"Collapse-f24552d69f1fea99ec12\" class=\" collapse\" aria-labelledby=\"primaryHeading-9-ef044fa\" data-parent=\"#accordion-69f1fea99ec12\">\n\n                        <div class=\"elementskit-card-body ekit-accordion--content\">\n                            <ul><li><a href=\"https:\/\/www.boe.es\/boe\/dias\/2013\/02\/23\/pdfs\/BOE-A-2013-2030.pdf\">Real Decreto-ley 4\/2013, de 22 de febrero, de medidas de apoyo al emprendedor y de est\u00edmulo del crecimiento y de la creaci\u00f3n de empleo.<\/a><\/li><\/ul>                        <\/div>\n\n                    <\/div>\n\n                <\/div><!-- .elementskit-card END -->\n\n                                        <\/div>\n    <\/div>\t\t\t\t<\/div>\n\t\t\t\t<\/div>\n\t\t\t\t\t<\/div>\n\t\t<\/div>\n\t\t\t\t\t<\/div>\n\t\t<\/section>\n\t\t\t\t<section class=\"elementor-section elementor-top-section elementor-element elementor-element-5a23c11 elementor-section-full_width elementor-section-stretched elementor-section-height-default elementor-section-height-default\" data-id=\"5a23c11\" data-element_type=\"section\" data-e-type=\"section\" data-settings='{\"background_background\":\"classic\",\"stretch_section\":\"section-stretched\"}'>\n\t\t\t\t\t\t<div class=\"elementor-container elementor-column-gap-default\">\n\t\t\t\t\t<div class=\"elementor-column elementor-col-100 elementor-top-column elementor-element elementor-element-15e0333b\" data-id=\"15e0333b\" data-element_type=\"column\" data-e-type=\"column\">\n\t\t\t<div class=\"elementor-widget-wrap elementor-element-populated\">\n\t\t\t\t\t\t<section class=\"elementor-section elementor-inner-section elementor-element elementor-element-c52ee22 elementor-section-full_width elementor-section-height-default elementor-section-height-default\" data-id=\"c52ee22\" data-element_type=\"section\" data-e-type=\"section\" data-settings='{\"background_background\":\"classic\"}'>\n\t\t\t\t\t\t<div class=\"elementor-container elementor-column-gap-default\">\n\t\t\t\t\t<div class=\"elementor-column elementor-col-33 elementor-inner-column elementor-element elementor-element-4b6deffb\" data-id=\"4b6deffb\" data-element_type=\"column\" data-e-type=\"column\">\n\t\t\t<div class=\"elementor-widget-wrap elementor-element-populated\">\n\t\t\t\t\t\t<div class=\"elementor-element elementor-element-75567cfe elementor-widget elementor-widget-text-editor\" data-id=\"75567cfe\" data-element_type=\"widget\" data-e-type=\"widget\" data-widget_type=\"text-editor.default\">\n\t\t\t\t<div class=\"elementor-widget-container\">\n\t\t\t\t\t\t\t\t\t<p>Encu\u00e9ntranos en Burgos<\/p>\t\t\t\t\t\t\t\t<\/div>\n\t\t\t\t<\/div>\n\t\t\t\t<div class=\"elementor-element elementor-element-7521df12 elementor-widget elementor-widget-html\" data-id=\"7521df12\" data-element_type=\"widget\" data-e-type=\"widget\" data-widget_type=\"html.default\">\n\t\t\t\t<div class=\"elementor-widget-container\">\n\t\t\t\t\t<iframe frameborder=\"0\" scrolling=\"no\" marginheight=\"0\" marginwidth=\"0\" height=\"350\" src=\"https:\/\/maps.google.com\/maps?q=federaci%C3%B3n%20de%20comercio%20burgos&amp;t=m&amp;z=15&amp;output=embed&amp;iwloc=near\" aria-label=\"federaci\u00f3n de comercio burgos\"><\/iframe>\t\t\t\t<\/div>\n\t\t\t\t<\/div>\n\t\t\t\t\t<\/div>\n\t\t<\/div>\n\t\t\t\t<div class=\"elementor-column elementor-col-33 elementor-inner-column elementor-element elementor-element-15893b7c\" data-id=\"15893b7c\" data-element_type=\"column\" data-e-type=\"column\">\n\t\t\t<div class=\"elementor-widget-wrap elementor-element-populated\">\n\t\t\t\t\t\t<div class=\"elementor-element elementor-element-32006548 elementor-widget elementor-widget-text-editor\" data-id=\"32006548\" data-element_type=\"widget\" data-e-type=\"widget\" data-widget_type=\"text-editor.default\">\n\t\t\t\t<div class=\"elementor-widget-container\">\n\t\t\t\t\t\t\t\t\t<p>Direcci\u00f3n<\/p>\t\t\t\t\t\t\t\t<\/div>\n\t\t\t\t<\/div>\n\t\t\t\t<div class=\"elementor-element elementor-element-450f195 elementor-widget elementor-widget-text-editor\" data-id=\"450f195\" data-element_type=\"widget\" data-e-type=\"widget\" data-widget_type=\"text-editor.default\">\n\t\t\t\t<div class=\"elementor-widget-container\">\n\t\t\t\t\t\t\t\t\t<p>Av Castilla y Le\u00f3n 22 2\u00aa Planta<\/p><p>Burgos 09006<\/p>\t\t\t\t\t\t\t\t<\/div>\n\t\t\t\t<\/div>\n\t\t\t\t<div class=\"elementor-element elementor-element-620fb504 elementor-widget-divider--view-line elementor-widget elementor-widget-divider\" data-id=\"620fb504\" data-element_type=\"widget\" data-e-type=\"widget\" data-widget_type=\"divider.default\">\n\t\t\t\t<div class=\"elementor-widget-container\">\n\t\t\t\t\t\t\t<div class=\"elementor-divider\">\n\t\t\t<span class=\"elementor-divider-separator\">\n\t\t\t\t\t\t<\/span>\n\t\t<\/div>\n\t\t\t\t\t\t<\/div>\n\t\t\t\t<\/div>\n\t\t\t\t<div class=\"elementor-element elementor-element-15cdc02d elementor-widget elementor-widget-text-editor\" data-id=\"15cdc02d\" data-element_type=\"widget\" data-e-type=\"widget\" data-widget_type=\"text-editor.default\">\n\t\t\t\t<div class=\"elementor-widget-container\">\n\t\t\t\t\t\t\t\t\t<p>Contacto<\/p>\t\t\t\t\t\t\t\t<\/div>\n\t\t\t\t<\/div>\n\t\t\t\t<div class=\"elementor-element elementor-element-29c9966a elementor-widget elementor-widget-text-editor\" data-id=\"29c9966a\" data-element_type=\"widget\" data-e-type=\"widget\" data-widget_type=\"text-editor.default\">\n\t\t\t\t<div class=\"elementor-widget-container\">\n\t\t\t\t\t\t\t\t\t<p>Tel. 947 237 699<\/p><p>Email\u00a0 fec@fecburgos.com<\/p>\t\t\t\t\t\t\t\t<\/div>\n\t\t\t\t<\/div>\n\t\t\t\t<div class=\"elementor-element elementor-element-6739c9d5 elementor-widget-divider--view-line elementor-widget elementor-widget-divider\" data-id=\"6739c9d5\" data-element_type=\"widget\" data-e-type=\"widget\" data-widget_type=\"divider.default\">\n\t\t\t\t<div class=\"elementor-widget-container\">\n\t\t\t\t\t\t\t<div class=\"elementor-divider\">\n\t\t\t<span class=\"elementor-divider-separator\">\n\t\t\t\t\t\t<\/span>\n\t\t<\/div>\n\t\t\t\t\t\t<\/div>\n\t\t\t\t<\/div>\n\t\t\t\t<div class=\"elementor-element elementor-element-577c31b2 elementor-widget elementor-widget-text-editor\" data-id=\"577c31b2\" data-element_type=\"widget\" data-e-type=\"widget\" data-widget_type=\"text-editor.default\">\n\t\t\t\t<div class=\"elementor-widget-container\">\n\t\t\t\t\t\t\t\t\t<p>S\u00edguenos<\/p>\t\t\t\t\t\t\t\t<\/div>\n\t\t\t\t<\/div>\n\t\t\t\t<div class=\"elementor-element elementor-element-780e9f97 e-grid-align-left elementor-shape-rounded elementor-grid-0 elementor-widget elementor-widget-social-icons\" data-id=\"780e9f97\" data-element_type=\"widget\" data-e-type=\"widget\" data-widget_type=\"social-icons.default\">\n\t\t\t\t<div class=\"elementor-widget-container\">\n\t\t\t\t\t\t\t<div class=\"elementor-social-icons-wrapper elementor-grid\" role=\"list\">\n\t\t\t\t\t\t\t<span class=\"elementor-grid-item\" role=\"listitem\">\n\t\t\t\t\t<a class=\"elementor-icon elementor-social-icon elementor-social-icon-facebook elementor-repeater-item-5347621\" href=\"https:\/\/www.facebook.com\/federacioncomercioburgos\/\" target=\"_blank\">\n\t\t\t\t\t\t<span class=\"elementor-screen-only\">Facebook<\/span>\n\t\t\t\t\t\t<i aria-hidden=\"true\" class=\"fab fa-facebook\"><\/i>\t\t\t\t\t<\/a>\n\t\t\t\t<\/span>\n\t\t\t\t\t\t\t<span class=\"elementor-grid-item\" role=\"listitem\">\n\t\t\t\t\t<a class=\"elementor-icon elementor-social-icon elementor-social-icon-x-twitter elementor-repeater-item-d0b82d1\" href=\"https:\/\/www.twitter.com\/FecBurgos\" target=\"_blank\">\n\t\t\t\t\t\t<span class=\"elementor-screen-only\">X-twitter<\/span>\n\t\t\t\t\t\t<i aria-hidden=\"true\" class=\"fab fa-x-twitter\"><\/i>\t\t\t\t\t<\/a>\n\t\t\t\t<\/span>\n\t\t\t\t\t\t\t<span class=\"elementor-grid-item\" role=\"listitem\">\n\t\t\t\t\t<a class=\"elementor-icon elementor-social-icon elementor-social-icon-instagram elementor-repeater-item-f828413\" href=\"https:\/\/www.instagram.com\/fecburgos\" target=\"_blank\">\n\t\t\t\t\t\t<span class=\"elementor-screen-only\">Instagram<\/span>\n\t\t\t\t\t\t<i aria-hidden=\"true\" class=\"fab fa-instagram\"><\/i>\t\t\t\t\t<\/a>\n\t\t\t\t<\/span>\n\t\t\t\t\t\t\t<span class=\"elementor-grid-item\" role=\"listitem\">\n\t\t\t\t\t<a class=\"elementor-icon elementor-social-icon elementor-social-icon-youtube elementor-repeater-item-92e68b7\" href=\"https:\/\/www.youtube.com\/channel\/UCG8Hz46O5uJDBQqgCJg8ChQ\" target=\"_blank\">\n\t\t\t\t\t\t<span class=\"elementor-screen-only\">Youtube<\/span>\n\t\t\t\t\t\t<i aria-hidden=\"true\" class=\"fab fa-youtube\"><\/i>\t\t\t\t\t<\/a>\n\t\t\t\t<\/span>\n\t\t\t\t\t<\/div>\n\t\t\t\t\t\t<\/div>\n\t\t\t\t<\/div>\n\t\t\t\t\t<\/div>\n\t\t<\/div>\n\t\t\t\t<div class=\"elementor-column elementor-col-33 elementor-inner-column elementor-element elementor-element-76ee0198\" data-id=\"76ee0198\" data-element_type=\"column\" data-e-type=\"column\">\n\t\t\t<div class=\"elementor-widget-wrap elementor-element-populated\">\n\t\t\t\t\t\t<div class=\"elementor-element elementor-element-6c693350 elementor-widget elementor-widget-text-editor\" data-id=\"6c693350\" data-element_type=\"widget\" data-e-type=\"widget\" data-widget_type=\"text-editor.default\">\n\t\t\t\t<div class=\"elementor-widget-container\">\n\t\t\t\t\t\t\t\t\t<p>\u00daltimas Noticias<\/p>\t\t\t\t\t\t\t\t<\/div>\n\t\t\t\t<\/div>\n\t\t\t\t<div class=\"elementor-element elementor-element-6a1a2928 elementor-widget elementor-widget-html\" data-id=\"6a1a2928\" data-element_type=\"widget\" data-e-type=\"widget\" data-widget_type=\"html.default\">\n\t\t\t\t<div class=\"elementor-widget-container\">\n\t\t\t\t\t<iframe title=\"Facebook\" src=\"https:\/\/www.facebook.com\/plugins\/page.php?href=https%3A%2F%2Fwww.facebook.com%2Ffederacioncomercioburgos%2F&amp;tabs=timeline&amp;width=340&amp;height=500&amp;small_header=true&amp;adapt_container_width=true&amp;hide_cover=false&amp;show_facepile=true&amp;appId\" width=\"340\" height=\"285\" style=\"border:none;overflow:hidden\" scrolling=\"no\" frameborder=\"0\" allowtransparency=\"true\" allow=\"encrypted-media\"><\/iframe>\t\t\t\t<\/div>\n\t\t\t\t<\/div>\n\t\t\t\t<div class=\"elementor-element elementor-element-2468c270 elementor-widget-divider--view-line elementor-widget elementor-widget-divider\" data-id=\"2468c270\" data-element_type=\"widget\" data-e-type=\"widget\" data-widget_type=\"divider.default\">\n\t\t\t\t<div class=\"elementor-widget-container\">\n\t\t\t\t\t\t\t<div class=\"elementor-divider\">\n\t\t\t<span class=\"elementor-divider-separator\">\n\t\t\t\t\t\t<\/span>\n\t\t<\/div>\n\t\t\t\t\t\t<\/div>\n\t\t\t\t<\/div>\n\t\t\t\t<div class=\"elementor-element elementor-element-2860a3dd elementor-widget elementor-widget-text-editor\" data-id=\"2860a3dd\" data-element_type=\"widget\" data-e-type=\"widget\" data-widget_type=\"text-editor.default\">\n\t\t\t\t<div class=\"elementor-widget-container\">\n\t\t\t\t\t\t\t\t\t<p>Comparte en tus redes<\/p>\t\t\t\t\t\t\t\t<\/div>\n\t\t\t\t<\/div>\n\t\t\t\t<div class=\"elementor-element elementor-element-78c97f54 e-grid-align-left elementor-shape-rounded elementor-grid-0 elementor-widget elementor-widget-social-icons\" data-id=\"78c97f54\" data-element_type=\"widget\" data-e-type=\"widget\" data-widget_type=\"social-icons.default\">\n\t\t\t\t<div class=\"elementor-widget-container\">\n\t\t\t\t\t\t\t<div class=\"elementor-social-icons-wrapper elementor-grid\" role=\"list\">\n\t\t\t\t\t\t\t<span class=\"elementor-grid-item\" role=\"listitem\">\n\t\t\t\t\t<a class=\"elementor-icon elementor-social-icon elementor-social-icon-instagram elementor-repeater-item-6bcdb98\" href=\"https:\/\/www.instagram.com\/\" target=\"_blank\">\n\t\t\t\t\t\t<span class=\"elementor-screen-only\">Instagram<\/span>\n\t\t\t\t\t\t<i aria-hidden=\"true\" class=\"fab fa-instagram\"><\/i>\t\t\t\t\t<\/a>\n\t\t\t\t<\/span>\n\t\t\t\t\t\t\t<span class=\"elementor-grid-item\" role=\"listitem\">\n\t\t\t\t\t<a class=\"elementor-icon elementor-social-icon elementor-social-icon-facebook elementor-repeater-item-a352e85\" href=\"https:\/\/www.facebook.com\/\" target=\"_blank\">\n\t\t\t\t\t\t<span class=\"elementor-screen-only\">Facebook<\/span>\n\t\t\t\t\t\t<i aria-hidden=\"true\" class=\"fab fa-facebook\"><\/i>\t\t\t\t\t<\/a>\n\t\t\t\t<\/span>\n\t\t\t\t\t\t\t<span class=\"elementor-grid-item\" role=\"listitem\">\n\t\t\t\t\t<a class=\"elementor-icon elementor-social-icon elementor-social-icon-x-twitter elementor-repeater-item-3d22f68\" href=\"https:\/\/x.com\/i\/flow\/login?redirect_after_login=%2Fhome\" target=\"_blank\">\n\t\t\t\t\t\t<span class=\"elementor-screen-only\">X-twitter<\/span>\n\t\t\t\t\t\t<i aria-hidden=\"true\" class=\"fab fa-x-twitter\"><\/i>\t\t\t\t\t<\/a>\n\t\t\t\t<\/span>\n\t\t\t\t\t\t\t<span class=\"elementor-grid-item\" role=\"listitem\">\n\t\t\t\t\t<a class=\"elementor-icon elementor-social-icon elementor-social-icon-linkedin elementor-repeater-item-987bc91\" href=\"https:\/\/es.linkedin.com\/?mcid=6968657504633266178&amp;src=go-pa&amp;trk=sem-ga_campid.18146679037_asid.140850334975_crid.694860685343_kw.linkedin_d.c_tid.kwd-148086543_n.g_mt.e_geo.1005450&amp;cid=&amp;gad_source=1&amp;gad_campaignid=18146679037&amp;gbraid=0AAAAAojDCNSFlSq6Xmb2QAOSgG3k45y8N&amp;gclid=EAIaIQobChMIm72P54itjgMVzadoCR1r_yAfEAAYASAAEgK-VfD_BwE&amp;gclsrc=aw.ds\" target=\"_blank\">\n\t\t\t\t\t\t<span class=\"elementor-screen-only\">Linkedin<\/span>\n\t\t\t\t\t\t<i aria-hidden=\"true\" class=\"fab fa-linkedin\"><\/i>\t\t\t\t\t<\/a>\n\t\t\t\t<\/span>\n\t\t\t\t\t\t\t<span class=\"elementor-grid-item\" role=\"listitem\">\n\t\t\t\t\t<a class=\"elementor-icon elementor-social-icon elementor-social-icon-youtube elementor-repeater-item-5efe89b\" href=\"https:\/\/accounts.google.com\/v3\/signin\/identifier?continue=https%3A%2F%2Fwww.youtube.com%2Fsignin%3Faction_handle_signin%3Dtrue%26app%3Ddesktop%26hl%3Des%26next%3Dhttps%253A%252F%252Fwww.youtube.com%252F&amp;ec=65620&amp;hl=es&amp;ifkv=AdBytiON6D5IVIU1skWg3C2lmhg6cBzXR9PnYtGsN_JB2cZT58WcYBZBoBJqKRuIXTklpOEI1y1UbQ&amp;passive=true&amp;service=youtube&amp;uilel=3&amp;flowName=GlifWebSignIn&amp;flowEntry=ServiceLogin&amp;dsh=S874072251%3A1751971099594398\" target=\"_blank\">\n\t\t\t\t\t\t<span class=\"elementor-screen-only\">Youtube<\/span>\n\t\t\t\t\t\t<i aria-hidden=\"true\" class=\"fab fa-youtube\"><\/i>\t\t\t\t\t<\/a>\n\t\t\t\t<\/span>\n\t\t\t\t\t<\/div>\n\t\t\t\t\t\t<\/div>\n\t\t\t\t<\/div>\n\t\t\t\t\t<\/div>\n\t\t<\/div>\n\t\t\t\t\t<\/div>\n\t\t<\/section>\n\t\t\t\t\t<\/div>\n\t\t<\/div>\n\t\t\t\t\t<\/div>\n\t\t<\/section>\n\t\t\t\t<section class=\"elementor-section elementor-top-section elementor-element elementor-element-70e4fa6e elementor-section-full_width elementor-section-stretched elementor-section-height-default elementor-section-height-default\" data-id=\"70e4fa6e\" data-element_type=\"section\" data-e-type=\"section\" data-settings='{\"stretch_section\":\"section-stretched\"}'>\n\t\t\t\t\t\t<div class=\"elementor-container elementor-column-gap-default\">\n\t\t\t\t\t<div class=\"elementor-column elementor-col-25 elementor-top-column elementor-element elementor-element-5b38883f\" data-id=\"5b38883f\" data-element_type=\"column\" data-e-type=\"column\">\n\t\t\t<div class=\"elementor-widget-wrap elementor-element-populated\">\n\t\t\t\t\t\t<div class=\"elementor-element elementor-element-131c4a52 elementor-widget elementor-widget-text-editor\" data-id=\"131c4a52\" data-element_type=\"widget\" data-e-type=\"widget\" data-widget_type=\"text-editor.default\">\n\t\t\t\t<div class=\"elementor-widget-container\">\n\t\t\t\t\t\t\t\t\t<p><strong><a href=\"http:\/\/fecburgos.com\/index.php\/aviso-legal\">Aviso Legal<\/a>\u00a0 |\u00a0 <a href=\"https:\/\/fecburgos.com\/index.php\/politica-de-cookies\">Pol\u00edtica de cookies<\/a>\u00a0 |\u00a0 <a href=\"https:\/\/fecburgos.com\/index.php\/proteccion-datos\">Protecci\u00f3n de datos<\/a>\u00a0 |\u00a0 <a href=\"https:\/\/fecburgos.com\/index.php\/politica-de-privacidad\">Pol\u00edtica de privacidad |\u00a0 <\/a><a href=\"\/index.php\/declaracion-de-accesibilidad-2\">Declaraci\u00f3n de accesibilidad<\/a><\/strong><\/p>\t\t\t\t\t\t\t\t<\/div>\n\t\t\t\t<\/div>\n\t\t\t\t<div class=\"elementor-element elementor-element-4a44a54c elementor-widget elementor-widget-text-editor\" data-id=\"4a44a54c\" data-element_type=\"widget\" data-e-type=\"widget\" data-widget_type=\"text-editor.default\">\n\t\t\t\t<div class=\"elementor-widget-container\">\n\t\t\t\t\t\t\t\t\t<p>@2024 todos los derechos reservados | IECOM<\/p>\t\t\t\t\t\t\t\t<\/div>\n\t\t\t\t<\/div>\n\t\t\t\t\t<\/div>\n\t\t<\/div>\n\t\t\t\t<div class=\"elementor-column elementor-col-25 elementor-top-column elementor-element elementor-element-599558e8\" data-id=\"599558e8\" data-element_type=\"column\" data-e-type=\"column\">\n\t\t\t<div class=\"elementor-widget-wrap elementor-element-populated\">\n\t\t\t\t\t\t<div class=\"elementor-element elementor-element-1cb903d5 elementor-widget elementor-widget-image\" data-id=\"1cb903d5\" data-element_type=\"widget\" data-e-type=\"widget\" data-widget_type=\"image.default\">\n\t\t\t\t<div class=\"elementor-widget-container\">\n\t\t\t\t\t\t\t\t\t\t\t\t\t\t\t\t<a href=\"http:\/\/www.aytoburgos.es\/\">\n\t\t\t\t\t\t\t<img decoding=\"async\" width=\"1024\" height=\"473\" src=\"https:\/\/fecburgos.com\/wp-content\/uploads\/2022\/06\/ayto-bu-logoinstitucional-b_nuevo-1024x473.jpg\" class=\"attachment-large size-large wp-image-8119\" alt=\"\" srcset=\"https:\/\/fecburgos.com\/wp-content\/uploads\/2022\/06\/ayto-bu-logoinstitucional-b_nuevo-1024x473.jpg 1024w, https:\/\/fecburgos.com\/wp-content\/uploads\/2022\/06\/ayto-bu-logoinstitucional-b_nuevo-300x138.jpg 300w, https:\/\/fecburgos.com\/wp-content\/uploads\/2022\/06\/ayto-bu-logoinstitucional-b_nuevo-768x355.jpg 768w, https:\/\/fecburgos.com\/wp-content\/uploads\/2022\/06\/ayto-bu-logoinstitucional-b_nuevo-1536x709.jpg 1536w, https:\/\/fecburgos.com\/wp-content\/uploads\/2022\/06\/ayto-bu-logoinstitucional-b_nuevo.jpg 1850w\" sizes=\"(max-width: 1024px) 100vw, 1024px\">\t\t\t\t\t\t\t\t<\/a>\n\t\t\t\t\t\t\t\t\t\t\t\t\t\t\t<\/div>\n\t\t\t\t<\/div>\n\t\t\t\t\t<\/div>\n\t\t<\/div>\n\t\t\t\t<div class=\"elementor-column elementor-col-25 elementor-top-column elementor-element elementor-element-6d9e4adb\" data-id=\"6d9e4adb\" data-element_type=\"column\" data-e-type=\"column\">\n\t\t\t<div class=\"elementor-widget-wrap elementor-element-populated\">\n\t\t\t\t\t\t<div class=\"elementor-element elementor-element-69bf60f9 elementor-widget__width-initial elementor-widget elementor-widget-image\" data-id=\"69bf60f9\" data-element_type=\"widget\" data-e-type=\"widget\" data-widget_type=\"image.default\">\n\t\t\t\t<div class=\"elementor-widget-container\">\n\t\t\t\t\t\t\t\t\t\t\t\t\t\t\t\t<a href=\"https:\/\/www.jcyl.es\/\">\n\t\t\t\t\t\t\t<img loading=\"lazy\" decoding=\"async\" width=\"1017\" height=\"291\" src=\"https:\/\/fecburgos.com\/wp-content\/uploads\/2021\/07\/JCyL22.png\" class=\"attachment-large size-large wp-image-6426\" alt=\"\" srcset=\"https:\/\/fecburgos.com\/wp-content\/uploads\/2021\/07\/JCyL22.png 1017w, https:\/\/fecburgos.com\/wp-content\/uploads\/2021\/07\/JCyL22-300x86.png 300w, https:\/\/fecburgos.com\/wp-content\/uploads\/2021\/07\/JCyL22-768x220.png 768w\" sizes=\"(max-width: 1017px) 100vw, 1017px\">\t\t\t\t\t\t\t\t<\/a>\n\t\t\t\t\t\t\t\t\t\t\t\t\t\t\t<\/div>\n\t\t\t\t<\/div>\n\t\t\t\t\t<\/div>\n\t\t<\/div>\n\t\t\t\t<div class=\"elementor-column elementor-col-25 elementor-top-column elementor-element elementor-element-6e1d2e81\" data-id=\"6e1d2e81\" data-element_type=\"column\" data-e-type=\"column\">\n\t\t\t<div class=\"elementor-widget-wrap elementor-element-populated\">\n\t\t\t\t\t\t<div class=\"elementor-element elementor-element-7afbed0a elementor-widget elementor-widget-image\" data-id=\"7afbed0a\" data-element_type=\"widget\" data-e-type=\"widget\" data-widget_type=\"image.default\">\n\t\t\t\t<div class=\"elementor-widget-container\">\n\t\t\t\t\t\t\t\t\t\t\t\t\t\t\t<img loading=\"lazy\" decoding=\"async\" width=\"120\" height=\"42\" src=\"https:\/\/fecburgos.com\/wp-content\/uploads\/2025\/08\/w3c-1.png\" class=\"attachment-large size-large wp-image-19578\" alt=\"Federaci\u00f3n de Empresarios del Comercio\">\t\t\t\t\t\t\t\t\t\t\t\t\t\t\t<\/div>\n\t\t\t\t<\/div>\n\t\t\t\t<div class=\"elementor-element elementor-element-51801994 elementor-widget elementor-widget-heading\" data-id=\"51801994\" data-element_type=\"widget\" data-e-type=\"widget\" data-widget_type=\"heading.default\">\n\t\t\t\t<div class=\"elementor-widget-container\">\n\t\t\t\t\t<p class=\"elementor-heading-title elementor-size-default\">La p\u00e1gina dispone de c\u00f3digo accesible seg\u00fan las normas dictadas por la W3C<\/p>\t\t\t\t<\/div>\n\t\t\t\t<\/div>\n\t\t\t\t<div class=\"elementor-element elementor-element-236ef588 elementor-widget elementor-widget-image\" data-id=\"236ef588\" data-element_type=\"widget\" data-e-type=\"widget\" data-widget_type=\"image.default\">\n\t\t\t\t<div class=\"elementor-widget-container\">\n\t\t\t\t\t\t\t\t\t\t\t\t\t\t\t<img loading=\"lazy\" decoding=\"async\" width=\"768\" height=\"72\" src=\"https:\/\/fecburgos.com\/wp-content\/uploads\/2025\/08\/CONBANDERA_KITDIGITAL-768x72.png\" class=\"attachment-medium_large size-medium_large wp-image-19576\" alt=\"Federaci\u00f3n de Empresarios del Comercio\" srcset=\"https:\/\/fecburgos.com\/wp-content\/uploads\/2025\/08\/CONBANDERA_KITDIGITAL-768x72.png 768w, https:\/\/fecburgos.com\/wp-content\/uploads\/2025\/08\/CONBANDERA_KITDIGITAL-300x28.png 300w, https:\/\/fecburgos.com\/wp-content\/uploads\/2025\/08\/CONBANDERA_KITDIGITAL-1024x95.png 1024w, https:\/\/fecburgos.com\/wp-content\/uploads\/2025\/08\/CONBANDERA_KITDIGITAL-1536x143.png 1536w, https:\/\/fecburgos.com\/wp-content\/uploads\/2025\/08\/CONBANDERA_KITDIGITAL-2048x191.png 2048w\" sizes=\"(max-width: 768px) 100vw, 768px\">\t\t\t\t\t\t\t\t\t\t\t\t\t\t\t<\/div>\n\t\t\t\t<\/div>\n\t\t\t\t\t<\/div>\n\t\t<\/div>\n\t\t\t\t\t<\/div>\n\t\t<\/section>\n\t\t\t\t<\/div>\n\t\t","protected":false},"excerpt":{"rendered":"<p>Con\u00f3cenos Organigrama Colaboradores \u00d3rganos institucionales Responsabilidad social Nuestras asociaciones Asociaciones Sectoriales Asociaciones Territoriales Asociaciones Zonales Nuestra labor Ventajas y Servicios Asesoramiento Convenios Empleo | Traspasos comerciales Formaci\u00f3n Mobu ediciones Muestra Casa La UBU est\u00e1 de MODA Premios Comercio Excelente Foro Comercio XI Foro Comercio Ediciones anteriores Nuevas tecnolog\u00edas Giscom Movilidad Comercial Campa\u00f1a de Promoci\u00f3n Participaci\u00f3n &#8230; <a title=\"Normativa\" class=\"read-more\" href=\"https:\/\/fecburgos.com\/index.php\/normativa\" aria-label=\"Leer m\u00e1s sobre Normativa\">Leer m\u00e1s<\/a><\/p>\n","protected":false},"author":2,"featured_media":0,"parent":0,"menu_order":0,"comment_status":"closed","ping_status":"closed","template":"","meta":{"footnotes":""},"class_list":["post-14951","page","type-page","status-publish"],"yoast_head":"<!-- This site is optimized with the Yoast SEO plugin v27.5 - https:\/\/yoast.com\/product\/yoast-seo-wordpress\/ -->\r\n<title>Normativa - FecBurgos<\/title>\r\n<meta name=\"robots\" content=\"index, follow, max-snippet:-1, max-image-preview:large, max-video-preview:-1\" \/>\r\n<link rel=\"canonical\" href=\"https:\/\/fecburgos.com\/index.php\/normativa\" \/>\r\n<meta property=\"og:locale\" content=\"es_ES\" \/>\r\n<meta property=\"og:type\" content=\"article\" \/>\r\n<meta property=\"og:title\" content=\"Normativa - FecBurgos\" \/>\r\n<meta property=\"og:description\" content=\"Con\u00f3cenos Organigrama Colaboradores \u00d3rganos institucionales Responsabilidad social Nuestras asociaciones Asociaciones Sectoriales Asociaciones Territoriales Asociaciones Zonales Nuestra labor Ventajas y Servicios Asesoramiento Convenios Empleo | Traspasos comerciales Formaci\u00f3n Mobu ediciones Muestra Casa La UBU est\u00e1 de MODA Premios Comercio Excelente Foro Comercio XI Foro Comercio Ediciones anteriores Nuevas tecnolog\u00edas Giscom Movilidad Comercial Campa\u00f1a de Promoci\u00f3n Participaci\u00f3n ... Leer m\u00e1s\" \/>\r\n<meta property=\"og:url\" content=\"https:\/\/fecburgos.com\/index.php\/normativa\" \/>\r\n<meta property=\"og:site_name\" content=\"FecBurgos\" \/>\r\n<meta property=\"article:modified_time\" content=\"2026-03-19T23:19:32+00:00\" \/>\r\n<meta property=\"og:image\" content=\"https:\/\/fecburgos.com\/wp-content\/uploads\/2021\/07\/feclogoaltaresolucion.png\" \/>\r\n\t<meta property=\"og:image:width\" content=\"2910\" \/>\r\n\t<meta property=\"og:image:height\" content=\"1909\" \/>\r\n\t<meta property=\"og:image:type\" content=\"image\/png\" \/>\r\n<meta name=\"twitter:card\" content=\"summary_large_image\" \/>\r\n<meta name=\"twitter:label1\" content=\"Tiempo de lectura\" \/>\n\t<meta name=\"twitter:data1\" content=\"9 minutos\" \/>\r\n<script type=\"application\/ld+json\" class=\"yoast-schema-graph\">{\"@context\":\"https:\\\/\\\/schema.org\",\"@graph\":[{\"@type\":\"WebPage\",\"@id\":\"https:\\\/\\\/fecburgos.com\\\/index.php\\\/normativa\",\"url\":\"https:\\\/\\\/fecburgos.com\\\/index.php\\\/normativa\",\"name\":\"Normativa - FecBurgos\",\"isPartOf\":{\"@id\":\"https:\\\/\\\/fecburgos.com\\\/#website\"},\"primaryImageOfPage\":{\"@id\":\"https:\\\/\\\/fecburgos.com\\\/index.php\\\/normativa#primaryimage\"},\"image\":{\"@id\":\"https:\\\/\\\/fecburgos.com\\\/index.php\\\/normativa#primaryimage\"},\"thumbnailUrl\":\"https:\\\/\\\/fecburgos.com\\\/wp-content\\\/uploads\\\/2021\\\/07\\\/feclogoaltaresolucion-300x197.png\",\"datePublished\":\"2024-06-25T19:54:12+00:00\",\"dateModified\":\"2026-03-19T23:19:32+00:00\",\"breadcrumb\":{\"@id\":\"https:\\\/\\\/fecburgos.com\\\/index.php\\\/normativa#breadcrumb\"},\"inLanguage\":\"es\",\"potentialAction\":[{\"@type\":\"ReadAction\",\"target\":[\"https:\\\/\\\/fecburgos.com\\\/index.php\\\/normativa\"]}]},{\"@type\":\"ImageObject\",\"inLanguage\":\"es\",\"@id\":\"https:\\\/\\\/fecburgos.com\\\/index.php\\\/normativa#primaryimage\",\"url\":\"https:\\\/\\\/fecburgos.com\\\/wp-content\\\/uploads\\\/2021\\\/07\\\/feclogoaltaresolucion.png\",\"contentUrl\":\"https:\\\/\\\/fecburgos.com\\\/wp-content\\\/uploads\\\/2021\\\/07\\\/feclogoaltaresolucion.png\",\"width\":2910,\"height\":1909},{\"@type\":\"BreadcrumbList\",\"@id\":\"https:\\\/\\\/fecburgos.com\\\/index.php\\\/normativa#breadcrumb\",\"itemListElement\":[{\"@type\":\"ListItem\",\"position\":1,\"name\":\"Portada\",\"item\":\"https:\\\/\\\/fecburgos.com\\\/\"},{\"@type\":\"ListItem\",\"position\":2,\"name\":\"Normativa\"}]},{\"@type\":\"WebSite\",\"@id\":\"https:\\\/\\\/fecburgos.com\\\/#website\",\"url\":\"https:\\\/\\\/fecburgos.com\\\/\",\"name\":\"FecBurgos\",\"description\":\"Federaci\u00f3n de Empresarios de Comercio de Burgos\",\"publisher\":{\"@id\":\"https:\\\/\\\/fecburgos.com\\\/#organization\"},\"potentialAction\":[{\"@type\":\"SearchAction\",\"target\":{\"@type\":\"EntryPoint\",\"urlTemplate\":\"https:\\\/\\\/fecburgos.com\\\/?s={search_term_string}\"},\"query-input\":{\"@type\":\"PropertyValueSpecification\",\"valueRequired\":true,\"valueName\":\"search_term_string\"}}],\"inLanguage\":\"es\"},{\"@type\":\"Organization\",\"@id\":\"https:\\\/\\\/fecburgos.com\\\/#organization\",\"name\":\"FecBurgos\",\"url\":\"https:\\\/\\\/fecburgos.com\\\/\",\"logo\":{\"@type\":\"ImageObject\",\"inLanguage\":\"es\",\"@id\":\"https:\\\/\\\/fecburgos.com\\\/#\\\/schema\\\/logo\\\/image\\\/\",\"url\":\"https:\\\/\\\/fecburgos.com\\\/wp-content\\\/uploads\\\/2020\\\/05\\\/cropped-cropped-LogoFEC-150x150-1.png\",\"contentUrl\":\"https:\\\/\\\/fecburgos.com\\\/wp-content\\\/uploads\\\/2020\\\/05\\\/cropped-cropped-LogoFEC-150x150-1.png\",\"width\":150,\"height\":135,\"caption\":\"FecBurgos\"},\"image\":{\"@id\":\"https:\\\/\\\/fecburgos.com\\\/#\\\/schema\\\/logo\\\/image\\\/\"}}]}<\/script>\r\n<!-- \/ Yoast SEO plugin. -->","yoast_head_json":{"title":"Normativa - FecBurgos","robots":{"index":"index","follow":"follow","max-snippet":"max-snippet:-1","max-image-preview":"max-image-preview:large","max-video-preview":"max-video-preview:-1"},"canonical":"https:\/\/fecburgos.com\/index.php\/normativa","og_locale":"es_ES","og_type":"article","og_title":"Normativa - FecBurgos","og_description":"Con\u00f3cenos Organigrama Colaboradores \u00d3rganos institucionales Responsabilidad social Nuestras asociaciones Asociaciones Sectoriales Asociaciones Territoriales Asociaciones Zonales Nuestra labor Ventajas y Servicios Asesoramiento Convenios Empleo | Traspasos comerciales Formaci\u00f3n Mobu ediciones Muestra Casa La UBU est\u00e1 de MODA Premios Comercio Excelente Foro Comercio XI Foro Comercio Ediciones anteriores Nuevas tecnolog\u00edas Giscom Movilidad Comercial Campa\u00f1a de Promoci\u00f3n Participaci\u00f3n ... Leer m\u00e1s","og_url":"https:\/\/fecburgos.com\/index.php\/normativa","og_site_name":"FecBurgos","article_modified_time":"2026-03-19T23:19:32+00:00","og_image":[{"width":2910,"height":1909,"url":"https:\/\/fecburgos.com\/wp-content\/uploads\/2021\/07\/feclogoaltaresolucion.png","type":"image\/png"}],"twitter_card":"summary_large_image","twitter_misc":{"Tiempo de lectura":"9 minutos"},"schema":{"@context":"https:\/\/schema.org","@graph":[{"@type":"WebPage","@id":"https:\/\/fecburgos.com\/index.php\/normativa","url":"https:\/\/fecburgos.com\/index.php\/normativa","name":"Normativa - FecBurgos","isPartOf":{"@id":"https:\/\/fecburgos.com\/#website"},"primaryImageOfPage":{"@id":"https:\/\/fecburgos.com\/index.php\/normativa#primaryimage"},"image":{"@id":"https:\/\/fecburgos.com\/index.php\/normativa#primaryimage"},"thumbnailUrl":"https:\/\/fecburgos.com\/wp-content\/uploads\/2021\/07\/feclogoaltaresolucion-300x197.png","datePublished":"2024-06-25T19:54:12+00:00","dateModified":"2026-03-19T23:19:32+00:00","breadcrumb":{"@id":"https:\/\/fecburgos.com\/index.php\/normativa#breadcrumb"},"inLanguage":"es","potentialAction":[{"@type":"ReadAction","target":["https:\/\/fecburgos.com\/index.php\/normativa"]}]},{"@type":"ImageObject","inLanguage":"es","@id":"https:\/\/fecburgos.com\/index.php\/normativa#primaryimage","url":"https:\/\/fecburgos.com\/wp-content\/uploads\/2021\/07\/feclogoaltaresolucion.png","contentUrl":"https:\/\/fecburgos.com\/wp-content\/uploads\/2021\/07\/feclogoaltaresolucion.png","width":2910,"height":1909},{"@type":"BreadcrumbList","@id":"https:\/\/fecburgos.com\/index.php\/normativa#breadcrumb","itemListElement":[{"@type":"ListItem","position":1,"name":"Portada","item":"https:\/\/fecburgos.com\/"},{"@type":"ListItem","position":2,"name":"Normativa"}]},{"@type":"WebSite","@id":"https:\/\/fecburgos.com\/#website","url":"https:\/\/fecburgos.com\/","name":"FecBurgos","description":"Federaci\u00f3n de Empresarios de Comercio de Burgos","publisher":{"@id":"https:\/\/fecburgos.com\/#organization"},"potentialAction":[{"@type":"SearchAction","target":{"@type":"EntryPoint","urlTemplate":"https:\/\/fecburgos.com\/?s={search_term_string}"},"query-input":{"@type":"PropertyValueSpecification","valueRequired":true,"valueName":"search_term_string"}}],"inLanguage":"es"},{"@type":"Organization","@id":"https:\/\/fecburgos.com\/#organization","name":"FecBurgos","url":"https:\/\/fecburgos.com\/","logo":{"@type":"ImageObject","inLanguage":"es","@id":"https:\/\/fecburgos.com\/#\/schema\/logo\/image\/","url":"https:\/\/fecburgos.com\/wp-content\/uploads\/2020\/05\/cropped-cropped-LogoFEC-150x150-1.png","contentUrl":"https:\/\/fecburgos.com\/wp-content\/uploads\/2020\/05\/cropped-cropped-LogoFEC-150x150-1.png","width":150,"height":135,"caption":"FecBurgos"},"image":{"@id":"https:\/\/fecburgos.com\/#\/schema\/logo\/image\/"}}]}},"_links":{"self":[{"href":"https:\/\/fecburgos.com\/index.php\/wp-json\/wp\/v2\/pages\/14951","targetHints":{"allow":["GET"]}}],"collection":[{"href":"https:\/\/fecburgos.com\/index.php\/wp-json\/wp\/v2\/pages"}],"about":[{"href":"https:\/\/fecburgos.com\/index.php\/wp-json\/wp\/v2\/types\/page"}],"author":[{"embeddable":true,"href":"https:\/\/fecburgos.com\/index.php\/wp-json\/wp\/v2\/users\/2"}],"replies":[{"embeddable":true,"href":"https:\/\/fecburgos.com\/index.php\/wp-json\/wp\/v2\/comments?post=14951"}],"version-history":[{"count":91,"href":"https:\/\/fecburgos.com\/index.php\/wp-json\/wp\/v2\/pages\/14951\/revisions"}],"predecessor-version":[{"id":23268,"href":"https:\/\/fecburgos.com\/index.php\/wp-json\/wp\/v2\/pages\/14951\/revisions\/23268"}],"wp:attachment":[{"href":"https:\/\/fecburgos.com\/index.php\/wp-json\/wp\/v2\/media?parent=14951"}],"curies":[{"name":"wp","href":"https:\/\/api.w.org\/{rel}","templated":true}]}}