{"version":"1.0","provider_name":"FecBurgos","provider_url":"https:\/\/fecburgos.com","author_name":"comerbur","author_url":"https:\/\/fecburgos.com\/index.php\/archivos\/author\/comerbur","title":"IV Edici\u00f3n Foro Comercio \"Buenas pr\u00e1cticas comerciales en tiempos inciertos\" - FecBurgos","type":"rich","width":600,"height":338,"html":"<blockquote class=\"wp-embedded-content\" data-secret=\"6uo2bBi9KE\"><a href=\"https:\/\/fecburgos.com\/index.php\/archivos\/4191\">IV Edici\u00f3n Foro Comercio \u00abBuenas pr\u00e1cticas comerciales en tiempos inciertos\u00bb<\/a><\/blockquote><iframe sandbox=\"allow-scripts\" security=\"restricted\" src=\"https:\/\/fecburgos.com\/index.php\/archivos\/4191\/embed#?secret=6uo2bBi9KE\" width=\"600\" height=\"338\" title=\"\u00abIV Edici\u00f3n Foro Comercio \u00abBuenas pr\u00e1cticas comerciales en tiempos inciertos\u00bb\u00bb \u2014 FecBurgos\" data-secret=\"6uo2bBi9KE\" frameborder=\"0\" marginwidth=\"0\" marginheight=\"0\" scrolling=\"no\" class=\"wp-embedded-content\"><\/iframe><script>\n\/*! This file is auto-generated *\/\n!function(d,l){\"use strict\";l.querySelector&&d.addEventListener&&\"undefined\"!=typeof URL&&(d.wp=d.wp||{},d.wp.receiveEmbedMessage||(d.wp.receiveEmbedMessage=function(e){var t=e.data;if((t||t.secret||t.message||t.value)&&!\/[^a-zA-Z0-9]\/.test(t.secret)){for(var s,r,n,a=l.querySelectorAll('iframe[data-secret=\"'+t.secret+'\"]'),o=l.querySelectorAll('blockquote[data-secret=\"'+t.secret+'\"]'),c=new RegExp(\"^https?:$\",\"i\"),i=0;i<o.length;i++)o[i].style.display=\"none\";for(i=0;i<a.length;i++)s=a[i],e.source===s.contentWindow&&(s.removeAttribute(\"style\"),\"height\"===t.message?(1e3<(r=parseInt(t.value,10))?r=1e3:~~r<200&&(r=200),s.height=r):\"link\"===t.message&&(r=new URL(s.getAttribute(\"src\")),n=new URL(t.value),c.test(n.protocol))&&n.host===r.host&&l.activeElement===s&&(d.top.location.href=t.value))}},d.addEventListener(\"message\",d.wp.receiveEmbedMessage,!1),l.addEventListener(\"DOMContentLoaded\",function(){for(var e,t,s=l.querySelectorAll(\"iframe.wp-embedded-content\"),r=0;r<s.length;r++)(t=(e=s[r]).getAttribute(\"data-secret\"))||(t=Math.random().toString(36).substring(2,12),e.src+=\"#?secret=\"+t,e.setAttribute(\"data-secret\",t)),e.contentWindow.postMessage({message:\"ready\",secret:t},\"*\")},!1)))}(window,document);\n\/\/# sourceURL=https:\/\/fecburgos.com\/wp-includes\/js\/wp-embed.min.js\n<\/script>\n","thumbnail_url":"https:\/\/fecburgos.com\/wp-content\/uploads\/2020\/07\/FORO-COMERCIO.png","thumbnail_width":1366,"thumbnail_height":768,"description":"La Federaci\u00f3n de Comercio de Burgos, ha celebrado una nueva edici\u00f3n de Foro Comercio denominado \u201cBuenas pr\u00e1cticas comerciales en tiempos inciertos\u201d. Un nuevo foro que se ha celebrado el viernes 17 de junio a las 8.30 horas de forma telem\u00e1tica en colaboraci\u00f3n con Cruz Roja Burgos, el Ayuntamiento de Burgos en el marco del Plan de Apoyo para el Comercio de Proximidad de Burgos y de CajaViva Caja Rural y que estar\u00e1 disponible en las Redes Sociales de ambas organizaciones en los pr\u00f3ximos d\u00edas."}