{"version":"1.0","provider_name":"FecBurgos","provider_url":"https:\/\/fecburgos.com","author_name":"federaci\u00f3n","author_url":"https:\/\/fecburgos.com\/index.php\/archivos\/author\/burcomer","title":"El comercio de Burgos avanza en inteligencia artificial con la segunda sesi\u00f3n del ciclo formativo - FecBurgos","type":"rich","width":600,"height":338,"html":"<blockquote class=\"wp-embedded-content\" data-secret=\"rk1JvWw5YL\"><a href=\"https:\/\/fecburgos.com\/index.php\/archivos\/23917\">El comercio de Burgos avanza en inteligencia artificial con la segunda sesi\u00f3n del ciclo formativo<\/a><\/blockquote><iframe sandbox=\"allow-scripts\" security=\"restricted\" src=\"https:\/\/fecburgos.com\/index.php\/archivos\/23917\/embed#?secret=rk1JvWw5YL\" width=\"600\" height=\"338\" title=\"\u00abEl comercio de Burgos avanza en inteligencia artificial con la segunda sesi\u00f3n del ciclo formativo\u00bb \u2014 FecBurgos\" data-secret=\"rk1JvWw5YL\" frameborder=\"0\" marginwidth=\"0\" marginheight=\"0\" scrolling=\"no\" class=\"wp-embedded-content\"><\/iframe><script>\n\/*! This file is auto-generated *\/\n!function(d,l){\"use strict\";l.querySelector&&d.addEventListener&&\"undefined\"!=typeof URL&&(d.wp=d.wp||{},d.wp.receiveEmbedMessage||(d.wp.receiveEmbedMessage=function(e){var t=e.data;if((t||t.secret||t.message||t.value)&&!\/[^a-zA-Z0-9]\/.test(t.secret)){for(var s,r,n,a=l.querySelectorAll('iframe[data-secret=\"'+t.secret+'\"]'),o=l.querySelectorAll('blockquote[data-secret=\"'+t.secret+'\"]'),c=new RegExp(\"^https?:$\",\"i\"),i=0;i<o.length;i++)o[i].style.display=\"none\";for(i=0;i<a.length;i++)s=a[i],e.source===s.contentWindow&&(s.removeAttribute(\"style\"),\"height\"===t.message?(1e3<(r=parseInt(t.value,10))?r=1e3:~~r<200&&(r=200),s.height=r):\"link\"===t.message&&(r=new URL(s.getAttribute(\"src\")),n=new URL(t.value),c.test(n.protocol))&&n.host===r.host&&l.activeElement===s&&(d.top.location.href=t.value))}},d.addEventListener(\"message\",d.wp.receiveEmbedMessage,!1),l.addEventListener(\"DOMContentLoaded\",function(){for(var e,t,s=l.querySelectorAll(\"iframe.wp-embedded-content\"),r=0;r<s.length;r++)(t=(e=s[r]).getAttribute(\"data-secret\"))||(t=Math.random().toString(36).substring(2,12),e.src+=\"#?secret=\"+t,e.setAttribute(\"data-secret\",t)),e.contentWindow.postMessage({message:\"ready\",secret:t},\"*\")},!1)))}(window,document);\n\/\/# sourceURL=https:\/\/fecburgos.com\/wp-includes\/js\/wp-embed.min.js\n<\/script>\n","thumbnail_url":"https:\/\/fecburgos.com\/wp-content\/uploads\/2026\/04\/POST-Y-BLOG.jpg","thumbnail_width":1080,"thumbnail_height":1440,"description":"La Federaci\u00f3n de Empresarios de Comercio de Burgos contin\u00faa impulsando la digitalizaci\u00f3n del sector con su ciclo de formaciones especializadas en inteligencia artificial, una iniciativa dise\u00f1ada para acercar estas herramientas al d\u00eda a d\u00eda del comercio de forma pr\u00e1ctica y accesible."}