{"version":"1.0","provider_name":"FecBurgos","provider_url":"https:\/\/fecburgos.com","author_name":"federaci\u00f3n","author_url":"https:\/\/fecburgos.com\/index.php\/archivos\/author\/burcomer","title":"Inauguraci\u00f3n de MUESTRACASA en Burgos: el comercio de interiorismo sale a la calle - FecBurgos","type":"rich","width":600,"height":338,"html":"<blockquote class=\"wp-embedded-content\" data-secret=\"PynsXZrKFj\"><a href=\"https:\/\/fecburgos.com\/index.php\/archivos\/21101\">Inauguraci\u00f3n de MUESTRACASA en Burgos: el comercio de interiorismo sale a la calle<\/a><\/blockquote><iframe sandbox=\"allow-scripts\" security=\"restricted\" src=\"https:\/\/fecburgos.com\/index.php\/archivos\/21101\/embed#?secret=PynsXZrKFj\" width=\"600\" height=\"338\" title=\"\u00abInauguraci\u00f3n de MUESTRACASA en Burgos: el comercio de interiorismo sale a la calle\u00bb \u2014 FecBurgos\" data-secret=\"PynsXZrKFj\" frameborder=\"0\" marginwidth=\"0\" marginheight=\"0\" scrolling=\"no\" class=\"wp-embedded-content\"><\/iframe><script>\n\/*! This file is auto-generated *\/\n!function(d,l){\"use strict\";l.querySelector&&d.addEventListener&&\"undefined\"!=typeof URL&&(d.wp=d.wp||{},d.wp.receiveEmbedMessage||(d.wp.receiveEmbedMessage=function(e){var t=e.data;if((t||t.secret||t.message||t.value)&&!\/[^a-zA-Z0-9]\/.test(t.secret)){for(var s,r,n,a=l.querySelectorAll('iframe[data-secret=\"'+t.secret+'\"]'),o=l.querySelectorAll('blockquote[data-secret=\"'+t.secret+'\"]'),c=new RegExp(\"^https?:$\",\"i\"),i=0;i<o.length;i++)o[i].style.display=\"none\";for(i=0;i<a.length;i++)s=a[i],e.source===s.contentWindow&&(s.removeAttribute(\"style\"),\"height\"===t.message?(1e3<(r=parseInt(t.value,10))?r=1e3:~~r<200&&(r=200),s.height=r):\"link\"===t.message&&(r=new URL(s.getAttribute(\"src\")),n=new URL(t.value),c.test(n.protocol))&&n.host===r.host&&l.activeElement===s&&(d.top.location.href=t.value))}},d.addEventListener(\"message\",d.wp.receiveEmbedMessage,!1),l.addEventListener(\"DOMContentLoaded\",function(){for(var e,t,s=l.querySelectorAll(\"iframe.wp-embedded-content\"),r=0;r<s.length;r++)(t=(e=s[r]).getAttribute(\"data-secret\"))||(t=Math.random().toString(36).substring(2,12),e.src+=\"#?secret=\"+t,e.setAttribute(\"data-secret\",t)),e.contentWindow.postMessage({message:\"ready\",secret:t},\"*\")},!1)))}(window,document);\n\/\/# sourceURL=https:\/\/fecburgos.com\/wp-includes\/js\/wp-embed.min.js\n<\/script>\n","thumbnail_url":"https:\/\/fecburgos.com\/wp-content\/uploads\/2025\/11\/RuedaPrensaMuestraCasa-1-768x1024.png","thumbnail_width":768,"thumbnail_height":1024,"description":"El pasado viernes, d\u00eda 6 de noviembre, se inaugur\u00f3 en Burgos la primera edici\u00f3n de la muestra de interiorismo MUESTRACASA, organizada por la Federaci\u00f3n de Empresarios de Comercio de Burgos (FEC) con la colaboraci\u00f3n del Ayuntamiento de Burgos, un evento pensado para poner en valor el comercio local del equipamiento del hogar, la decoraci\u00f3n, el mobiliario y los servicios especializados que ofrece la ciudad."}